{"id":57,"date":"2025-07-05T21:40:36","date_gmt":"2025-07-05T19:40:36","guid":{"rendered":"https:\/\/neue.franksiemers.de\/?page_id=57"},"modified":"2026-03-10T12:40:39","modified_gmt":"2026-03-10T11:40:39","slug":"frank-siemers-portraetfotograf-fuer-authentische-fotos-mit-persoenlichkeit","status":"publish","type":"page","link":"https:\/\/franksiemers.com\/","title":{"rendered":"Frank Siemers \u2013 Portr\u00e4tfotograf f\u00fcr authentische Fotos mit Pers\u00f6nlichkeit"},"content":{"rendered":"\t\t<div data-elementor-type=\"wp-page\" data-elementor-id=\"57\" class=\"elementor elementor-57\" data-elementor-post-type=\"page\">\n\t\t\t\t<div class=\"elementor-element elementor-element-796ea536 e-con-full preloader-delay e-flex e-con e-parent\" data-id=\"796ea536\" data-element_type=\"container\" data-settings=\"{&quot;sticky&quot;:&quot;top&quot;,&quot;sticky_parent&quot;:&quot;yes&quot;,&quot;sticky_on&quot;:[&quot;desktop&quot;,&quot;tablet&quot;,&quot;mobile&quot;],&quot;sticky_offset&quot;:0,&quot;sticky_effects_offset&quot;:0,&quot;sticky_anchor_link_offset&quot;:0}\">\n\t\t<div class=\"elementor-element elementor-element-750c7827 e-con-full e-flex e-con e-child\" data-id=\"750c7827\" data-element_type=\"container\">\n\t\t\t\t<div class=\"elementor-element elementor-element-a3309b6 elementor-widget elementor-widget-spacer\" data-id=\"a3309b6\" data-element_type=\"widget\" data-widget_type=\"spacer.default\">\n\t\t\t\t\t\t\t<div class=\"elementor-spacer\">\n\t\t\t<div class=\"elementor-spacer-inner\"><\/div>\n\t\t<\/div>\n\t\t\t\t\t\t<\/div>\n\t\t\t\t<div class=\"elementor-element elementor-element-3c458325 animated-fast elementor-invisible elementor-widget elementor-widget-heading\" data-id=\"3c458325\" data-element_type=\"widget\" data-settings=\"{&quot;sticky&quot;:&quot;top&quot;,&quot;sticky_parent&quot;:&quot;yes&quot;,&quot;_animation&quot;:&quot;zoomIn&quot;,&quot;sticky_on&quot;:[&quot;desktop&quot;,&quot;tablet&quot;,&quot;mobile&quot;],&quot;sticky_offset&quot;:0,&quot;sticky_effects_offset&quot;:0,&quot;sticky_anchor_link_offset&quot;:0}\" data-widget_type=\"heading.default\">\n\t\t\t\t\t<h1 class=\"elementor-heading-title elementor-size-default\">Fotografie ist f\u00fcr mich wie Musik: Ich arbeite mit Struktur und Taktgef\u00fchl und lasse jedem Moment Raum zur Entfaltung. So entstehen Bilder wie in einer Jam-Session. Ich erz\u00e4hle Geschichten, Pers\u00f6nlichkeit wird sp\u00fcrbar. Ob Portraits von K\u00fcnstlerInnen, Musikerinnen oder auch Businessprofile \u2013 im Fokus steht immer der Mensch. <\/h1>\t\t\t\t<\/div>\n\t\t<div class=\"elementor-element elementor-element-f5d3e14 e-con-full animated-fast e-flex elementor-invisible e-con e-child\" data-id=\"f5d3e14\" data-element_type=\"container\" data-settings=\"{&quot;animation&quot;:&quot;zoomIn&quot;,&quot;animation_delay&quot;:0}\">\n\t\t\t\t<div class=\"elementor-element elementor-element-d54d452 elementor-widget-mobile__width-initial elementor-widget elementor-widget-heading\" data-id=\"d54d452\" data-element_type=\"widget\" data-widget_type=\"heading.default\">\n\t\t\t\t\t<p class=\"elementor-heading-title elementor-size-default\">News:<\/p>\t\t\t\t<\/div>\n\t\t\t\t<div class=\"elementor-element elementor-element-a9714ee elementor-widget__width-initial elementor-widget elementor-widget-ame-marquee-text\" data-id=\"a9714ee\" data-element_type=\"widget\" data-widget_type=\"ame-marquee-text.default\">\n\t\t\t\t<div class=\"elementor-widget-container\">\n\t\t\t\t\t\n        <div class=\"ame-marquee-text_section\">\n                        <div class=\"ame-marquee-text_wrap\">\n                                    \n                    <!-- Marquee content -->\n                    <div class=\"ame-marquee-text_content marquee-text-right-to-left ame-push-on-hover\" style=\"animation-duration: 10s\">\n                        \n                            <div class=\"ame-marquee-text_item\" style=\"gap: 3px;\">\n                                <div class=\"ame_marquee_text_separator__icon\" style=\"width: 6px; height: 6px;\">\n                                                                    <\/div>\n                                                                    <a href=\"#\"><p><img fetchpriority=\"high\" decoding=\"async\" class=\"size-medium wp-image-3041\" src=\"https:\/\/franksiemers.com\/wp-content\/uploads\/2026\/02\/Vincent-Peirani-Living-Being-CD.png\" alt=\"Gro\u00dfer schwarz-wei\u00dfer Portraitfotografie eines nachdenklichen Frauenportraits, Fokus auf Gesicht und Accessoires.\" width=\"207\" height=\"300\" \/><\/p><\/a>\n                                                            <\/div>\n                            \n                        \n                            <div class=\"ame-marquee-text_item\" style=\"gap: 3px;\">\n                                <div class=\"ame_marquee_text_separator__icon\" style=\"width: 6px; height: 6px;\">\n                                                                    <\/div>\n                                                                    <a href=\"#\"><p>Cover und weltweite Promotion f\u00fcr das neue Album von Vincent Peirani auf seinem Label ACT Music.<\/p><\/a>\n                                                            <\/div>\n                            \n                                            <\/div>\n\n                    <!-- Duplicate content for smooth scrolling -->\n                    <div class=\"ame-marquee-text_content marquee-text-right-to-left ame-push-on-hover\" style=\"animation-duration: 10s\">\n                                                    <div class=\"ame-marquee-text_item\" style=\"gap: 3px;\">\n                                <div class=\"ame_marquee_text_separator__icon\" style=\"width: 6px; height: 6px;\">\n                                                                    <\/div>\n\n                                                                    <a href=\"#\"><p><img fetchpriority=\"high\" decoding=\"async\" class=\"size-medium wp-image-3041\" src=\"https:\/\/franksiemers.com\/wp-content\/uploads\/2026\/02\/Vincent-Peirani-Living-Being-CD.png\" alt=\"Gro\u00dfer schwarz-wei\u00dfer Portraitfotografie eines nachdenklichen Frauenportraits, Fokus auf Gesicht und Accessoires.\" width=\"207\" height=\"300\" \/><\/p><\/a>\n                                \n                            <\/div>\n                                                    <div class=\"ame-marquee-text_item\" style=\"gap: 3px;\">\n                                <div class=\"ame_marquee_text_separator__icon\" style=\"width: 6px; height: 6px;\">\n                                                                    <\/div>\n\n                                                                    <a href=\"#\"><p>Cover und weltweite Promotion f\u00fcr das neue Album von Vincent Peirani auf seinem Label ACT Music.<\/p><\/a>\n                                \n                            <\/div>\n                                            <\/div>\n\n                            <\/div>\n        <\/div>\n\n        \t\t\t\t<\/div>\n\t\t\t\t<\/div>\n\t\t\t\t<\/div>\n\t\t\t\t<\/div>\n\t\t<div class=\"elementor-element elementor-element-7d0fcf6d e-con-full e-flex e-con e-child\" data-id=\"7d0fcf6d\" data-element_type=\"container\">\n\t\t\t\t<div class=\"elementor-element elementor-element-3162d86 elementor-widget elementor-widget-spacer\" data-id=\"3162d86\" data-element_type=\"widget\" data-widget_type=\"spacer.default\">\n\t\t\t\t\t\t\t<div class=\"elementor-spacer\">\n\t\t\t<div class=\"elementor-spacer-inner\"><\/div>\n\t\t<\/div>\n\t\t\t\t\t\t<\/div>\n\t\t\t\t<\/div>\n\t\t<div class=\"elementor-element elementor-element-6f9e20b5 e-con-full e-flex e-con e-child\" data-id=\"6f9e20b5\" data-element_type=\"container\">\n\t\t\t\t<\/div>\n\t\t\t\t<\/div>\n\t\t<div class=\"elementor-element elementor-element-2754ae8b e-con-full lightbox-area e-flex e-con e-parent\" data-id=\"2754ae8b\" data-element_type=\"container\">\n\t\t<div class=\"elementor-element elementor-element-74480387 e-con-full e-flex e-con e-child\" data-id=\"74480387\" data-element_type=\"container\">\n\t\t<div class=\"elementor-element elementor-element-3d90d448 e-con-full e-flex e-con e-child\" data-id=\"3d90d448\" data-element_type=\"container\">\n\t\t\t\t<div class=\"elementor-element elementor-element-372c0f8f elementor-invisible elementor-widget elementor-widget-image\" data-id=\"372c0f8f\" data-element_type=\"widget\" data-settings=\"{&quot;motion_fx_motion_fx_scrolling&quot;:&quot;yes&quot;,&quot;motion_fx_translateY_effect&quot;:&quot;yes&quot;,&quot;motion_fx_translateY_speed&quot;:{&quot;unit&quot;:&quot;px&quot;,&quot;size&quot;:1.1999999999999999555910790149937383830547332763671875,&quot;sizes&quot;:[]},&quot;motion_fx_translateY_affectedRange&quot;:{&quot;unit&quot;:&quot;%&quot;,&quot;size&quot;:&quot;&quot;,&quot;sizes&quot;:{&quot;start&quot;:0,&quot;end&quot;:73}},&quot;_animation&quot;:&quot;zoomIn&quot;,&quot;_animation_delay&quot;:500,&quot;motion_fx_devices&quot;:[&quot;desktop&quot;,&quot;tablet&quot;,&quot;mobile&quot;]}\" data-lightbox=\"\" data-widget_type=\"image.default\">\n\t\t\t\t\t\t\t\t\t\t\t\t\t\t\t<img decoding=\"async\" width=\"768\" height=\"614\" src=\"https:\/\/franksiemers.com\/wp-content\/uploads\/2025\/07\/jonathan-finlayson-copyright-jazzfrank_FSI8152-768x614.jpg\" class=\"attachment-medium_large size-medium_large wp-image-15\" alt=\"Bitte in deutscher Sprache schreiben..\" srcset=\"https:\/\/franksiemers.com\/wp-content\/uploads\/2025\/07\/jonathan-finlayson-copyright-jazzfrank_FSI8152-768x614.jpg 768w, https:\/\/franksiemers.com\/wp-content\/uploads\/2025\/07\/jonathan-finlayson-copyright-jazzfrank_FSI8152-300x240.jpg 300w, https:\/\/franksiemers.com\/wp-content\/uploads\/2025\/07\/jonathan-finlayson-copyright-jazzfrank_FSI8152-1024x819.jpg 1024w, https:\/\/franksiemers.com\/wp-content\/uploads\/2025\/07\/jonathan-finlayson-copyright-jazzfrank_FSI8152-1536x1229.jpg 1536w, https:\/\/franksiemers.com\/wp-content\/uploads\/2025\/07\/jonathan-finlayson-copyright-jazzfrank_FSI8152.jpg 2000w\" sizes=\"(max-width: 768px) 100vw, 768px\" \/>\t\t\t\t\t\t\t\t\t\t\t\t\t\t\t<\/div>\n\t\t\t\t<\/div>\n\t\t\t\t<div class=\"elementor-element elementor-element-5aae8040 elementor-widget elementor-widget-spacer\" data-id=\"5aae8040\" data-element_type=\"widget\" data-widget_type=\"spacer.default\">\n\t\t\t\t\t\t\t<div class=\"elementor-spacer\">\n\t\t\t<div class=\"elementor-spacer-inner\"><\/div>\n\t\t<\/div>\n\t\t\t\t\t\t<\/div>\n\t\t\t\t<div class=\"elementor-element elementor-element-2bb160df elementor-widget elementor-widget-image\" data-id=\"2bb160df\" data-element_type=\"widget\" data-settings=\"{&quot;motion_fx_motion_fx_scrolling&quot;:&quot;yes&quot;,&quot;motion_fx_translateY_effect&quot;:&quot;yes&quot;,&quot;motion_fx_translateY_speed&quot;:{&quot;unit&quot;:&quot;px&quot;,&quot;size&quot;:1.1999999999999999555910790149937383830547332763671875,&quot;sizes&quot;:[]},&quot;motion_fx_translateY_affectedRange&quot;:{&quot;unit&quot;:&quot;%&quot;,&quot;size&quot;:&quot;&quot;,&quot;sizes&quot;:{&quot;start&quot;:0,&quot;end&quot;:100}},&quot;motion_fx_devices&quot;:[&quot;desktop&quot;,&quot;tablet&quot;,&quot;mobile&quot;]}\" data-lightbox=\"\" data-widget_type=\"image.default\">\n\t\t\t\t\t\t\t\t\t\t\t\t\t\t\t<img decoding=\"async\" width=\"768\" height=\"768\" src=\"https:\/\/franksiemers.com\/wp-content\/uploads\/2025\/07\/pat-appleton-copyright-frank-siemersdephazz-copyright-frank-siemers_FSI2784-768x768.jpg\" class=\"attachment-medium_large size-medium_large wp-image-16\" alt=\"Bitte in deutscher Sprache schreiben..\" srcset=\"https:\/\/franksiemers.com\/wp-content\/uploads\/2025\/07\/pat-appleton-copyright-frank-siemersdephazz-copyright-frank-siemers_FSI2784-768x768.jpg 768w, https:\/\/franksiemers.com\/wp-content\/uploads\/2025\/07\/pat-appleton-copyright-frank-siemersdephazz-copyright-frank-siemers_FSI2784-300x300.jpg 300w, https:\/\/franksiemers.com\/wp-content\/uploads\/2025\/07\/pat-appleton-copyright-frank-siemersdephazz-copyright-frank-siemers_FSI2784-1024x1024.jpg 1024w, https:\/\/franksiemers.com\/wp-content\/uploads\/2025\/07\/pat-appleton-copyright-frank-siemersdephazz-copyright-frank-siemers_FSI2784-150x150.jpg 150w, https:\/\/franksiemers.com\/wp-content\/uploads\/2025\/07\/pat-appleton-copyright-frank-siemersdephazz-copyright-frank-siemers_FSI2784-1536x1536.jpg 1536w, https:\/\/franksiemers.com\/wp-content\/uploads\/2025\/07\/pat-appleton-copyright-frank-siemersdephazz-copyright-frank-siemers_FSI2784-2048x2048.jpg 2048w\" sizes=\"(max-width: 768px) 100vw, 768px\" \/>\t\t\t\t\t\t\t\t\t\t\t\t\t\t\t<\/div>\n\t\t\t\t<\/div>\n\t\t<div class=\"elementor-element elementor-element-44a31823 e-con-full e-flex e-con e-child\" data-id=\"44a31823\" data-element_type=\"container\">\n\t\t\t\t<div class=\"elementor-element elementor-element-c9de142 elementor-invisible elementor-widget elementor-widget-image\" data-id=\"c9de142\" data-element_type=\"widget\" data-settings=\"{&quot;motion_fx_motion_fx_scrolling&quot;:&quot;yes&quot;,&quot;_animation&quot;:&quot;zoomIn&quot;,&quot;_animation_delay&quot;:100,&quot;motion_fx_devices&quot;:[&quot;desktop&quot;,&quot;tablet&quot;,&quot;mobile&quot;]}\" data-lightbox=\"\" data-widget_type=\"image.default\">\n\t\t\t\t\t\t\t\t\t\t\t\t\t\t\t<img loading=\"lazy\" decoding=\"async\" width=\"768\" height=\"614\" src=\"https:\/\/franksiemers.com\/wp-content\/uploads\/2025\/07\/aramea_FSI8367-768x614.jpg\" class=\"attachment-medium_large size-medium_large wp-image-17\" alt=\"\" srcset=\"https:\/\/franksiemers.com\/wp-content\/uploads\/2025\/07\/aramea_FSI8367-768x614.jpg 768w, https:\/\/franksiemers.com\/wp-content\/uploads\/2025\/07\/aramea_FSI8367-300x240.jpg 300w, https:\/\/franksiemers.com\/wp-content\/uploads\/2025\/07\/aramea_FSI8367-1024x819.jpg 1024w, https:\/\/franksiemers.com\/wp-content\/uploads\/2025\/07\/aramea_FSI8367-1536x1229.jpg 1536w, https:\/\/franksiemers.com\/wp-content\/uploads\/2025\/07\/aramea_FSI8367.jpg 1575w\" sizes=\"(max-width: 768px) 100vw, 768px\" \/>\t\t\t\t\t\t\t\t\t\t\t\t\t\t\t<\/div>\n\t\t\t\t<div class=\"elementor-element elementor-element-bc005ac elementor-widget elementor-widget-spacer\" data-id=\"bc005ac\" data-element_type=\"widget\" data-widget_type=\"spacer.default\">\n\t\t\t\t\t\t\t<div class=\"elementor-spacer\">\n\t\t\t<div class=\"elementor-spacer-inner\"><\/div>\n\t\t<\/div>\n\t\t\t\t\t\t<\/div>\n\t\t\t\t<div class=\"elementor-element elementor-element-6a6b9a3f elementor-widget elementor-widget-image\" data-id=\"6a6b9a3f\" data-element_type=\"widget\" data-settings=\"{&quot;motion_fx_motion_fx_scrolling&quot;:&quot;yes&quot;,&quot;motion_fx_translateY_effect&quot;:&quot;yes&quot;,&quot;motion_fx_translateY_direction&quot;:&quot;negative&quot;,&quot;motion_fx_devices&quot;:[&quot;desktop&quot;],&quot;motion_fx_translateY_speed&quot;:{&quot;unit&quot;:&quot;px&quot;,&quot;size&quot;:4,&quot;sizes&quot;:[]},&quot;motion_fx_translateY_affectedRange&quot;:{&quot;unit&quot;:&quot;%&quot;,&quot;size&quot;:&quot;&quot;,&quot;sizes&quot;:{&quot;start&quot;:0,&quot;end&quot;:100}}}\" data-lightbox=\"\" data-widget_type=\"image.default\">\n\t\t\t\t\t\t\t\t\t\t\t\t\t\t\t<img loading=\"lazy\" decoding=\"async\" width=\"768\" height=\"765\" src=\"https:\/\/franksiemers.com\/wp-content\/uploads\/2025\/07\/Gerhard_Schroeder_28x28-768x765.jpg\" class=\"attachment-medium_large size-medium_large wp-image-18\" alt=\"Der Mann in einem dunklen Anzug sitzt auf einem Sofa und spricht in einem Interview, w\u00e4hrend er gestikuliert. Im Hintergrund ist ein abstraktes Kunstwerk an der Wand zu sehen.\" srcset=\"https:\/\/franksiemers.com\/wp-content\/uploads\/2025\/07\/Gerhard_Schroeder_28x28-768x765.jpg 768w, https:\/\/franksiemers.com\/wp-content\/uploads\/2025\/07\/Gerhard_Schroeder_28x28-300x300.jpg 300w, https:\/\/franksiemers.com\/wp-content\/uploads\/2025\/07\/Gerhard_Schroeder_28x28-1024x1020.jpg 1024w, https:\/\/franksiemers.com\/wp-content\/uploads\/2025\/07\/Gerhard_Schroeder_28x28-150x150.jpg 150w, https:\/\/franksiemers.com\/wp-content\/uploads\/2025\/07\/Gerhard_Schroeder_28x28.jpg 1202w\" sizes=\"(max-width: 768px) 100vw, 768px\" \/>\t\t\t\t\t\t\t\t\t\t\t\t\t\t\t<\/div>\n\t\t\t\t<\/div>\n\t\t<div class=\"elementor-element elementor-element-266ff537 e-con-full e-flex e-con e-child\" data-id=\"266ff537\" data-element_type=\"container\">\n\t\t\t\t<div class=\"elementor-element elementor-element-4c7a701b elementor-widget elementor-widget-spacer\" data-id=\"4c7a701b\" data-element_type=\"widget\" data-widget_type=\"spacer.default\">\n\t\t\t\t\t\t\t<div class=\"elementor-spacer\">\n\t\t\t<div class=\"elementor-spacer-inner\"><\/div>\n\t\t<\/div>\n\t\t\t\t\t\t<\/div>\n\t\t\t\t<div class=\"elementor-element elementor-element-5c878026 elementor-invisible elementor-widget elementor-widget-image\" data-id=\"5c878026\" data-element_type=\"widget\" data-settings=\"{&quot;motion_fx_motion_fx_scrolling&quot;:&quot;yes&quot;,&quot;motion_fx_translateY_effect&quot;:&quot;yes&quot;,&quot;_animation&quot;:&quot;zoomIn&quot;,&quot;_animation_delay&quot;:300,&quot;motion_fx_translateY_direction&quot;:&quot;negative&quot;,&quot;motion_fx_translateY_speed&quot;:{&quot;unit&quot;:&quot;px&quot;,&quot;size&quot;:4,&quot;sizes&quot;:[]},&quot;motion_fx_translateY_affectedRange&quot;:{&quot;unit&quot;:&quot;%&quot;,&quot;size&quot;:&quot;&quot;,&quot;sizes&quot;:{&quot;start&quot;:0,&quot;end&quot;:100}},&quot;motion_fx_devices&quot;:[&quot;desktop&quot;,&quot;tablet&quot;,&quot;mobile&quot;]}\" data-lightbox=\"\" data-widget_type=\"image.default\">\n\t\t\t\t\t\t\t\t\t\t\t\t\t\t\t<img loading=\"lazy\" decoding=\"async\" width=\"768\" height=\"766\" src=\"https:\/\/franksiemers.com\/wp-content\/uploads\/2025\/07\/003_P_Klaus-J-Behrendt-01-768x766.jpg\" class=\"attachment-medium_large size-medium_large wp-image-19\" alt=\"Bitte in deutscher Sprache schreiben..\" srcset=\"https:\/\/franksiemers.com\/wp-content\/uploads\/2025\/07\/003_P_Klaus-J-Behrendt-01-768x766.jpg 768w, https:\/\/franksiemers.com\/wp-content\/uploads\/2025\/07\/003_P_Klaus-J-Behrendt-01-300x300.jpg 300w, https:\/\/franksiemers.com\/wp-content\/uploads\/2025\/07\/003_P_Klaus-J-Behrendt-01-150x150.jpg 150w, https:\/\/franksiemers.com\/wp-content\/uploads\/2025\/07\/003_P_Klaus-J-Behrendt-01.jpg 1002w\" sizes=\"(max-width: 768px) 100vw, 768px\" \/>\t\t\t\t\t\t\t\t\t\t\t\t\t\t\t<\/div>\n\t\t\t\t<div class=\"elementor-element elementor-element-22130436 elementor-widget elementor-widget-spacer\" data-id=\"22130436\" data-element_type=\"widget\" data-widget_type=\"spacer.default\">\n\t\t\t\t\t\t\t<div class=\"elementor-spacer\">\n\t\t\t<div class=\"elementor-spacer-inner\"><\/div>\n\t\t<\/div>\n\t\t\t\t\t\t<\/div>\n\t\t\t\t<div class=\"elementor-element elementor-element-5e0483dc elementor-widget elementor-widget-image\" data-id=\"5e0483dc\" data-element_type=\"widget\" data-settings=\"{&quot;motion_fx_motion_fx_scrolling&quot;:&quot;yes&quot;,&quot;motion_fx_devices&quot;:[&quot;desktop&quot;,&quot;tablet&quot;,&quot;mobile&quot;]}\" data-lightbox=\"\" data-widget_type=\"image.default\">\n\t\t\t\t\t\t\t\t\t\t\t\t\t\t\t<img loading=\"lazy\" decoding=\"async\" width=\"768\" height=\"779\" src=\"https:\/\/franksiemers.com\/wp-content\/uploads\/2025\/07\/004_P_Paulo-Coehlo-04-768x779.jpg\" class=\"attachment-medium_large size-medium_large wp-image-20\" alt=\"\" srcset=\"https:\/\/franksiemers.com\/wp-content\/uploads\/2025\/07\/004_P_Paulo-Coehlo-04-768x779.jpg 768w, https:\/\/franksiemers.com\/wp-content\/uploads\/2025\/07\/004_P_Paulo-Coehlo-04-296x300.jpg 296w, https:\/\/franksiemers.com\/wp-content\/uploads\/2025\/07\/004_P_Paulo-Coehlo-04.jpg 988w\" sizes=\"(max-width: 768px) 100vw, 768px\" \/>\t\t\t\t\t\t\t\t\t\t\t\t\t\t\t<\/div>\n\t\t\t\t<div class=\"elementor-element elementor-element-7e3dacfc elementor-widget elementor-widget-spacer\" data-id=\"7e3dacfc\" data-element_type=\"widget\" data-widget_type=\"spacer.default\">\n\t\t\t\t\t\t\t<div class=\"elementor-spacer\">\n\t\t\t<div class=\"elementor-spacer-inner\"><\/div>\n\t\t<\/div>\n\t\t\t\t\t\t<\/div>\n\t\t\t\t<\/div>\n\t\t<div class=\"elementor-element elementor-element-1dffff96 e-con-full e-flex e-con e-child\" data-id=\"1dffff96\" data-element_type=\"container\" data-settings=\"{&quot;background_background&quot;:&quot;classic&quot;}\">\n\t\t\t\t<div class=\"elementor-element elementor-element-49da2293 elementor-widget elementor-widget-spacer\" data-id=\"49da2293\" data-element_type=\"widget\" data-widget_type=\"spacer.default\">\n\t\t\t\t\t\t\t<div class=\"elementor-spacer\">\n\t\t\t<div class=\"elementor-spacer-inner\"><\/div>\n\t\t<\/div>\n\t\t\t\t\t\t<\/div>\n\t\t\t\t<div class=\"elementor-element elementor-element-2f1b9ae elementor-widget elementor-widget-image\" data-id=\"2f1b9ae\" data-element_type=\"widget\" data-settings=\"{&quot;motion_fx_motion_fx_scrolling&quot;:&quot;yes&quot;,&quot;motion_fx_translateY_effect&quot;:&quot;yes&quot;,&quot;motion_fx_translateY_speed&quot;:{&quot;unit&quot;:&quot;px&quot;,&quot;size&quot;:1.899999999999999911182158029987476766109466552734375,&quot;sizes&quot;:[]},&quot;motion_fx_devices&quot;:[&quot;desktop&quot;,&quot;tablet&quot;],&quot;motion_fx_translateY_affectedRange&quot;:{&quot;unit&quot;:&quot;%&quot;,&quot;size&quot;:&quot;&quot;,&quot;sizes&quot;:{&quot;start&quot;:0,&quot;end&quot;:100}}}\" data-lightbox=\"\" data-widget_type=\"image.default\">\n\t\t\t\t\t\t\t\t\t\t\t\t\t\t\t<img loading=\"lazy\" decoding=\"async\" width=\"768\" height=\"1152\" src=\"https:\/\/franksiemers.com\/wp-content\/uploads\/2025\/07\/Mira_FRS2064-768x1152.jpg\" class=\"attachment-medium_large size-medium_large wp-image-21\" alt=\"Bitte in deutscher Sprache schreiben..\" srcset=\"https:\/\/franksiemers.com\/wp-content\/uploads\/2025\/07\/Mira_FRS2064-768x1152.jpg 768w, https:\/\/franksiemers.com\/wp-content\/uploads\/2025\/07\/Mira_FRS2064-200x300.jpg 200w, https:\/\/franksiemers.com\/wp-content\/uploads\/2025\/07\/Mira_FRS2064-683x1024.jpg 683w, https:\/\/franksiemers.com\/wp-content\/uploads\/2025\/07\/Mira_FRS2064-1024x1536.jpg 1024w, https:\/\/franksiemers.com\/wp-content\/uploads\/2025\/07\/Mira_FRS2064.jpg 1313w\" sizes=\"(max-width: 768px) 100vw, 768px\" \/>\t\t\t\t\t\t\t\t\t\t\t\t\t\t\t<\/div>\n\t\t\t\t<div class=\"elementor-element elementor-element-7e0448b5 elementor-widget elementor-widget-spacer\" data-id=\"7e0448b5\" data-element_type=\"widget\" data-widget_type=\"spacer.default\">\n\t\t\t\t\t\t\t<div class=\"elementor-spacer\">\n\t\t\t<div class=\"elementor-spacer-inner\"><\/div>\n\t\t<\/div>\n\t\t\t\t\t\t<\/div>\n\t\t\t\t<div class=\"elementor-element elementor-element-46fb42d6 elementor-widget elementor-widget-image\" data-id=\"46fb42d6\" data-element_type=\"widget\" data-settings=\"{&quot;motion_fx_motion_fx_scrolling&quot;:&quot;yes&quot;,&quot;motion_fx_translateY_effect&quot;:&quot;yes&quot;,&quot;motion_fx_translateY_speed&quot;:{&quot;unit&quot;:&quot;px&quot;,&quot;size&quot;:1.600000000000000088817841970012523233890533447265625,&quot;sizes&quot;:[]},&quot;motion_fx_translateY_affectedRange&quot;:{&quot;unit&quot;:&quot;%&quot;,&quot;size&quot;:&quot;&quot;,&quot;sizes&quot;:{&quot;start&quot;:0,&quot;end&quot;:100}},&quot;motion_fx_devices&quot;:[&quot;desktop&quot;,&quot;tablet&quot;,&quot;mobile&quot;]}\" data-lightbox=\"\" data-widget_type=\"image.default\">\n\t\t\t\t\t\t\t\t\t\t\t\t\t\t\t<img loading=\"lazy\" decoding=\"async\" width=\"768\" height=\"1028\" src=\"https:\/\/franksiemers.com\/wp-content\/uploads\/2025\/07\/009_P_Dieter-Pfaff-05-768x1028.jpg\" class=\"attachment-medium_large size-medium_large wp-image-22\" alt=\"Bitte in deutscher Sprache schreiben..\" srcset=\"https:\/\/franksiemers.com\/wp-content\/uploads\/2025\/07\/009_P_Dieter-Pfaff-05-768x1028.jpg 768w, https:\/\/franksiemers.com\/wp-content\/uploads\/2025\/07\/009_P_Dieter-Pfaff-05-224x300.jpg 224w, https:\/\/franksiemers.com\/wp-content\/uploads\/2025\/07\/009_P_Dieter-Pfaff-05-765x1024.jpg 765w, https:\/\/franksiemers.com\/wp-content\/uploads\/2025\/07\/009_P_Dieter-Pfaff-05.jpg 882w\" sizes=\"(max-width: 768px) 100vw, 768px\" \/>\t\t\t\t\t\t\t\t\t\t\t\t\t\t\t<\/div>\n\t\t\t\t<\/div>\n\t\t\t\t<\/div>\n\t\t<div class=\"elementor-element elementor-element-56c3132e e-con-full lightbox-area e-flex e-con e-parent\" data-id=\"56c3132e\" data-element_type=\"container\" data-settings=\"{&quot;background_background&quot;:&quot;classic&quot;}\">\n\t\t<div class=\"elementor-element elementor-element-22ccb900 e-con-full e-flex e-con e-child\" data-id=\"22ccb900\" data-element_type=\"container\">\n\t\t<div class=\"elementor-element elementor-element-146a5108 e-con-full e-flex e-con e-child\" data-id=\"146a5108\" data-element_type=\"container\">\n\t\t\t\t<div class=\"elementor-element elementor-element-5ad59a19 elementor-widget elementor-widget-image\" data-id=\"5ad59a19\" data-element_type=\"widget\" data-settings=\"{&quot;motion_fx_motion_fx_scrolling&quot;:&quot;yes&quot;,&quot;motion_fx_translateY_effect&quot;:&quot;yes&quot;,&quot;motion_fx_translateY_speed&quot;:{&quot;unit&quot;:&quot;px&quot;,&quot;size&quot;:1.1999999999999999555910790149937383830547332763671875,&quot;sizes&quot;:[]},&quot;motion_fx_translateY_affectedRange&quot;:{&quot;unit&quot;:&quot;%&quot;,&quot;size&quot;:&quot;&quot;,&quot;sizes&quot;:{&quot;start&quot;:0,&quot;end&quot;:73}},&quot;_animation&quot;:&quot;none&quot;,&quot;_animation_delay&quot;:500,&quot;motion_fx_devices&quot;:[&quot;desktop&quot;,&quot;tablet&quot;,&quot;mobile&quot;]}\" data-lightbox=\"\" data-widget_type=\"image.default\">\n\t\t\t\t\t\t\t\t\t\t\t\t\t\t\t<img loading=\"lazy\" decoding=\"async\" width=\"768\" height=\"512\" src=\"https:\/\/franksiemers.com\/wp-content\/uploads\/2025\/07\/securvita_FSI4037-768x512.jpg\" class=\"attachment-medium_large size-medium_large wp-image-23\" alt=\"Bitte in deutscher Sprache schreiben..\" srcset=\"https:\/\/franksiemers.com\/wp-content\/uploads\/2025\/07\/securvita_FSI4037-768x512.jpg 768w, https:\/\/franksiemers.com\/wp-content\/uploads\/2025\/07\/securvita_FSI4037-300x200.jpg 300w, https:\/\/franksiemers.com\/wp-content\/uploads\/2025\/07\/securvita_FSI4037-1024x682.jpg 1024w, https:\/\/franksiemers.com\/wp-content\/uploads\/2025\/07\/securvita_FSI4037-1536x1024.jpg 1536w, https:\/\/franksiemers.com\/wp-content\/uploads\/2025\/07\/securvita_FSI4037.jpg 2000w\" sizes=\"(max-width: 768px) 100vw, 768px\" \/>\t\t\t\t\t\t\t\t\t\t\t\t\t\t\t<\/div>\n\t\t\t\t<\/div>\n\t\t\t\t<\/div>\n\t\t<div class=\"elementor-element elementor-element-7519f5bd e-con-full e-flex e-con e-child\" data-id=\"7519f5bd\" data-element_type=\"container\">\n\t\t\t\t<div class=\"elementor-element elementor-element-17e3cc2a elementor-widget elementor-widget-image\" data-id=\"17e3cc2a\" data-element_type=\"widget\" data-settings=\"{&quot;motion_fx_motion_fx_scrolling&quot;:&quot;yes&quot;,&quot;_animation&quot;:&quot;none&quot;,&quot;_animation_delay&quot;:100,&quot;motion_fx_devices&quot;:[&quot;desktop&quot;,&quot;tablet&quot;,&quot;mobile&quot;]}\" data-lightbox=\"\" data-widget_type=\"image.default\">\n\t\t\t\t\t\t\t\t\t\t\t\t\t\t\t<img loading=\"lazy\" decoding=\"async\" width=\"768\" height=\"768\" src=\"https:\/\/franksiemers.com\/wp-content\/uploads\/2025\/07\/dierk-peters-copyright-jazzfrank-frank-siemers_FSI9554-768x768.jpg\" class=\"attachment-medium_large size-medium_large wp-image-24\" alt=\"Bitte in deutscher Sprache schreiben..\" srcset=\"https:\/\/franksiemers.com\/wp-content\/uploads\/2025\/07\/dierk-peters-copyright-jazzfrank-frank-siemers_FSI9554-768x768.jpg 768w, https:\/\/franksiemers.com\/wp-content\/uploads\/2025\/07\/dierk-peters-copyright-jazzfrank-frank-siemers_FSI9554-300x300.jpg 300w, https:\/\/franksiemers.com\/wp-content\/uploads\/2025\/07\/dierk-peters-copyright-jazzfrank-frank-siemers_FSI9554-1024x1024.jpg 1024w, https:\/\/franksiemers.com\/wp-content\/uploads\/2025\/07\/dierk-peters-copyright-jazzfrank-frank-siemers_FSI9554-150x150.jpg 150w, https:\/\/franksiemers.com\/wp-content\/uploads\/2025\/07\/dierk-peters-copyright-jazzfrank-frank-siemers_FSI9554-1536x1536.jpg 1536w, https:\/\/franksiemers.com\/wp-content\/uploads\/2025\/07\/dierk-peters-copyright-jazzfrank-frank-siemers_FSI9554-2048x2048.jpg 2048w\" sizes=\"(max-width: 768px) 100vw, 768px\" \/>\t\t\t\t\t\t\t\t\t\t\t\t\t\t\t<\/div>\n\t\t\t\t<\/div>\n\t\t<div class=\"elementor-element elementor-element-29dd37f6 e-con-full e-flex e-con e-child\" data-id=\"29dd37f6\" data-element_type=\"container\">\n\t\t\t\t<div class=\"elementor-element elementor-element-21e3fc14 elementor-widget elementor-widget-spacer\" data-id=\"21e3fc14\" data-element_type=\"widget\" data-widget_type=\"spacer.default\">\n\t\t\t\t\t\t\t<div class=\"elementor-spacer\">\n\t\t\t<div class=\"elementor-spacer-inner\"><\/div>\n\t\t<\/div>\n\t\t\t\t\t\t<\/div>\n\t\t\t\t<div class=\"elementor-element elementor-element-16a618a2 elementor-hidden-tablet elementor-hidden-mobile elementor-widget elementor-widget-image\" data-id=\"16a618a2\" data-element_type=\"widget\" data-settings=\"{&quot;motion_fx_motion_fx_scrolling&quot;:&quot;yes&quot;,&quot;motion_fx_translateY_effect&quot;:&quot;yes&quot;,&quot;_animation&quot;:&quot;none&quot;,&quot;_animation_delay&quot;:300,&quot;motion_fx_translateY_speed&quot;:{&quot;unit&quot;:&quot;px&quot;,&quot;size&quot;:1.399999999999999911182158029987476766109466552734375,&quot;sizes&quot;:[]},&quot;motion_fx_translateY_affectedRange&quot;:{&quot;unit&quot;:&quot;%&quot;,&quot;size&quot;:&quot;&quot;,&quot;sizes&quot;:{&quot;start&quot;:0,&quot;end&quot;:100}},&quot;motion_fx_devices&quot;:[&quot;desktop&quot;,&quot;tablet&quot;,&quot;mobile&quot;]}\" data-lightbox=\"\" data-widget_type=\"image.default\">\n\t\t\t\t\t\t\t\t\t\t\t\t\t\t\t<img loading=\"lazy\" decoding=\"async\" width=\"768\" height=\"768\" src=\"https:\/\/franksiemers.com\/wp-content\/uploads\/2025\/07\/adam-holzman-brave-new-world_FSI1788-2-768x768.jpg\" class=\"attachment-medium_large size-medium_large wp-image-25\" alt=\"Bitte in deutscher Sprache schreiben..\" srcset=\"https:\/\/franksiemers.com\/wp-content\/uploads\/2025\/07\/adam-holzman-brave-new-world_FSI1788-2-768x768.jpg 768w, https:\/\/franksiemers.com\/wp-content\/uploads\/2025\/07\/adam-holzman-brave-new-world_FSI1788-2-300x300.jpg 300w, https:\/\/franksiemers.com\/wp-content\/uploads\/2025\/07\/adam-holzman-brave-new-world_FSI1788-2-1024x1024.jpg 1024w, https:\/\/franksiemers.com\/wp-content\/uploads\/2025\/07\/adam-holzman-brave-new-world_FSI1788-2-150x150.jpg 150w, https:\/\/franksiemers.com\/wp-content\/uploads\/2025\/07\/adam-holzman-brave-new-world_FSI1788-2-1536x1536.jpg 1536w, https:\/\/franksiemers.com\/wp-content\/uploads\/2025\/07\/adam-holzman-brave-new-world_FSI1788-2.jpg 2000w\" sizes=\"(max-width: 768px) 100vw, 768px\" \/>\t\t\t\t\t\t\t\t\t\t\t\t\t\t\t<\/div>\n\t\t\t\t<\/div>\n\t\t<div class=\"elementor-element elementor-element-5001541a e-con-full e-flex e-con e-child\" data-id=\"5001541a\" data-element_type=\"container\" data-settings=\"{&quot;background_background&quot;:&quot;classic&quot;}\">\n\t\t\t\t<div class=\"elementor-element elementor-element-704eed9d elementor-widget elementor-widget-spacer\" data-id=\"704eed9d\" data-element_type=\"widget\" data-widget_type=\"spacer.default\">\n\t\t\t\t\t\t\t<div class=\"elementor-spacer\">\n\t\t\t<div class=\"elementor-spacer-inner\"><\/div>\n\t\t<\/div>\n\t\t\t\t\t\t<\/div>\n\t\t\t\t<\/div>\n\t\t\t\t<\/div>\n\t\t<div class=\"elementor-element elementor-element-1bb8aa57 e-con-full e-flex e-con e-parent\" data-id=\"1bb8aa57\" data-element_type=\"container\" id=\"frank-portfolio\" data-settings=\"{&quot;background_background&quot;:&quot;classic&quot;}\">\n\t\t\t\t<div class=\"elementor-element elementor-element-18656090 elementor-grid-2 elementor-grid-tablet-2 elementor-grid-mobile-1 elementor-widget elementor-widget-portfolio\" data-id=\"18656090\" data-element_type=\"widget\" id=\"portfolio1\" data-settings=\"{&quot;columns&quot;:&quot;2&quot;,&quot;item_ratio&quot;:{&quot;unit&quot;:&quot;px&quot;,&quot;size&quot;:1,&quot;sizes&quot;:[]},&quot;row_gap&quot;:{&quot;unit&quot;:&quot;px&quot;,&quot;size&quot;:10,&quot;sizes&quot;:[]},&quot;columns_tablet&quot;:&quot;2&quot;,&quot;columns_mobile&quot;:&quot;1&quot;,&quot;item_gap&quot;:{&quot;unit&quot;:&quot;px&quot;,&quot;size&quot;:&quot;&quot;,&quot;sizes&quot;:[]}}\" data-widget_type=\"portfolio.default\">\n\t\t\t\t<div class=\"elementor-widget-container\">\n\t\t\t\t\t\t\t<ul class=\"elementor-portfolio__filters\">\n\t\t\t<li class=\"elementor-portfolio__filter elementor-active\" tabindex=\"0\" data-filter=\"__all\">Alle<\/li>\n\t\t\t\t\t\t\t<li class=\"elementor-portfolio__filter\" tabindex=\"0\" data-filter=\"7\">Alle<\/li>\n\t\t\t\t\t\t\t<li class=\"elementor-portfolio__filter\" tabindex=\"0\" data-filter=\"117\">Branding<\/li>\n\t\t\t\t\t\t\t<li class=\"elementor-portfolio__filter\" tabindex=\"0\" data-filter=\"9\">Branding<\/li>\n\t\t\t\t\t\t\t<li class=\"elementor-portfolio__filter\" tabindex=\"0\" data-filter=\"119\">Musicians<\/li>\n\t\t\t\t\t\t\t<li class=\"elementor-portfolio__filter\" tabindex=\"0\" data-filter=\"8\">Musiker:innen<\/li>\n\t\t\t\t\t\t\t<li class=\"elementor-portfolio__filter\" tabindex=\"0\" data-filter=\"6\">Personalities<\/li>\n\t\t\t\t\t\t\t<li class=\"elementor-portfolio__filter\" tabindex=\"0\" data-filter=\"121\">Personalities<\/li>\n\t\t\t\t\t\t\t<li class=\"elementor-portfolio__filter\" tabindex=\"0\" data-filter=\"115\">Portfolio<\/li>\n\t\t\t\t\t<\/ul>\n\t\t\t\t<div class=\"elementor-portfolio elementor-grid elementor-posts-container\" role=\"list\">\n\t\t\t\t<article class=\"elementor-portfolio-item elementor-post elementor-filter-7 elementor-filter-6 post-2060 post type-post status-publish format-standard has-post-thumbnail hentry category-1portfolio category-personalities\" role=\"listitem\">\n\t\t\t<a class=\"elementor-post__thumbnail__link\" href=\"https:\/\/franksiemers.com\/?p=2060\">\n\t\t\t\t<div class=\"elementor-portfolio-item__img elementor-post__thumbnail\">\n\t\t\t<img loading=\"lazy\" decoding=\"async\" width=\"800\" height=\"1018\" src=\"https:\/\/franksiemers.com\/wp-content\/uploads\/2025\/05\/rolf-zuckowski_FRS0568-805x1024.jpg\" class=\"attachment-large size-large wp-image-2061\" alt=\"Der \u00e4ltere Mann steht vor einer gr\u00fcnen Wand, tr\u00e4gt eine blaue Jacke und ein Hemd mit Muster, wirkt nachdenklich und entspannt, w\u00e4hrend das Sonnenlicht durch ein Fenster Schatten an die Wand wirft.\" srcset=\"https:\/\/franksiemers.com\/wp-content\/uploads\/2025\/05\/rolf-zuckowski_FRS0568-805x1024.jpg 805w, https:\/\/franksiemers.com\/wp-content\/uploads\/2025\/05\/rolf-zuckowski_FRS0568-236x300.jpg 236w, https:\/\/franksiemers.com\/wp-content\/uploads\/2025\/05\/rolf-zuckowski_FRS0568-768x977.jpg 768w, https:\/\/franksiemers.com\/wp-content\/uploads\/2025\/05\/rolf-zuckowski_FRS0568-1207x1536.jpg 1207w, https:\/\/franksiemers.com\/wp-content\/uploads\/2025\/05\/rolf-zuckowski_FRS0568-1610x2048.jpg 1610w, https:\/\/franksiemers.com\/wp-content\/uploads\/2025\/05\/rolf-zuckowski_FRS0568.jpg 1770w\" sizes=\"(max-width: 800px) 100vw, 800px\" \/>\t\t<\/div>\n\t\t\t\t<div class=\"elementor-portfolio-item__overlay\">\n\t\t\t\t<\/div>\n\t\t\t\t<\/a>\n\t\t<\/article>\n\t\t\t\t<article class=\"elementor-portfolio-item elementor-post elementor-filter-121 elementor-filter-115 post-3207 post type-post status-publish format-standard has-post-thumbnail hentry category-personalities-en category-portfolio\" role=\"listitem\">\n\t\t\t<a class=\"elementor-post__thumbnail__link\" href=\"https:\/\/franksiemers.com\/?p=3207&lang=en\">\n\t\t\t\t<div class=\"elementor-portfolio-item__img elementor-post__thumbnail\">\n\t\t\t<img loading=\"lazy\" decoding=\"async\" width=\"800\" height=\"1018\" src=\"https:\/\/franksiemers.com\/wp-content\/uploads\/2025\/05\/rolf-zuckowski_FRS0568-805x1024.jpg\" class=\"attachment-large size-large wp-image-2061\" alt=\"Der \u00e4ltere Mann steht vor einer gr\u00fcnen Wand, tr\u00e4gt eine blaue Jacke und ein Hemd mit Muster, wirkt nachdenklich und entspannt, w\u00e4hrend das Sonnenlicht durch ein Fenster Schatten an die Wand wirft.\" srcset=\"https:\/\/franksiemers.com\/wp-content\/uploads\/2025\/05\/rolf-zuckowski_FRS0568-805x1024.jpg 805w, https:\/\/franksiemers.com\/wp-content\/uploads\/2025\/05\/rolf-zuckowski_FRS0568-236x300.jpg 236w, https:\/\/franksiemers.com\/wp-content\/uploads\/2025\/05\/rolf-zuckowski_FRS0568-768x977.jpg 768w, https:\/\/franksiemers.com\/wp-content\/uploads\/2025\/05\/rolf-zuckowski_FRS0568-1207x1536.jpg 1207w, https:\/\/franksiemers.com\/wp-content\/uploads\/2025\/05\/rolf-zuckowski_FRS0568-1610x2048.jpg 1610w, https:\/\/franksiemers.com\/wp-content\/uploads\/2025\/05\/rolf-zuckowski_FRS0568.jpg 1770w\" sizes=\"(max-width: 800px) 100vw, 800px\" \/>\t\t<\/div>\n\t\t\t\t<div class=\"elementor-portfolio-item__overlay\">\n\t\t\t\t<\/div>\n\t\t\t\t<\/a>\n\t\t<\/article>\n\t\t\t\t<article class=\"elementor-portfolio-item elementor-post elementor-filter-119 elementor-filter-115 post-3130 post type-post status-publish format-standard has-post-thumbnail hentry category-musicians category-portfolio\" role=\"listitem\">\n\t\t\t<a class=\"elementor-post__thumbnail__link\" href=\"https:\/\/franksiemers.com\/?p=3130&lang=en\">\n\t\t\t\t<div class=\"elementor-portfolio-item__img elementor-post__thumbnail\">\n\t\t\t<img loading=\"lazy\" decoding=\"async\" width=\"800\" height=\"800\" src=\"https:\/\/franksiemers.com\/wp-content\/uploads\/2025\/05\/rudi-mahall-copyright-jazzfrank_FSI3339-1-1024x1024.jpg\" class=\"attachment-large size-large wp-image-2716\" alt=\"Gem\u00fctliches Portrait eines Mannes mit M\u00fctze, der auf einer Klarinette spielt und dabei l\u00e4chelt, im Stil von Frank Siemers Fotografien aus Hamburg.\" srcset=\"https:\/\/franksiemers.com\/wp-content\/uploads\/2025\/05\/rudi-mahall-copyright-jazzfrank_FSI3339-1-1024x1024.jpg 1024w, https:\/\/franksiemers.com\/wp-content\/uploads\/2025\/05\/rudi-mahall-copyright-jazzfrank_FSI3339-1-300x300.jpg 300w, https:\/\/franksiemers.com\/wp-content\/uploads\/2025\/05\/rudi-mahall-copyright-jazzfrank_FSI3339-1-150x150.jpg 150w, https:\/\/franksiemers.com\/wp-content\/uploads\/2025\/05\/rudi-mahall-copyright-jazzfrank_FSI3339-1-768x768.jpg 768w, https:\/\/franksiemers.com\/wp-content\/uploads\/2025\/05\/rudi-mahall-copyright-jazzfrank_FSI3339-1-1536x1536.jpg 1536w, https:\/\/franksiemers.com\/wp-content\/uploads\/2025\/05\/rudi-mahall-copyright-jazzfrank_FSI3339-1-2048x2048.jpg 2048w\" sizes=\"(max-width: 800px) 100vw, 800px\" \/>\t\t<\/div>\n\t\t\t\t<div class=\"elementor-portfolio-item__overlay\">\n\t\t\t\t<\/div>\n\t\t\t\t<\/a>\n\t\t<\/article>\n\t\t\t\t<article class=\"elementor-portfolio-item elementor-post elementor-filter-7 elementor-filter-8 post-2187 post type-post status-publish format-standard has-post-thumbnail hentry category-1portfolio category-musikerinnen\" role=\"listitem\">\n\t\t\t<a class=\"elementor-post__thumbnail__link\" href=\"https:\/\/franksiemers.com\/?p=2187\">\n\t\t\t\t<div class=\"elementor-portfolio-item__img elementor-post__thumbnail\">\n\t\t\t<img loading=\"lazy\" decoding=\"async\" width=\"800\" height=\"800\" src=\"https:\/\/franksiemers.com\/wp-content\/uploads\/2025\/05\/rudi-mahall-copyright-jazzfrank_FSI3339-1-1024x1024.jpg\" class=\"attachment-large size-large wp-image-2716\" alt=\"Gem\u00fctliches Portrait eines Mannes mit M\u00fctze, der auf einer Klarinette spielt und dabei l\u00e4chelt, im Stil von Frank Siemers Fotografien aus Hamburg.\" srcset=\"https:\/\/franksiemers.com\/wp-content\/uploads\/2025\/05\/rudi-mahall-copyright-jazzfrank_FSI3339-1-1024x1024.jpg 1024w, https:\/\/franksiemers.com\/wp-content\/uploads\/2025\/05\/rudi-mahall-copyright-jazzfrank_FSI3339-1-300x300.jpg 300w, https:\/\/franksiemers.com\/wp-content\/uploads\/2025\/05\/rudi-mahall-copyright-jazzfrank_FSI3339-1-150x150.jpg 150w, https:\/\/franksiemers.com\/wp-content\/uploads\/2025\/05\/rudi-mahall-copyright-jazzfrank_FSI3339-1-768x768.jpg 768w, https:\/\/franksiemers.com\/wp-content\/uploads\/2025\/05\/rudi-mahall-copyright-jazzfrank_FSI3339-1-1536x1536.jpg 1536w, https:\/\/franksiemers.com\/wp-content\/uploads\/2025\/05\/rudi-mahall-copyright-jazzfrank_FSI3339-1-2048x2048.jpg 2048w\" sizes=\"(max-width: 800px) 100vw, 800px\" \/>\t\t<\/div>\n\t\t\t\t<div class=\"elementor-portfolio-item__overlay\">\n\t\t\t\t<\/div>\n\t\t\t\t<\/a>\n\t\t<\/article>\n\t\t\t\t<article class=\"elementor-portfolio-item elementor-post elementor-filter-119 elementor-filter-115 post-3156 post type-post status-publish format-standard has-post-thumbnail hentry category-musicians category-portfolio\" role=\"listitem\">\n\t\t\t<a class=\"elementor-post__thumbnail__link\" href=\"https:\/\/franksiemers.com\/?p=3156&lang=en\">\n\t\t\t\t<div class=\"elementor-portfolio-item__img elementor-post__thumbnail\">\n\t\t\t<img loading=\"lazy\" decoding=\"async\" width=\"800\" height=\"800\" src=\"https:\/\/franksiemers.com\/wp-content\/uploads\/2025\/05\/lisa-wulff-hamburg-frank-siemers-fotograf-portraits-_FSI7083-2-1024x1024.jpg\" class=\"attachment-large size-large wp-image-2144\" alt=\"Eine junge Frau sitzt entspannt auf einer roten Sitzbank, neben ihr steht ein gro\u00dfes Kontrabass-Instrument, das sie liebevoll h\u00e4lt. Die Szene ist in einem modernen, minimalistischen Raum mit grauem Hi.\" srcset=\"https:\/\/franksiemers.com\/wp-content\/uploads\/2025\/05\/lisa-wulff-hamburg-frank-siemers-fotograf-portraits-_FSI7083-2-1024x1024.jpg 1024w, https:\/\/franksiemers.com\/wp-content\/uploads\/2025\/05\/lisa-wulff-hamburg-frank-siemers-fotograf-portraits-_FSI7083-2-300x300.jpg 300w, https:\/\/franksiemers.com\/wp-content\/uploads\/2025\/05\/lisa-wulff-hamburg-frank-siemers-fotograf-portraits-_FSI7083-2-150x150.jpg 150w, https:\/\/franksiemers.com\/wp-content\/uploads\/2025\/05\/lisa-wulff-hamburg-frank-siemers-fotograf-portraits-_FSI7083-2-768x768.jpg 768w, https:\/\/franksiemers.com\/wp-content\/uploads\/2025\/05\/lisa-wulff-hamburg-frank-siemers-fotograf-portraits-_FSI7083-2-1536x1536.jpg 1536w, https:\/\/franksiemers.com\/wp-content\/uploads\/2025\/05\/lisa-wulff-hamburg-frank-siemers-fotograf-portraits-_FSI7083-2-2048x2048.jpg 2048w\" sizes=\"(max-width: 800px) 100vw, 800px\" \/>\t\t<\/div>\n\t\t\t\t<div class=\"elementor-portfolio-item__overlay\">\n\t\t\t\t<\/div>\n\t\t\t\t<\/a>\n\t\t<\/article>\n\t\t\t\t<article class=\"elementor-portfolio-item elementor-post elementor-filter-7 elementor-filter-8 post-2143 post type-post status-publish format-standard has-post-thumbnail hentry category-1portfolio category-musikerinnen\" role=\"listitem\">\n\t\t\t<a class=\"elementor-post__thumbnail__link\" href=\"https:\/\/franksiemers.com\/?p=2143\">\n\t\t\t\t<div class=\"elementor-portfolio-item__img elementor-post__thumbnail\">\n\t\t\t<img loading=\"lazy\" decoding=\"async\" width=\"800\" height=\"800\" src=\"https:\/\/franksiemers.com\/wp-content\/uploads\/2025\/05\/lisa-wulff-hamburg-frank-siemers-fotograf-portraits-_FSI7083-2-1024x1024.jpg\" class=\"attachment-large size-large wp-image-2144\" alt=\"Eine junge Frau sitzt entspannt auf einer roten Sitzbank, neben ihr steht ein gro\u00dfes Kontrabass-Instrument, das sie liebevoll h\u00e4lt. Die Szene ist in einem modernen, minimalistischen Raum mit grauem Hi.\" srcset=\"https:\/\/franksiemers.com\/wp-content\/uploads\/2025\/05\/lisa-wulff-hamburg-frank-siemers-fotograf-portraits-_FSI7083-2-1024x1024.jpg 1024w, https:\/\/franksiemers.com\/wp-content\/uploads\/2025\/05\/lisa-wulff-hamburg-frank-siemers-fotograf-portraits-_FSI7083-2-300x300.jpg 300w, https:\/\/franksiemers.com\/wp-content\/uploads\/2025\/05\/lisa-wulff-hamburg-frank-siemers-fotograf-portraits-_FSI7083-2-150x150.jpg 150w, https:\/\/franksiemers.com\/wp-content\/uploads\/2025\/05\/lisa-wulff-hamburg-frank-siemers-fotograf-portraits-_FSI7083-2-768x768.jpg 768w, https:\/\/franksiemers.com\/wp-content\/uploads\/2025\/05\/lisa-wulff-hamburg-frank-siemers-fotograf-portraits-_FSI7083-2-1536x1536.jpg 1536w, https:\/\/franksiemers.com\/wp-content\/uploads\/2025\/05\/lisa-wulff-hamburg-frank-siemers-fotograf-portraits-_FSI7083-2-2048x2048.jpg 2048w\" sizes=\"(max-width: 800px) 100vw, 800px\" \/>\t\t<\/div>\n\t\t\t\t<div class=\"elementor-portfolio-item__overlay\">\n\t\t\t\t<\/div>\n\t\t\t\t<\/a>\n\t\t<\/article>\n\t\t\t\t<article class=\"elementor-portfolio-item elementor-post elementor-filter-119 elementor-filter-115 post-3158 post type-post status-publish format-standard has-post-thumbnail hentry category-musicians category-portfolio\" role=\"listitem\">\n\t\t\t<a class=\"elementor-post__thumbnail__link\" href=\"https:\/\/franksiemers.com\/?p=3158&lang=en\">\n\t\t\t\t<div class=\"elementor-portfolio-item__img elementor-post__thumbnail\">\n\t\t\t<img loading=\"lazy\" decoding=\"async\" width=\"800\" height=\"640\" src=\"https:\/\/franksiemers.com\/wp-content\/uploads\/2025\/05\/luke-stewart-copyright-jazzfrank_FSI0886-1024x819.jpg\" class=\"attachment-large size-large wp-image-2869\" alt=\"Stilvolle Schwarzwei\u00dfaufnahme eines Mannes mit Afro-Frisur und Bart, der modisch gekleidet ist, sein Jacket aber verkehrt rum tr\u00e4gt und in einer k\u00fcnstlerischen Pose vor einem neutralen Hintergrund steht.\" srcset=\"https:\/\/franksiemers.com\/wp-content\/uploads\/2025\/05\/luke-stewart-copyright-jazzfrank_FSI0886-1024x819.jpg 1024w, https:\/\/franksiemers.com\/wp-content\/uploads\/2025\/05\/luke-stewart-copyright-jazzfrank_FSI0886-300x240.jpg 300w, https:\/\/franksiemers.com\/wp-content\/uploads\/2025\/05\/luke-stewart-copyright-jazzfrank_FSI0886-768x614.jpg 768w, https:\/\/franksiemers.com\/wp-content\/uploads\/2025\/05\/luke-stewart-copyright-jazzfrank_FSI0886-1536x1229.jpg 1536w, https:\/\/franksiemers.com\/wp-content\/uploads\/2025\/05\/luke-stewart-copyright-jazzfrank_FSI0886-2048x1639.jpg 2048w\" sizes=\"(max-width: 800px) 100vw, 800px\" \/>\t\t<\/div>\n\t\t\t\t<div class=\"elementor-portfolio-item__overlay\">\n\t\t\t\t<\/div>\n\t\t\t\t<\/a>\n\t\t<\/article>\n\t\t\t\t<article class=\"elementor-portfolio-item elementor-post elementor-filter-7 elementor-filter-8 post-2140 post type-post status-publish format-standard has-post-thumbnail hentry category-1portfolio category-musikerinnen\" role=\"listitem\">\n\t\t\t<a class=\"elementor-post__thumbnail__link\" href=\"https:\/\/franksiemers.com\/?p=2140\">\n\t\t\t\t<div class=\"elementor-portfolio-item__img elementor-post__thumbnail\">\n\t\t\t<img loading=\"lazy\" decoding=\"async\" width=\"800\" height=\"640\" src=\"https:\/\/franksiemers.com\/wp-content\/uploads\/2025\/05\/luke-stewart-copyright-jazzfrank_FSI0886-1024x819.jpg\" class=\"attachment-large size-large wp-image-2869\" alt=\"Stilvolle Schwarzwei\u00dfaufnahme eines Mannes mit Afro-Frisur und Bart, der modisch gekleidet ist, sein Jacket aber verkehrt rum tr\u00e4gt und in einer k\u00fcnstlerischen Pose vor einem neutralen Hintergrund steht.\" srcset=\"https:\/\/franksiemers.com\/wp-content\/uploads\/2025\/05\/luke-stewart-copyright-jazzfrank_FSI0886-1024x819.jpg 1024w, https:\/\/franksiemers.com\/wp-content\/uploads\/2025\/05\/luke-stewart-copyright-jazzfrank_FSI0886-300x240.jpg 300w, https:\/\/franksiemers.com\/wp-content\/uploads\/2025\/05\/luke-stewart-copyright-jazzfrank_FSI0886-768x614.jpg 768w, https:\/\/franksiemers.com\/wp-content\/uploads\/2025\/05\/luke-stewart-copyright-jazzfrank_FSI0886-1536x1229.jpg 1536w, https:\/\/franksiemers.com\/wp-content\/uploads\/2025\/05\/luke-stewart-copyright-jazzfrank_FSI0886-2048x1639.jpg 2048w\" sizes=\"(max-width: 800px) 100vw, 800px\" \/>\t\t<\/div>\n\t\t\t\t<div class=\"elementor-portfolio-item__overlay\">\n\t\t\t\t<\/div>\n\t\t\t\t<\/a>\n\t\t<\/article>\n\t\t\t\t<article class=\"elementor-portfolio-item elementor-post elementor-filter-7 elementor-filter-8 post-2072 post type-post status-publish format-standard has-post-thumbnail hentry category-1portfolio category-musikerinnen\" role=\"listitem\">\n\t\t\t<a class=\"elementor-post__thumbnail__link\" href=\"https:\/\/franksiemers.com\/?p=2072\">\n\t\t\t\t<div class=\"elementor-portfolio-item__img elementor-post__thumbnail\">\n\t\t\t<img loading=\"lazy\" decoding=\"async\" width=\"800\" height=\"800\" src=\"https:\/\/franksiemers.com\/wp-content\/uploads\/2025\/05\/marc-copland-copyright-jazzfrank_FSI2147-1-1024x1024.jpg\" class=\"attachment-large size-large wp-image-2718\" alt=\"Ein Mann tr\u00e4gt eine dunkle Wollm\u00fctze und h\u00e4lt einen schwarzen Stoff vor seinem Gesicht, bei dem nur seine Augen sichtbar sind, in schwarz-wei\u00df aufgenommen.\" srcset=\"https:\/\/franksiemers.com\/wp-content\/uploads\/2025\/05\/marc-copland-copyright-jazzfrank_FSI2147-1-1024x1024.jpg 1024w, https:\/\/franksiemers.com\/wp-content\/uploads\/2025\/05\/marc-copland-copyright-jazzfrank_FSI2147-1-300x300.jpg 300w, https:\/\/franksiemers.com\/wp-content\/uploads\/2025\/05\/marc-copland-copyright-jazzfrank_FSI2147-1-150x150.jpg 150w, https:\/\/franksiemers.com\/wp-content\/uploads\/2025\/05\/marc-copland-copyright-jazzfrank_FSI2147-1-768x768.jpg 768w, https:\/\/franksiemers.com\/wp-content\/uploads\/2025\/05\/marc-copland-copyright-jazzfrank_FSI2147-1.jpg 1417w\" sizes=\"(max-width: 800px) 100vw, 800px\" \/>\t\t<\/div>\n\t\t\t\t<div class=\"elementor-portfolio-item__overlay\">\n\t\t\t\t<\/div>\n\t\t\t\t<\/a>\n\t\t<\/article>\n\t\t\t\t<article class=\"elementor-portfolio-item elementor-post elementor-filter-119 elementor-filter-115 post-3199 post type-post status-publish format-standard has-post-thumbnail hentry category-musicians category-portfolio\" role=\"listitem\">\n\t\t\t<a class=\"elementor-post__thumbnail__link\" href=\"https:\/\/franksiemers.com\/?p=3199&lang=en\">\n\t\t\t\t<div class=\"elementor-portfolio-item__img elementor-post__thumbnail\">\n\t\t\t<img loading=\"lazy\" decoding=\"async\" width=\"800\" height=\"800\" src=\"https:\/\/franksiemers.com\/wp-content\/uploads\/2025\/05\/marc-copland-copyright-jazzfrank_FSI2147-1-1024x1024.jpg\" class=\"attachment-large size-large wp-image-2718\" alt=\"Ein Mann tr\u00e4gt eine dunkle Wollm\u00fctze und h\u00e4lt einen schwarzen Stoff vor seinem Gesicht, bei dem nur seine Augen sichtbar sind, in schwarz-wei\u00df aufgenommen.\" srcset=\"https:\/\/franksiemers.com\/wp-content\/uploads\/2025\/05\/marc-copland-copyright-jazzfrank_FSI2147-1-1024x1024.jpg 1024w, https:\/\/franksiemers.com\/wp-content\/uploads\/2025\/05\/marc-copland-copyright-jazzfrank_FSI2147-1-300x300.jpg 300w, https:\/\/franksiemers.com\/wp-content\/uploads\/2025\/05\/marc-copland-copyright-jazzfrank_FSI2147-1-150x150.jpg 150w, https:\/\/franksiemers.com\/wp-content\/uploads\/2025\/05\/marc-copland-copyright-jazzfrank_FSI2147-1-768x768.jpg 768w, https:\/\/franksiemers.com\/wp-content\/uploads\/2025\/05\/marc-copland-copyright-jazzfrank_FSI2147-1.jpg 1417w\" sizes=\"(max-width: 800px) 100vw, 800px\" \/>\t\t<\/div>\n\t\t\t\t<div class=\"elementor-portfolio-item__overlay\">\n\t\t\t\t<\/div>\n\t\t\t\t<\/a>\n\t\t<\/article>\n\t\t\t\t<article class=\"elementor-portfolio-item elementor-post elementor-filter-7 elementor-filter-8 post-2116 post type-post status-publish format-standard has-post-thumbnail hentry category-1portfolio category-musikerinnen\" role=\"listitem\">\n\t\t\t<a class=\"elementor-post__thumbnail__link\" href=\"https:\/\/franksiemers.com\/?p=2116\">\n\t\t\t\t<div class=\"elementor-portfolio-item__img elementor-post__thumbnail\">\n\t\t\t<img loading=\"lazy\" decoding=\"async\" width=\"800\" height=\"534\" src=\"https:\/\/franksiemers.com\/wp-content\/uploads\/2025\/05\/hauke-renken-copyright-jazzfrank_FSI9675-1024x683.jpg\" class=\"attachment-large size-large wp-image-2877\" alt=\"Lebensfrohe Portr\u00e4taufnahme eines jungen Mannes mit Brille, der sich die Haare stylt.\" srcset=\"https:\/\/franksiemers.com\/wp-content\/uploads\/2025\/05\/hauke-renken-copyright-jazzfrank_FSI9675-1024x683.jpg 1024w, https:\/\/franksiemers.com\/wp-content\/uploads\/2025\/05\/hauke-renken-copyright-jazzfrank_FSI9675-300x200.jpg 300w, https:\/\/franksiemers.com\/wp-content\/uploads\/2025\/05\/hauke-renken-copyright-jazzfrank_FSI9675-768x512.jpg 768w, https:\/\/franksiemers.com\/wp-content\/uploads\/2025\/05\/hauke-renken-copyright-jazzfrank_FSI9675-1536x1024.jpg 1536w, https:\/\/franksiemers.com\/wp-content\/uploads\/2025\/05\/hauke-renken-copyright-jazzfrank_FSI9675-2048x1366.jpg 2048w\" sizes=\"(max-width: 800px) 100vw, 800px\" \/>\t\t<\/div>\n\t\t\t\t<div class=\"elementor-portfolio-item__overlay\">\n\t\t\t\t<\/div>\n\t\t\t\t<\/a>\n\t\t<\/article>\n\t\t\t\t<article class=\"elementor-portfolio-item elementor-post elementor-filter-119 elementor-filter-115 post-3172 post type-post status-publish format-standard has-post-thumbnail hentry category-musicians category-portfolio\" role=\"listitem\">\n\t\t\t<a class=\"elementor-post__thumbnail__link\" href=\"https:\/\/franksiemers.com\/?p=3172&lang=en\">\n\t\t\t\t<div class=\"elementor-portfolio-item__img elementor-post__thumbnail\">\n\t\t\t<img loading=\"lazy\" decoding=\"async\" width=\"800\" height=\"534\" src=\"https:\/\/franksiemers.com\/wp-content\/uploads\/2025\/05\/hauke-renken-copyright-jazzfrank_FSI9675-1024x683.jpg\" class=\"attachment-large size-large wp-image-2877\" alt=\"Lebensfrohe Portr\u00e4taufnahme eines jungen Mannes mit Brille, der sich die Haare stylt.\" srcset=\"https:\/\/franksiemers.com\/wp-content\/uploads\/2025\/05\/hauke-renken-copyright-jazzfrank_FSI9675-1024x683.jpg 1024w, https:\/\/franksiemers.com\/wp-content\/uploads\/2025\/05\/hauke-renken-copyright-jazzfrank_FSI9675-300x200.jpg 300w, https:\/\/franksiemers.com\/wp-content\/uploads\/2025\/05\/hauke-renken-copyright-jazzfrank_FSI9675-768x512.jpg 768w, https:\/\/franksiemers.com\/wp-content\/uploads\/2025\/05\/hauke-renken-copyright-jazzfrank_FSI9675-1536x1024.jpg 1536w, https:\/\/franksiemers.com\/wp-content\/uploads\/2025\/05\/hauke-renken-copyright-jazzfrank_FSI9675-2048x1366.jpg 2048w\" sizes=\"(max-width: 800px) 100vw, 800px\" \/>\t\t<\/div>\n\t\t\t\t<div class=\"elementor-portfolio-item__overlay\">\n\t\t\t\t<\/div>\n\t\t\t\t<\/a>\n\t\t<\/article>\n\t\t\t\t<article class=\"elementor-portfolio-item elementor-post elementor-filter-7 elementor-filter-8 post-2103 post type-post status-publish format-standard has-post-thumbnail hentry category-1portfolio category-musikerinnen\" role=\"listitem\">\n\t\t\t<a class=\"elementor-post__thumbnail__link\" href=\"https:\/\/franksiemers.com\/?p=2103\">\n\t\t\t\t<div class=\"elementor-portfolio-item__img elementor-post__thumbnail\">\n\t\t\t<img loading=\"lazy\" decoding=\"async\" width=\"800\" height=\"800\" src=\"https:\/\/franksiemers.com\/wp-content\/uploads\/2025\/05\/markus-stockhausen-copyright-frank-siemers-jazzfrank-20201018_FSI3547-1024x1024.jpg\" class=\"attachment-large size-large wp-image-2104\" alt=\"\" srcset=\"https:\/\/franksiemers.com\/wp-content\/uploads\/2025\/05\/markus-stockhausen-copyright-frank-siemers-jazzfrank-20201018_FSI3547-1024x1024.jpg 1024w, https:\/\/franksiemers.com\/wp-content\/uploads\/2025\/05\/markus-stockhausen-copyright-frank-siemers-jazzfrank-20201018_FSI3547-300x300.jpg 300w, https:\/\/franksiemers.com\/wp-content\/uploads\/2025\/05\/markus-stockhausen-copyright-frank-siemers-jazzfrank-20201018_FSI3547-150x150.jpg 150w, https:\/\/franksiemers.com\/wp-content\/uploads\/2025\/05\/markus-stockhausen-copyright-frank-siemers-jazzfrank-20201018_FSI3547-768x768.jpg 768w, https:\/\/franksiemers.com\/wp-content\/uploads\/2025\/05\/markus-stockhausen-copyright-frank-siemers-jazzfrank-20201018_FSI3547-1536x1536.jpg 1536w, https:\/\/franksiemers.com\/wp-content\/uploads\/2025\/05\/markus-stockhausen-copyright-frank-siemers-jazzfrank-20201018_FSI3547.jpg 1984w\" sizes=\"(max-width: 800px) 100vw, 800px\" \/>\t\t<\/div>\n\t\t\t\t<div class=\"elementor-portfolio-item__overlay\">\n\t\t\t\t<\/div>\n\t\t\t\t<\/a>\n\t\t<\/article>\n\t\t\t\t<article class=\"elementor-portfolio-item elementor-post elementor-filter-119 elementor-filter-115 post-3180 post type-post status-publish format-standard has-post-thumbnail hentry category-musicians category-portfolio\" role=\"listitem\">\n\t\t\t<a class=\"elementor-post__thumbnail__link\" href=\"https:\/\/franksiemers.com\/?p=3180&lang=en\">\n\t\t\t\t<div class=\"elementor-portfolio-item__img elementor-post__thumbnail\">\n\t\t\t<img loading=\"lazy\" decoding=\"async\" width=\"800\" height=\"800\" src=\"https:\/\/franksiemers.com\/wp-content\/uploads\/2025\/05\/markus-stockhausen-copyright-frank-siemers-jazzfrank-20201018_FSI3547-1024x1024.jpg\" class=\"attachment-large size-large wp-image-2104\" alt=\"\" srcset=\"https:\/\/franksiemers.com\/wp-content\/uploads\/2025\/05\/markus-stockhausen-copyright-frank-siemers-jazzfrank-20201018_FSI3547-1024x1024.jpg 1024w, https:\/\/franksiemers.com\/wp-content\/uploads\/2025\/05\/markus-stockhausen-copyright-frank-siemers-jazzfrank-20201018_FSI3547-300x300.jpg 300w, https:\/\/franksiemers.com\/wp-content\/uploads\/2025\/05\/markus-stockhausen-copyright-frank-siemers-jazzfrank-20201018_FSI3547-150x150.jpg 150w, https:\/\/franksiemers.com\/wp-content\/uploads\/2025\/05\/markus-stockhausen-copyright-frank-siemers-jazzfrank-20201018_FSI3547-768x768.jpg 768w, https:\/\/franksiemers.com\/wp-content\/uploads\/2025\/05\/markus-stockhausen-copyright-frank-siemers-jazzfrank-20201018_FSI3547-1536x1536.jpg 1536w, https:\/\/franksiemers.com\/wp-content\/uploads\/2025\/05\/markus-stockhausen-copyright-frank-siemers-jazzfrank-20201018_FSI3547.jpg 1984w\" sizes=\"(max-width: 800px) 100vw, 800px\" \/>\t\t<\/div>\n\t\t\t\t<div class=\"elementor-portfolio-item__overlay\">\n\t\t\t\t<\/div>\n\t\t\t\t<\/a>\n\t\t<\/article>\n\t\t\t\t<article class=\"elementor-portfolio-item elementor-post elementor-filter-121 elementor-filter-115 post-3227 post type-post status-publish format-standard has-post-thumbnail hentry category-personalities-en category-portfolio\" role=\"listitem\">\n\t\t\t<a class=\"elementor-post__thumbnail__link\" href=\"https:\/\/franksiemers.com\/?p=3227&lang=en\">\n\t\t\t\t<div class=\"elementor-portfolio-item__img elementor-post__thumbnail\">\n\t\t\t<img loading=\"lazy\" decoding=\"async\" width=\"800\" height=\"871\" src=\"https:\/\/franksiemers.com\/wp-content\/uploads\/2025\/05\/026_P_Iris-von-Arnim-02.jpg\" class=\"attachment-large size-large wp-image-2024\" alt=\"Bitte in deutscher Sprache schreiben..\" srcset=\"https:\/\/franksiemers.com\/wp-content\/uploads\/2025\/05\/026_P_Iris-von-Arnim-02.jpg 920w, https:\/\/franksiemers.com\/wp-content\/uploads\/2025\/05\/026_P_Iris-von-Arnim-02-275x300.jpg 275w, https:\/\/franksiemers.com\/wp-content\/uploads\/2025\/05\/026_P_Iris-von-Arnim-02-768x836.jpg 768w\" sizes=\"(max-width: 800px) 100vw, 800px\" \/>\t\t<\/div>\n\t\t\t\t<div class=\"elementor-portfolio-item__overlay\">\n\t\t\t\t<\/div>\n\t\t\t\t<\/a>\n\t\t<\/article>\n\t\t\t\t<article class=\"elementor-portfolio-item elementor-post elementor-filter-7 elementor-filter-6 post-2023 post type-post status-publish format-standard has-post-thumbnail hentry category-1portfolio category-personalities\" role=\"listitem\">\n\t\t\t<a class=\"elementor-post__thumbnail__link\" href=\"https:\/\/franksiemers.com\/?p=2023\">\n\t\t\t\t<div class=\"elementor-portfolio-item__img elementor-post__thumbnail\">\n\t\t\t<img loading=\"lazy\" decoding=\"async\" width=\"800\" height=\"871\" src=\"https:\/\/franksiemers.com\/wp-content\/uploads\/2025\/05\/026_P_Iris-von-Arnim-02.jpg\" class=\"attachment-large size-large wp-image-2024\" alt=\"Bitte in deutscher Sprache schreiben..\" srcset=\"https:\/\/franksiemers.com\/wp-content\/uploads\/2025\/05\/026_P_Iris-von-Arnim-02.jpg 920w, https:\/\/franksiemers.com\/wp-content\/uploads\/2025\/05\/026_P_Iris-von-Arnim-02-275x300.jpg 275w, https:\/\/franksiemers.com\/wp-content\/uploads\/2025\/05\/026_P_Iris-von-Arnim-02-768x836.jpg 768w\" sizes=\"(max-width: 800px) 100vw, 800px\" \/>\t\t<\/div>\n\t\t\t\t<div class=\"elementor-portfolio-item__overlay\">\n\t\t\t\t<\/div>\n\t\t\t\t<\/a>\n\t\t<\/article>\n\t\t\t\t<article class=\"elementor-portfolio-item elementor-post elementor-filter-7 elementor-filter-8 post-2110 post type-post status-publish format-standard has-post-thumbnail hentry category-1portfolio category-musikerinnen\" role=\"listitem\">\n\t\t\t<a class=\"elementor-post__thumbnail__link\" href=\"https:\/\/franksiemers.com\/?p=2110\">\n\t\t\t\t<div class=\"elementor-portfolio-item__img elementor-post__thumbnail\">\n\t\t\t<img loading=\"lazy\" decoding=\"async\" width=\"800\" height=\"640\" src=\"https:\/\/franksiemers.com\/wp-content\/uploads\/2025\/05\/lionel-loueke-copyright-jazzfrank-frank-siemers_FSI5141-1-1024x819.jpg\" class=\"attachment-large size-large wp-image-2879\" alt=\"Nahaufnahme eines Mannes mit runden Brillengl\u00e4sern und grauem Bart, der direkt in die Kamera schaut, Close up im Anschnitt.\" srcset=\"https:\/\/franksiemers.com\/wp-content\/uploads\/2025\/05\/lionel-loueke-copyright-jazzfrank-frank-siemers_FSI5141-1-1024x819.jpg 1024w, https:\/\/franksiemers.com\/wp-content\/uploads\/2025\/05\/lionel-loueke-copyright-jazzfrank-frank-siemers_FSI5141-1-300x240.jpg 300w, https:\/\/franksiemers.com\/wp-content\/uploads\/2025\/05\/lionel-loueke-copyright-jazzfrank-frank-siemers_FSI5141-1-768x614.jpg 768w, https:\/\/franksiemers.com\/wp-content\/uploads\/2025\/05\/lionel-loueke-copyright-jazzfrank-frank-siemers_FSI5141-1-1536x1229.jpg 1536w, https:\/\/franksiemers.com\/wp-content\/uploads\/2025\/05\/lionel-loueke-copyright-jazzfrank-frank-siemers_FSI5141-1.jpg 1984w\" sizes=\"(max-width: 800px) 100vw, 800px\" \/>\t\t<\/div>\n\t\t\t\t<div class=\"elementor-portfolio-item__overlay\">\n\t\t\t\t<\/div>\n\t\t\t\t<\/a>\n\t\t<\/article>\n\t\t\t\t<article class=\"elementor-portfolio-item elementor-post elementor-filter-119 elementor-filter-115 post-3176 post type-post status-publish format-standard has-post-thumbnail hentry category-musicians category-portfolio\" role=\"listitem\">\n\t\t\t<a class=\"elementor-post__thumbnail__link\" href=\"https:\/\/franksiemers.com\/?p=3176&lang=en\">\n\t\t\t\t<div class=\"elementor-portfolio-item__img elementor-post__thumbnail\">\n\t\t\t<img loading=\"lazy\" decoding=\"async\" width=\"800\" height=\"640\" src=\"https:\/\/franksiemers.com\/wp-content\/uploads\/2025\/05\/lionel-loueke-copyright-jazzfrank-frank-siemers_FSI5141-1-1024x819.jpg\" class=\"attachment-large size-large wp-image-2879\" alt=\"Nahaufnahme eines Mannes mit runden Brillengl\u00e4sern und grauem Bart, der direkt in die Kamera schaut, Close up im Anschnitt.\" srcset=\"https:\/\/franksiemers.com\/wp-content\/uploads\/2025\/05\/lionel-loueke-copyright-jazzfrank-frank-siemers_FSI5141-1-1024x819.jpg 1024w, https:\/\/franksiemers.com\/wp-content\/uploads\/2025\/05\/lionel-loueke-copyright-jazzfrank-frank-siemers_FSI5141-1-300x240.jpg 300w, https:\/\/franksiemers.com\/wp-content\/uploads\/2025\/05\/lionel-loueke-copyright-jazzfrank-frank-siemers_FSI5141-1-768x614.jpg 768w, https:\/\/franksiemers.com\/wp-content\/uploads\/2025\/05\/lionel-loueke-copyright-jazzfrank-frank-siemers_FSI5141-1-1536x1229.jpg 1536w, https:\/\/franksiemers.com\/wp-content\/uploads\/2025\/05\/lionel-loueke-copyright-jazzfrank-frank-siemers_FSI5141-1.jpg 1984w\" sizes=\"(max-width: 800px) 100vw, 800px\" \/>\t\t<\/div>\n\t\t\t\t<div class=\"elementor-portfolio-item__overlay\">\n\t\t\t\t<\/div>\n\t\t\t\t<\/a>\n\t\t<\/article>\n\t\t\t\t<article class=\"elementor-portfolio-item elementor-post elementor-filter-7 elementor-filter-8 post-2082 post type-post status-publish format-standard has-post-thumbnail hentry category-1portfolio category-musikerinnen\" role=\"listitem\">\n\t\t\t<a class=\"elementor-post__thumbnail__link\" href=\"https:\/\/franksiemers.com\/?p=2082\">\n\t\t\t\t<div class=\"elementor-portfolio-item__img elementor-post__thumbnail\">\n\t\t\t<img loading=\"lazy\" decoding=\"async\" width=\"800\" height=\"800\" src=\"https:\/\/franksiemers.com\/wp-content\/uploads\/2025\/05\/copyright_Frank_Siemers__FSI7235-1024x1024.jpg\" class=\"attachment-large size-large wp-image-2083\" alt=\"\" srcset=\"https:\/\/franksiemers.com\/wp-content\/uploads\/2025\/05\/copyright_Frank_Siemers__FSI7235-1024x1024.jpg 1024w, https:\/\/franksiemers.com\/wp-content\/uploads\/2025\/05\/copyright_Frank_Siemers__FSI7235-300x300.jpg 300w, https:\/\/franksiemers.com\/wp-content\/uploads\/2025\/05\/copyright_Frank_Siemers__FSI7235-150x150.jpg 150w, https:\/\/franksiemers.com\/wp-content\/uploads\/2025\/05\/copyright_Frank_Siemers__FSI7235-768x768.jpg 768w, https:\/\/franksiemers.com\/wp-content\/uploads\/2025\/05\/copyright_Frank_Siemers__FSI7235-1536x1536.jpg 1536w, https:\/\/franksiemers.com\/wp-content\/uploads\/2025\/05\/copyright_Frank_Siemers__FSI7235.jpg 1984w\" sizes=\"(max-width: 800px) 100vw, 800px\" \/>\t\t<\/div>\n\t\t\t\t<div class=\"elementor-portfolio-item__overlay\">\n\t\t\t\t<\/div>\n\t\t\t\t<\/a>\n\t\t<\/article>\n\t\t\t\t<article class=\"elementor-portfolio-item elementor-post elementor-filter-119 elementor-filter-115 post-3193 post type-post status-publish format-standard has-post-thumbnail hentry category-musicians category-portfolio\" role=\"listitem\">\n\t\t\t<a class=\"elementor-post__thumbnail__link\" href=\"https:\/\/franksiemers.com\/?p=3193&lang=en\">\n\t\t\t\t<div class=\"elementor-portfolio-item__img elementor-post__thumbnail\">\n\t\t\t<img loading=\"lazy\" decoding=\"async\" width=\"800\" height=\"800\" src=\"https:\/\/franksiemers.com\/wp-content\/uploads\/2025\/05\/copyright_Frank_Siemers__FSI7235-1024x1024.jpg\" class=\"attachment-large size-large wp-image-2083\" alt=\"\" srcset=\"https:\/\/franksiemers.com\/wp-content\/uploads\/2025\/05\/copyright_Frank_Siemers__FSI7235-1024x1024.jpg 1024w, https:\/\/franksiemers.com\/wp-content\/uploads\/2025\/05\/copyright_Frank_Siemers__FSI7235-300x300.jpg 300w, https:\/\/franksiemers.com\/wp-content\/uploads\/2025\/05\/copyright_Frank_Siemers__FSI7235-150x150.jpg 150w, https:\/\/franksiemers.com\/wp-content\/uploads\/2025\/05\/copyright_Frank_Siemers__FSI7235-768x768.jpg 768w, https:\/\/franksiemers.com\/wp-content\/uploads\/2025\/05\/copyright_Frank_Siemers__FSI7235-1536x1536.jpg 1536w, https:\/\/franksiemers.com\/wp-content\/uploads\/2025\/05\/copyright_Frank_Siemers__FSI7235.jpg 1984w\" sizes=\"(max-width: 800px) 100vw, 800px\" \/>\t\t<\/div>\n\t\t\t\t<div class=\"elementor-portfolio-item__overlay\">\n\t\t\t\t<\/div>\n\t\t\t\t<\/a>\n\t\t<\/article>\n\t\t\t\t<article class=\"elementor-portfolio-item elementor-post elementor-filter-7 elementor-filter-6 post-2050 post type-post status-publish format-standard has-post-thumbnail hentry category-1portfolio category-personalities\" role=\"listitem\">\n\t\t\t<a class=\"elementor-post__thumbnail__link\" href=\"https:\/\/franksiemers.com\/?p=2050\">\n\t\t\t\t<div class=\"elementor-portfolio-item__img elementor-post__thumbnail\">\n\t\t\t<img loading=\"lazy\" decoding=\"async\" width=\"800\" height=\"800\" src=\"https:\/\/franksiemers.com\/wp-content\/uploads\/2025\/05\/Mechthild-Grossmann-scaled-1-1024x1024.jpg\" class=\"attachment-large size-large wp-image-2051\" alt=\"Bitte in deutscher Sprache schreiben..\" srcset=\"https:\/\/franksiemers.com\/wp-content\/uploads\/2025\/05\/Mechthild-Grossmann-scaled-1-1024x1024.jpg 1024w, https:\/\/franksiemers.com\/wp-content\/uploads\/2025\/05\/Mechthild-Grossmann-scaled-1-300x300.jpg 300w, https:\/\/franksiemers.com\/wp-content\/uploads\/2025\/05\/Mechthild-Grossmann-scaled-1-150x150.jpg 150w, https:\/\/franksiemers.com\/wp-content\/uploads\/2025\/05\/Mechthild-Grossmann-scaled-1-768x768.jpg 768w, https:\/\/franksiemers.com\/wp-content\/uploads\/2025\/05\/Mechthild-Grossmann-scaled-1-1536x1536.jpg 1536w, https:\/\/franksiemers.com\/wp-content\/uploads\/2025\/05\/Mechthild-Grossmann-scaled-1-2048x2048.jpg 2048w\" sizes=\"(max-width: 800px) 100vw, 800px\" \/>\t\t<\/div>\n\t\t\t\t<div class=\"elementor-portfolio-item__overlay\">\n\t\t\t\t<\/div>\n\t\t\t\t<\/a>\n\t\t<\/article>\n\t\t\t\t<article class=\"elementor-portfolio-item elementor-post elementor-filter-121 elementor-filter-115 post-3213 post type-post status-publish format-standard has-post-thumbnail hentry category-personalities-en category-portfolio\" role=\"listitem\">\n\t\t\t<a class=\"elementor-post__thumbnail__link\" href=\"https:\/\/franksiemers.com\/?p=3213&lang=en\">\n\t\t\t\t<div class=\"elementor-portfolio-item__img elementor-post__thumbnail\">\n\t\t\t<img loading=\"lazy\" decoding=\"async\" width=\"800\" height=\"800\" src=\"https:\/\/franksiemers.com\/wp-content\/uploads\/2025\/05\/Mechthild-Grossmann-scaled-1-1024x1024.jpg\" class=\"attachment-large size-large wp-image-2051\" alt=\"Bitte in deutscher Sprache schreiben..\" srcset=\"https:\/\/franksiemers.com\/wp-content\/uploads\/2025\/05\/Mechthild-Grossmann-scaled-1-1024x1024.jpg 1024w, https:\/\/franksiemers.com\/wp-content\/uploads\/2025\/05\/Mechthild-Grossmann-scaled-1-300x300.jpg 300w, https:\/\/franksiemers.com\/wp-content\/uploads\/2025\/05\/Mechthild-Grossmann-scaled-1-150x150.jpg 150w, https:\/\/franksiemers.com\/wp-content\/uploads\/2025\/05\/Mechthild-Grossmann-scaled-1-768x768.jpg 768w, https:\/\/franksiemers.com\/wp-content\/uploads\/2025\/05\/Mechthild-Grossmann-scaled-1-1536x1536.jpg 1536w, https:\/\/franksiemers.com\/wp-content\/uploads\/2025\/05\/Mechthild-Grossmann-scaled-1-2048x2048.jpg 2048w\" sizes=\"(max-width: 800px) 100vw, 800px\" \/>\t\t<\/div>\n\t\t\t\t<div class=\"elementor-portfolio-item__overlay\">\n\t\t\t\t<\/div>\n\t\t\t\t<\/a>\n\t\t<\/article>\n\t\t\t\t<article class=\"elementor-portfolio-item elementor-post elementor-filter-121 elementor-filter-115 post-3246 post type-post status-publish format-standard has-post-thumbnail hentry category-personalities-en category-portfolio\" role=\"listitem\">\n\t\t\t<a class=\"elementor-post__thumbnail__link\" href=\"https:\/\/franksiemers.com\/?p=3246&lang=en\">\n\t\t\t\t<div class=\"elementor-portfolio-item__img elementor-post__thumbnail\">\n\t\t\t<img loading=\"lazy\" decoding=\"async\" width=\"800\" height=\"598\" src=\"https:\/\/franksiemers.com\/wp-content\/uploads\/2025\/05\/Karl_Dall_copyright_Siemers_FRS2095-2-1024x766.jpg\" class=\"attachment-large size-large wp-image-1994\" alt=\"Den alten Mann beim Nachdenken, schwarz-wei\u00df, Nahaufnahme, mit Brille in der Hand, in einem ruhigen Moment.\" srcset=\"https:\/\/franksiemers.com\/wp-content\/uploads\/2025\/05\/Karl_Dall_copyright_Siemers_FRS2095-2-1024x766.jpg 1024w, https:\/\/franksiemers.com\/wp-content\/uploads\/2025\/05\/Karl_Dall_copyright_Siemers_FRS2095-2-300x225.jpg 300w, https:\/\/franksiemers.com\/wp-content\/uploads\/2025\/05\/Karl_Dall_copyright_Siemers_FRS2095-2-768x575.jpg 768w, https:\/\/franksiemers.com\/wp-content\/uploads\/2025\/05\/Karl_Dall_copyright_Siemers_FRS2095-2-1536x1150.jpg 1536w, https:\/\/franksiemers.com\/wp-content\/uploads\/2025\/05\/Karl_Dall_copyright_Siemers_FRS2095-2.jpg 1578w\" sizes=\"(max-width: 800px) 100vw, 800px\" \/>\t\t<\/div>\n\t\t\t\t<div class=\"elementor-portfolio-item__overlay\">\n\t\t\t\t<\/div>\n\t\t\t\t<\/a>\n\t\t<\/article>\n\t\t\t\t<article class=\"elementor-portfolio-item elementor-post elementor-filter-7 elementor-filter-6 post-1993 post type-post status-publish format-standard has-post-thumbnail hentry category-1portfolio category-personalities\" role=\"listitem\">\n\t\t\t<a class=\"elementor-post__thumbnail__link\" href=\"https:\/\/franksiemers.com\/?p=1993\">\n\t\t\t\t<div class=\"elementor-portfolio-item__img elementor-post__thumbnail\">\n\t\t\t<img loading=\"lazy\" decoding=\"async\" width=\"800\" height=\"598\" src=\"https:\/\/franksiemers.com\/wp-content\/uploads\/2025\/05\/Karl_Dall_copyright_Siemers_FRS2095-2-1024x766.jpg\" class=\"attachment-large size-large wp-image-1994\" alt=\"Den alten Mann beim Nachdenken, schwarz-wei\u00df, Nahaufnahme, mit Brille in der Hand, in einem ruhigen Moment.\" srcset=\"https:\/\/franksiemers.com\/wp-content\/uploads\/2025\/05\/Karl_Dall_copyright_Siemers_FRS2095-2-1024x766.jpg 1024w, https:\/\/franksiemers.com\/wp-content\/uploads\/2025\/05\/Karl_Dall_copyright_Siemers_FRS2095-2-300x225.jpg 300w, https:\/\/franksiemers.com\/wp-content\/uploads\/2025\/05\/Karl_Dall_copyright_Siemers_FRS2095-2-768x575.jpg 768w, https:\/\/franksiemers.com\/wp-content\/uploads\/2025\/05\/Karl_Dall_copyright_Siemers_FRS2095-2-1536x1150.jpg 1536w, https:\/\/franksiemers.com\/wp-content\/uploads\/2025\/05\/Karl_Dall_copyright_Siemers_FRS2095-2.jpg 1578w\" sizes=\"(max-width: 800px) 100vw, 800px\" \/>\t\t<\/div>\n\t\t\t\t<div class=\"elementor-portfolio-item__overlay\">\n\t\t\t\t<\/div>\n\t\t\t\t<\/a>\n\t\t<\/article>\n\t\t\t\t<article class=\"elementor-portfolio-item elementor-post elementor-filter-7 elementor-filter-8 post-2069 post type-post status-publish format-standard has-post-thumbnail hentry category-1portfolio category-musikerinnen\" role=\"listitem\">\n\t\t\t<a class=\"elementor-post__thumbnail__link\" href=\"https:\/\/franksiemers.com\/?p=2069\">\n\t\t\t\t<div class=\"elementor-portfolio-item__img elementor-post__thumbnail\">\n\t\t\t<img loading=\"lazy\" decoding=\"async\" width=\"800\" height=\"800\" src=\"https:\/\/franksiemers.com\/wp-content\/uploads\/2025\/05\/sean-rickmann-copyright-jazzfrank_FSI8205_s-1-1024x1024.jpg\" class=\"attachment-large size-large wp-image-2720\" alt=\"K\u00fcnstlerportr\u00e4t eines Mannes mit dunkler Haut, schwarzen Haaren und Lederjacke, der expressive Gesten macht und in die Kamera schaut.\" srcset=\"https:\/\/franksiemers.com\/wp-content\/uploads\/2025\/05\/sean-rickmann-copyright-jazzfrank_FSI8205_s-1-1024x1024.jpg 1024w, https:\/\/franksiemers.com\/wp-content\/uploads\/2025\/05\/sean-rickmann-copyright-jazzfrank_FSI8205_s-1-300x300.jpg 300w, https:\/\/franksiemers.com\/wp-content\/uploads\/2025\/05\/sean-rickmann-copyright-jazzfrank_FSI8205_s-1-150x150.jpg 150w, https:\/\/franksiemers.com\/wp-content\/uploads\/2025\/05\/sean-rickmann-copyright-jazzfrank_FSI8205_s-1-768x768.jpg 768w, https:\/\/franksiemers.com\/wp-content\/uploads\/2025\/05\/sean-rickmann-copyright-jazzfrank_FSI8205_s-1.jpg 1321w\" sizes=\"(max-width: 800px) 100vw, 800px\" \/>\t\t<\/div>\n\t\t\t\t<div class=\"elementor-portfolio-item__overlay\">\n\t\t\t\t<\/div>\n\t\t\t\t<\/a>\n\t\t<\/article>\n\t\t\t\t<article class=\"elementor-portfolio-item elementor-post elementor-filter-119 elementor-filter-115 post-3201 post type-post status-publish format-standard has-post-thumbnail hentry category-musicians category-portfolio\" role=\"listitem\">\n\t\t\t<a class=\"elementor-post__thumbnail__link\" href=\"https:\/\/franksiemers.com\/?p=3201&lang=en\">\n\t\t\t\t<div class=\"elementor-portfolio-item__img elementor-post__thumbnail\">\n\t\t\t<img loading=\"lazy\" decoding=\"async\" width=\"800\" height=\"800\" src=\"https:\/\/franksiemers.com\/wp-content\/uploads\/2025\/05\/sean-rickmann-copyright-jazzfrank_FSI8205_s-1-1024x1024.jpg\" class=\"attachment-large size-large wp-image-2720\" alt=\"K\u00fcnstlerportr\u00e4t eines Mannes mit dunkler Haut, schwarzen Haaren und Lederjacke, der expressive Gesten macht und in die Kamera schaut.\" srcset=\"https:\/\/franksiemers.com\/wp-content\/uploads\/2025\/05\/sean-rickmann-copyright-jazzfrank_FSI8205_s-1-1024x1024.jpg 1024w, https:\/\/franksiemers.com\/wp-content\/uploads\/2025\/05\/sean-rickmann-copyright-jazzfrank_FSI8205_s-1-300x300.jpg 300w, https:\/\/franksiemers.com\/wp-content\/uploads\/2025\/05\/sean-rickmann-copyright-jazzfrank_FSI8205_s-1-150x150.jpg 150w, https:\/\/franksiemers.com\/wp-content\/uploads\/2025\/05\/sean-rickmann-copyright-jazzfrank_FSI8205_s-1-768x768.jpg 768w, https:\/\/franksiemers.com\/wp-content\/uploads\/2025\/05\/sean-rickmann-copyright-jazzfrank_FSI8205_s-1.jpg 1321w\" sizes=\"(max-width: 800px) 100vw, 800px\" \/>\t\t<\/div>\n\t\t\t\t<div class=\"elementor-portfolio-item__overlay\">\n\t\t\t\t<\/div>\n\t\t\t\t<\/a>\n\t\t<\/article>\n\t\t\t\t<article class=\"elementor-portfolio-item elementor-post elementor-filter-121 elementor-filter-115 post-3233 post type-post status-publish format-standard has-post-thumbnail hentry category-personalities-en category-portfolio\" role=\"listitem\">\n\t\t\t<a class=\"elementor-post__thumbnail__link\" href=\"https:\/\/franksiemers.com\/?p=3233&lang=en\">\n\t\t\t\t<div class=\"elementor-portfolio-item__img elementor-post__thumbnail\">\n\t\t\t<img loading=\"lazy\" decoding=\"async\" width=\"800\" height=\"936\" src=\"https:\/\/franksiemers.com\/wp-content\/uploads\/2025\/05\/007_P_Mankell-05-875x1024.jpg\" class=\"attachment-large size-large wp-image-2011\" alt=\"Der Mann sitzt nachdenklich an einem Tisch in einem dunklen Raum, tr\u00e4gt schwarze Kleidung und blickt nach oben.\" srcset=\"https:\/\/franksiemers.com\/wp-content\/uploads\/2025\/05\/007_P_Mankell-05-875x1024.jpg 875w, https:\/\/franksiemers.com\/wp-content\/uploads\/2025\/05\/007_P_Mankell-05-256x300.jpg 256w, https:\/\/franksiemers.com\/wp-content\/uploads\/2025\/05\/007_P_Mankell-05-768x899.jpg 768w, https:\/\/franksiemers.com\/wp-content\/uploads\/2025\/05\/007_P_Mankell-05.jpg 1009w\" sizes=\"(max-width: 800px) 100vw, 800px\" \/>\t\t<\/div>\n\t\t\t\t<div class=\"elementor-portfolio-item__overlay\">\n\t\t\t\t<\/div>\n\t\t\t\t<\/a>\n\t\t<\/article>\n\t\t\t\t<article class=\"elementor-portfolio-item elementor-post elementor-filter-7 elementor-filter-6 post-2010 post type-post status-publish format-standard has-post-thumbnail hentry category-1portfolio category-personalities\" role=\"listitem\">\n\t\t\t<a class=\"elementor-post__thumbnail__link\" href=\"https:\/\/franksiemers.com\/?p=2010\">\n\t\t\t\t<div class=\"elementor-portfolio-item__img elementor-post__thumbnail\">\n\t\t\t<img loading=\"lazy\" decoding=\"async\" width=\"800\" height=\"936\" src=\"https:\/\/franksiemers.com\/wp-content\/uploads\/2025\/05\/007_P_Mankell-05-875x1024.jpg\" class=\"attachment-large size-large wp-image-2011\" alt=\"Der Mann sitzt nachdenklich an einem Tisch in einem dunklen Raum, tr\u00e4gt schwarze Kleidung und blickt nach oben.\" srcset=\"https:\/\/franksiemers.com\/wp-content\/uploads\/2025\/05\/007_P_Mankell-05-875x1024.jpg 875w, https:\/\/franksiemers.com\/wp-content\/uploads\/2025\/05\/007_P_Mankell-05-256x300.jpg 256w, https:\/\/franksiemers.com\/wp-content\/uploads\/2025\/05\/007_P_Mankell-05-768x899.jpg 768w, https:\/\/franksiemers.com\/wp-content\/uploads\/2025\/05\/007_P_Mankell-05.jpg 1009w\" sizes=\"(max-width: 800px) 100vw, 800px\" \/>\t\t<\/div>\n\t\t\t\t<div class=\"elementor-portfolio-item__overlay\">\n\t\t\t\t<\/div>\n\t\t\t\t<\/a>\n\t\t<\/article>\n\t\t\t\t<article class=\"elementor-portfolio-item elementor-post elementor-filter-7 elementor-filter-8 post-2092 post type-post status-publish format-standard has-post-thumbnail hentry category-1portfolio category-musikerinnen\" role=\"listitem\">\n\t\t\t<a class=\"elementor-post__thumbnail__link\" href=\"https:\/\/franksiemers.com\/?p=2092\">\n\t\t\t\t<div class=\"elementor-portfolio-item__img elementor-post__thumbnail\">\n\t\t\t<img loading=\"lazy\" decoding=\"async\" width=\"800\" height=\"800\" src=\"https:\/\/franksiemers.com\/wp-content\/uploads\/2025\/05\/pat-appleton-copyright-frank-siemersdephazz-copyright-frank-siemers_FSI2784-1024x1024.jpg\" class=\"attachment-large size-large wp-image-2093\" alt=\"Professionelles Portrait einer l\u00e4chelnden Frau mit dunklen, lockigen Haaren vor neutralem Hintergrund, aufgenommen von Frank Siemers, Fotograf aus Hamburg.\" srcset=\"https:\/\/franksiemers.com\/wp-content\/uploads\/2025\/05\/pat-appleton-copyright-frank-siemersdephazz-copyright-frank-siemers_FSI2784-1024x1024.jpg 1024w, https:\/\/franksiemers.com\/wp-content\/uploads\/2025\/05\/pat-appleton-copyright-frank-siemersdephazz-copyright-frank-siemers_FSI2784-300x300.jpg 300w, https:\/\/franksiemers.com\/wp-content\/uploads\/2025\/05\/pat-appleton-copyright-frank-siemersdephazz-copyright-frank-siemers_FSI2784-150x150.jpg 150w, https:\/\/franksiemers.com\/wp-content\/uploads\/2025\/05\/pat-appleton-copyright-frank-siemersdephazz-copyright-frank-siemers_FSI2784-768x768.jpg 768w, https:\/\/franksiemers.com\/wp-content\/uploads\/2025\/05\/pat-appleton-copyright-frank-siemersdephazz-copyright-frank-siemers_FSI2784-1536x1536.jpg 1536w, https:\/\/franksiemers.com\/wp-content\/uploads\/2025\/05\/pat-appleton-copyright-frank-siemersdephazz-copyright-frank-siemers_FSI2784-2048x2048.jpg 2048w\" sizes=\"(max-width: 800px) 100vw, 800px\" \/>\t\t<\/div>\n\t\t\t\t<div class=\"elementor-portfolio-item__overlay\">\n\t\t\t\t<\/div>\n\t\t\t\t<\/a>\n\t\t<\/article>\n\t\t\t\t<article class=\"elementor-portfolio-item elementor-post elementor-filter-119 elementor-filter-115 post-3186 post type-post status-publish format-standard has-post-thumbnail hentry category-musicians category-portfolio\" role=\"listitem\">\n\t\t\t<a class=\"elementor-post__thumbnail__link\" href=\"https:\/\/franksiemers.com\/?p=3186&lang=en\">\n\t\t\t\t<div class=\"elementor-portfolio-item__img elementor-post__thumbnail\">\n\t\t\t<img loading=\"lazy\" decoding=\"async\" width=\"800\" height=\"800\" src=\"https:\/\/franksiemers.com\/wp-content\/uploads\/2025\/05\/pat-appleton-copyright-frank-siemersdephazz-copyright-frank-siemers_FSI2784-1024x1024.jpg\" class=\"attachment-large size-large wp-image-2093\" alt=\"Professionelles Portrait einer l\u00e4chelnden Frau mit dunklen, lockigen Haaren vor neutralem Hintergrund, aufgenommen von Frank Siemers, Fotograf aus Hamburg.\" srcset=\"https:\/\/franksiemers.com\/wp-content\/uploads\/2025\/05\/pat-appleton-copyright-frank-siemersdephazz-copyright-frank-siemers_FSI2784-1024x1024.jpg 1024w, https:\/\/franksiemers.com\/wp-content\/uploads\/2025\/05\/pat-appleton-copyright-frank-siemersdephazz-copyright-frank-siemers_FSI2784-300x300.jpg 300w, https:\/\/franksiemers.com\/wp-content\/uploads\/2025\/05\/pat-appleton-copyright-frank-siemersdephazz-copyright-frank-siemers_FSI2784-150x150.jpg 150w, https:\/\/franksiemers.com\/wp-content\/uploads\/2025\/05\/pat-appleton-copyright-frank-siemersdephazz-copyright-frank-siemers_FSI2784-768x768.jpg 768w, https:\/\/franksiemers.com\/wp-content\/uploads\/2025\/05\/pat-appleton-copyright-frank-siemersdephazz-copyright-frank-siemers_FSI2784-1536x1536.jpg 1536w, https:\/\/franksiemers.com\/wp-content\/uploads\/2025\/05\/pat-appleton-copyright-frank-siemersdephazz-copyright-frank-siemers_FSI2784-2048x2048.jpg 2048w\" sizes=\"(max-width: 800px) 100vw, 800px\" \/>\t\t<\/div>\n\t\t\t\t<div class=\"elementor-portfolio-item__overlay\">\n\t\t\t\t<\/div>\n\t\t\t\t<\/a>\n\t\t<\/article>\n\t\t\t\t<article class=\"elementor-portfolio-item elementor-post elementor-filter-121 elementor-filter-115 post-3229 post type-post status-publish format-standard has-post-thumbnail hentry category-personalities-en category-portfolio\" role=\"listitem\">\n\t\t\t<a class=\"elementor-post__thumbnail__link\" href=\"https:\/\/franksiemers.com\/?p=3229&lang=en\">\n\t\t\t\t<div class=\"elementor-portfolio-item__img elementor-post__thumbnail\">\n\t\t\t<img loading=\"lazy\" decoding=\"async\" width=\"800\" height=\"799\" src=\"https:\/\/franksiemers.com\/wp-content\/uploads\/2025\/05\/016_P_Ursula-v-d-Leyen.jpg\" class=\"attachment-large size-large wp-image-2021\" alt=\"Professionelle Frau in dunklem Anzug steht in modernem, hellen Geb\u00e4ude neben gro\u00dfen Fenstern, wirkt nachdenklich und selbstbewusst.\" srcset=\"https:\/\/franksiemers.com\/wp-content\/uploads\/2025\/05\/016_P_Ursula-v-d-Leyen.jpg 1002w, https:\/\/franksiemers.com\/wp-content\/uploads\/2025\/05\/016_P_Ursula-v-d-Leyen-300x300.jpg 300w, https:\/\/franksiemers.com\/wp-content\/uploads\/2025\/05\/016_P_Ursula-v-d-Leyen-150x150.jpg 150w, https:\/\/franksiemers.com\/wp-content\/uploads\/2025\/05\/016_P_Ursula-v-d-Leyen-768x767.jpg 768w\" sizes=\"(max-width: 800px) 100vw, 800px\" \/>\t\t<\/div>\n\t\t\t\t<div class=\"elementor-portfolio-item__overlay\">\n\t\t\t\t<\/div>\n\t\t\t\t<\/a>\n\t\t<\/article>\n\t\t\t\t<article class=\"elementor-portfolio-item elementor-post elementor-filter-7 elementor-filter-6 post-2020 post type-post status-publish format-standard has-post-thumbnail hentry category-1portfolio category-personalities\" role=\"listitem\">\n\t\t\t<a class=\"elementor-post__thumbnail__link\" href=\"https:\/\/franksiemers.com\/?p=2020\">\n\t\t\t\t<div class=\"elementor-portfolio-item__img elementor-post__thumbnail\">\n\t\t\t<img loading=\"lazy\" decoding=\"async\" width=\"800\" height=\"799\" src=\"https:\/\/franksiemers.com\/wp-content\/uploads\/2025\/05\/016_P_Ursula-v-d-Leyen.jpg\" class=\"attachment-large size-large wp-image-2021\" alt=\"Professionelle Frau in dunklem Anzug steht in modernem, hellen Geb\u00e4ude neben gro\u00dfen Fenstern, wirkt nachdenklich und selbstbewusst.\" srcset=\"https:\/\/franksiemers.com\/wp-content\/uploads\/2025\/05\/016_P_Ursula-v-d-Leyen.jpg 1002w, https:\/\/franksiemers.com\/wp-content\/uploads\/2025\/05\/016_P_Ursula-v-d-Leyen-300x300.jpg 300w, https:\/\/franksiemers.com\/wp-content\/uploads\/2025\/05\/016_P_Ursula-v-d-Leyen-150x150.jpg 150w, https:\/\/franksiemers.com\/wp-content\/uploads\/2025\/05\/016_P_Ursula-v-d-Leyen-768x767.jpg 768w\" sizes=\"(max-width: 800px) 100vw, 800px\" \/>\t\t<\/div>\n\t\t\t\t<div class=\"elementor-portfolio-item__overlay\">\n\t\t\t\t<\/div>\n\t\t\t\t<\/a>\n\t\t<\/article>\n\t\t\t\t<article class=\"elementor-portfolio-item elementor-post elementor-filter-121 elementor-filter-115 post-3217 post type-post status-publish format-standard has-post-thumbnail hentry category-personalities-en category-portfolio\" role=\"listitem\">\n\t\t\t<a class=\"elementor-post__thumbnail__link\" href=\"https:\/\/franksiemers.com\/?p=3217&lang=en\">\n\t\t\t\t<div class=\"elementor-portfolio-item__img elementor-post__thumbnail\">\n\t\t\t<img loading=\"lazy\" decoding=\"async\" width=\"800\" height=\"634\" src=\"https:\/\/franksiemers.com\/wp-content\/uploads\/2025\/05\/Gunter_Gabriel_copyright_Frank_Siemers_20160914__FRS7033-1024x812.jpg\" class=\"attachment-large size-large wp-image-2043\" alt=\"Ein \u00e4lterer Mann tr\u00e4gt einen schwarzen Cowboyhut mit silbernen Nieten, zeigt einen nachdenklichen Ausdruck und blickt leicht nach rechts.\" srcset=\"https:\/\/franksiemers.com\/wp-content\/uploads\/2025\/05\/Gunter_Gabriel_copyright_Frank_Siemers_20160914__FRS7033-1024x812.jpg 1024w, https:\/\/franksiemers.com\/wp-content\/uploads\/2025\/05\/Gunter_Gabriel_copyright_Frank_Siemers_20160914__FRS7033-300x238.jpg 300w, https:\/\/franksiemers.com\/wp-content\/uploads\/2025\/05\/Gunter_Gabriel_copyright_Frank_Siemers_20160914__FRS7033-768x609.jpg 768w, https:\/\/franksiemers.com\/wp-content\/uploads\/2025\/05\/Gunter_Gabriel_copyright_Frank_Siemers_20160914__FRS7033-1536x1219.jpg 1536w, https:\/\/franksiemers.com\/wp-content\/uploads\/2025\/05\/Gunter_Gabriel_copyright_Frank_Siemers_20160914__FRS7033.jpg 1684w\" sizes=\"(max-width: 800px) 100vw, 800px\" \/>\t\t<\/div>\n\t\t\t\t<div class=\"elementor-portfolio-item__overlay\">\n\t\t\t\t<\/div>\n\t\t\t\t<\/a>\n\t\t<\/article>\n\t\t\t\t<article class=\"elementor-portfolio-item elementor-post elementor-filter-7 elementor-filter-6 post-2042 post type-post status-publish format-standard has-post-thumbnail hentry category-1portfolio category-personalities\" role=\"listitem\">\n\t\t\t<a class=\"elementor-post__thumbnail__link\" href=\"https:\/\/franksiemers.com\/?p=2042\">\n\t\t\t\t<div class=\"elementor-portfolio-item__img elementor-post__thumbnail\">\n\t\t\t<img loading=\"lazy\" decoding=\"async\" width=\"800\" height=\"634\" src=\"https:\/\/franksiemers.com\/wp-content\/uploads\/2025\/05\/Gunter_Gabriel_copyright_Frank_Siemers_20160914__FRS7033-1024x812.jpg\" class=\"attachment-large size-large wp-image-2043\" alt=\"Ein \u00e4lterer Mann tr\u00e4gt einen schwarzen Cowboyhut mit silbernen Nieten, zeigt einen nachdenklichen Ausdruck und blickt leicht nach rechts.\" srcset=\"https:\/\/franksiemers.com\/wp-content\/uploads\/2025\/05\/Gunter_Gabriel_copyright_Frank_Siemers_20160914__FRS7033-1024x812.jpg 1024w, https:\/\/franksiemers.com\/wp-content\/uploads\/2025\/05\/Gunter_Gabriel_copyright_Frank_Siemers_20160914__FRS7033-300x238.jpg 300w, https:\/\/franksiemers.com\/wp-content\/uploads\/2025\/05\/Gunter_Gabriel_copyright_Frank_Siemers_20160914__FRS7033-768x609.jpg 768w, https:\/\/franksiemers.com\/wp-content\/uploads\/2025\/05\/Gunter_Gabriel_copyright_Frank_Siemers_20160914__FRS7033-1536x1219.jpg 1536w, https:\/\/franksiemers.com\/wp-content\/uploads\/2025\/05\/Gunter_Gabriel_copyright_Frank_Siemers_20160914__FRS7033.jpg 1684w\" sizes=\"(max-width: 800px) 100vw, 800px\" \/>\t\t<\/div>\n\t\t\t\t<div class=\"elementor-portfolio-item__overlay\">\n\t\t\t\t<\/div>\n\t\t\t\t<\/a>\n\t\t<\/article>\n\t\t\t\t<article class=\"elementor-portfolio-item elementor-post elementor-filter-121 elementor-filter-115 post-3240 post type-post status-publish format-standard has-post-thumbnail hentry category-personalities-en category-portfolio\" role=\"listitem\">\n\t\t\t<a class=\"elementor-post__thumbnail__link\" href=\"https:\/\/franksiemers.com\/?p=3240&lang=en\">\n\t\t\t\t<div class=\"elementor-portfolio-item__img elementor-post__thumbnail\">\n\t\t\t<img loading=\"lazy\" decoding=\"async\" width=\"747\" height=\"1024\" src=\"https:\/\/franksiemers.com\/wp-content\/uploads\/2025\/05\/018_P_Holger-Jung-04-747x1024.jpg\" class=\"attachment-large size-large wp-image-2004\" alt=\"Der Mann mit Brille und Bart h\u00e4lt seine Hand an sein Ohr, um besser zu h\u00f6ren, vor einem schwarzen Hintergrund.\" srcset=\"https:\/\/franksiemers.com\/wp-content\/uploads\/2025\/05\/018_P_Holger-Jung-04-747x1024.jpg 747w, https:\/\/franksiemers.com\/wp-content\/uploads\/2025\/05\/018_P_Holger-Jung-04-219x300.jpg 219w, https:\/\/franksiemers.com\/wp-content\/uploads\/2025\/05\/018_P_Holger-Jung-04-768x1052.jpg 768w, https:\/\/franksiemers.com\/wp-content\/uploads\/2025\/05\/018_P_Holger-Jung-04.jpg 862w\" sizes=\"(max-width: 747px) 100vw, 747px\" \/>\t\t<\/div>\n\t\t\t\t<div class=\"elementor-portfolio-item__overlay\">\n\t\t\t\t<\/div>\n\t\t\t\t<\/a>\n\t\t<\/article>\n\t\t\t\t<article class=\"elementor-portfolio-item elementor-post elementor-filter-7 elementor-filter-6 post-2003 post type-post status-publish format-standard has-post-thumbnail hentry category-1portfolio category-personalities\" role=\"listitem\">\n\t\t\t<a class=\"elementor-post__thumbnail__link\" href=\"https:\/\/franksiemers.com\/?p=2003\">\n\t\t\t\t<div class=\"elementor-portfolio-item__img elementor-post__thumbnail\">\n\t\t\t<img loading=\"lazy\" decoding=\"async\" width=\"747\" height=\"1024\" src=\"https:\/\/franksiemers.com\/wp-content\/uploads\/2025\/05\/018_P_Holger-Jung-04-747x1024.jpg\" class=\"attachment-large size-large wp-image-2004\" alt=\"Der Mann mit Brille und Bart h\u00e4lt seine Hand an sein Ohr, um besser zu h\u00f6ren, vor einem schwarzen Hintergrund.\" srcset=\"https:\/\/franksiemers.com\/wp-content\/uploads\/2025\/05\/018_P_Holger-Jung-04-747x1024.jpg 747w, https:\/\/franksiemers.com\/wp-content\/uploads\/2025\/05\/018_P_Holger-Jung-04-219x300.jpg 219w, https:\/\/franksiemers.com\/wp-content\/uploads\/2025\/05\/018_P_Holger-Jung-04-768x1052.jpg 768w, https:\/\/franksiemers.com\/wp-content\/uploads\/2025\/05\/018_P_Holger-Jung-04.jpg 862w\" sizes=\"(max-width: 747px) 100vw, 747px\" \/>\t\t<\/div>\n\t\t\t\t<div class=\"elementor-portfolio-item__overlay\">\n\t\t\t\t<\/div>\n\t\t\t\t<\/a>\n\t\t<\/article>\n\t\t\t\t<article class=\"elementor-portfolio-item elementor-post elementor-filter-121 elementor-filter-115 post-3244 post type-post status-publish format-standard has-post-thumbnail hentry category-personalities-en category-portfolio\" role=\"listitem\">\n\t\t\t<a class=\"elementor-post__thumbnail__link\" href=\"https:\/\/franksiemers.com\/?p=3244&lang=en\">\n\t\t\t\t<div class=\"elementor-portfolio-item__img elementor-post__thumbnail\">\n\t\t\t<img loading=\"lazy\" decoding=\"async\" width=\"800\" height=\"796\" src=\"https:\/\/franksiemers.com\/wp-content\/uploads\/2025\/05\/Campino-02-1024x1019.jpg\" class=\"attachment-large size-large wp-image-2871\" alt=\"DerPunk S\u00e4nger Campino sitzt entspannt in einem stilvollen Raum, getragen von lebendigen Farben und warmem Licht.\" srcset=\"https:\/\/franksiemers.com\/wp-content\/uploads\/2025\/05\/Campino-02-1024x1019.jpg 1024w, https:\/\/franksiemers.com\/wp-content\/uploads\/2025\/05\/Campino-02-300x300.jpg 300w, https:\/\/franksiemers.com\/wp-content\/uploads\/2025\/05\/Campino-02-150x150.jpg 150w, https:\/\/franksiemers.com\/wp-content\/uploads\/2025\/05\/Campino-02-768x765.jpg 768w, https:\/\/franksiemers.com\/wp-content\/uploads\/2025\/05\/Campino-02-1536x1529.jpg 1536w, https:\/\/franksiemers.com\/wp-content\/uploads\/2025\/05\/Campino-02-2048x2039.jpg 2048w\" sizes=\"(max-width: 800px) 100vw, 800px\" \/>\t\t<\/div>\n\t\t\t\t<div class=\"elementor-portfolio-item__overlay\">\n\t\t\t\t<\/div>\n\t\t\t\t<\/a>\n\t\t<\/article>\n\t\t\t\t<article class=\"elementor-portfolio-item elementor-post elementor-filter-7 elementor-filter-6 post-1996 post type-post status-publish format-standard has-post-thumbnail hentry category-1portfolio category-personalities\" role=\"listitem\">\n\t\t\t<a class=\"elementor-post__thumbnail__link\" href=\"https:\/\/franksiemers.com\/?p=1996\">\n\t\t\t\t<div class=\"elementor-portfolio-item__img elementor-post__thumbnail\">\n\t\t\t<img loading=\"lazy\" decoding=\"async\" width=\"800\" height=\"796\" src=\"https:\/\/franksiemers.com\/wp-content\/uploads\/2025\/05\/Campino-02-1024x1019.jpg\" class=\"attachment-large size-large wp-image-2871\" alt=\"DerPunk S\u00e4nger Campino sitzt entspannt in einem stilvollen Raum, getragen von lebendigen Farben und warmem Licht.\" srcset=\"https:\/\/franksiemers.com\/wp-content\/uploads\/2025\/05\/Campino-02-1024x1019.jpg 1024w, https:\/\/franksiemers.com\/wp-content\/uploads\/2025\/05\/Campino-02-300x300.jpg 300w, https:\/\/franksiemers.com\/wp-content\/uploads\/2025\/05\/Campino-02-150x150.jpg 150w, https:\/\/franksiemers.com\/wp-content\/uploads\/2025\/05\/Campino-02-768x765.jpg 768w, https:\/\/franksiemers.com\/wp-content\/uploads\/2025\/05\/Campino-02-1536x1529.jpg 1536w, https:\/\/franksiemers.com\/wp-content\/uploads\/2025\/05\/Campino-02-2048x2039.jpg 2048w\" sizes=\"(max-width: 800px) 100vw, 800px\" \/>\t\t<\/div>\n\t\t\t\t<div class=\"elementor-portfolio-item__overlay\">\n\t\t\t\t<\/div>\n\t\t\t\t<\/a>\n\t\t<\/article>\n\t\t\t\t<article class=\"elementor-portfolio-item elementor-post elementor-filter-7 elementor-filter-8 post-2088 post type-post status-publish format-standard has-post-thumbnail hentry category-1portfolio category-musikerinnen\" role=\"listitem\">\n\t\t\t<a class=\"elementor-post__thumbnail__link\" href=\"https:\/\/franksiemers.com\/?p=2088\">\n\t\t\t\t<div class=\"elementor-portfolio-item__img elementor-post__thumbnail\">\n\t\t\t<img loading=\"lazy\" decoding=\"async\" width=\"800\" height=\"640\" src=\"https:\/\/franksiemers.com\/wp-content\/uploads\/2025\/05\/raul-de-souza-copyright-frank-siemers_FSI5997-1024x819.jpg\" class=\"attachment-large size-large wp-image-2089\" alt=\"Der Mann mit langem, lockigem Haar h\u00e4lt eine Trompete und steht vor einer dunklen Wand. Er tr\u00e4gt einen braunen Blazer und ein hellblaues Hemd, wirkt entspannt und selbstbewusst.\" srcset=\"https:\/\/franksiemers.com\/wp-content\/uploads\/2025\/05\/raul-de-souza-copyright-frank-siemers_FSI5997-1024x819.jpg 1024w, https:\/\/franksiemers.com\/wp-content\/uploads\/2025\/05\/raul-de-souza-copyright-frank-siemers_FSI5997-300x240.jpg 300w, https:\/\/franksiemers.com\/wp-content\/uploads\/2025\/05\/raul-de-souza-copyright-frank-siemers_FSI5997-768x614.jpg 768w, https:\/\/franksiemers.com\/wp-content\/uploads\/2025\/05\/raul-de-souza-copyright-frank-siemers_FSI5997-1536x1229.jpg 1536w, https:\/\/franksiemers.com\/wp-content\/uploads\/2025\/05\/raul-de-souza-copyright-frank-siemers_FSI5997-2048x1638.jpg 2048w\" sizes=\"(max-width: 800px) 100vw, 800px\" \/>\t\t<\/div>\n\t\t\t\t<div class=\"elementor-portfolio-item__overlay\">\n\t\t\t\t<\/div>\n\t\t\t\t<\/a>\n\t\t<\/article>\n\t\t\t\t<article class=\"elementor-portfolio-item elementor-post elementor-filter-119 elementor-filter-115 post-3188 post type-post status-publish format-standard has-post-thumbnail hentry category-musicians category-portfolio\" role=\"listitem\">\n\t\t\t<a class=\"elementor-post__thumbnail__link\" href=\"https:\/\/franksiemers.com\/?p=3188&lang=en\">\n\t\t\t\t<div class=\"elementor-portfolio-item__img elementor-post__thumbnail\">\n\t\t\t<img loading=\"lazy\" decoding=\"async\" width=\"800\" height=\"640\" src=\"https:\/\/franksiemers.com\/wp-content\/uploads\/2025\/05\/raul-de-souza-copyright-frank-siemers_FSI5997-1024x819.jpg\" class=\"attachment-large size-large wp-image-2089\" alt=\"Der Mann mit langem, lockigem Haar h\u00e4lt eine Trompete und steht vor einer dunklen Wand. Er tr\u00e4gt einen braunen Blazer und ein hellblaues Hemd, wirkt entspannt und selbstbewusst.\" srcset=\"https:\/\/franksiemers.com\/wp-content\/uploads\/2025\/05\/raul-de-souza-copyright-frank-siemers_FSI5997-1024x819.jpg 1024w, https:\/\/franksiemers.com\/wp-content\/uploads\/2025\/05\/raul-de-souza-copyright-frank-siemers_FSI5997-300x240.jpg 300w, https:\/\/franksiemers.com\/wp-content\/uploads\/2025\/05\/raul-de-souza-copyright-frank-siemers_FSI5997-768x614.jpg 768w, https:\/\/franksiemers.com\/wp-content\/uploads\/2025\/05\/raul-de-souza-copyright-frank-siemers_FSI5997-1536x1229.jpg 1536w, https:\/\/franksiemers.com\/wp-content\/uploads\/2025\/05\/raul-de-souza-copyright-frank-siemers_FSI5997-2048x1638.jpg 2048w\" sizes=\"(max-width: 800px) 100vw, 800px\" \/>\t\t<\/div>\n\t\t\t\t<div class=\"elementor-portfolio-item__overlay\">\n\t\t\t\t<\/div>\n\t\t\t\t<\/a>\n\t\t<\/article>\n\t\t\t\t<article class=\"elementor-portfolio-item elementor-post elementor-filter-7 elementor-filter-8 post-2136 post type-post status-publish format-standard has-post-thumbnail hentry category-1portfolio category-musikerinnen\" role=\"listitem\">\n\t\t\t<a class=\"elementor-post__thumbnail__link\" href=\"https:\/\/franksiemers.com\/?p=2136\">\n\t\t\t\t<div class=\"elementor-portfolio-item__img elementor-post__thumbnail\">\n\t\t\t<img loading=\"lazy\" decoding=\"async\" width=\"800\" height=\"800\" src=\"https:\/\/franksiemers.com\/wp-content\/uploads\/2025\/05\/tigran-hamasyan-copyright-jazzfrank-frank-siemers_FSI1731-2_pp-1024x1024.jpg\" class=\"attachment-large size-large wp-image-2137\" alt=\"Der Mann in blauer Jacke lehnt an einer schwarzen Wand, blickt ernst in die Kamera, mit dunklen, lockigen Haaren und einem selbstbewussten Ausdruck.\" srcset=\"https:\/\/franksiemers.com\/wp-content\/uploads\/2025\/05\/tigran-hamasyan-copyright-jazzfrank-frank-siemers_FSI1731-2_pp-1024x1024.jpg 1024w, https:\/\/franksiemers.com\/wp-content\/uploads\/2025\/05\/tigran-hamasyan-copyright-jazzfrank-frank-siemers_FSI1731-2_pp-300x300.jpg 300w, https:\/\/franksiemers.com\/wp-content\/uploads\/2025\/05\/tigran-hamasyan-copyright-jazzfrank-frank-siemers_FSI1731-2_pp-150x150.jpg 150w, https:\/\/franksiemers.com\/wp-content\/uploads\/2025\/05\/tigran-hamasyan-copyright-jazzfrank-frank-siemers_FSI1731-2_pp-768x768.jpg 768w, https:\/\/franksiemers.com\/wp-content\/uploads\/2025\/05\/tigran-hamasyan-copyright-jazzfrank-frank-siemers_FSI1731-2_pp-1536x1536.jpg 1536w, https:\/\/franksiemers.com\/wp-content\/uploads\/2025\/05\/tigran-hamasyan-copyright-jazzfrank-frank-siemers_FSI1731-2_pp-2048x2048.jpg 2048w\" sizes=\"(max-width: 800px) 100vw, 800px\" \/>\t\t<\/div>\n\t\t\t\t<div class=\"elementor-portfolio-item__overlay\">\n\t\t\t\t<\/div>\n\t\t\t\t<\/a>\n\t\t<\/article>\n\t\t\t\t<article class=\"elementor-portfolio-item elementor-post elementor-filter-119 elementor-filter-115 post-3160 post type-post status-publish format-standard has-post-thumbnail hentry category-musicians category-portfolio\" role=\"listitem\">\n\t\t\t<a class=\"elementor-post__thumbnail__link\" href=\"https:\/\/franksiemers.com\/?p=3160&lang=en\">\n\t\t\t\t<div class=\"elementor-portfolio-item__img elementor-post__thumbnail\">\n\t\t\t<img loading=\"lazy\" decoding=\"async\" width=\"800\" height=\"800\" src=\"https:\/\/franksiemers.com\/wp-content\/uploads\/2025\/05\/tigran-hamasyan-copyright-jazzfrank-frank-siemers_FSI1731-2_pp-1024x1024.jpg\" class=\"attachment-large size-large wp-image-2137\" alt=\"Der Mann in blauer Jacke lehnt an einer schwarzen Wand, blickt ernst in die Kamera, mit dunklen, lockigen Haaren und einem selbstbewussten Ausdruck.\" srcset=\"https:\/\/franksiemers.com\/wp-content\/uploads\/2025\/05\/tigran-hamasyan-copyright-jazzfrank-frank-siemers_FSI1731-2_pp-1024x1024.jpg 1024w, https:\/\/franksiemers.com\/wp-content\/uploads\/2025\/05\/tigran-hamasyan-copyright-jazzfrank-frank-siemers_FSI1731-2_pp-300x300.jpg 300w, https:\/\/franksiemers.com\/wp-content\/uploads\/2025\/05\/tigran-hamasyan-copyright-jazzfrank-frank-siemers_FSI1731-2_pp-150x150.jpg 150w, https:\/\/franksiemers.com\/wp-content\/uploads\/2025\/05\/tigran-hamasyan-copyright-jazzfrank-frank-siemers_FSI1731-2_pp-768x768.jpg 768w, https:\/\/franksiemers.com\/wp-content\/uploads\/2025\/05\/tigran-hamasyan-copyright-jazzfrank-frank-siemers_FSI1731-2_pp-1536x1536.jpg 1536w, https:\/\/franksiemers.com\/wp-content\/uploads\/2025\/05\/tigran-hamasyan-copyright-jazzfrank-frank-siemers_FSI1731-2_pp-2048x2048.jpg 2048w\" sizes=\"(max-width: 800px) 100vw, 800px\" \/>\t\t<\/div>\n\t\t\t\t<div class=\"elementor-portfolio-item__overlay\">\n\t\t\t\t<\/div>\n\t\t\t\t<\/a>\n\t\t<\/article>\n\t\t\t\t<article class=\"elementor-portfolio-item elementor-post elementor-filter-121 elementor-filter-115 post-3237 post type-post status-publish format-standard has-post-thumbnail hentry category-personalities-en category-portfolio\" role=\"listitem\">\n\t\t\t<a class=\"elementor-post__thumbnail__link\" href=\"https:\/\/franksiemers.com\/?p=3237&lang=en\">\n\t\t\t\t<div class=\"elementor-portfolio-item__img elementor-post__thumbnail\">\n\t\t\t<img loading=\"lazy\" decoding=\"async\" width=\"800\" height=\"800\" src=\"https:\/\/franksiemers.com\/wp-content\/uploads\/2025\/03\/010_P_Tobias-Moretti-05-1024x1024.jpg\" class=\"attachment-large size-large wp-image-106\" alt=\"Der Mann tr\u00e4gt eine schwarze M\u00fctze und einen dunklen Anzug mit wei\u00dfem Hemd, blickt ernst in die Kamera, vor hellem Hintergrund, professionelles Portraitfoto, aufgenommen von Frank Siemers, Fotograf au.\" srcset=\"https:\/\/franksiemers.com\/wp-content\/uploads\/2025\/03\/010_P_Tobias-Moretti-05-1024x1024.jpg 1024w, https:\/\/franksiemers.com\/wp-content\/uploads\/2025\/03\/010_P_Tobias-Moretti-05-300x300.jpg 300w, https:\/\/franksiemers.com\/wp-content\/uploads\/2025\/03\/010_P_Tobias-Moretti-05-150x150.jpg 150w, https:\/\/franksiemers.com\/wp-content\/uploads\/2025\/03\/010_P_Tobias-Moretti-05-768x768.jpg 768w, https:\/\/franksiemers.com\/wp-content\/uploads\/2025\/03\/010_P_Tobias-Moretti-05.jpg 1181w\" sizes=\"(max-width: 800px) 100vw, 800px\" \/>\t\t<\/div>\n\t\t\t\t<div class=\"elementor-portfolio-item__overlay\">\n\t\t\t\t<\/div>\n\t\t\t\t<\/a>\n\t\t<\/article>\n\t\t\t\t<article class=\"elementor-portfolio-item elementor-post elementor-filter-7 elementor-filter-6 post-2006 post type-post status-publish format-standard has-post-thumbnail hentry category-1portfolio category-personalities\" role=\"listitem\">\n\t\t\t<a class=\"elementor-post__thumbnail__link\" href=\"https:\/\/franksiemers.com\/?p=2006\">\n\t\t\t\t<div class=\"elementor-portfolio-item__img elementor-post__thumbnail\">\n\t\t\t<img loading=\"lazy\" decoding=\"async\" width=\"800\" height=\"800\" src=\"https:\/\/franksiemers.com\/wp-content\/uploads\/2025\/03\/010_P_Tobias-Moretti-05-1024x1024.jpg\" class=\"attachment-large size-large wp-image-106\" alt=\"Der Mann tr\u00e4gt eine schwarze M\u00fctze und einen dunklen Anzug mit wei\u00dfem Hemd, blickt ernst in die Kamera, vor hellem Hintergrund, professionelles Portraitfoto, aufgenommen von Frank Siemers, Fotograf au.\" srcset=\"https:\/\/franksiemers.com\/wp-content\/uploads\/2025\/03\/010_P_Tobias-Moretti-05-1024x1024.jpg 1024w, https:\/\/franksiemers.com\/wp-content\/uploads\/2025\/03\/010_P_Tobias-Moretti-05-300x300.jpg 300w, https:\/\/franksiemers.com\/wp-content\/uploads\/2025\/03\/010_P_Tobias-Moretti-05-150x150.jpg 150w, https:\/\/franksiemers.com\/wp-content\/uploads\/2025\/03\/010_P_Tobias-Moretti-05-768x768.jpg 768w, https:\/\/franksiemers.com\/wp-content\/uploads\/2025\/03\/010_P_Tobias-Moretti-05.jpg 1181w\" sizes=\"(max-width: 800px) 100vw, 800px\" \/>\t\t<\/div>\n\t\t\t\t<div class=\"elementor-portfolio-item__overlay\">\n\t\t\t\t<\/div>\n\t\t\t\t<\/a>\n\t\t<\/article>\n\t\t\t\t<article class=\"elementor-portfolio-item elementor-post elementor-filter-119 elementor-filter-115 post-3146 post type-post status-publish format-standard has-post-thumbnail hentry category-musicians category-portfolio\" role=\"listitem\">\n\t\t\t<a class=\"elementor-post__thumbnail__link\" href=\"https:\/\/franksiemers.com\/?p=3146&lang=en\">\n\t\t\t\t<div class=\"elementor-portfolio-item__img elementor-post__thumbnail\">\n\t\t\t<img loading=\"lazy\" decoding=\"async\" width=\"800\" height=\"566\" src=\"https:\/\/franksiemers.com\/wp-content\/uploads\/2025\/05\/adam-holzman-freddy-cash_FSI1620-1024x724.jpg\" class=\"attachment-large size-large wp-image-2162\" alt=\"Der Mann mit Dreadlocks h\u00e4lt eine E-Gitarre, die mit einem Schmetterlingsaufkleber verziert ist, vor einem dunklen Hintergrund. Er schaut ernst in die Kamera und tr\u00e4gt dunkle Kleidung.\" srcset=\"https:\/\/franksiemers.com\/wp-content\/uploads\/2025\/05\/adam-holzman-freddy-cash_FSI1620-1024x724.jpg 1024w, https:\/\/franksiemers.com\/wp-content\/uploads\/2025\/05\/adam-holzman-freddy-cash_FSI1620-300x212.jpg 300w, https:\/\/franksiemers.com\/wp-content\/uploads\/2025\/05\/adam-holzman-freddy-cash_FSI1620-768x543.jpg 768w, https:\/\/franksiemers.com\/wp-content\/uploads\/2025\/05\/adam-holzman-freddy-cash_FSI1620-1536x1086.jpg 1536w, https:\/\/franksiemers.com\/wp-content\/uploads\/2025\/05\/adam-holzman-freddy-cash_FSI1620-2048x1448.jpg 2048w\" sizes=\"(max-width: 800px) 100vw, 800px\" \/>\t\t<\/div>\n\t\t\t\t<div class=\"elementor-portfolio-item__overlay\">\n\t\t\t\t<\/div>\n\t\t\t\t<\/a>\n\t\t<\/article>\n\t\t\t\t<article class=\"elementor-portfolio-item elementor-post elementor-filter-7 elementor-filter-8 post-2161 post type-post status-publish format-standard has-post-thumbnail hentry category-1portfolio category-musikerinnen\" role=\"listitem\">\n\t\t\t<a class=\"elementor-post__thumbnail__link\" href=\"https:\/\/franksiemers.com\/?p=2161\">\n\t\t\t\t<div class=\"elementor-portfolio-item__img elementor-post__thumbnail\">\n\t\t\t<img loading=\"lazy\" decoding=\"async\" width=\"800\" height=\"566\" src=\"https:\/\/franksiemers.com\/wp-content\/uploads\/2025\/05\/adam-holzman-freddy-cash_FSI1620-1024x724.jpg\" class=\"attachment-large size-large wp-image-2162\" alt=\"Der Mann mit Dreadlocks h\u00e4lt eine E-Gitarre, die mit einem Schmetterlingsaufkleber verziert ist, vor einem dunklen Hintergrund. Er schaut ernst in die Kamera und tr\u00e4gt dunkle Kleidung.\" srcset=\"https:\/\/franksiemers.com\/wp-content\/uploads\/2025\/05\/adam-holzman-freddy-cash_FSI1620-1024x724.jpg 1024w, https:\/\/franksiemers.com\/wp-content\/uploads\/2025\/05\/adam-holzman-freddy-cash_FSI1620-300x212.jpg 300w, https:\/\/franksiemers.com\/wp-content\/uploads\/2025\/05\/adam-holzman-freddy-cash_FSI1620-768x543.jpg 768w, https:\/\/franksiemers.com\/wp-content\/uploads\/2025\/05\/adam-holzman-freddy-cash_FSI1620-1536x1086.jpg 1536w, https:\/\/franksiemers.com\/wp-content\/uploads\/2025\/05\/adam-holzman-freddy-cash_FSI1620-2048x1448.jpg 2048w\" sizes=\"(max-width: 800px) 100vw, 800px\" \/>\t\t<\/div>\n\t\t\t\t<div class=\"elementor-portfolio-item__overlay\">\n\t\t\t\t<\/div>\n\t\t\t\t<\/a>\n\t\t<\/article>\n\t\t\t\t<article class=\"elementor-portfolio-item elementor-post elementor-filter-119 elementor-filter-115 post-3150 post type-post status-publish format-standard has-post-thumbnail hentry category-musicians category-portfolio\" role=\"listitem\">\n\t\t\t<a class=\"elementor-post__thumbnail__link\" href=\"https:\/\/franksiemers.com\/?p=3150&lang=en\">\n\t\t\t\t<div class=\"elementor-portfolio-item__img elementor-post__thumbnail\">\n\t\t\t<img loading=\"lazy\" decoding=\"async\" width=\"800\" height=\"800\" src=\"https:\/\/franksiemers.com\/wp-content\/uploads\/2025\/05\/avishai-cohen-copyright-frank-siemers_FSI5352-1024x1024.jpg\" class=\"attachment-large size-large wp-image-2155\" alt=\"\" srcset=\"https:\/\/franksiemers.com\/wp-content\/uploads\/2025\/05\/avishai-cohen-copyright-frank-siemers_FSI5352-1024x1024.jpg 1024w, https:\/\/franksiemers.com\/wp-content\/uploads\/2025\/05\/avishai-cohen-copyright-frank-siemers_FSI5352-300x300.jpg 300w, https:\/\/franksiemers.com\/wp-content\/uploads\/2025\/05\/avishai-cohen-copyright-frank-siemers_FSI5352-150x150.jpg 150w, https:\/\/franksiemers.com\/wp-content\/uploads\/2025\/05\/avishai-cohen-copyright-frank-siemers_FSI5352-768x768.jpg 768w, https:\/\/franksiemers.com\/wp-content\/uploads\/2025\/05\/avishai-cohen-copyright-frank-siemers_FSI5352-1536x1536.jpg 1536w, https:\/\/franksiemers.com\/wp-content\/uploads\/2025\/05\/avishai-cohen-copyright-frank-siemers_FSI5352-2048x2048.jpg 2048w\" sizes=\"(max-width: 800px) 100vw, 800px\" \/>\t\t<\/div>\n\t\t\t\t<div class=\"elementor-portfolio-item__overlay\">\n\t\t\t\t<\/div>\n\t\t\t\t<\/a>\n\t\t<\/article>\n\t\t\t\t<article class=\"elementor-portfolio-item elementor-post elementor-filter-7 elementor-filter-8 post-2154 post type-post status-publish format-standard has-post-thumbnail hentry category-1portfolio category-musikerinnen\" role=\"listitem\">\n\t\t\t<a class=\"elementor-post__thumbnail__link\" href=\"https:\/\/franksiemers.com\/?p=2154\">\n\t\t\t\t<div class=\"elementor-portfolio-item__img elementor-post__thumbnail\">\n\t\t\t<img loading=\"lazy\" decoding=\"async\" width=\"800\" height=\"800\" src=\"https:\/\/franksiemers.com\/wp-content\/uploads\/2025\/05\/avishai-cohen-copyright-frank-siemers_FSI5352-1024x1024.jpg\" class=\"attachment-large size-large wp-image-2155\" alt=\"\" srcset=\"https:\/\/franksiemers.com\/wp-content\/uploads\/2025\/05\/avishai-cohen-copyright-frank-siemers_FSI5352-1024x1024.jpg 1024w, https:\/\/franksiemers.com\/wp-content\/uploads\/2025\/05\/avishai-cohen-copyright-frank-siemers_FSI5352-300x300.jpg 300w, https:\/\/franksiemers.com\/wp-content\/uploads\/2025\/05\/avishai-cohen-copyright-frank-siemers_FSI5352-150x150.jpg 150w, https:\/\/franksiemers.com\/wp-content\/uploads\/2025\/05\/avishai-cohen-copyright-frank-siemers_FSI5352-768x768.jpg 768w, https:\/\/franksiemers.com\/wp-content\/uploads\/2025\/05\/avishai-cohen-copyright-frank-siemers_FSI5352-1536x1536.jpg 1536w, https:\/\/franksiemers.com\/wp-content\/uploads\/2025\/05\/avishai-cohen-copyright-frank-siemers_FSI5352-2048x2048.jpg 2048w\" sizes=\"(max-width: 800px) 100vw, 800px\" \/>\t\t<\/div>\n\t\t\t\t<div class=\"elementor-portfolio-item__overlay\">\n\t\t\t\t<\/div>\n\t\t\t\t<\/a>\n\t\t<\/article>\n\t\t\t\t<article class=\"elementor-portfolio-item elementor-post elementor-filter-121 elementor-filter-115 post-3231 post type-post status-publish format-standard has-post-thumbnail hentry category-personalities-en category-portfolio\" role=\"listitem\">\n\t\t\t<a class=\"elementor-post__thumbnail__link\" href=\"https:\/\/franksiemers.com\/?p=3231&lang=en\">\n\t\t\t\t<div class=\"elementor-portfolio-item__img elementor-post__thumbnail\">\n\t\t\t<img loading=\"lazy\" decoding=\"async\" width=\"800\" height=\"798\" src=\"https:\/\/franksiemers.com\/wp-content\/uploads\/2025\/05\/003_P_Klaus-J-Behrendt-01.jpg\" class=\"attachment-large size-large wp-image-2014\" alt=\"Bitte in deutscher Sprache schreiben..\" srcset=\"https:\/\/franksiemers.com\/wp-content\/uploads\/2025\/05\/003_P_Klaus-J-Behrendt-01.jpg 1002w, https:\/\/franksiemers.com\/wp-content\/uploads\/2025\/05\/003_P_Klaus-J-Behrendt-01-300x300.jpg 300w, https:\/\/franksiemers.com\/wp-content\/uploads\/2025\/05\/003_P_Klaus-J-Behrendt-01-150x150.jpg 150w, https:\/\/franksiemers.com\/wp-content\/uploads\/2025\/05\/003_P_Klaus-J-Behrendt-01-768x766.jpg 768w\" sizes=\"(max-width: 800px) 100vw, 800px\" \/>\t\t<\/div>\n\t\t\t\t<div class=\"elementor-portfolio-item__overlay\">\n\t\t\t\t<\/div>\n\t\t\t\t<\/a>\n\t\t<\/article>\n\t\t\t\t<article class=\"elementor-portfolio-item elementor-post elementor-filter-7 elementor-filter-6 post-2013 post type-post status-publish format-standard has-post-thumbnail hentry category-1portfolio category-personalities\" role=\"listitem\">\n\t\t\t<a class=\"elementor-post__thumbnail__link\" href=\"https:\/\/franksiemers.com\/?p=2013\">\n\t\t\t\t<div class=\"elementor-portfolio-item__img elementor-post__thumbnail\">\n\t\t\t<img loading=\"lazy\" decoding=\"async\" width=\"800\" height=\"798\" src=\"https:\/\/franksiemers.com\/wp-content\/uploads\/2025\/05\/003_P_Klaus-J-Behrendt-01.jpg\" class=\"attachment-large size-large wp-image-2014\" alt=\"Bitte in deutscher Sprache schreiben..\" srcset=\"https:\/\/franksiemers.com\/wp-content\/uploads\/2025\/05\/003_P_Klaus-J-Behrendt-01.jpg 1002w, https:\/\/franksiemers.com\/wp-content\/uploads\/2025\/05\/003_P_Klaus-J-Behrendt-01-300x300.jpg 300w, https:\/\/franksiemers.com\/wp-content\/uploads\/2025\/05\/003_P_Klaus-J-Behrendt-01-150x150.jpg 150w, https:\/\/franksiemers.com\/wp-content\/uploads\/2025\/05\/003_P_Klaus-J-Behrendt-01-768x766.jpg 768w\" sizes=\"(max-width: 800px) 100vw, 800px\" \/>\t\t<\/div>\n\t\t\t\t<div class=\"elementor-portfolio-item__overlay\">\n\t\t\t\t<\/div>\n\t\t\t\t<\/a>\n\t\t<\/article>\n\t\t\t\t<article class=\"elementor-portfolio-item elementor-post elementor-filter-119 elementor-filter-115 post-3144 post type-post status-publish format-standard has-post-thumbnail hentry category-musicians category-portfolio\" role=\"listitem\">\n\t\t\t<a class=\"elementor-post__thumbnail__link\" href=\"https:\/\/franksiemers.com\/?p=3144&lang=en\">\n\t\t\t\t<div class=\"elementor-portfolio-item__img elementor-post__thumbnail\">\n\t\t\t<img loading=\"lazy\" decoding=\"async\" width=\"800\" height=\"800\" src=\"https:\/\/franksiemers.com\/wp-content\/uploads\/2025\/05\/adam-holzman-brave-new-world_FSI1788-2-1024x1024.jpg\" class=\"attachment-large size-large wp-image-2165\" alt=\"Portr\u00e4t einer Frau mit roten, lockigen Haaren, dunklem Outfit und Gitarre im Hintergrund, professionell fotografiert vor schwarzem Hintergrund.\" srcset=\"https:\/\/franksiemers.com\/wp-content\/uploads\/2025\/05\/adam-holzman-brave-new-world_FSI1788-2-1024x1024.jpg 1024w, https:\/\/franksiemers.com\/wp-content\/uploads\/2025\/05\/adam-holzman-brave-new-world_FSI1788-2-300x300.jpg 300w, https:\/\/franksiemers.com\/wp-content\/uploads\/2025\/05\/adam-holzman-brave-new-world_FSI1788-2-150x150.jpg 150w, https:\/\/franksiemers.com\/wp-content\/uploads\/2025\/05\/adam-holzman-brave-new-world_FSI1788-2-768x768.jpg 768w, https:\/\/franksiemers.com\/wp-content\/uploads\/2025\/05\/adam-holzman-brave-new-world_FSI1788-2-1536x1536.jpg 1536w, https:\/\/franksiemers.com\/wp-content\/uploads\/2025\/05\/adam-holzman-brave-new-world_FSI1788-2.jpg 2000w\" sizes=\"(max-width: 800px) 100vw, 800px\" \/>\t\t<\/div>\n\t\t\t\t<div class=\"elementor-portfolio-item__overlay\">\n\t\t\t\t<\/div>\n\t\t\t\t<\/a>\n\t\t<\/article>\n\t\t\t\t<article class=\"elementor-portfolio-item elementor-post elementor-filter-7 elementor-filter-8 post-2164 post type-post status-publish format-standard has-post-thumbnail hentry category-1portfolio category-musikerinnen\" role=\"listitem\">\n\t\t\t<a class=\"elementor-post__thumbnail__link\" href=\"https:\/\/franksiemers.com\/?p=2164\">\n\t\t\t\t<div class=\"elementor-portfolio-item__img elementor-post__thumbnail\">\n\t\t\t<img loading=\"lazy\" decoding=\"async\" width=\"800\" height=\"800\" src=\"https:\/\/franksiemers.com\/wp-content\/uploads\/2025\/05\/adam-holzman-brave-new-world_FSI1788-2-1024x1024.jpg\" class=\"attachment-large size-large wp-image-2165\" alt=\"Portr\u00e4t einer Frau mit roten, lockigen Haaren, dunklem Outfit und Gitarre im Hintergrund, professionell fotografiert vor schwarzem Hintergrund.\" srcset=\"https:\/\/franksiemers.com\/wp-content\/uploads\/2025\/05\/adam-holzman-brave-new-world_FSI1788-2-1024x1024.jpg 1024w, https:\/\/franksiemers.com\/wp-content\/uploads\/2025\/05\/adam-holzman-brave-new-world_FSI1788-2-300x300.jpg 300w, https:\/\/franksiemers.com\/wp-content\/uploads\/2025\/05\/adam-holzman-brave-new-world_FSI1788-2-150x150.jpg 150w, https:\/\/franksiemers.com\/wp-content\/uploads\/2025\/05\/adam-holzman-brave-new-world_FSI1788-2-768x768.jpg 768w, https:\/\/franksiemers.com\/wp-content\/uploads\/2025\/05\/adam-holzman-brave-new-world_FSI1788-2-1536x1536.jpg 1536w, https:\/\/franksiemers.com\/wp-content\/uploads\/2025\/05\/adam-holzman-brave-new-world_FSI1788-2.jpg 2000w\" sizes=\"(max-width: 800px) 100vw, 800px\" \/>\t\t<\/div>\n\t\t\t\t<div class=\"elementor-portfolio-item__overlay\">\n\t\t\t\t<\/div>\n\t\t\t\t<\/a>\n\t\t<\/article>\n\t\t\t\t<article class=\"elementor-portfolio-item elementor-post elementor-filter-121 elementor-filter-115 post-3235 post type-post status-publish format-standard has-post-thumbnail hentry category-personalities-en category-portfolio\" role=\"listitem\">\n\t\t\t<a class=\"elementor-post__thumbnail__link\" href=\"https:\/\/franksiemers.com\/?p=3235&lang=en\">\n\t\t\t\t<div class=\"elementor-portfolio-item__img elementor-post__thumbnail\">\n\t\t\t<img loading=\"lazy\" decoding=\"async\" width=\"765\" height=\"1024\" src=\"https:\/\/franksiemers.com\/wp-content\/uploads\/2025\/03\/009_P_Dieter-Pfaff-05-765x1024.jpg\" class=\"attachment-large size-large wp-image-1236\" alt=\"Bitte in deutscher Sprache schreiben..\" srcset=\"https:\/\/franksiemers.com\/wp-content\/uploads\/2025\/03\/009_P_Dieter-Pfaff-05-765x1024.jpg 765w, https:\/\/franksiemers.com\/wp-content\/uploads\/2025\/03\/009_P_Dieter-Pfaff-05-224x300.jpg 224w, https:\/\/franksiemers.com\/wp-content\/uploads\/2025\/03\/009_P_Dieter-Pfaff-05-768x1028.jpg 768w, https:\/\/franksiemers.com\/wp-content\/uploads\/2025\/03\/009_P_Dieter-Pfaff-05.jpg 882w\" sizes=\"(max-width: 765px) 100vw, 765px\" \/>\t\t<\/div>\n\t\t\t\t<div class=\"elementor-portfolio-item__overlay\">\n\t\t\t\t<\/div>\n\t\t\t\t<\/a>\n\t\t<\/article>\n\t\t\t\t<article class=\"elementor-portfolio-item elementor-post elementor-filter-7 elementor-filter-6 post-2008 post type-post status-publish format-standard has-post-thumbnail hentry category-1portfolio category-personalities\" role=\"listitem\">\n\t\t\t<a class=\"elementor-post__thumbnail__link\" href=\"https:\/\/franksiemers.com\/?p=2008\">\n\t\t\t\t<div class=\"elementor-portfolio-item__img elementor-post__thumbnail\">\n\t\t\t<img loading=\"lazy\" decoding=\"async\" width=\"765\" height=\"1024\" src=\"https:\/\/franksiemers.com\/wp-content\/uploads\/2025\/03\/009_P_Dieter-Pfaff-05-765x1024.jpg\" class=\"attachment-large size-large wp-image-1236\" alt=\"Bitte in deutscher Sprache schreiben..\" srcset=\"https:\/\/franksiemers.com\/wp-content\/uploads\/2025\/03\/009_P_Dieter-Pfaff-05-765x1024.jpg 765w, https:\/\/franksiemers.com\/wp-content\/uploads\/2025\/03\/009_P_Dieter-Pfaff-05-224x300.jpg 224w, https:\/\/franksiemers.com\/wp-content\/uploads\/2025\/03\/009_P_Dieter-Pfaff-05-768x1028.jpg 768w, https:\/\/franksiemers.com\/wp-content\/uploads\/2025\/03\/009_P_Dieter-Pfaff-05.jpg 882w\" sizes=\"(max-width: 765px) 100vw, 765px\" \/>\t\t<\/div>\n\t\t\t\t<div class=\"elementor-portfolio-item__overlay\">\n\t\t\t\t<\/div>\n\t\t\t\t<\/a>\n\t\t<\/article>\n\t\t\t\t<article class=\"elementor-portfolio-item elementor-post elementor-filter-121 elementor-filter-115 post-3219 post type-post status-publish format-standard has-post-thumbnail hentry category-personalities-en category-portfolio\" role=\"listitem\">\n\t\t\t<a class=\"elementor-post__thumbnail__link\" href=\"https:\/\/franksiemers.com\/?p=3219&lang=en\">\n\t\t\t\t<div class=\"elementor-portfolio-item__img elementor-post__thumbnail\">\n\t\t\t<img loading=\"lazy\" decoding=\"async\" width=\"800\" height=\"797\" src=\"https:\/\/franksiemers.com\/wp-content\/uploads\/2025\/05\/Gerhard_Schroeder_28x28-1024x1020.jpg\" class=\"attachment-large size-large wp-image-2040\" alt=\"Der Mann in einem dunklen Anzug sitzt auf einem Sofa und spricht in einem Interview oder Gespr\u00e4ch, im Hintergrund ein abstraktes Kunstwerk an der Wand.\" srcset=\"https:\/\/franksiemers.com\/wp-content\/uploads\/2025\/05\/Gerhard_Schroeder_28x28-1024x1020.jpg 1024w, https:\/\/franksiemers.com\/wp-content\/uploads\/2025\/05\/Gerhard_Schroeder_28x28-300x300.jpg 300w, https:\/\/franksiemers.com\/wp-content\/uploads\/2025\/05\/Gerhard_Schroeder_28x28-150x150.jpg 150w, https:\/\/franksiemers.com\/wp-content\/uploads\/2025\/05\/Gerhard_Schroeder_28x28-768x765.jpg 768w, https:\/\/franksiemers.com\/wp-content\/uploads\/2025\/05\/Gerhard_Schroeder_28x28.jpg 1202w\" sizes=\"(max-width: 800px) 100vw, 800px\" \/>\t\t<\/div>\n\t\t\t\t<div class=\"elementor-portfolio-item__overlay\">\n\t\t\t\t<\/div>\n\t\t\t\t<\/a>\n\t\t<\/article>\n\t\t\t\t<article class=\"elementor-portfolio-item elementor-post elementor-filter-7 elementor-filter-6 post-2039 post type-post status-publish format-standard has-post-thumbnail hentry category-1portfolio category-personalities\" role=\"listitem\">\n\t\t\t<a class=\"elementor-post__thumbnail__link\" href=\"https:\/\/franksiemers.com\/?p=2039\">\n\t\t\t\t<div class=\"elementor-portfolio-item__img elementor-post__thumbnail\">\n\t\t\t<img loading=\"lazy\" decoding=\"async\" width=\"800\" height=\"797\" src=\"https:\/\/franksiemers.com\/wp-content\/uploads\/2025\/05\/Gerhard_Schroeder_28x28-1024x1020.jpg\" class=\"attachment-large size-large wp-image-2040\" alt=\"Der Mann in einem dunklen Anzug sitzt auf einem Sofa und spricht in einem Interview oder Gespr\u00e4ch, im Hintergrund ein abstraktes Kunstwerk an der Wand.\" srcset=\"https:\/\/franksiemers.com\/wp-content\/uploads\/2025\/05\/Gerhard_Schroeder_28x28-1024x1020.jpg 1024w, https:\/\/franksiemers.com\/wp-content\/uploads\/2025\/05\/Gerhard_Schroeder_28x28-300x300.jpg 300w, https:\/\/franksiemers.com\/wp-content\/uploads\/2025\/05\/Gerhard_Schroeder_28x28-150x150.jpg 150w, https:\/\/franksiemers.com\/wp-content\/uploads\/2025\/05\/Gerhard_Schroeder_28x28-768x765.jpg 768w, https:\/\/franksiemers.com\/wp-content\/uploads\/2025\/05\/Gerhard_Schroeder_28x28.jpg 1202w\" sizes=\"(max-width: 800px) 100vw, 800px\" \/>\t\t<\/div>\n\t\t\t\t<div class=\"elementor-portfolio-item__overlay\">\n\t\t\t\t<\/div>\n\t\t\t\t<\/a>\n\t\t<\/article>\n\t\t\t\t<article class=\"elementor-portfolio-item elementor-post elementor-filter-7 elementor-filter-8 post-2095 post type-post status-publish format-standard has-post-thumbnail hentry category-1portfolio category-musikerinnen\" role=\"listitem\">\n\t\t\t<a class=\"elementor-post__thumbnail__link\" href=\"https:\/\/franksiemers.com\/?p=2095\">\n\t\t\t\t<div class=\"elementor-portfolio-item__img elementor-post__thumbnail\">\n\t\t\t<img loading=\"lazy\" decoding=\"async\" width=\"800\" height=\"534\" src=\"https:\/\/franksiemers.com\/wp-content\/uploads\/2025\/05\/norma-winstone-copyright-jazzfrank_FSI0926-1024x683.jpg\" class=\"attachment-large size-large wp-image-2096\" alt=\"Portr\u00e4t einer \u00e4lteren Frau mit kurzen, lockigen Haaren vor dunklem Hintergrund, professionell fotografiert in Schwarz-Wei\u00df.\" srcset=\"https:\/\/franksiemers.com\/wp-content\/uploads\/2025\/05\/norma-winstone-copyright-jazzfrank_FSI0926-1024x683.jpg 1024w, https:\/\/franksiemers.com\/wp-content\/uploads\/2025\/05\/norma-winstone-copyright-jazzfrank_FSI0926-300x200.jpg 300w, https:\/\/franksiemers.com\/wp-content\/uploads\/2025\/05\/norma-winstone-copyright-jazzfrank_FSI0926-768x512.jpg 768w, https:\/\/franksiemers.com\/wp-content\/uploads\/2025\/05\/norma-winstone-copyright-jazzfrank_FSI0926-1536x1024.jpg 1536w, https:\/\/franksiemers.com\/wp-content\/uploads\/2025\/05\/norma-winstone-copyright-jazzfrank_FSI0926-2048x1365.jpg 2048w\" sizes=\"(max-width: 800px) 100vw, 800px\" \/>\t\t<\/div>\n\t\t\t\t<div class=\"elementor-portfolio-item__overlay\">\n\t\t\t\t<\/div>\n\t\t\t\t<\/a>\n\t\t<\/article>\n\t\t\t\t<article class=\"elementor-portfolio-item elementor-post elementor-filter-119 elementor-filter-115 post-3184 post type-post status-publish format-standard has-post-thumbnail hentry category-musicians category-portfolio\" role=\"listitem\">\n\t\t\t<a class=\"elementor-post__thumbnail__link\" href=\"https:\/\/franksiemers.com\/?p=3184&lang=en\">\n\t\t\t\t<div class=\"elementor-portfolio-item__img elementor-post__thumbnail\">\n\t\t\t<img loading=\"lazy\" decoding=\"async\" width=\"800\" height=\"534\" src=\"https:\/\/franksiemers.com\/wp-content\/uploads\/2025\/05\/norma-winstone-copyright-jazzfrank_FSI0926-1024x683.jpg\" class=\"attachment-large size-large wp-image-2096\" alt=\"Portr\u00e4t einer \u00e4lteren Frau mit kurzen, lockigen Haaren vor dunklem Hintergrund, professionell fotografiert in Schwarz-Wei\u00df.\" srcset=\"https:\/\/franksiemers.com\/wp-content\/uploads\/2025\/05\/norma-winstone-copyright-jazzfrank_FSI0926-1024x683.jpg 1024w, https:\/\/franksiemers.com\/wp-content\/uploads\/2025\/05\/norma-winstone-copyright-jazzfrank_FSI0926-300x200.jpg 300w, https:\/\/franksiemers.com\/wp-content\/uploads\/2025\/05\/norma-winstone-copyright-jazzfrank_FSI0926-768x512.jpg 768w, https:\/\/franksiemers.com\/wp-content\/uploads\/2025\/05\/norma-winstone-copyright-jazzfrank_FSI0926-1536x1024.jpg 1536w, https:\/\/franksiemers.com\/wp-content\/uploads\/2025\/05\/norma-winstone-copyright-jazzfrank_FSI0926-2048x1365.jpg 2048w\" sizes=\"(max-width: 800px) 100vw, 800px\" \/>\t\t<\/div>\n\t\t\t\t<div class=\"elementor-portfolio-item__overlay\">\n\t\t\t\t<\/div>\n\t\t\t\t<\/a>\n\t\t<\/article>\n\t\t\t\t<article class=\"elementor-portfolio-item elementor-post elementor-filter-7 elementor-filter-6 post-2057 post type-post status-publish format-standard has-post-thumbnail hentry category-1portfolio category-personalities\" role=\"listitem\">\n\t\t\t<a class=\"elementor-post__thumbnail__link\" href=\"https:\/\/franksiemers.com\/?p=2057\">\n\t\t\t\t<div class=\"elementor-portfolio-item__img elementor-post__thumbnail\">\n\t\t\t<img loading=\"lazy\" decoding=\"async\" width=\"800\" height=\"823\" src=\"https:\/\/franksiemers.com\/wp-content\/uploads\/2025\/05\/53_Sylvie_van_der_Vaart_131126_FRS6011-2-995x1024.jpg\" class=\"attachment-large size-large wp-image-2058\" alt=\"Frau in dunklem Mantel und blauer Strickjacke steht vor einer rustikalen Holzwand, wirkt nachdenklich und stilvoll.\" srcset=\"https:\/\/franksiemers.com\/wp-content\/uploads\/2025\/05\/53_Sylvie_van_der_Vaart_131126_FRS6011-2-995x1024.jpg 995w, https:\/\/franksiemers.com\/wp-content\/uploads\/2025\/05\/53_Sylvie_van_der_Vaart_131126_FRS6011-2-292x300.jpg 292w, https:\/\/franksiemers.com\/wp-content\/uploads\/2025\/05\/53_Sylvie_van_der_Vaart_131126_FRS6011-2-768x790.jpg 768w, https:\/\/franksiemers.com\/wp-content\/uploads\/2025\/05\/53_Sylvie_van_der_Vaart_131126_FRS6011-2-1493x1536.jpg 1493w, https:\/\/franksiemers.com\/wp-content\/uploads\/2025\/05\/53_Sylvie_van_der_Vaart_131126_FRS6011-2-1990x2048.jpg 1990w\" sizes=\"(max-width: 800px) 100vw, 800px\" \/>\t\t<\/div>\n\t\t\t\t<div class=\"elementor-portfolio-item__overlay\">\n\t\t\t\t<\/div>\n\t\t\t\t<\/a>\n\t\t<\/article>\n\t\t\t\t<article class=\"elementor-portfolio-item elementor-post elementor-filter-121 elementor-filter-115 post-3209 post type-post status-publish format-standard has-post-thumbnail hentry category-personalities-en category-portfolio\" role=\"listitem\">\n\t\t\t<a class=\"elementor-post__thumbnail__link\" href=\"https:\/\/franksiemers.com\/?p=3209&lang=en\">\n\t\t\t\t<div class=\"elementor-portfolio-item__img elementor-post__thumbnail\">\n\t\t\t<img loading=\"lazy\" decoding=\"async\" width=\"800\" height=\"823\" src=\"https:\/\/franksiemers.com\/wp-content\/uploads\/2025\/05\/53_Sylvie_van_der_Vaart_131126_FRS6011-2-995x1024.jpg\" class=\"attachment-large size-large wp-image-2058\" alt=\"Frau in dunklem Mantel und blauer Strickjacke steht vor einer rustikalen Holzwand, wirkt nachdenklich und stilvoll.\" srcset=\"https:\/\/franksiemers.com\/wp-content\/uploads\/2025\/05\/53_Sylvie_van_der_Vaart_131126_FRS6011-2-995x1024.jpg 995w, https:\/\/franksiemers.com\/wp-content\/uploads\/2025\/05\/53_Sylvie_van_der_Vaart_131126_FRS6011-2-292x300.jpg 292w, https:\/\/franksiemers.com\/wp-content\/uploads\/2025\/05\/53_Sylvie_van_der_Vaart_131126_FRS6011-2-768x790.jpg 768w, https:\/\/franksiemers.com\/wp-content\/uploads\/2025\/05\/53_Sylvie_van_der_Vaart_131126_FRS6011-2-1493x1536.jpg 1493w, https:\/\/franksiemers.com\/wp-content\/uploads\/2025\/05\/53_Sylvie_van_der_Vaart_131126_FRS6011-2-1990x2048.jpg 1990w\" sizes=\"(max-width: 800px) 100vw, 800px\" \/>\t\t<\/div>\n\t\t\t\t<div class=\"elementor-portfolio-item__overlay\">\n\t\t\t\t<\/div>\n\t\t\t\t<\/a>\n\t\t<\/article>\n\t\t\t\t<article class=\"elementor-portfolio-item elementor-post elementor-filter-119 elementor-filter-115 post-3154 post type-post status-publish format-standard has-post-thumbnail hentry category-musicians category-portfolio\" role=\"listitem\">\n\t\t\t<a class=\"elementor-post__thumbnail__link\" href=\"https:\/\/franksiemers.com\/?p=3154&lang=en\">\n\t\t\t\t<div class=\"elementor-portfolio-item__img elementor-post__thumbnail\">\n\t\t\t<img loading=\"lazy\" decoding=\"async\" width=\"800\" height=\"640\" src=\"https:\/\/franksiemers.com\/wp-content\/uploads\/2025\/05\/david-murray-copyright-jazzfrank_FSI0680-1024x819.jpg\" class=\"attachment-large size-large wp-image-2881\" alt=\"Portr\u00e4t eines schwarzen Jazzsaxophonisten in blauem Anzug und Schieberm\u00fctze, der an der Kamera vorbeischaut , mit Saxophon in der Hand, vor hellem Hintergrund.\" srcset=\"https:\/\/franksiemers.com\/wp-content\/uploads\/2025\/05\/david-murray-copyright-jazzfrank_FSI0680-1024x819.jpg 1024w, https:\/\/franksiemers.com\/wp-content\/uploads\/2025\/05\/david-murray-copyright-jazzfrank_FSI0680-300x240.jpg 300w, https:\/\/franksiemers.com\/wp-content\/uploads\/2025\/05\/david-murray-copyright-jazzfrank_FSI0680-768x614.jpg 768w, https:\/\/franksiemers.com\/wp-content\/uploads\/2025\/05\/david-murray-copyright-jazzfrank_FSI0680-1536x1229.jpg 1536w, https:\/\/franksiemers.com\/wp-content\/uploads\/2025\/05\/david-murray-copyright-jazzfrank_FSI0680-2048x1638.jpg 2048w\" sizes=\"(max-width: 800px) 100vw, 800px\" \/>\t\t<\/div>\n\t\t\t\t<div class=\"elementor-portfolio-item__overlay\">\n\t\t\t\t<\/div>\n\t\t\t\t<\/a>\n\t\t<\/article>\n\t\t\t\t<article class=\"elementor-portfolio-item elementor-post elementor-filter-7 elementor-filter-8 post-2146 post type-post status-publish format-standard has-post-thumbnail hentry category-1portfolio category-musikerinnen\" role=\"listitem\">\n\t\t\t<a class=\"elementor-post__thumbnail__link\" href=\"https:\/\/franksiemers.com\/?p=2146\">\n\t\t\t\t<div class=\"elementor-portfolio-item__img elementor-post__thumbnail\">\n\t\t\t<img loading=\"lazy\" decoding=\"async\" width=\"800\" height=\"640\" src=\"https:\/\/franksiemers.com\/wp-content\/uploads\/2025\/05\/david-murray-copyright-jazzfrank_FSI0680-1024x819.jpg\" class=\"attachment-large size-large wp-image-2881\" alt=\"Portr\u00e4t eines schwarzen Jazzsaxophonisten in blauem Anzug und Schieberm\u00fctze, der an der Kamera vorbeischaut , mit Saxophon in der Hand, vor hellem Hintergrund.\" srcset=\"https:\/\/franksiemers.com\/wp-content\/uploads\/2025\/05\/david-murray-copyright-jazzfrank_FSI0680-1024x819.jpg 1024w, https:\/\/franksiemers.com\/wp-content\/uploads\/2025\/05\/david-murray-copyright-jazzfrank_FSI0680-300x240.jpg 300w, https:\/\/franksiemers.com\/wp-content\/uploads\/2025\/05\/david-murray-copyright-jazzfrank_FSI0680-768x614.jpg 768w, https:\/\/franksiemers.com\/wp-content\/uploads\/2025\/05\/david-murray-copyright-jazzfrank_FSI0680-1536x1229.jpg 1536w, https:\/\/franksiemers.com\/wp-content\/uploads\/2025\/05\/david-murray-copyright-jazzfrank_FSI0680-2048x1638.jpg 2048w\" sizes=\"(max-width: 800px) 100vw, 800px\" \/>\t\t<\/div>\n\t\t\t\t<div class=\"elementor-portfolio-item__overlay\">\n\t\t\t\t<\/div>\n\t\t\t\t<\/a>\n\t\t<\/article>\n\t\t\t\t<article class=\"elementor-portfolio-item elementor-post elementor-filter-7 elementor-filter-8 post-2106 post type-post status-publish format-standard has-post-thumbnail hentry category-1portfolio category-musikerinnen\" role=\"listitem\">\n\t\t\t<a class=\"elementor-post__thumbnail__link\" href=\"https:\/\/franksiemers.com\/?p=2106\">\n\t\t\t\t<div class=\"elementor-portfolio-item__img elementor-post__thumbnail\">\n\t\t\t<img loading=\"lazy\" decoding=\"async\" width=\"800\" height=\"534\" src=\"https:\/\/franksiemers.com\/wp-content\/uploads\/2025\/05\/marie-spaemann-copyright-jazzfrank_FSI1922-scaled-1-1024x683.jpg\" class=\"attachment-large size-large wp-image-2107\" alt=\"Bitte in deutscher Sprache schreiben..\" srcset=\"https:\/\/franksiemers.com\/wp-content\/uploads\/2025\/05\/marie-spaemann-copyright-jazzfrank_FSI1922-scaled-1-1024x683.jpg 1024w, https:\/\/franksiemers.com\/wp-content\/uploads\/2025\/05\/marie-spaemann-copyright-jazzfrank_FSI1922-scaled-1-300x200.jpg 300w, https:\/\/franksiemers.com\/wp-content\/uploads\/2025\/05\/marie-spaemann-copyright-jazzfrank_FSI1922-scaled-1-768x512.jpg 768w, https:\/\/franksiemers.com\/wp-content\/uploads\/2025\/05\/marie-spaemann-copyright-jazzfrank_FSI1922-scaled-1-1536x1024.jpg 1536w, https:\/\/franksiemers.com\/wp-content\/uploads\/2025\/05\/marie-spaemann-copyright-jazzfrank_FSI1922-scaled-1-2048x1366.jpg 2048w\" sizes=\"(max-width: 800px) 100vw, 800px\" \/>\t\t<\/div>\n\t\t\t\t<div class=\"elementor-portfolio-item__overlay\">\n\t\t\t\t<\/div>\n\t\t\t\t<\/a>\n\t\t<\/article>\n\t\t\t\t<article class=\"elementor-portfolio-item elementor-post elementor-filter-119 elementor-filter-115 post-3178 post type-post status-publish format-standard has-post-thumbnail hentry category-musicians category-portfolio\" role=\"listitem\">\n\t\t\t<a class=\"elementor-post__thumbnail__link\" href=\"https:\/\/franksiemers.com\/?p=3178&lang=en\">\n\t\t\t\t<div class=\"elementor-portfolio-item__img elementor-post__thumbnail\">\n\t\t\t<img loading=\"lazy\" decoding=\"async\" width=\"800\" height=\"534\" src=\"https:\/\/franksiemers.com\/wp-content\/uploads\/2025\/05\/marie-spaemann-copyright-jazzfrank_FSI1922-scaled-1-1024x683.jpg\" class=\"attachment-large size-large wp-image-2107\" alt=\"Bitte in deutscher Sprache schreiben..\" srcset=\"https:\/\/franksiemers.com\/wp-content\/uploads\/2025\/05\/marie-spaemann-copyright-jazzfrank_FSI1922-scaled-1-1024x683.jpg 1024w, https:\/\/franksiemers.com\/wp-content\/uploads\/2025\/05\/marie-spaemann-copyright-jazzfrank_FSI1922-scaled-1-300x200.jpg 300w, https:\/\/franksiemers.com\/wp-content\/uploads\/2025\/05\/marie-spaemann-copyright-jazzfrank_FSI1922-scaled-1-768x512.jpg 768w, https:\/\/franksiemers.com\/wp-content\/uploads\/2025\/05\/marie-spaemann-copyright-jazzfrank_FSI1922-scaled-1-1536x1024.jpg 1536w, https:\/\/franksiemers.com\/wp-content\/uploads\/2025\/05\/marie-spaemann-copyright-jazzfrank_FSI1922-scaled-1-2048x1366.jpg 2048w\" sizes=\"(max-width: 800px) 100vw, 800px\" \/>\t\t<\/div>\n\t\t\t\t<div class=\"elementor-portfolio-item__overlay\">\n\t\t\t\t<\/div>\n\t\t\t\t<\/a>\n\t\t<\/article>\n\t\t\t\t<article class=\"elementor-portfolio-item elementor-post elementor-filter-119 elementor-filter-115 post-3136 post type-post status-publish format-standard has-post-thumbnail hentry category-musicians category-portfolio\" role=\"listitem\">\n\t\t\t<a class=\"elementor-post__thumbnail__link\" href=\"https:\/\/franksiemers.com\/?p=3136&lang=en\">\n\t\t\t\t<div class=\"elementor-portfolio-item__img elementor-post__thumbnail\">\n\t\t\t<img loading=\"lazy\" decoding=\"async\" width=\"800\" height=\"640\" src=\"https:\/\/franksiemers.com\/wp-content\/uploads\/2025\/05\/jonathan-finlayson-copyright-jazzfrank_FSI8152-1-1024x819.jpg\" class=\"attachment-large size-large wp-image-2883\" alt=\"Portr\u00e4t eines schwarzen Jazzmusikers mit Brille und Schal, Trompete in den H\u00e4nden haltend, schwarz-wei\u00df, kreative Studioaufnahme vor neutralem Hintergrund.\" srcset=\"https:\/\/franksiemers.com\/wp-content\/uploads\/2025\/05\/jonathan-finlayson-copyright-jazzfrank_FSI8152-1-1024x819.jpg 1024w, https:\/\/franksiemers.com\/wp-content\/uploads\/2025\/05\/jonathan-finlayson-copyright-jazzfrank_FSI8152-1-300x240.jpg 300w, https:\/\/franksiemers.com\/wp-content\/uploads\/2025\/05\/jonathan-finlayson-copyright-jazzfrank_FSI8152-1-768x614.jpg 768w, https:\/\/franksiemers.com\/wp-content\/uploads\/2025\/05\/jonathan-finlayson-copyright-jazzfrank_FSI8152-1-1536x1229.jpg 1536w, https:\/\/franksiemers.com\/wp-content\/uploads\/2025\/05\/jonathan-finlayson-copyright-jazzfrank_FSI8152-1-2048x1638.jpg 2048w\" sizes=\"(max-width: 800px) 100vw, 800px\" \/>\t\t<\/div>\n\t\t\t\t<div class=\"elementor-portfolio-item__overlay\">\n\t\t\t\t<\/div>\n\t\t\t\t<\/a>\n\t\t<\/article>\n\t\t\t\t<article class=\"elementor-portfolio-item elementor-post elementor-filter-7 elementor-filter-8 post-2178 post type-post status-publish format-standard has-post-thumbnail hentry category-1portfolio category-musikerinnen\" role=\"listitem\">\n\t\t\t<a class=\"elementor-post__thumbnail__link\" href=\"https:\/\/franksiemers.com\/?p=2178\">\n\t\t\t\t<div class=\"elementor-portfolio-item__img elementor-post__thumbnail\">\n\t\t\t<img loading=\"lazy\" decoding=\"async\" width=\"800\" height=\"640\" src=\"https:\/\/franksiemers.com\/wp-content\/uploads\/2025\/05\/jonathan-finlayson-copyright-jazzfrank_FSI8152-1-1024x819.jpg\" class=\"attachment-large size-large wp-image-2883\" alt=\"Portr\u00e4t eines schwarzen Jazzmusikers mit Brille und Schal, Trompete in den H\u00e4nden haltend, schwarz-wei\u00df, kreative Studioaufnahme vor neutralem Hintergrund.\" srcset=\"https:\/\/franksiemers.com\/wp-content\/uploads\/2025\/05\/jonathan-finlayson-copyright-jazzfrank_FSI8152-1-1024x819.jpg 1024w, https:\/\/franksiemers.com\/wp-content\/uploads\/2025\/05\/jonathan-finlayson-copyright-jazzfrank_FSI8152-1-300x240.jpg 300w, https:\/\/franksiemers.com\/wp-content\/uploads\/2025\/05\/jonathan-finlayson-copyright-jazzfrank_FSI8152-1-768x614.jpg 768w, https:\/\/franksiemers.com\/wp-content\/uploads\/2025\/05\/jonathan-finlayson-copyright-jazzfrank_FSI8152-1-1536x1229.jpg 1536w, https:\/\/franksiemers.com\/wp-content\/uploads\/2025\/05\/jonathan-finlayson-copyright-jazzfrank_FSI8152-1-2048x1638.jpg 2048w\" sizes=\"(max-width: 800px) 100vw, 800px\" \/>\t\t<\/div>\n\t\t\t\t<div class=\"elementor-portfolio-item__overlay\">\n\t\t\t\t<\/div>\n\t\t\t\t<\/a>\n\t\t<\/article>\n\t\t\t\t<article class=\"elementor-portfolio-item elementor-post elementor-filter-119 elementor-filter-115 post-3140 post type-post status-publish format-standard has-post-thumbnail hentry category-musicians category-portfolio\" role=\"listitem\">\n\t\t\t<a class=\"elementor-post__thumbnail__link\" href=\"https:\/\/franksiemers.com\/?p=3140&lang=en\">\n\t\t\t\t<div class=\"elementor-portfolio-item__img elementor-post__thumbnail\">\n\t\t\t<img loading=\"lazy\" decoding=\"async\" width=\"800\" height=\"800\" src=\"https:\/\/franksiemers.com\/wp-content\/uploads\/2025\/05\/clarice-assad-copyright-jazzfrank_FSI2386-2.jpg_FSI2213-2-1024x1024.jpg\" class=\"attachment-large size-large wp-image-2885\" alt=\"Freundliche Frau mit grauem l\u00e4ngerem welligen Haar und schwarzem T-Shirt, die stolz in die Kamera l\u00e4chelt, den Kopf auf die H\u00e4nde gest\u00fctzt, vor schwarzem Hintergrund.\" srcset=\"https:\/\/franksiemers.com\/wp-content\/uploads\/2025\/05\/clarice-assad-copyright-jazzfrank_FSI2386-2.jpg_FSI2213-2-1024x1024.jpg 1024w, https:\/\/franksiemers.com\/wp-content\/uploads\/2025\/05\/clarice-assad-copyright-jazzfrank_FSI2386-2.jpg_FSI2213-2-300x300.jpg 300w, https:\/\/franksiemers.com\/wp-content\/uploads\/2025\/05\/clarice-assad-copyright-jazzfrank_FSI2386-2.jpg_FSI2213-2-150x150.jpg 150w, https:\/\/franksiemers.com\/wp-content\/uploads\/2025\/05\/clarice-assad-copyright-jazzfrank_FSI2386-2.jpg_FSI2213-2-768x768.jpg 768w, https:\/\/franksiemers.com\/wp-content\/uploads\/2025\/05\/clarice-assad-copyright-jazzfrank_FSI2386-2.jpg_FSI2213-2-1536x1536.jpg 1536w, https:\/\/franksiemers.com\/wp-content\/uploads\/2025\/05\/clarice-assad-copyright-jazzfrank_FSI2386-2.jpg_FSI2213-2.jpg 1835w\" sizes=\"(max-width: 800px) 100vw, 800px\" \/>\t\t<\/div>\n\t\t\t\t<div class=\"elementor-portfolio-item__overlay\">\n\t\t\t\t<\/div>\n\t\t\t\t<\/a>\n\t\t<\/article>\n\t\t\t\t<article class=\"elementor-portfolio-item elementor-post elementor-filter-7 elementor-filter-8 post-2172 post type-post status-publish format-standard has-post-thumbnail hentry category-1portfolio category-musikerinnen\" role=\"listitem\">\n\t\t\t<a class=\"elementor-post__thumbnail__link\" href=\"https:\/\/franksiemers.com\/?p=2172\">\n\t\t\t\t<div class=\"elementor-portfolio-item__img elementor-post__thumbnail\">\n\t\t\t<img loading=\"lazy\" decoding=\"async\" width=\"800\" height=\"800\" src=\"https:\/\/franksiemers.com\/wp-content\/uploads\/2025\/05\/clarice-assad-copyright-jazzfrank_FSI2386-2.jpg_FSI2213-2-1024x1024.jpg\" class=\"attachment-large size-large wp-image-2885\" alt=\"Freundliche Frau mit grauem l\u00e4ngerem welligen Haar und schwarzem T-Shirt, die stolz in die Kamera l\u00e4chelt, den Kopf auf die H\u00e4nde gest\u00fctzt, vor schwarzem Hintergrund.\" srcset=\"https:\/\/franksiemers.com\/wp-content\/uploads\/2025\/05\/clarice-assad-copyright-jazzfrank_FSI2386-2.jpg_FSI2213-2-1024x1024.jpg 1024w, https:\/\/franksiemers.com\/wp-content\/uploads\/2025\/05\/clarice-assad-copyright-jazzfrank_FSI2386-2.jpg_FSI2213-2-300x300.jpg 300w, https:\/\/franksiemers.com\/wp-content\/uploads\/2025\/05\/clarice-assad-copyright-jazzfrank_FSI2386-2.jpg_FSI2213-2-150x150.jpg 150w, https:\/\/franksiemers.com\/wp-content\/uploads\/2025\/05\/clarice-assad-copyright-jazzfrank_FSI2386-2.jpg_FSI2213-2-768x768.jpg 768w, https:\/\/franksiemers.com\/wp-content\/uploads\/2025\/05\/clarice-assad-copyright-jazzfrank_FSI2386-2.jpg_FSI2213-2-1536x1536.jpg 1536w, https:\/\/franksiemers.com\/wp-content\/uploads\/2025\/05\/clarice-assad-copyright-jazzfrank_FSI2386-2.jpg_FSI2213-2.jpg 1835w\" sizes=\"(max-width: 800px) 100vw, 800px\" \/>\t\t<\/div>\n\t\t\t\t<div class=\"elementor-portfolio-item__overlay\">\n\t\t\t\t<\/div>\n\t\t\t\t<\/a>\n\t\t<\/article>\n\t\t\t\t<article class=\"elementor-portfolio-item elementor-post elementor-filter-7 elementor-filter-8 post-2129 post type-post status-publish format-standard has-post-thumbnail hentry category-1portfolio category-musikerinnen\" role=\"listitem\">\n\t\t\t<a class=\"elementor-post__thumbnail__link\" href=\"https:\/\/franksiemers.com\/?p=2129\">\n\t\t\t\t<div class=\"elementor-portfolio-item__img elementor-post__thumbnail\">\n\t\t\t<img loading=\"lazy\" decoding=\"async\" width=\"800\" height=\"800\" src=\"https:\/\/franksiemers.com\/wp-content\/uploads\/2025\/05\/dierk-peters-copyright-jazzfrank-frank-siemers_FSI9554-1-1024x1024.jpg\" class=\"attachment-large size-large wp-image-2731\" alt=\"Farbenfrohes Portrait eines Mannes mit Vibraphonkl\u00f6ppeln, die blaue Wollb\u00e4lle an den Spitzen haben, kreativ inszeniert gegen dunklen Hintergrund.\" srcset=\"https:\/\/franksiemers.com\/wp-content\/uploads\/2025\/05\/dierk-peters-copyright-jazzfrank-frank-siemers_FSI9554-1-1024x1024.jpg 1024w, https:\/\/franksiemers.com\/wp-content\/uploads\/2025\/05\/dierk-peters-copyright-jazzfrank-frank-siemers_FSI9554-1-300x300.jpg 300w, https:\/\/franksiemers.com\/wp-content\/uploads\/2025\/05\/dierk-peters-copyright-jazzfrank-frank-siemers_FSI9554-1-150x150.jpg 150w, https:\/\/franksiemers.com\/wp-content\/uploads\/2025\/05\/dierk-peters-copyright-jazzfrank-frank-siemers_FSI9554-1-768x768.jpg 768w, https:\/\/franksiemers.com\/wp-content\/uploads\/2025\/05\/dierk-peters-copyright-jazzfrank-frank-siemers_FSI9554-1-1536x1536.jpg 1536w, https:\/\/franksiemers.com\/wp-content\/uploads\/2025\/05\/dierk-peters-copyright-jazzfrank-frank-siemers_FSI9554-1-2048x2048.jpg 2048w\" sizes=\"(max-width: 800px) 100vw, 800px\" \/>\t\t<\/div>\n\t\t\t\t<div class=\"elementor-portfolio-item__overlay\">\n\t\t\t\t<\/div>\n\t\t\t\t<\/a>\n\t\t<\/article>\n\t\t\t\t<article class=\"elementor-portfolio-item elementor-post elementor-filter-119 elementor-filter-115 post-3164 post type-post status-publish format-standard has-post-thumbnail hentry category-musicians category-portfolio\" role=\"listitem\">\n\t\t\t<a class=\"elementor-post__thumbnail__link\" href=\"https:\/\/franksiemers.com\/?p=3164&lang=en\">\n\t\t\t\t<div class=\"elementor-portfolio-item__img elementor-post__thumbnail\">\n\t\t\t<img loading=\"lazy\" decoding=\"async\" width=\"800\" height=\"800\" src=\"https:\/\/franksiemers.com\/wp-content\/uploads\/2025\/05\/dierk-peters-copyright-jazzfrank-frank-siemers_FSI9554-1-1024x1024.jpg\" class=\"attachment-large size-large wp-image-2731\" alt=\"Farbenfrohes Portrait eines Mannes mit Vibraphonkl\u00f6ppeln, die blaue Wollb\u00e4lle an den Spitzen haben, kreativ inszeniert gegen dunklen Hintergrund.\" srcset=\"https:\/\/franksiemers.com\/wp-content\/uploads\/2025\/05\/dierk-peters-copyright-jazzfrank-frank-siemers_FSI9554-1-1024x1024.jpg 1024w, https:\/\/franksiemers.com\/wp-content\/uploads\/2025\/05\/dierk-peters-copyright-jazzfrank-frank-siemers_FSI9554-1-300x300.jpg 300w, https:\/\/franksiemers.com\/wp-content\/uploads\/2025\/05\/dierk-peters-copyright-jazzfrank-frank-siemers_FSI9554-1-150x150.jpg 150w, https:\/\/franksiemers.com\/wp-content\/uploads\/2025\/05\/dierk-peters-copyright-jazzfrank-frank-siemers_FSI9554-1-768x768.jpg 768w, https:\/\/franksiemers.com\/wp-content\/uploads\/2025\/05\/dierk-peters-copyright-jazzfrank-frank-siemers_FSI9554-1-1536x1536.jpg 1536w, https:\/\/franksiemers.com\/wp-content\/uploads\/2025\/05\/dierk-peters-copyright-jazzfrank-frank-siemers_FSI9554-1-2048x2048.jpg 2048w\" sizes=\"(max-width: 800px) 100vw, 800px\" \/>\t\t<\/div>\n\t\t\t\t<div class=\"elementor-portfolio-item__overlay\">\n\t\t\t\t<\/div>\n\t\t\t\t<\/a>\n\t\t<\/article>\n\t\t\t\t<article class=\"elementor-portfolio-item elementor-post elementor-filter-119 elementor-filter-115 post-3148 post type-post status-publish format-standard has-post-thumbnail hentry category-musicians category-portfolio\" role=\"listitem\">\n\t\t\t<a class=\"elementor-post__thumbnail__link\" href=\"https:\/\/franksiemers.com\/?p=3148&lang=en\">\n\t\t\t\t<div class=\"elementor-portfolio-item__img elementor-post__thumbnail\">\n\t\t\t<img loading=\"lazy\" decoding=\"async\" width=\"800\" height=\"800\" src=\"https:\/\/franksiemers.com\/wp-content\/uploads\/2025\/05\/alex-sipiagin-frank-siemers_FSI4931-1024x1024.jpg\" class=\"attachment-large size-large wp-image-2159\" alt=\"Blasinstrument, professioneller Musiker, sitzt entspannt auf einem Stuhl, h\u00e4lt Trompete in der Hand, tr\u00e4gt dunkle Kleidung, im Hintergrund eine rustikale Wand, Ausdruck von Ruhe und Konzentration.\" srcset=\"https:\/\/franksiemers.com\/wp-content\/uploads\/2025\/05\/alex-sipiagin-frank-siemers_FSI4931-1024x1024.jpg 1024w, https:\/\/franksiemers.com\/wp-content\/uploads\/2025\/05\/alex-sipiagin-frank-siemers_FSI4931-300x300.jpg 300w, https:\/\/franksiemers.com\/wp-content\/uploads\/2025\/05\/alex-sipiagin-frank-siemers_FSI4931-150x150.jpg 150w, https:\/\/franksiemers.com\/wp-content\/uploads\/2025\/05\/alex-sipiagin-frank-siemers_FSI4931-768x768.jpg 768w, https:\/\/franksiemers.com\/wp-content\/uploads\/2025\/05\/alex-sipiagin-frank-siemers_FSI4931-1536x1536.jpg 1536w, https:\/\/franksiemers.com\/wp-content\/uploads\/2025\/05\/alex-sipiagin-frank-siemers_FSI4931-2048x2048.jpg 2048w\" sizes=\"(max-width: 800px) 100vw, 800px\" \/>\t\t<\/div>\n\t\t\t\t<div class=\"elementor-portfolio-item__overlay\">\n\t\t\t\t<\/div>\n\t\t\t\t<\/a>\n\t\t<\/article>\n\t\t\t\t<article class=\"elementor-portfolio-item elementor-post elementor-filter-7 elementor-filter-8 post-2158 post type-post status-publish format-standard has-post-thumbnail hentry category-1portfolio category-musikerinnen\" role=\"listitem\">\n\t\t\t<a class=\"elementor-post__thumbnail__link\" href=\"https:\/\/franksiemers.com\/?p=2158\">\n\t\t\t\t<div class=\"elementor-portfolio-item__img elementor-post__thumbnail\">\n\t\t\t<img loading=\"lazy\" decoding=\"async\" width=\"800\" height=\"800\" src=\"https:\/\/franksiemers.com\/wp-content\/uploads\/2025\/05\/alex-sipiagin-frank-siemers_FSI4931-1024x1024.jpg\" class=\"attachment-large size-large wp-image-2159\" alt=\"Blasinstrument, professioneller Musiker, sitzt entspannt auf einem Stuhl, h\u00e4lt Trompete in der Hand, tr\u00e4gt dunkle Kleidung, im Hintergrund eine rustikale Wand, Ausdruck von Ruhe und Konzentration.\" srcset=\"https:\/\/franksiemers.com\/wp-content\/uploads\/2025\/05\/alex-sipiagin-frank-siemers_FSI4931-1024x1024.jpg 1024w, https:\/\/franksiemers.com\/wp-content\/uploads\/2025\/05\/alex-sipiagin-frank-siemers_FSI4931-300x300.jpg 300w, https:\/\/franksiemers.com\/wp-content\/uploads\/2025\/05\/alex-sipiagin-frank-siemers_FSI4931-150x150.jpg 150w, https:\/\/franksiemers.com\/wp-content\/uploads\/2025\/05\/alex-sipiagin-frank-siemers_FSI4931-768x768.jpg 768w, https:\/\/franksiemers.com\/wp-content\/uploads\/2025\/05\/alex-sipiagin-frank-siemers_FSI4931-1536x1536.jpg 1536w, https:\/\/franksiemers.com\/wp-content\/uploads\/2025\/05\/alex-sipiagin-frank-siemers_FSI4931-2048x2048.jpg 2048w\" sizes=\"(max-width: 800px) 100vw, 800px\" \/>\t\t<\/div>\n\t\t\t\t<div class=\"elementor-portfolio-item__overlay\">\n\t\t\t\t<\/div>\n\t\t\t\t<\/a>\n\t\t<\/article>\n\t\t\t\t<article class=\"elementor-portfolio-item elementor-post elementor-filter-7 elementor-filter-8 post-2113 post type-post status-publish format-standard has-post-thumbnail hentry category-1portfolio category-musikerinnen\" role=\"listitem\">\n\t\t\t<a class=\"elementor-post__thumbnail__link\" href=\"https:\/\/franksiemers.com\/?p=2113\">\n\t\t\t\t<div class=\"elementor-portfolio-item__img elementor-post__thumbnail\">\n\t\t\t<img loading=\"lazy\" decoding=\"async\" width=\"800\" height=\"800\" src=\"https:\/\/franksiemers.com\/wp-content\/uploads\/2025\/05\/heinrich-koebberling-copyright-jazzfrank-frank-siemers20220225-_FSI7543-1024x1024.jpg\" class=\"attachment-large size-large wp-image-2114\" alt=\"Bitte in deutscher Sprache schreiben..\" srcset=\"https:\/\/franksiemers.com\/wp-content\/uploads\/2025\/05\/heinrich-koebberling-copyright-jazzfrank-frank-siemers20220225-_FSI7543-1024x1024.jpg 1024w, https:\/\/franksiemers.com\/wp-content\/uploads\/2025\/05\/heinrich-koebberling-copyright-jazzfrank-frank-siemers20220225-_FSI7543-300x300.jpg 300w, https:\/\/franksiemers.com\/wp-content\/uploads\/2025\/05\/heinrich-koebberling-copyright-jazzfrank-frank-siemers20220225-_FSI7543-150x150.jpg 150w, https:\/\/franksiemers.com\/wp-content\/uploads\/2025\/05\/heinrich-koebberling-copyright-jazzfrank-frank-siemers20220225-_FSI7543-768x768.jpg 768w, https:\/\/franksiemers.com\/wp-content\/uploads\/2025\/05\/heinrich-koebberling-copyright-jazzfrank-frank-siemers20220225-_FSI7543-1536x1536.jpg 1536w, https:\/\/franksiemers.com\/wp-content\/uploads\/2025\/05\/heinrich-koebberling-copyright-jazzfrank-frank-siemers20220225-_FSI7543-2048x2048.jpg 2048w\" sizes=\"(max-width: 800px) 100vw, 800px\" \/>\t\t<\/div>\n\t\t\t\t<div class=\"elementor-portfolio-item__overlay\">\n\t\t\t\t<\/div>\n\t\t\t\t<\/a>\n\t\t<\/article>\n\t\t\t\t<article class=\"elementor-portfolio-item elementor-post elementor-filter-119 elementor-filter-115 post-3174 post type-post status-publish format-standard has-post-thumbnail hentry category-musicians category-portfolio\" role=\"listitem\">\n\t\t\t<a class=\"elementor-post__thumbnail__link\" href=\"https:\/\/franksiemers.com\/?p=3174&lang=en\">\n\t\t\t\t<div class=\"elementor-portfolio-item__img elementor-post__thumbnail\">\n\t\t\t<img loading=\"lazy\" decoding=\"async\" width=\"800\" height=\"800\" src=\"https:\/\/franksiemers.com\/wp-content\/uploads\/2025\/05\/heinrich-koebberling-copyright-jazzfrank-frank-siemers20220225-_FSI7543-1024x1024.jpg\" class=\"attachment-large size-large wp-image-2114\" alt=\"Bitte in deutscher Sprache schreiben..\" srcset=\"https:\/\/franksiemers.com\/wp-content\/uploads\/2025\/05\/heinrich-koebberling-copyright-jazzfrank-frank-siemers20220225-_FSI7543-1024x1024.jpg 1024w, https:\/\/franksiemers.com\/wp-content\/uploads\/2025\/05\/heinrich-koebberling-copyright-jazzfrank-frank-siemers20220225-_FSI7543-300x300.jpg 300w, https:\/\/franksiemers.com\/wp-content\/uploads\/2025\/05\/heinrich-koebberling-copyright-jazzfrank-frank-siemers20220225-_FSI7543-150x150.jpg 150w, https:\/\/franksiemers.com\/wp-content\/uploads\/2025\/05\/heinrich-koebberling-copyright-jazzfrank-frank-siemers20220225-_FSI7543-768x768.jpg 768w, https:\/\/franksiemers.com\/wp-content\/uploads\/2025\/05\/heinrich-koebberling-copyright-jazzfrank-frank-siemers20220225-_FSI7543-1536x1536.jpg 1536w, https:\/\/franksiemers.com\/wp-content\/uploads\/2025\/05\/heinrich-koebberling-copyright-jazzfrank-frank-siemers20220225-_FSI7543-2048x2048.jpg 2048w\" sizes=\"(max-width: 800px) 100vw, 800px\" \/>\t\t<\/div>\n\t\t\t\t<div class=\"elementor-portfolio-item__overlay\">\n\t\t\t\t<\/div>\n\t\t\t\t<\/a>\n\t\t<\/article>\n\t\t\t\t<article class=\"elementor-portfolio-item elementor-post elementor-filter-117 elementor-filter-119 post-3076 post type-post status-publish format-standard has-post-thumbnail hentry category-branding-en category-musicians\" role=\"listitem\">\n\t\t\t<a class=\"elementor-post__thumbnail__link\" href=\"https:\/\/franksiemers.com\/?p=3076&lang=en\">\n\t\t\t\t<div class=\"elementor-portfolio-item__img elementor-post__thumbnail\">\n\t\t\t<img loading=\"lazy\" decoding=\"async\" width=\"800\" height=\"800\" src=\"https:\/\/franksiemers.com\/wp-content\/uploads\/2025\/07\/achim-seifert_FSI7406-1024x1024.jpg\" class=\"attachment-large size-large wp-image-2503\" alt=\"Portr\u00e4t in einem dunklen, k\u00fcnstlerischen Licht, das den Mann vor einer wei\u00dfen Wand hervorhebt.\" srcset=\"https:\/\/franksiemers.com\/wp-content\/uploads\/2025\/07\/achim-seifert_FSI7406-1024x1024.jpg 1024w, https:\/\/franksiemers.com\/wp-content\/uploads\/2025\/07\/achim-seifert_FSI7406-300x300.jpg 300w, https:\/\/franksiemers.com\/wp-content\/uploads\/2025\/07\/achim-seifert_FSI7406-150x150.jpg 150w, https:\/\/franksiemers.com\/wp-content\/uploads\/2025\/07\/achim-seifert_FSI7406-768x768.jpg 768w, https:\/\/franksiemers.com\/wp-content\/uploads\/2025\/07\/achim-seifert_FSI7406-1536x1536.jpg 1536w, https:\/\/franksiemers.com\/wp-content\/uploads\/2025\/07\/achim-seifert_FSI7406-2048x2048.jpg 2048w\" sizes=\"(max-width: 800px) 100vw, 800px\" \/>\t\t<\/div>\n\t\t\t\t<div class=\"elementor-portfolio-item__overlay\">\n\t\t\t\t<\/div>\n\t\t\t\t<\/a>\n\t\t<\/article>\n\t\t\t\t<article class=\"elementor-portfolio-item elementor-post elementor-filter-9 elementor-filter-8 post-2502 post type-post status-publish format-standard has-post-thumbnail hentry category-branding category-musikerinnen\" role=\"listitem\">\n\t\t\t<a class=\"elementor-post__thumbnail__link\" href=\"https:\/\/franksiemers.com\/?p=2502\">\n\t\t\t\t<div class=\"elementor-portfolio-item__img elementor-post__thumbnail\">\n\t\t\t<img loading=\"lazy\" decoding=\"async\" width=\"800\" height=\"800\" src=\"https:\/\/franksiemers.com\/wp-content\/uploads\/2025\/07\/achim-seifert_FSI7406-1024x1024.jpg\" class=\"attachment-large size-large wp-image-2503\" alt=\"Portr\u00e4t in einem dunklen, k\u00fcnstlerischen Licht, das den Mann vor einer wei\u00dfen Wand hervorhebt.\" srcset=\"https:\/\/franksiemers.com\/wp-content\/uploads\/2025\/07\/achim-seifert_FSI7406-1024x1024.jpg 1024w, https:\/\/franksiemers.com\/wp-content\/uploads\/2025\/07\/achim-seifert_FSI7406-300x300.jpg 300w, https:\/\/franksiemers.com\/wp-content\/uploads\/2025\/07\/achim-seifert_FSI7406-150x150.jpg 150w, https:\/\/franksiemers.com\/wp-content\/uploads\/2025\/07\/achim-seifert_FSI7406-768x768.jpg 768w, https:\/\/franksiemers.com\/wp-content\/uploads\/2025\/07\/achim-seifert_FSI7406-1536x1536.jpg 1536w, https:\/\/franksiemers.com\/wp-content\/uploads\/2025\/07\/achim-seifert_FSI7406-2048x2048.jpg 2048w\" sizes=\"(max-width: 800px) 100vw, 800px\" \/>\t\t<\/div>\n\t\t\t\t<div class=\"elementor-portfolio-item__overlay\">\n\t\t\t\t<\/div>\n\t\t\t\t<\/a>\n\t\t<\/article>\n\t\t\t\t<article class=\"elementor-portfolio-item elementor-post elementor-filter-8 post-2085 post type-post status-publish format-standard has-post-thumbnail hentry category-musikerinnen\" role=\"listitem\">\n\t\t\t<a class=\"elementor-post__thumbnail__link\" href=\"https:\/\/franksiemers.com\/?p=2085\">\n\t\t\t\t<div class=\"elementor-portfolio-item__img elementor-post__thumbnail\">\n\t\t\t<img loading=\"lazy\" decoding=\"async\" width=\"800\" height=\"640\" src=\"https:\/\/franksiemers.com\/wp-content\/uploads\/2025\/05\/alex-von-schlippenbach-trio-copyright-Frank-Siemers_FSI3315-1024x819.jpg\" class=\"attachment-large size-large wp-image-2086\" alt=\"Der alte Mann mit grauem, zerzaustem Haar und einem nachdenklichen Ausdruck auf seinem Gesicht, tr\u00e4gt dunkle Kleidung und sitzt in einem dunklen Raum.\" srcset=\"https:\/\/franksiemers.com\/wp-content\/uploads\/2025\/05\/alex-von-schlippenbach-trio-copyright-Frank-Siemers_FSI3315-1024x819.jpg 1024w, https:\/\/franksiemers.com\/wp-content\/uploads\/2025\/05\/alex-von-schlippenbach-trio-copyright-Frank-Siemers_FSI3315-300x240.jpg 300w, https:\/\/franksiemers.com\/wp-content\/uploads\/2025\/05\/alex-von-schlippenbach-trio-copyright-Frank-Siemers_FSI3315-768x615.jpg 768w, https:\/\/franksiemers.com\/wp-content\/uploads\/2025\/05\/alex-von-schlippenbach-trio-copyright-Frank-Siemers_FSI3315.jpg 1417w\" sizes=\"(max-width: 800px) 100vw, 800px\" \/>\t\t<\/div>\n\t\t\t\t<div class=\"elementor-portfolio-item__overlay\">\n\t\t\t\t<\/div>\n\t\t\t\t<\/a>\n\t\t<\/article>\n\t\t\t\t<article class=\"elementor-portfolio-item elementor-post elementor-filter-119 post-3190 post type-post status-publish format-standard has-post-thumbnail hentry category-musicians\" role=\"listitem\">\n\t\t\t<a class=\"elementor-post__thumbnail__link\" href=\"https:\/\/franksiemers.com\/?p=3190&lang=en\">\n\t\t\t\t<div class=\"elementor-portfolio-item__img elementor-post__thumbnail\">\n\t\t\t<img loading=\"lazy\" decoding=\"async\" width=\"800\" height=\"640\" src=\"https:\/\/franksiemers.com\/wp-content\/uploads\/2025\/05\/alex-von-schlippenbach-trio-copyright-Frank-Siemers_FSI3315-1024x819.jpg\" class=\"attachment-large size-large wp-image-2086\" alt=\"Der alte Mann mit grauem, zerzaustem Haar und einem nachdenklichen Ausdruck auf seinem Gesicht, tr\u00e4gt dunkle Kleidung und sitzt in einem dunklen Raum.\" srcset=\"https:\/\/franksiemers.com\/wp-content\/uploads\/2025\/05\/alex-von-schlippenbach-trio-copyright-Frank-Siemers_FSI3315-1024x819.jpg 1024w, https:\/\/franksiemers.com\/wp-content\/uploads\/2025\/05\/alex-von-schlippenbach-trio-copyright-Frank-Siemers_FSI3315-300x240.jpg 300w, https:\/\/franksiemers.com\/wp-content\/uploads\/2025\/05\/alex-von-schlippenbach-trio-copyright-Frank-Siemers_FSI3315-768x615.jpg 768w, https:\/\/franksiemers.com\/wp-content\/uploads\/2025\/05\/alex-von-schlippenbach-trio-copyright-Frank-Siemers_FSI3315.jpg 1417w\" sizes=\"(max-width: 800px) 100vw, 800px\" \/>\t\t<\/div>\n\t\t\t\t<div class=\"elementor-portfolio-item__overlay\">\n\t\t\t\t<\/div>\n\t\t\t\t<\/a>\n\t\t<\/article>\n\t\t\t\t<article class=\"elementor-portfolio-item elementor-post elementor-filter-6 post-2873 post type-post status-publish format-standard has-post-thumbnail hentry category-personalities\" role=\"listitem\">\n\t\t\t<a class=\"elementor-post__thumbnail__link\" href=\"https:\/\/franksiemers.com\/?p=2873\">\n\t\t\t\t<div class=\"elementor-portfolio-item__img elementor-post__thumbnail\">\n\t\t\t<img loading=\"lazy\" decoding=\"async\" width=\"800\" height=\"800\" src=\"https:\/\/franksiemers.com\/wp-content\/uploads\/2025\/09\/Anne-Holt-01-1024x1024.jpg\" class=\"attachment-large size-large wp-image-2874\" alt=\"Aussenaufnahme einer Frau in einer schwarzen Jacke vor einem Wasserlauf in Oslo, im Hintergrund alte Backsteingeb\u00e4ude bei D\u00e4mmerung, professionelle Portraitfotografie von Frank Siemers, die norwegische Autorin Anne Holt.\" srcset=\"https:\/\/franksiemers.com\/wp-content\/uploads\/2025\/09\/Anne-Holt-01-1024x1024.jpg 1024w, https:\/\/franksiemers.com\/wp-content\/uploads\/2025\/09\/Anne-Holt-01-300x300.jpg 300w, https:\/\/franksiemers.com\/wp-content\/uploads\/2025\/09\/Anne-Holt-01-150x150.jpg 150w, https:\/\/franksiemers.com\/wp-content\/uploads\/2025\/09\/Anne-Holt-01-768x769.jpg 768w, https:\/\/franksiemers.com\/wp-content\/uploads\/2025\/09\/Anne-Holt-01.jpg 1420w\" sizes=\"(max-width: 800px) 100vw, 800px\" \/>\t\t<\/div>\n\t\t\t\t<div class=\"elementor-portfolio-item__overlay\">\n\t\t\t\t<\/div>\n\t\t\t\t<\/a>\n\t\t<\/article>\n\t\t\t\t<article class=\"elementor-portfolio-item elementor-post elementor-filter-121 post-3069 post type-post status-publish format-standard has-post-thumbnail hentry category-personalities-en\" role=\"listitem\">\n\t\t\t<a class=\"elementor-post__thumbnail__link\" href=\"https:\/\/franksiemers.com\/?p=3069&lang=en\">\n\t\t\t\t<div class=\"elementor-portfolio-item__img elementor-post__thumbnail\">\n\t\t\t<img loading=\"lazy\" decoding=\"async\" width=\"800\" height=\"800\" src=\"https:\/\/franksiemers.com\/wp-content\/uploads\/2025\/09\/Anne-Holt-01-1024x1024.jpg\" class=\"attachment-large size-large wp-image-2874\" alt=\"Aussenaufnahme einer Frau in einer schwarzen Jacke vor einem Wasserlauf in Oslo, im Hintergrund alte Backsteingeb\u00e4ude bei D\u00e4mmerung, professionelle Portraitfotografie von Frank Siemers, die norwegische Autorin Anne Holt.\" srcset=\"https:\/\/franksiemers.com\/wp-content\/uploads\/2025\/09\/Anne-Holt-01-1024x1024.jpg 1024w, https:\/\/franksiemers.com\/wp-content\/uploads\/2025\/09\/Anne-Holt-01-300x300.jpg 300w, https:\/\/franksiemers.com\/wp-content\/uploads\/2025\/09\/Anne-Holt-01-150x150.jpg 150w, https:\/\/franksiemers.com\/wp-content\/uploads\/2025\/09\/Anne-Holt-01-768x769.jpg 768w, https:\/\/franksiemers.com\/wp-content\/uploads\/2025\/09\/Anne-Holt-01.jpg 1420w\" sizes=\"(max-width: 800px) 100vw, 800px\" \/>\t\t<\/div>\n\t\t\t\t<div class=\"elementor-portfolio-item__overlay\">\n\t\t\t\t<\/div>\n\t\t\t\t<\/a>\n\t\t<\/article>\n\t\t\t\t<article class=\"elementor-portfolio-item elementor-post elementor-filter-117 post-3104 post type-post status-publish format-standard has-post-thumbnail hentry category-branding-en\" role=\"listitem\">\n\t\t\t<a class=\"elementor-post__thumbnail__link\" href=\"https:\/\/franksiemers.com\/?p=3104&lang=en\">\n\t\t\t\t<div class=\"elementor-portfolio-item__img elementor-post__thumbnail\">\n\t\t\t<img loading=\"lazy\" decoding=\"async\" width=\"800\" height=\"640\" src=\"https:\/\/franksiemers.com\/wp-content\/uploads\/2025\/05\/anne_FSI0566-1-1024x819.jpg\" class=\"attachment-large size-large wp-image-2232\" alt=\"Attraktives Portr\u00e4t einer Frau mit lockigem Haar und Brille, sitzend in einem hellen Raum, professionell fotografiert von Frank Siemers.\" srcset=\"https:\/\/franksiemers.com\/wp-content\/uploads\/2025\/05\/anne_FSI0566-1-1024x819.jpg 1024w, https:\/\/franksiemers.com\/wp-content\/uploads\/2025\/05\/anne_FSI0566-1-300x240.jpg 300w, https:\/\/franksiemers.com\/wp-content\/uploads\/2025\/05\/anne_FSI0566-1-768x614.jpg 768w, https:\/\/franksiemers.com\/wp-content\/uploads\/2025\/05\/anne_FSI0566-1-1536x1229.jpg 1536w, https:\/\/franksiemers.com\/wp-content\/uploads\/2025\/05\/anne_FSI0566-1.jpg 2000w\" sizes=\"(max-width: 800px) 100vw, 800px\" \/>\t\t<\/div>\n\t\t\t\t<div class=\"elementor-portfolio-item__overlay\">\n\t\t\t\t<\/div>\n\t\t\t\t<\/a>\n\t\t<\/article>\n\t\t\t\t<article class=\"elementor-portfolio-item elementor-post elementor-filter-9 post-2231 post type-post status-publish format-standard has-post-thumbnail hentry category-branding\" role=\"listitem\">\n\t\t\t<a class=\"elementor-post__thumbnail__link\" href=\"https:\/\/franksiemers.com\/?p=2231\">\n\t\t\t\t<div class=\"elementor-portfolio-item__img elementor-post__thumbnail\">\n\t\t\t<img loading=\"lazy\" decoding=\"async\" width=\"800\" height=\"640\" src=\"https:\/\/franksiemers.com\/wp-content\/uploads\/2025\/05\/anne_FSI0566-1-1024x819.jpg\" class=\"attachment-large size-large wp-image-2232\" alt=\"Attraktives Portr\u00e4t einer Frau mit lockigem Haar und Brille, sitzend in einem hellen Raum, professionell fotografiert von Frank Siemers.\" srcset=\"https:\/\/franksiemers.com\/wp-content\/uploads\/2025\/05\/anne_FSI0566-1-1024x819.jpg 1024w, https:\/\/franksiemers.com\/wp-content\/uploads\/2025\/05\/anne_FSI0566-1-300x240.jpg 300w, https:\/\/franksiemers.com\/wp-content\/uploads\/2025\/05\/anne_FSI0566-1-768x614.jpg 768w, https:\/\/franksiemers.com\/wp-content\/uploads\/2025\/05\/anne_FSI0566-1-1536x1229.jpg 1536w, https:\/\/franksiemers.com\/wp-content\/uploads\/2025\/05\/anne_FSI0566-1.jpg 2000w\" sizes=\"(max-width: 800px) 100vw, 800px\" \/>\t\t<\/div>\n\t\t\t\t<div class=\"elementor-portfolio-item__overlay\">\n\t\t\t\t<\/div>\n\t\t\t\t<\/a>\n\t\t<\/article>\n\t\t\t\t<article class=\"elementor-portfolio-item elementor-post elementor-filter-117 post-3116 post type-post status-publish format-standard has-post-thumbnail hentry category-branding-en\" role=\"listitem\">\n\t\t\t<a class=\"elementor-post__thumbnail__link\" href=\"https:\/\/franksiemers.com\/?p=3116&lang=en\">\n\t\t\t\t<div class=\"elementor-portfolio-item__img elementor-post__thumbnail\">\n\t\t\t<img loading=\"lazy\" decoding=\"async\" width=\"800\" height=\"640\" src=\"https:\/\/franksiemers.com\/wp-content\/uploads\/2025\/05\/aramea_FSI1350-1024x819.jpg\" class=\"attachment-large size-large wp-image-2210\" alt=\"Hochwertiger Businessportr\u00e4tfotografie eines Mannes in einem modernen B\u00fcro, der professionell im Anzug an seinem Arbeitsplatz sitzt.\" srcset=\"https:\/\/franksiemers.com\/wp-content\/uploads\/2025\/05\/aramea_FSI1350-1024x819.jpg 1024w, https:\/\/franksiemers.com\/wp-content\/uploads\/2025\/05\/aramea_FSI1350-300x240.jpg 300w, https:\/\/franksiemers.com\/wp-content\/uploads\/2025\/05\/aramea_FSI1350-768x614.jpg 768w, https:\/\/franksiemers.com\/wp-content\/uploads\/2025\/05\/aramea_FSI1350-1536x1229.jpg 1536w, https:\/\/franksiemers.com\/wp-content\/uploads\/2025\/05\/aramea_FSI1350.jpg 1575w\" sizes=\"(max-width: 800px) 100vw, 800px\" \/>\t\t<\/div>\n\t\t\t\t<div class=\"elementor-portfolio-item__overlay\">\n\t\t\t\t<\/div>\n\t\t\t\t<\/a>\n\t\t<\/article>\n\t\t\t\t<article class=\"elementor-portfolio-item elementor-post elementor-filter-9 post-2209 post type-post status-publish format-standard has-post-thumbnail hentry category-branding\" role=\"listitem\">\n\t\t\t<a class=\"elementor-post__thumbnail__link\" href=\"https:\/\/franksiemers.com\/?p=2209\">\n\t\t\t\t<div class=\"elementor-portfolio-item__img elementor-post__thumbnail\">\n\t\t\t<img loading=\"lazy\" decoding=\"async\" width=\"800\" height=\"640\" src=\"https:\/\/franksiemers.com\/wp-content\/uploads\/2025\/05\/aramea_FSI1350-1024x819.jpg\" class=\"attachment-large size-large wp-image-2210\" alt=\"Hochwertiger Businessportr\u00e4tfotografie eines Mannes in einem modernen B\u00fcro, der professionell im Anzug an seinem Arbeitsplatz sitzt.\" srcset=\"https:\/\/franksiemers.com\/wp-content\/uploads\/2025\/05\/aramea_FSI1350-1024x819.jpg 1024w, https:\/\/franksiemers.com\/wp-content\/uploads\/2025\/05\/aramea_FSI1350-300x240.jpg 300w, https:\/\/franksiemers.com\/wp-content\/uploads\/2025\/05\/aramea_FSI1350-768x614.jpg 768w, https:\/\/franksiemers.com\/wp-content\/uploads\/2025\/05\/aramea_FSI1350-1536x1229.jpg 1536w, https:\/\/franksiemers.com\/wp-content\/uploads\/2025\/05\/aramea_FSI1350.jpg 1575w\" sizes=\"(max-width: 800px) 100vw, 800px\" \/>\t\t<\/div>\n\t\t\t\t<div class=\"elementor-portfolio-item__overlay\">\n\t\t\t\t<\/div>\n\t\t\t\t<\/a>\n\t\t<\/article>\n\t\t\t\t<article class=\"elementor-portfolio-item elementor-post elementor-filter-117 elementor-filter-115 post-3118 post type-post status-publish format-standard has-post-thumbnail hentry category-branding-en category-portfolio\" role=\"listitem\">\n\t\t\t<a class=\"elementor-post__thumbnail__link\" href=\"https:\/\/franksiemers.com\/?p=3118&lang=en\">\n\t\t\t\t<div class=\"elementor-portfolio-item__img elementor-post__thumbnail\">\n\t\t\t<img loading=\"lazy\" decoding=\"async\" width=\"800\" height=\"640\" src=\"https:\/\/franksiemers.com\/wp-content\/uploads\/2025\/05\/aramea_FSI8367-1024x819.jpg\" class=\"attachment-large size-large wp-image-2207\" alt=\"Hochwertiger Portraitfotografie eines professionellen Frauen in einem modernen B\u00fcro.\" srcset=\"https:\/\/franksiemers.com\/wp-content\/uploads\/2025\/05\/aramea_FSI8367-1024x819.jpg 1024w, https:\/\/franksiemers.com\/wp-content\/uploads\/2025\/05\/aramea_FSI8367-300x240.jpg 300w, https:\/\/franksiemers.com\/wp-content\/uploads\/2025\/05\/aramea_FSI8367-768x614.jpg 768w, https:\/\/franksiemers.com\/wp-content\/uploads\/2025\/05\/aramea_FSI8367-1536x1229.jpg 1536w, https:\/\/franksiemers.com\/wp-content\/uploads\/2025\/05\/aramea_FSI8367.jpg 1575w\" sizes=\"(max-width: 800px) 100vw, 800px\" \/>\t\t<\/div>\n\t\t\t\t<div class=\"elementor-portfolio-item__overlay\">\n\t\t\t\t<\/div>\n\t\t\t\t<\/a>\n\t\t<\/article>\n\t\t\t\t<article class=\"elementor-portfolio-item elementor-post elementor-filter-7 elementor-filter-9 post-2206 post type-post status-publish format-standard has-post-thumbnail hentry category-1portfolio category-branding\" role=\"listitem\">\n\t\t\t<a class=\"elementor-post__thumbnail__link\" href=\"https:\/\/franksiemers.com\/?p=2206\">\n\t\t\t\t<div class=\"elementor-portfolio-item__img elementor-post__thumbnail\">\n\t\t\t<img loading=\"lazy\" decoding=\"async\" width=\"800\" height=\"640\" src=\"https:\/\/franksiemers.com\/wp-content\/uploads\/2025\/05\/aramea_FSI8367-1024x819.jpg\" class=\"attachment-large size-large wp-image-2207\" alt=\"Hochwertiger Portraitfotografie eines professionellen Frauen in einem modernen B\u00fcro.\" srcset=\"https:\/\/franksiemers.com\/wp-content\/uploads\/2025\/05\/aramea_FSI8367-1024x819.jpg 1024w, https:\/\/franksiemers.com\/wp-content\/uploads\/2025\/05\/aramea_FSI8367-300x240.jpg 300w, https:\/\/franksiemers.com\/wp-content\/uploads\/2025\/05\/aramea_FSI8367-768x614.jpg 768w, https:\/\/franksiemers.com\/wp-content\/uploads\/2025\/05\/aramea_FSI8367-1536x1229.jpg 1536w, https:\/\/franksiemers.com\/wp-content\/uploads\/2025\/05\/aramea_FSI8367.jpg 1575w\" sizes=\"(max-width: 800px) 100vw, 800px\" \/>\t\t<\/div>\n\t\t\t\t<div class=\"elementor-portfolio-item__overlay\">\n\t\t\t\t<\/div>\n\t\t\t\t<\/a>\n\t\t<\/article>\n\t\t\t\t<article class=\"elementor-portfolio-item elementor-post elementor-filter-9 post-2886 post type-post status-publish format-standard has-post-thumbnail hentry category-branding\" role=\"listitem\">\n\t\t\t<a class=\"elementor-post__thumbnail__link\" href=\"https:\/\/franksiemers.com\/?p=2886\">\n\t\t\t\t<div class=\"elementor-portfolio-item__img elementor-post__thumbnail\">\n\t\t\t<img loading=\"lazy\" decoding=\"async\" width=\"800\" height=\"534\" src=\"https:\/\/franksiemers.com\/wp-content\/uploads\/2025\/09\/beatrice-asare-copyright-jazzfrank_FSI5659-2_p-1024x683.jpg\" class=\"attachment-large size-large wp-image-2889\" alt=\"Nat\u00fcrliche Portraitaufnahme einer jungen Frau in gelber Jeans Jacke vor hellem Hintergrund, professionelles Fotografie-Portfolio, Hamburg, Deutschland.\" srcset=\"https:\/\/franksiemers.com\/wp-content\/uploads\/2025\/09\/beatrice-asare-copyright-jazzfrank_FSI5659-2_p-1024x683.jpg 1024w, https:\/\/franksiemers.com\/wp-content\/uploads\/2025\/09\/beatrice-asare-copyright-jazzfrank_FSI5659-2_p-300x200.jpg 300w, https:\/\/franksiemers.com\/wp-content\/uploads\/2025\/09\/beatrice-asare-copyright-jazzfrank_FSI5659-2_p-768x512.jpg 768w, https:\/\/franksiemers.com\/wp-content\/uploads\/2025\/09\/beatrice-asare-copyright-jazzfrank_FSI5659-2_p-1536x1024.jpg 1536w, https:\/\/franksiemers.com\/wp-content\/uploads\/2025\/09\/beatrice-asare-copyright-jazzfrank_FSI5659-2_p-2048x1365.jpg 2048w\" sizes=\"(max-width: 800px) 100vw, 800px\" \/>\t\t<\/div>\n\t\t\t\t<div class=\"elementor-portfolio-item__overlay\">\n\t\t\t\t<\/div>\n\t\t\t\t<\/a>\n\t\t<\/article>\n\t\t\t\t<article class=\"elementor-portfolio-item elementor-post elementor-filter-117 post-3067 post type-post status-publish format-standard has-post-thumbnail hentry category-branding-en\" role=\"listitem\">\n\t\t\t<a class=\"elementor-post__thumbnail__link\" href=\"https:\/\/franksiemers.com\/?p=3067&lang=en\">\n\t\t\t\t<div class=\"elementor-portfolio-item__img elementor-post__thumbnail\">\n\t\t\t<img loading=\"lazy\" decoding=\"async\" width=\"800\" height=\"534\" src=\"https:\/\/franksiemers.com\/wp-content\/uploads\/2025\/09\/beatrice-asare-copyright-jazzfrank_FSI5659-2_p-1024x683.jpg\" class=\"attachment-large size-large wp-image-2889\" alt=\"Nat\u00fcrliche Portraitaufnahme einer jungen Frau in gelber Jeans Jacke vor hellem Hintergrund, professionelles Fotografie-Portfolio, Hamburg, Deutschland.\" srcset=\"https:\/\/franksiemers.com\/wp-content\/uploads\/2025\/09\/beatrice-asare-copyright-jazzfrank_FSI5659-2_p-1024x683.jpg 1024w, https:\/\/franksiemers.com\/wp-content\/uploads\/2025\/09\/beatrice-asare-copyright-jazzfrank_FSI5659-2_p-300x200.jpg 300w, https:\/\/franksiemers.com\/wp-content\/uploads\/2025\/09\/beatrice-asare-copyright-jazzfrank_FSI5659-2_p-768x512.jpg 768w, https:\/\/franksiemers.com\/wp-content\/uploads\/2025\/09\/beatrice-asare-copyright-jazzfrank_FSI5659-2_p-1536x1024.jpg 1536w, https:\/\/franksiemers.com\/wp-content\/uploads\/2025\/09\/beatrice-asare-copyright-jazzfrank_FSI5659-2_p-2048x1365.jpg 2048w\" sizes=\"(max-width: 800px) 100vw, 800px\" \/>\t\t<\/div>\n\t\t\t\t<div class=\"elementor-portfolio-item__overlay\">\n\t\t\t\t<\/div>\n\t\t\t\t<\/a>\n\t\t<\/article>\n\t\t\t\t<article class=\"elementor-portfolio-item elementor-post elementor-filter-8 post-2890 post type-post status-publish format-standard has-post-thumbnail hentry category-musikerinnen\" role=\"listitem\">\n\t\t\t<a class=\"elementor-post__thumbnail__link\" href=\"https:\/\/franksiemers.com\/?p=2890\">\n\t\t\t\t<div class=\"elementor-portfolio-item__img elementor-post__thumbnail\">\n\t\t\t<img loading=\"lazy\" decoding=\"async\" width=\"800\" height=\"800\" src=\"https:\/\/franksiemers.com\/wp-content\/uploads\/2025\/09\/bill-frisell-copyright-jazzfrank_FSI1637-1024x1024.jpg\" class=\"attachment-large size-large wp-image-2891\" alt=\"Hochwertiges Schwarz-Wei\u00df-Portr\u00e4t eines \u00e4lteren Mannes mit schwarzen Brillengl\u00e4sern und wei\u00dfem Haar, der freundlich l\u00e4chelt und direkt in die Kamera schaut.\" srcset=\"https:\/\/franksiemers.com\/wp-content\/uploads\/2025\/09\/bill-frisell-copyright-jazzfrank_FSI1637-1024x1024.jpg 1024w, https:\/\/franksiemers.com\/wp-content\/uploads\/2025\/09\/bill-frisell-copyright-jazzfrank_FSI1637-300x300.jpg 300w, https:\/\/franksiemers.com\/wp-content\/uploads\/2025\/09\/bill-frisell-copyright-jazzfrank_FSI1637-150x150.jpg 150w, https:\/\/franksiemers.com\/wp-content\/uploads\/2025\/09\/bill-frisell-copyright-jazzfrank_FSI1637-768x768.jpg 768w, https:\/\/franksiemers.com\/wp-content\/uploads\/2025\/09\/bill-frisell-copyright-jazzfrank_FSI1637-1536x1536.jpg 1536w, https:\/\/franksiemers.com\/wp-content\/uploads\/2025\/09\/bill-frisell-copyright-jazzfrank_FSI1637-2048x2048.jpg 2048w\" sizes=\"(max-width: 800px) 100vw, 800px\" \/>\t\t<\/div>\n\t\t\t\t<div class=\"elementor-portfolio-item__overlay\">\n\t\t\t\t<\/div>\n\t\t\t\t<\/a>\n\t\t<\/article>\n\t\t\t\t<article class=\"elementor-portfolio-item elementor-post elementor-filter-119 post-3065 post type-post status-publish format-standard has-post-thumbnail hentry category-musicians\" role=\"listitem\">\n\t\t\t<a class=\"elementor-post__thumbnail__link\" href=\"https:\/\/franksiemers.com\/?p=3065&lang=en\">\n\t\t\t\t<div class=\"elementor-portfolio-item__img elementor-post__thumbnail\">\n\t\t\t<img loading=\"lazy\" decoding=\"async\" width=\"800\" height=\"800\" src=\"https:\/\/franksiemers.com\/wp-content\/uploads\/2025\/09\/bill-frisell-copyright-jazzfrank_FSI1637-1024x1024.jpg\" class=\"attachment-large size-large wp-image-2891\" alt=\"Hochwertiges Schwarz-Wei\u00df-Portr\u00e4t eines \u00e4lteren Mannes mit schwarzen Brillengl\u00e4sern und wei\u00dfem Haar, der freundlich l\u00e4chelt und direkt in die Kamera schaut.\" srcset=\"https:\/\/franksiemers.com\/wp-content\/uploads\/2025\/09\/bill-frisell-copyright-jazzfrank_FSI1637-1024x1024.jpg 1024w, https:\/\/franksiemers.com\/wp-content\/uploads\/2025\/09\/bill-frisell-copyright-jazzfrank_FSI1637-300x300.jpg 300w, https:\/\/franksiemers.com\/wp-content\/uploads\/2025\/09\/bill-frisell-copyright-jazzfrank_FSI1637-150x150.jpg 150w, https:\/\/franksiemers.com\/wp-content\/uploads\/2025\/09\/bill-frisell-copyright-jazzfrank_FSI1637-768x768.jpg 768w, https:\/\/franksiemers.com\/wp-content\/uploads\/2025\/09\/bill-frisell-copyright-jazzfrank_FSI1637-1536x1536.jpg 1536w, https:\/\/franksiemers.com\/wp-content\/uploads\/2025\/09\/bill-frisell-copyright-jazzfrank_FSI1637-2048x2048.jpg 2048w\" sizes=\"(max-width: 800px) 100vw, 800px\" \/>\t\t<\/div>\n\t\t\t\t<div class=\"elementor-portfolio-item__overlay\">\n\t\t\t\t<\/div>\n\t\t\t\t<\/a>\n\t\t<\/article>\n\t\t\t\t<article class=\"elementor-portfolio-item elementor-post elementor-filter-119 post-3152 post type-post status-publish format-standard has-post-thumbnail hentry category-musicians\" role=\"listitem\">\n\t\t\t<a class=\"elementor-post__thumbnail__link\" href=\"https:\/\/franksiemers.com\/?p=3152&lang=en\">\n\t\t\t\t<div class=\"elementor-portfolio-item__img elementor-post__thumbnail\">\n\t\t\t<img loading=\"lazy\" decoding=\"async\" width=\"800\" height=\"800\" src=\"https:\/\/franksiemers.com\/wp-content\/uploads\/2025\/05\/billy-cobham-drummer-frank-siemers-fotograf-_FSI8923-1024x1024.jpg\" class=\"attachment-large size-large wp-image-2729\" alt=\"Portr\u00e4t eines l\u00e4chelnden \u00e4lteren Mannes mit dunkler Haut, Nahaufnahme, warmes Licht, Ausdruck von Gelassenheit und Freude, professionell fotografiert von Frank Siemers.\" srcset=\"https:\/\/franksiemers.com\/wp-content\/uploads\/2025\/05\/billy-cobham-drummer-frank-siemers-fotograf-_FSI8923-1024x1024.jpg 1024w, https:\/\/franksiemers.com\/wp-content\/uploads\/2025\/05\/billy-cobham-drummer-frank-siemers-fotograf-_FSI8923-300x300.jpg 300w, https:\/\/franksiemers.com\/wp-content\/uploads\/2025\/05\/billy-cobham-drummer-frank-siemers-fotograf-_FSI8923-150x150.jpg 150w, https:\/\/franksiemers.com\/wp-content\/uploads\/2025\/05\/billy-cobham-drummer-frank-siemers-fotograf-_FSI8923-768x768.jpg 768w, https:\/\/franksiemers.com\/wp-content\/uploads\/2025\/05\/billy-cobham-drummer-frank-siemers-fotograf-_FSI8923-1536x1536.jpg 1536w, https:\/\/franksiemers.com\/wp-content\/uploads\/2025\/05\/billy-cobham-drummer-frank-siemers-fotograf-_FSI8923-2048x2048.jpg 2048w\" sizes=\"(max-width: 800px) 100vw, 800px\" \/>\t\t<\/div>\n\t\t\t\t<div class=\"elementor-portfolio-item__overlay\">\n\t\t\t\t<\/div>\n\t\t\t\t<\/a>\n\t\t<\/article>\n\t\t\t\t<article class=\"elementor-portfolio-item elementor-post elementor-filter-8 post-2150 post type-post status-publish format-standard has-post-thumbnail hentry category-musikerinnen\" role=\"listitem\">\n\t\t\t<a class=\"elementor-post__thumbnail__link\" href=\"https:\/\/franksiemers.com\/?p=2150\">\n\t\t\t\t<div class=\"elementor-portfolio-item__img elementor-post__thumbnail\">\n\t\t\t<img loading=\"lazy\" decoding=\"async\" width=\"800\" height=\"800\" src=\"https:\/\/franksiemers.com\/wp-content\/uploads\/2025\/05\/billy-cobham-drummer-frank-siemers-fotograf-_FSI8923-1024x1024.jpg\" class=\"attachment-large size-large wp-image-2729\" alt=\"Portr\u00e4t eines l\u00e4chelnden \u00e4lteren Mannes mit dunkler Haut, Nahaufnahme, warmes Licht, Ausdruck von Gelassenheit und Freude, professionell fotografiert von Frank Siemers.\" srcset=\"https:\/\/franksiemers.com\/wp-content\/uploads\/2025\/05\/billy-cobham-drummer-frank-siemers-fotograf-_FSI8923-1024x1024.jpg 1024w, https:\/\/franksiemers.com\/wp-content\/uploads\/2025\/05\/billy-cobham-drummer-frank-siemers-fotograf-_FSI8923-300x300.jpg 300w, https:\/\/franksiemers.com\/wp-content\/uploads\/2025\/05\/billy-cobham-drummer-frank-siemers-fotograf-_FSI8923-150x150.jpg 150w, https:\/\/franksiemers.com\/wp-content\/uploads\/2025\/05\/billy-cobham-drummer-frank-siemers-fotograf-_FSI8923-768x768.jpg 768w, https:\/\/franksiemers.com\/wp-content\/uploads\/2025\/05\/billy-cobham-drummer-frank-siemers-fotograf-_FSI8923-1536x1536.jpg 1536w, https:\/\/franksiemers.com\/wp-content\/uploads\/2025\/05\/billy-cobham-drummer-frank-siemers-fotograf-_FSI8923-2048x2048.jpg 2048w\" sizes=\"(max-width: 800px) 100vw, 800px\" \/>\t\t<\/div>\n\t\t\t\t<div class=\"elementor-portfolio-item__overlay\">\n\t\t\t\t<\/div>\n\t\t\t\t<\/a>\n\t\t<\/article>\n\t\t\t\t<article class=\"elementor-portfolio-item elementor-post elementor-filter-117 post-3108 post type-post status-publish format-standard has-post-thumbnail hentry category-branding-en\" role=\"listitem\">\n\t\t\t<a class=\"elementor-post__thumbnail__link\" href=\"https:\/\/franksiemers.com\/?p=3108&lang=en\">\n\t\t\t\t<div class=\"elementor-portfolio-item__img elementor-post__thumbnail\">\n\t\t\t<img loading=\"lazy\" decoding=\"async\" width=\"800\" height=\"533\" src=\"https:\/\/franksiemers.com\/wp-content\/uploads\/2025\/05\/blue_ocean_FSI3226-1024x682.jpg\" class=\"attachment-large size-large wp-image-2224\" alt=\"Bild eines lachenden Mannes in einem blauen Jacke vor einem Baum, Portr\u00e4taufnahme im Freien.\" srcset=\"https:\/\/franksiemers.com\/wp-content\/uploads\/2025\/05\/blue_ocean_FSI3226-1024x682.jpg 1024w, https:\/\/franksiemers.com\/wp-content\/uploads\/2025\/05\/blue_ocean_FSI3226-300x200.jpg 300w, https:\/\/franksiemers.com\/wp-content\/uploads\/2025\/05\/blue_ocean_FSI3226-768x512.jpg 768w, https:\/\/franksiemers.com\/wp-content\/uploads\/2025\/05\/blue_ocean_FSI3226-1536x1024.jpg 1536w, https:\/\/franksiemers.com\/wp-content\/uploads\/2025\/05\/blue_ocean_FSI3226.jpg 2000w\" sizes=\"(max-width: 800px) 100vw, 800px\" \/>\t\t<\/div>\n\t\t\t\t<div class=\"elementor-portfolio-item__overlay\">\n\t\t\t\t<\/div>\n\t\t\t\t<\/a>\n\t\t<\/article>\n\t\t\t\t<article class=\"elementor-portfolio-item elementor-post elementor-filter-9 post-2223 post type-post status-publish format-standard has-post-thumbnail hentry category-branding\" role=\"listitem\">\n\t\t\t<a class=\"elementor-post__thumbnail__link\" href=\"https:\/\/franksiemers.com\/?p=2223\">\n\t\t\t\t<div class=\"elementor-portfolio-item__img elementor-post__thumbnail\">\n\t\t\t<img loading=\"lazy\" decoding=\"async\" width=\"800\" height=\"533\" src=\"https:\/\/franksiemers.com\/wp-content\/uploads\/2025\/05\/blue_ocean_FSI3226-1024x682.jpg\" class=\"attachment-large size-large wp-image-2224\" alt=\"Bild eines lachenden Mannes in einem blauen Jacke vor einem Baum, Portr\u00e4taufnahme im Freien.\" srcset=\"https:\/\/franksiemers.com\/wp-content\/uploads\/2025\/05\/blue_ocean_FSI3226-1024x682.jpg 1024w, https:\/\/franksiemers.com\/wp-content\/uploads\/2025\/05\/blue_ocean_FSI3226-300x200.jpg 300w, https:\/\/franksiemers.com\/wp-content\/uploads\/2025\/05\/blue_ocean_FSI3226-768x512.jpg 768w, https:\/\/franksiemers.com\/wp-content\/uploads\/2025\/05\/blue_ocean_FSI3226-1536x1024.jpg 1536w, https:\/\/franksiemers.com\/wp-content\/uploads\/2025\/05\/blue_ocean_FSI3226.jpg 2000w\" sizes=\"(max-width: 800px) 100vw, 800px\" \/>\t\t<\/div>\n\t\t\t\t<div class=\"elementor-portfolio-item__overlay\">\n\t\t\t\t<\/div>\n\t\t\t\t<\/a>\n\t\t<\/article>\n\t\t\t\t<article class=\"elementor-portfolio-item elementor-post elementor-filter-8 post-2133 post type-post status-publish format-standard has-post-thumbnail hentry category-musikerinnen\" role=\"listitem\">\n\t\t\t<a class=\"elementor-post__thumbnail__link\" href=\"https:\/\/franksiemers.com\/?p=2133\">\n\t\t\t\t<div class=\"elementor-portfolio-item__img elementor-post__thumbnail\">\n\t\t\t<img loading=\"lazy\" decoding=\"async\" width=\"800\" height=\"800\" src=\"https:\/\/franksiemers.com\/wp-content\/uploads\/2025\/05\/charlotte-greve-copyright-frank-siemers_FSI7482-1024x1024.jpg\" class=\"attachment-large size-large wp-image-2134\" alt=\"Ein junge Frau spielt Saxophon in einem dunklen Raum, sitzt auf einem schwarzen Ledersofa, tr\u00e4gt ein Leopardenmuster-Shirt und hat ihre Haare zu einem lockeren Dutt zusammengebunden.\" srcset=\"https:\/\/franksiemers.com\/wp-content\/uploads\/2025\/05\/charlotte-greve-copyright-frank-siemers_FSI7482-1024x1024.jpg 1024w, https:\/\/franksiemers.com\/wp-content\/uploads\/2025\/05\/charlotte-greve-copyright-frank-siemers_FSI7482-300x300.jpg 300w, https:\/\/franksiemers.com\/wp-content\/uploads\/2025\/05\/charlotte-greve-copyright-frank-siemers_FSI7482-150x150.jpg 150w, https:\/\/franksiemers.com\/wp-content\/uploads\/2025\/05\/charlotte-greve-copyright-frank-siemers_FSI7482-768x768.jpg 768w, https:\/\/franksiemers.com\/wp-content\/uploads\/2025\/05\/charlotte-greve-copyright-frank-siemers_FSI7482-1536x1536.jpg 1536w, https:\/\/franksiemers.com\/wp-content\/uploads\/2025\/05\/charlotte-greve-copyright-frank-siemers_FSI7482-2048x2048.jpg 2048w\" sizes=\"(max-width: 800px) 100vw, 800px\" \/>\t\t<\/div>\n\t\t\t\t<div class=\"elementor-portfolio-item__overlay\">\n\t\t\t\t<\/div>\n\t\t\t\t<\/a>\n\t\t<\/article>\n\t\t\t\t<article class=\"elementor-portfolio-item elementor-post elementor-filter-119 post-3162 post type-post status-publish format-standard has-post-thumbnail hentry category-musicians\" role=\"listitem\">\n\t\t\t<a class=\"elementor-post__thumbnail__link\" href=\"https:\/\/franksiemers.com\/?p=3162&lang=en\">\n\t\t\t\t<div class=\"elementor-portfolio-item__img elementor-post__thumbnail\">\n\t\t\t<img loading=\"lazy\" decoding=\"async\" width=\"800\" height=\"800\" src=\"https:\/\/franksiemers.com\/wp-content\/uploads\/2025\/05\/charlotte-greve-copyright-frank-siemers_FSI7482-1024x1024.jpg\" class=\"attachment-large size-large wp-image-2134\" alt=\"Ein junge Frau spielt Saxophon in einem dunklen Raum, sitzt auf einem schwarzen Ledersofa, tr\u00e4gt ein Leopardenmuster-Shirt und hat ihre Haare zu einem lockeren Dutt zusammengebunden.\" srcset=\"https:\/\/franksiemers.com\/wp-content\/uploads\/2025\/05\/charlotte-greve-copyright-frank-siemers_FSI7482-1024x1024.jpg 1024w, https:\/\/franksiemers.com\/wp-content\/uploads\/2025\/05\/charlotte-greve-copyright-frank-siemers_FSI7482-300x300.jpg 300w, https:\/\/franksiemers.com\/wp-content\/uploads\/2025\/05\/charlotte-greve-copyright-frank-siemers_FSI7482-150x150.jpg 150w, https:\/\/franksiemers.com\/wp-content\/uploads\/2025\/05\/charlotte-greve-copyright-frank-siemers_FSI7482-768x768.jpg 768w, https:\/\/franksiemers.com\/wp-content\/uploads\/2025\/05\/charlotte-greve-copyright-frank-siemers_FSI7482-1536x1536.jpg 1536w, https:\/\/franksiemers.com\/wp-content\/uploads\/2025\/05\/charlotte-greve-copyright-frank-siemers_FSI7482-2048x2048.jpg 2048w\" sizes=\"(max-width: 800px) 100vw, 800px\" \/>\t\t<\/div>\n\t\t\t\t<div class=\"elementor-portfolio-item__overlay\">\n\t\t\t\t<\/div>\n\t\t\t\t<\/a>\n\t\t<\/article>\n\t\t\t\t<article class=\"elementor-portfolio-item elementor-post elementor-filter-119 post-3142 post type-post status-publish format-standard has-post-thumbnail hentry category-musicians\" role=\"listitem\">\n\t\t\t<a class=\"elementor-post__thumbnail__link\" href=\"https:\/\/franksiemers.com\/?p=3142&lang=en\">\n\t\t\t\t<div class=\"elementor-portfolio-item__img elementor-post__thumbnail\">\n\t\t\t<img loading=\"lazy\" decoding=\"async\" width=\"800\" height=\"533\" src=\"https:\/\/franksiemers.com\/wp-content\/uploads\/2025\/05\/chris-beck-copyright-jazzfrank_FSI0766-1024x682.jpg\" class=\"attachment-large size-large wp-image-2170\" alt=\"Ein Mann mit dunkler Haut und kurzen Haaren, tr\u00e4gt einen schwarzen Anzug und h\u00e4lt eine Gitarre, blickt ernst in die Kamera, schwarz-wei\u00df Fotografie, professionelles Portrait, Fokus auf Gesicht und Ins.\" srcset=\"https:\/\/franksiemers.com\/wp-content\/uploads\/2025\/05\/chris-beck-copyright-jazzfrank_FSI0766-1024x682.jpg 1024w, https:\/\/franksiemers.com\/wp-content\/uploads\/2025\/05\/chris-beck-copyright-jazzfrank_FSI0766-300x200.jpg 300w, https:\/\/franksiemers.com\/wp-content\/uploads\/2025\/05\/chris-beck-copyright-jazzfrank_FSI0766-768x512.jpg 768w, https:\/\/franksiemers.com\/wp-content\/uploads\/2025\/05\/chris-beck-copyright-jazzfrank_FSI0766-1536x1024.jpg 1536w, https:\/\/franksiemers.com\/wp-content\/uploads\/2025\/05\/chris-beck-copyright-jazzfrank_FSI0766.jpg 2000w\" sizes=\"(max-width: 800px) 100vw, 800px\" \/>\t\t<\/div>\n\t\t\t\t<div class=\"elementor-portfolio-item__overlay\">\n\t\t\t\t<\/div>\n\t\t\t\t<\/a>\n\t\t<\/article>\n\t\t\t\t<article class=\"elementor-portfolio-item elementor-post elementor-filter-8 post-2169 post type-post status-publish format-standard has-post-thumbnail hentry category-musikerinnen\" role=\"listitem\">\n\t\t\t<a class=\"elementor-post__thumbnail__link\" href=\"https:\/\/franksiemers.com\/?p=2169\">\n\t\t\t\t<div class=\"elementor-portfolio-item__img elementor-post__thumbnail\">\n\t\t\t<img loading=\"lazy\" decoding=\"async\" width=\"800\" height=\"533\" src=\"https:\/\/franksiemers.com\/wp-content\/uploads\/2025\/05\/chris-beck-copyright-jazzfrank_FSI0766-1024x682.jpg\" class=\"attachment-large size-large wp-image-2170\" alt=\"Ein Mann mit dunkler Haut und kurzen Haaren, tr\u00e4gt einen schwarzen Anzug und h\u00e4lt eine Gitarre, blickt ernst in die Kamera, schwarz-wei\u00df Fotografie, professionelles Portrait, Fokus auf Gesicht und Ins.\" srcset=\"https:\/\/franksiemers.com\/wp-content\/uploads\/2025\/05\/chris-beck-copyright-jazzfrank_FSI0766-1024x682.jpg 1024w, https:\/\/franksiemers.com\/wp-content\/uploads\/2025\/05\/chris-beck-copyright-jazzfrank_FSI0766-300x200.jpg 300w, https:\/\/franksiemers.com\/wp-content\/uploads\/2025\/05\/chris-beck-copyright-jazzfrank_FSI0766-768x512.jpg 768w, https:\/\/franksiemers.com\/wp-content\/uploads\/2025\/05\/chris-beck-copyright-jazzfrank_FSI0766-1536x1024.jpg 1536w, https:\/\/franksiemers.com\/wp-content\/uploads\/2025\/05\/chris-beck-copyright-jazzfrank_FSI0766.jpg 2000w\" sizes=\"(max-width: 800px) 100vw, 800px\" \/>\t\t<\/div>\n\t\t\t\t<div class=\"elementor-portfolio-item__overlay\">\n\t\t\t\t<\/div>\n\t\t\t\t<\/a>\n\t\t<\/article>\n\t\t\t\t<article class=\"elementor-portfolio-item elementor-post elementor-filter-117 elementor-filter-119 post-3073 post type-post status-publish format-standard has-post-thumbnail hentry category-branding-en category-musicians\" role=\"listitem\">\n\t\t\t<a class=\"elementor-post__thumbnail__link\" href=\"https:\/\/franksiemers.com\/?p=3073&lang=en\">\n\t\t\t\t<div class=\"elementor-portfolio-item__img elementor-post__thumbnail\">\n\t\t\t<img loading=\"lazy\" decoding=\"async\" width=\"800\" height=\"800\" src=\"https:\/\/franksiemers.com\/wp-content\/uploads\/2025\/07\/christophe-schweizer_FSI6218-1024x1024.jpg\" class=\"attachment-large size-large wp-image-2508\" alt=\"Stahl-Bogen-Br\u00fccke mit einem Mann im Vordergrund, der eine Posaune h\u00e4lt, in Hamburg, alte Harburger Br\u00fccke, k\u00fcnstlerische Schwarz-Wei\u00df-Analogaufnahme.\" srcset=\"https:\/\/franksiemers.com\/wp-content\/uploads\/2025\/07\/christophe-schweizer_FSI6218-1024x1024.jpg 1024w, https:\/\/franksiemers.com\/wp-content\/uploads\/2025\/07\/christophe-schweizer_FSI6218-300x300.jpg 300w, https:\/\/franksiemers.com\/wp-content\/uploads\/2025\/07\/christophe-schweizer_FSI6218-150x150.jpg 150w, https:\/\/franksiemers.com\/wp-content\/uploads\/2025\/07\/christophe-schweizer_FSI6218-768x768.jpg 768w, https:\/\/franksiemers.com\/wp-content\/uploads\/2025\/07\/christophe-schweizer_FSI6218-1536x1536.jpg 1536w, https:\/\/franksiemers.com\/wp-content\/uploads\/2025\/07\/christophe-schweizer_FSI6218-2048x2048.jpg 2048w\" sizes=\"(max-width: 800px) 100vw, 800px\" \/>\t\t<\/div>\n\t\t\t\t<div class=\"elementor-portfolio-item__overlay\">\n\t\t\t\t<\/div>\n\t\t\t\t<\/a>\n\t\t<\/article>\n\t\t\t\t<article class=\"elementor-portfolio-item elementor-post elementor-filter-115 post-3078 post type-post status-publish format-standard has-post-thumbnail hentry category-portfolio\" role=\"listitem\">\n\t\t\t<a class=\"elementor-post__thumbnail__link\" href=\"https:\/\/franksiemers.com\/?p=3078&lang=en\">\n\t\t\t\t<div class=\"elementor-portfolio-item__img elementor-post__thumbnail\">\n\t\t\t<img loading=\"lazy\" decoding=\"async\" width=\"800\" height=\"800\" src=\"https:\/\/franksiemers.com\/wp-content\/uploads\/2025\/05\/christophe-schweizer_FSI6564-1024x1024.jpg\" class=\"attachment-large size-large wp-image-2494\" alt=\"Bilder von Frank Siemers, Hamburg, schwarzer Hintergrund, portraitierter Mann mit intensivem Blick, Tattoos auf seinem Arm, in Schwarz-Wei\u00df.\" srcset=\"https:\/\/franksiemers.com\/wp-content\/uploads\/2025\/05\/christophe-schweizer_FSI6564-1024x1024.jpg 1024w, https:\/\/franksiemers.com\/wp-content\/uploads\/2025\/05\/christophe-schweizer_FSI6564-300x300.jpg 300w, https:\/\/franksiemers.com\/wp-content\/uploads\/2025\/05\/christophe-schweizer_FSI6564-150x150.jpg 150w, https:\/\/franksiemers.com\/wp-content\/uploads\/2025\/05\/christophe-schweizer_FSI6564-768x768.jpg 768w, https:\/\/franksiemers.com\/wp-content\/uploads\/2025\/05\/christophe-schweizer_FSI6564-1536x1536.jpg 1536w, https:\/\/franksiemers.com\/wp-content\/uploads\/2025\/05\/christophe-schweizer_FSI6564.jpg 2000w\" sizes=\"(max-width: 800px) 100vw, 800px\" \/>\t\t<\/div>\n\t\t\t\t<div class=\"elementor-portfolio-item__overlay\">\n\t\t\t\t<\/div>\n\t\t\t\t<\/a>\n\t\t<\/article>\n\t\t\t\t<article class=\"elementor-portfolio-item elementor-post elementor-filter-7 post-2493 post type-post status-publish format-standard has-post-thumbnail hentry category-1portfolio\" role=\"listitem\">\n\t\t\t<a class=\"elementor-post__thumbnail__link\" href=\"https:\/\/franksiemers.com\/?p=2493\">\n\t\t\t\t<div class=\"elementor-portfolio-item__img elementor-post__thumbnail\">\n\t\t\t<img loading=\"lazy\" decoding=\"async\" width=\"800\" height=\"800\" src=\"https:\/\/franksiemers.com\/wp-content\/uploads\/2025\/05\/christophe-schweizer_FSI6564-1024x1024.jpg\" class=\"attachment-large size-large wp-image-2494\" alt=\"Bilder von Frank Siemers, Hamburg, schwarzer Hintergrund, portraitierter Mann mit intensivem Blick, Tattoos auf seinem Arm, in Schwarz-Wei\u00df.\" srcset=\"https:\/\/franksiemers.com\/wp-content\/uploads\/2025\/05\/christophe-schweizer_FSI6564-1024x1024.jpg 1024w, https:\/\/franksiemers.com\/wp-content\/uploads\/2025\/05\/christophe-schweizer_FSI6564-300x300.jpg 300w, https:\/\/franksiemers.com\/wp-content\/uploads\/2025\/05\/christophe-schweizer_FSI6564-150x150.jpg 150w, https:\/\/franksiemers.com\/wp-content\/uploads\/2025\/05\/christophe-schweizer_FSI6564-768x768.jpg 768w, https:\/\/franksiemers.com\/wp-content\/uploads\/2025\/05\/christophe-schweizer_FSI6564-1536x1536.jpg 1536w, https:\/\/franksiemers.com\/wp-content\/uploads\/2025\/05\/christophe-schweizer_FSI6564.jpg 2000w\" sizes=\"(max-width: 800px) 100vw, 800px\" \/>\t\t<\/div>\n\t\t\t\t<div class=\"elementor-portfolio-item__overlay\">\n\t\t\t\t<\/div>\n\t\t\t\t<\/a>\n\t\t<\/article>\n\t\t\t\t<article class=\"elementor-portfolio-item elementor-post elementor-filter-9 elementor-filter-8 post-2507 post type-post status-publish format-standard has-post-thumbnail hentry category-branding category-musikerinnen\" role=\"listitem\">\n\t\t\t<a class=\"elementor-post__thumbnail__link\" href=\"https:\/\/franksiemers.com\/?p=2507\">\n\t\t\t\t<div class=\"elementor-portfolio-item__img elementor-post__thumbnail\">\n\t\t\t<img loading=\"lazy\" decoding=\"async\" width=\"800\" height=\"800\" src=\"https:\/\/franksiemers.com\/wp-content\/uploads\/2025\/07\/christophe-schweizer_FSI6218-1024x1024.jpg\" class=\"attachment-large size-large wp-image-2508\" alt=\"Stahl-Bogen-Br\u00fccke mit einem Mann im Vordergrund, der eine Posaune h\u00e4lt, in Hamburg, alte Harburger Br\u00fccke, k\u00fcnstlerische Schwarz-Wei\u00df-Analogaufnahme.\" srcset=\"https:\/\/franksiemers.com\/wp-content\/uploads\/2025\/07\/christophe-schweizer_FSI6218-1024x1024.jpg 1024w, https:\/\/franksiemers.com\/wp-content\/uploads\/2025\/07\/christophe-schweizer_FSI6218-300x300.jpg 300w, https:\/\/franksiemers.com\/wp-content\/uploads\/2025\/07\/christophe-schweizer_FSI6218-150x150.jpg 150w, https:\/\/franksiemers.com\/wp-content\/uploads\/2025\/07\/christophe-schweizer_FSI6218-768x768.jpg 768w, https:\/\/franksiemers.com\/wp-content\/uploads\/2025\/07\/christophe-schweizer_FSI6218-1536x1536.jpg 1536w, https:\/\/franksiemers.com\/wp-content\/uploads\/2025\/07\/christophe-schweizer_FSI6218-2048x2048.jpg 2048w\" sizes=\"(max-width: 800px) 100vw, 800px\" \/>\t\t<\/div>\n\t\t\t\t<div class=\"elementor-portfolio-item__overlay\">\n\t\t\t\t<\/div>\n\t\t\t\t<\/a>\n\t\t<\/article>\n\t\t\t\t<article class=\"elementor-portfolio-item elementor-post elementor-filter-117 elementor-filter-119 post-3110 post type-post status-publish format-standard has-post-thumbnail hentry category-branding-en category-musicians\" role=\"listitem\">\n\t\t\t<a class=\"elementor-post__thumbnail__link\" href=\"https:\/\/franksiemers.com\/?p=3110&lang=en\">\n\t\t\t\t<div class=\"elementor-portfolio-item__img elementor-post__thumbnail\">\n\t\t\t<img loading=\"lazy\" decoding=\"async\" width=\"800\" height=\"640\" src=\"https:\/\/franksiemers.com\/wp-content\/uploads\/2025\/05\/cleo-timo-200925_FSI0493-scaled-1-1024x819.jpg\" class=\"attachment-large size-large wp-image-2221\" alt=\"Nat\u00fcrlich! Hier sind die SEO-optimierten Textwerte auf Deutsch:.\" srcset=\"https:\/\/franksiemers.com\/wp-content\/uploads\/2025\/05\/cleo-timo-200925_FSI0493-scaled-1-1024x819.jpg 1024w, https:\/\/franksiemers.com\/wp-content\/uploads\/2025\/05\/cleo-timo-200925_FSI0493-scaled-1-300x240.jpg 300w, https:\/\/franksiemers.com\/wp-content\/uploads\/2025\/05\/cleo-timo-200925_FSI0493-scaled-1-768x614.jpg 768w, https:\/\/franksiemers.com\/wp-content\/uploads\/2025\/05\/cleo-timo-200925_FSI0493-scaled-1-1536x1229.jpg 1536w, https:\/\/franksiemers.com\/wp-content\/uploads\/2025\/05\/cleo-timo-200925_FSI0493-scaled-1-2048x1638.jpg 2048w\" sizes=\"(max-width: 800px) 100vw, 800px\" \/>\t\t<\/div>\n\t\t\t\t<div class=\"elementor-portfolio-item__overlay\">\n\t\t\t\t<\/div>\n\t\t\t\t<\/a>\n\t\t<\/article>\n\t\t\t\t<article class=\"elementor-portfolio-item elementor-post elementor-filter-9 elementor-filter-8 post-2220 post type-post status-publish format-standard has-post-thumbnail hentry category-branding category-musikerinnen\" role=\"listitem\">\n\t\t\t<a class=\"elementor-post__thumbnail__link\" href=\"https:\/\/franksiemers.com\/?p=2220\">\n\t\t\t\t<div class=\"elementor-portfolio-item__img elementor-post__thumbnail\">\n\t\t\t<img loading=\"lazy\" decoding=\"async\" width=\"800\" height=\"640\" src=\"https:\/\/franksiemers.com\/wp-content\/uploads\/2025\/05\/cleo-timo-200925_FSI0493-scaled-1-1024x819.jpg\" class=\"attachment-large size-large wp-image-2221\" alt=\"Nat\u00fcrlich! Hier sind die SEO-optimierten Textwerte auf Deutsch:.\" srcset=\"https:\/\/franksiemers.com\/wp-content\/uploads\/2025\/05\/cleo-timo-200925_FSI0493-scaled-1-1024x819.jpg 1024w, https:\/\/franksiemers.com\/wp-content\/uploads\/2025\/05\/cleo-timo-200925_FSI0493-scaled-1-300x240.jpg 300w, https:\/\/franksiemers.com\/wp-content\/uploads\/2025\/05\/cleo-timo-200925_FSI0493-scaled-1-768x614.jpg 768w, https:\/\/franksiemers.com\/wp-content\/uploads\/2025\/05\/cleo-timo-200925_FSI0493-scaled-1-1536x1229.jpg 1536w, https:\/\/franksiemers.com\/wp-content\/uploads\/2025\/05\/cleo-timo-200925_FSI0493-scaled-1-2048x1638.jpg 2048w\" sizes=\"(max-width: 800px) 100vw, 800px\" \/>\t\t<\/div>\n\t\t\t\t<div class=\"elementor-portfolio-item__overlay\">\n\t\t\t\t<\/div>\n\t\t\t\t<\/a>\n\t\t<\/article>\n\t\t\t\t<article class=\"elementor-portfolio-item elementor-post elementor-filter-121 post-3223 post type-post status-publish format-standard has-post-thumbnail hentry category-personalities-en\" role=\"listitem\">\n\t\t\t<a class=\"elementor-post__thumbnail__link\" href=\"https:\/\/franksiemers.com\/?p=3223&lang=en\">\n\t\t\t\t<div class=\"elementor-portfolio-item__img elementor-post__thumbnail\">\n\t\t\t<img loading=\"lazy\" decoding=\"async\" width=\"800\" height=\"802\" src=\"https:\/\/franksiemers.com\/wp-content\/uploads\/2025\/05\/034_P_Daniel-Bruehl-03.jpg\" class=\"attachment-large size-large wp-image-2030\" alt=\"Junge Frau sitzt entspannt auf einer Parkbank, liest ein Buch und genie\u00dft die Natur an einem sonnigen Tag in Hamburg.\" srcset=\"https:\/\/franksiemers.com\/wp-content\/uploads\/2025\/05\/034_P_Daniel-Bruehl-03.jpg 1000w, https:\/\/franksiemers.com\/wp-content\/uploads\/2025\/05\/034_P_Daniel-Bruehl-03-300x300.jpg 300w, https:\/\/franksiemers.com\/wp-content\/uploads\/2025\/05\/034_P_Daniel-Bruehl-03-150x150.jpg 150w, https:\/\/franksiemers.com\/wp-content\/uploads\/2025\/05\/034_P_Daniel-Bruehl-03-768x770.jpg 768w\" sizes=\"(max-width: 800px) 100vw, 800px\" \/>\t\t<\/div>\n\t\t\t\t<div class=\"elementor-portfolio-item__overlay\">\n\t\t\t\t<\/div>\n\t\t\t\t<\/a>\n\t\t<\/article>\n\t\t\t\t<article class=\"elementor-portfolio-item elementor-post elementor-filter-6 post-2029 post type-post status-publish format-standard has-post-thumbnail hentry category-personalities\" role=\"listitem\">\n\t\t\t<a class=\"elementor-post__thumbnail__link\" href=\"https:\/\/franksiemers.com\/?p=2029\">\n\t\t\t\t<div class=\"elementor-portfolio-item__img elementor-post__thumbnail\">\n\t\t\t<img loading=\"lazy\" decoding=\"async\" width=\"800\" height=\"802\" src=\"https:\/\/franksiemers.com\/wp-content\/uploads\/2025\/05\/034_P_Daniel-Bruehl-03.jpg\" class=\"attachment-large size-large wp-image-2030\" alt=\"Junge Frau sitzt entspannt auf einer Parkbank, liest ein Buch und genie\u00dft die Natur an einem sonnigen Tag in Hamburg.\" srcset=\"https:\/\/franksiemers.com\/wp-content\/uploads\/2025\/05\/034_P_Daniel-Bruehl-03.jpg 1000w, https:\/\/franksiemers.com\/wp-content\/uploads\/2025\/05\/034_P_Daniel-Bruehl-03-300x300.jpg 300w, https:\/\/franksiemers.com\/wp-content\/uploads\/2025\/05\/034_P_Daniel-Bruehl-03-150x150.jpg 150w, https:\/\/franksiemers.com\/wp-content\/uploads\/2025\/05\/034_P_Daniel-Bruehl-03-768x770.jpg 768w\" sizes=\"(max-width: 800px) 100vw, 800px\" \/>\t\t<\/div>\n\t\t\t\t<div class=\"elementor-portfolio-item__overlay\">\n\t\t\t\t<\/div>\n\t\t\t\t<\/a>\n\t\t<\/article>\n\t\t\t\t<article class=\"elementor-portfolio-item elementor-post elementor-filter-119 post-3138 post type-post status-publish format-standard has-post-thumbnail hentry category-musicians\" role=\"listitem\">\n\t\t\t<a class=\"elementor-post__thumbnail__link\" href=\"https:\/\/franksiemers.com\/?p=3138&lang=en\">\n\t\t\t\t<div class=\"elementor-portfolio-item__img elementor-post__thumbnail\">\n\t\t\t<img loading=\"lazy\" decoding=\"async\" width=\"800\" height=\"800\" src=\"https:\/\/franksiemers.com\/wp-content\/uploads\/2025\/05\/david-murray-copyright-frank-siemers_FSI1835-1024x1024.jpg\" class=\"attachment-large size-large wp-image-2176\" alt=\"\" srcset=\"https:\/\/franksiemers.com\/wp-content\/uploads\/2025\/05\/david-murray-copyright-frank-siemers_FSI1835-1024x1024.jpg 1024w, https:\/\/franksiemers.com\/wp-content\/uploads\/2025\/05\/david-murray-copyright-frank-siemers_FSI1835-300x300.jpg 300w, https:\/\/franksiemers.com\/wp-content\/uploads\/2025\/05\/david-murray-copyright-frank-siemers_FSI1835-150x150.jpg 150w, https:\/\/franksiemers.com\/wp-content\/uploads\/2025\/05\/david-murray-copyright-frank-siemers_FSI1835-768x768.jpg 768w, https:\/\/franksiemers.com\/wp-content\/uploads\/2025\/05\/david-murray-copyright-frank-siemers_FSI1835-1536x1536.jpg 1536w, https:\/\/franksiemers.com\/wp-content\/uploads\/2025\/05\/david-murray-copyright-frank-siemers_FSI1835.jpg 2000w\" sizes=\"(max-width: 800px) 100vw, 800px\" \/>\t\t<\/div>\n\t\t\t\t<div class=\"elementor-portfolio-item__overlay\">\n\t\t\t\t<\/div>\n\t\t\t\t<\/a>\n\t\t<\/article>\n\t\t\t\t<article class=\"elementor-portfolio-item elementor-post elementor-filter-8 post-2175 post type-post status-publish format-standard has-post-thumbnail hentry category-musikerinnen\" role=\"listitem\">\n\t\t\t<a class=\"elementor-post__thumbnail__link\" href=\"https:\/\/franksiemers.com\/?p=2175\">\n\t\t\t\t<div class=\"elementor-portfolio-item__img elementor-post__thumbnail\">\n\t\t\t<img loading=\"lazy\" decoding=\"async\" width=\"800\" height=\"800\" src=\"https:\/\/franksiemers.com\/wp-content\/uploads\/2025\/05\/david-murray-copyright-frank-siemers_FSI1835-1024x1024.jpg\" class=\"attachment-large size-large wp-image-2176\" alt=\"\" srcset=\"https:\/\/franksiemers.com\/wp-content\/uploads\/2025\/05\/david-murray-copyright-frank-siemers_FSI1835-1024x1024.jpg 1024w, https:\/\/franksiemers.com\/wp-content\/uploads\/2025\/05\/david-murray-copyright-frank-siemers_FSI1835-300x300.jpg 300w, https:\/\/franksiemers.com\/wp-content\/uploads\/2025\/05\/david-murray-copyright-frank-siemers_FSI1835-150x150.jpg 150w, https:\/\/franksiemers.com\/wp-content\/uploads\/2025\/05\/david-murray-copyright-frank-siemers_FSI1835-768x768.jpg 768w, https:\/\/franksiemers.com\/wp-content\/uploads\/2025\/05\/david-murray-copyright-frank-siemers_FSI1835-1536x1536.jpg 1536w, https:\/\/franksiemers.com\/wp-content\/uploads\/2025\/05\/david-murray-copyright-frank-siemers_FSI1835.jpg 2000w\" sizes=\"(max-width: 800px) 100vw, 800px\" \/>\t\t<\/div>\n\t\t\t\t<div class=\"elementor-portfolio-item__overlay\">\n\t\t\t\t<\/div>\n\t\t\t\t<\/a>\n\t\t<\/article>\n\t\t\t\t<article class=\"elementor-portfolio-item elementor-post elementor-filter-121 post-3242 post type-post status-publish format-standard has-post-thumbnail hentry category-personalities-en\" role=\"listitem\">\n\t\t\t<a class=\"elementor-post__thumbnail__link\" href=\"https:\/\/franksiemers.com\/?p=3242&lang=en\">\n\t\t\t\t<div class=\"elementor-portfolio-item__img elementor-post__thumbnail\">\n\t\t\t<img loading=\"lazy\" decoding=\"async\" width=\"762\" height=\"1024\" src=\"https:\/\/franksiemers.com\/wp-content\/uploads\/2025\/05\/046_P_Elvis-Costello-01-762x1024.jpg\" class=\"attachment-large size-large wp-image-2001\" alt=\"Bitte in deutscher Sprache schreiben..\" srcset=\"https:\/\/franksiemers.com\/wp-content\/uploads\/2025\/05\/046_P_Elvis-Costello-01-762x1024.jpg 762w, https:\/\/franksiemers.com\/wp-content\/uploads\/2025\/05\/046_P_Elvis-Costello-01-223x300.jpg 223w, https:\/\/franksiemers.com\/wp-content\/uploads\/2025\/05\/046_P_Elvis-Costello-01-768x1032.jpg 768w, https:\/\/franksiemers.com\/wp-content\/uploads\/2025\/05\/046_P_Elvis-Costello-01.jpg 879w\" sizes=\"(max-width: 762px) 100vw, 762px\" \/>\t\t<\/div>\n\t\t\t\t<div class=\"elementor-portfolio-item__overlay\">\n\t\t\t\t<\/div>\n\t\t\t\t<\/a>\n\t\t<\/article>\n\t\t\t\t<article class=\"elementor-portfolio-item elementor-post elementor-filter-6 post-2000 post type-post status-publish format-standard has-post-thumbnail hentry category-personalities\" role=\"listitem\">\n\t\t\t<a class=\"elementor-post__thumbnail__link\" href=\"https:\/\/franksiemers.com\/?p=2000\">\n\t\t\t\t<div class=\"elementor-portfolio-item__img elementor-post__thumbnail\">\n\t\t\t<img loading=\"lazy\" decoding=\"async\" width=\"762\" height=\"1024\" src=\"https:\/\/franksiemers.com\/wp-content\/uploads\/2025\/05\/046_P_Elvis-Costello-01-762x1024.jpg\" class=\"attachment-large size-large wp-image-2001\" alt=\"Bitte in deutscher Sprache schreiben..\" srcset=\"https:\/\/franksiemers.com\/wp-content\/uploads\/2025\/05\/046_P_Elvis-Costello-01-762x1024.jpg 762w, https:\/\/franksiemers.com\/wp-content\/uploads\/2025\/05\/046_P_Elvis-Costello-01-223x300.jpg 223w, https:\/\/franksiemers.com\/wp-content\/uploads\/2025\/05\/046_P_Elvis-Costello-01-768x1032.jpg 768w, https:\/\/franksiemers.com\/wp-content\/uploads\/2025\/05\/046_P_Elvis-Costello-01.jpg 879w\" sizes=\"(max-width: 762px) 100vw, 762px\" \/>\t\t<\/div>\n\t\t\t\t<div class=\"elementor-portfolio-item__overlay\">\n\t\t\t\t<\/div>\n\t\t\t\t<\/a>\n\t\t<\/article>\n\t\t\t\t<article class=\"elementor-portfolio-item elementor-post elementor-filter-8 post-2126 post type-post status-publish format-standard has-post-thumbnail hentry category-musikerinnen\" role=\"listitem\">\n\t\t\t<a class=\"elementor-post__thumbnail__link\" href=\"https:\/\/franksiemers.com\/?p=2126\">\n\t\t\t\t<div class=\"elementor-portfolio-item__img elementor-post__thumbnail\">\n\t\t\t<img loading=\"lazy\" decoding=\"async\" width=\"800\" height=\"623\" src=\"https:\/\/franksiemers.com\/wp-content\/uploads\/2025\/05\/emile-parisienne-copyright-frank-siemers_FSI9475-1024x798.jpg\" class=\"attachment-large size-large wp-image-2127\" alt=\"\" srcset=\"https:\/\/franksiemers.com\/wp-content\/uploads\/2025\/05\/emile-parisienne-copyright-frank-siemers_FSI9475-1024x798.jpg 1024w, https:\/\/franksiemers.com\/wp-content\/uploads\/2025\/05\/emile-parisienne-copyright-frank-siemers_FSI9475-300x234.jpg 300w, https:\/\/franksiemers.com\/wp-content\/uploads\/2025\/05\/emile-parisienne-copyright-frank-siemers_FSI9475-768x599.jpg 768w, https:\/\/franksiemers.com\/wp-content\/uploads\/2025\/05\/emile-parisienne-copyright-frank-siemers_FSI9475-1536x1197.jpg 1536w, https:\/\/franksiemers.com\/wp-content\/uploads\/2025\/05\/emile-parisienne-copyright-frank-siemers_FSI9475-2048x1597.jpg 2048w\" sizes=\"(max-width: 800px) 100vw, 800px\" \/>\t\t<\/div>\n\t\t\t\t<div class=\"elementor-portfolio-item__overlay\">\n\t\t\t\t<\/div>\n\t\t\t\t<\/a>\n\t\t<\/article>\n\t\t\t\t<article class=\"elementor-portfolio-item elementor-post elementor-filter-119 post-3166 post type-post status-publish format-standard has-post-thumbnail hentry category-musicians\" role=\"listitem\">\n\t\t\t<a class=\"elementor-post__thumbnail__link\" href=\"https:\/\/franksiemers.com\/?p=3166&lang=en\">\n\t\t\t\t<div class=\"elementor-portfolio-item__img elementor-post__thumbnail\">\n\t\t\t<img loading=\"lazy\" decoding=\"async\" width=\"800\" height=\"623\" src=\"https:\/\/franksiemers.com\/wp-content\/uploads\/2025\/05\/emile-parisienne-copyright-frank-siemers_FSI9475-1024x798.jpg\" class=\"attachment-large size-large wp-image-2127\" alt=\"\" srcset=\"https:\/\/franksiemers.com\/wp-content\/uploads\/2025\/05\/emile-parisienne-copyright-frank-siemers_FSI9475-1024x798.jpg 1024w, https:\/\/franksiemers.com\/wp-content\/uploads\/2025\/05\/emile-parisienne-copyright-frank-siemers_FSI9475-300x234.jpg 300w, https:\/\/franksiemers.com\/wp-content\/uploads\/2025\/05\/emile-parisienne-copyright-frank-siemers_FSI9475-768x599.jpg 768w, https:\/\/franksiemers.com\/wp-content\/uploads\/2025\/05\/emile-parisienne-copyright-frank-siemers_FSI9475-1536x1197.jpg 1536w, https:\/\/franksiemers.com\/wp-content\/uploads\/2025\/05\/emile-parisienne-copyright-frank-siemers_FSI9475-2048x1597.jpg 2048w\" sizes=\"(max-width: 800px) 100vw, 800px\" \/>\t\t<\/div>\n\t\t\t\t<div class=\"elementor-portfolio-item__overlay\">\n\t\t\t\t<\/div>\n\t\t\t\t<\/a>\n\t\t<\/article>\n\t\t\t\t<article class=\"elementor-portfolio-item elementor-post elementor-filter-117 elementor-filter-119 post-3102 post type-post status-publish format-standard has-post-thumbnail hentry category-branding-en category-musicians\" role=\"listitem\">\n\t\t\t<a class=\"elementor-post__thumbnail__link\" href=\"https:\/\/franksiemers.com\/?p=3102&lang=en\">\n\t\t\t\t<div class=\"elementor-portfolio-item__img elementor-post__thumbnail\">\n\t\t\t<img loading=\"lazy\" decoding=\"async\" width=\"800\" height=\"640\" src=\"https:\/\/franksiemers.com\/wp-content\/uploads\/2025\/05\/felix-konradt_FSI1055-1024x819.jpg\" class=\"attachment-large size-large wp-image-2236\" alt=\"Starker Schwarz-Wei\u00df-Fotografien von Frank Siemers, die die Atmosph\u00e4re und Emotionen in urbanen Settings einfangen.\" srcset=\"https:\/\/franksiemers.com\/wp-content\/uploads\/2025\/05\/felix-konradt_FSI1055-1024x819.jpg 1024w, https:\/\/franksiemers.com\/wp-content\/uploads\/2025\/05\/felix-konradt_FSI1055-300x240.jpg 300w, https:\/\/franksiemers.com\/wp-content\/uploads\/2025\/05\/felix-konradt_FSI1055-768x614.jpg 768w, https:\/\/franksiemers.com\/wp-content\/uploads\/2025\/05\/felix-konradt_FSI1055-1536x1229.jpg 1536w, https:\/\/franksiemers.com\/wp-content\/uploads\/2025\/05\/felix-konradt_FSI1055.jpg 2000w\" sizes=\"(max-width: 800px) 100vw, 800px\" \/>\t\t<\/div>\n\t\t\t\t<div class=\"elementor-portfolio-item__overlay\">\n\t\t\t\t<\/div>\n\t\t\t\t<\/a>\n\t\t<\/article>\n\t\t\t\t<article class=\"elementor-portfolio-item elementor-post elementor-filter-9 elementor-filter-8 post-2235 post type-post status-publish format-standard has-post-thumbnail hentry category-branding category-musikerinnen\" role=\"listitem\">\n\t\t\t<a class=\"elementor-post__thumbnail__link\" href=\"https:\/\/franksiemers.com\/?p=2235\">\n\t\t\t\t<div class=\"elementor-portfolio-item__img elementor-post__thumbnail\">\n\t\t\t<img loading=\"lazy\" decoding=\"async\" width=\"800\" height=\"640\" src=\"https:\/\/franksiemers.com\/wp-content\/uploads\/2025\/05\/felix-konradt_FSI1055-1024x819.jpg\" class=\"attachment-large size-large wp-image-2236\" alt=\"Starker Schwarz-Wei\u00df-Fotografien von Frank Siemers, die die Atmosph\u00e4re und Emotionen in urbanen Settings einfangen.\" srcset=\"https:\/\/franksiemers.com\/wp-content\/uploads\/2025\/05\/felix-konradt_FSI1055-1024x819.jpg 1024w, https:\/\/franksiemers.com\/wp-content\/uploads\/2025\/05\/felix-konradt_FSI1055-300x240.jpg 300w, https:\/\/franksiemers.com\/wp-content\/uploads\/2025\/05\/felix-konradt_FSI1055-768x614.jpg 768w, https:\/\/franksiemers.com\/wp-content\/uploads\/2025\/05\/felix-konradt_FSI1055-1536x1229.jpg 1536w, https:\/\/franksiemers.com\/wp-content\/uploads\/2025\/05\/felix-konradt_FSI1055.jpg 2000w\" sizes=\"(max-width: 800px) 100vw, 800px\" \/>\t\t<\/div>\n\t\t\t\t<div class=\"elementor-portfolio-item__overlay\">\n\t\t\t\t<\/div>\n\t\t\t\t<\/a>\n\t\t<\/article>\n\t\t\t\t<article class=\"elementor-portfolio-item elementor-post elementor-filter-6 post-2734 post type-post status-publish format-standard has-post-thumbnail hentry category-personalities\" role=\"listitem\">\n\t\t\t<a class=\"elementor-post__thumbnail__link\" href=\"https:\/\/franksiemers.com\/?p=2734\">\n\t\t\t\t<div class=\"elementor-portfolio-item__img elementor-post__thumbnail\">\n\t\t\t<img loading=\"lazy\" decoding=\"async\" width=\"800\" height=\"889\" src=\"https:\/\/franksiemers.com\/wp-content\/uploads\/2025\/07\/Wladimir-Kaminer-03-922x1024.jpg\" class=\"attachment-large size-large wp-image-2735\" alt=\"Bild eines Mannes am alten Klavier mit Katzenbaby auf der Klaviatur, im Wohnzimmer, nat\u00fcrlicher Lichtschein, detailreiche Portr\u00e4taufnahme.\" srcset=\"https:\/\/franksiemers.com\/wp-content\/uploads\/2025\/07\/Wladimir-Kaminer-03-922x1024.jpg 922w, https:\/\/franksiemers.com\/wp-content\/uploads\/2025\/07\/Wladimir-Kaminer-03-270x300.jpg 270w, https:\/\/franksiemers.com\/wp-content\/uploads\/2025\/07\/Wladimir-Kaminer-03-768x853.jpg 768w, https:\/\/franksiemers.com\/wp-content\/uploads\/2025\/07\/Wladimir-Kaminer-03-1383x1536.jpg 1383w, https:\/\/franksiemers.com\/wp-content\/uploads\/2025\/07\/Wladimir-Kaminer-03-1844x2048.jpg 1844w\" sizes=\"(max-width: 800px) 100vw, 800px\" \/>\t\t<\/div>\n\t\t\t\t<div class=\"elementor-portfolio-item__overlay\">\n\t\t\t\t<\/div>\n\t\t\t\t<\/a>\n\t\t<\/article>\n\t\t\t\t<article class=\"elementor-portfolio-item elementor-post elementor-filter-121 post-3071 post type-post status-publish format-standard has-post-thumbnail hentry category-personalities-en\" role=\"listitem\">\n\t\t\t<a class=\"elementor-post__thumbnail__link\" href=\"https:\/\/franksiemers.com\/?p=3071&lang=en\">\n\t\t\t\t<div class=\"elementor-portfolio-item__img elementor-post__thumbnail\">\n\t\t\t<img loading=\"lazy\" decoding=\"async\" width=\"800\" height=\"889\" src=\"https:\/\/franksiemers.com\/wp-content\/uploads\/2025\/07\/Wladimir-Kaminer-03-922x1024.jpg\" class=\"attachment-large size-large wp-image-2735\" alt=\"Bild eines Mannes am alten Klavier mit Katzenbaby auf der Klaviatur, im Wohnzimmer, nat\u00fcrlicher Lichtschein, detailreiche Portr\u00e4taufnahme.\" srcset=\"https:\/\/franksiemers.com\/wp-content\/uploads\/2025\/07\/Wladimir-Kaminer-03-922x1024.jpg 922w, https:\/\/franksiemers.com\/wp-content\/uploads\/2025\/07\/Wladimir-Kaminer-03-270x300.jpg 270w, https:\/\/franksiemers.com\/wp-content\/uploads\/2025\/07\/Wladimir-Kaminer-03-768x853.jpg 768w, https:\/\/franksiemers.com\/wp-content\/uploads\/2025\/07\/Wladimir-Kaminer-03-1383x1536.jpg 1383w, https:\/\/franksiemers.com\/wp-content\/uploads\/2025\/07\/Wladimir-Kaminer-03-1844x2048.jpg 1844w\" sizes=\"(max-width: 800px) 100vw, 800px\" \/>\t\t<\/div>\n\t\t\t\t<div class=\"elementor-portfolio-item__overlay\">\n\t\t\t\t<\/div>\n\t\t\t\t<\/a>\n\t\t<\/article>\n\t\t\t\t<article class=\"elementor-portfolio-item elementor-post elementor-filter-8 post-2122 post type-post status-publish format-standard has-post-thumbnail hentry category-musikerinnen\" role=\"listitem\">\n\t\t\t<a class=\"elementor-post__thumbnail__link\" href=\"https:\/\/franksiemers.com\/?p=2122\">\n\t\t\t\t<div class=\"elementor-portfolio-item__img elementor-post__thumbnail\">\n\t\t\t<img loading=\"lazy\" decoding=\"async\" width=\"800\" height=\"534\" src=\"https:\/\/franksiemers.com\/wp-content\/uploads\/2025\/05\/guenther-baby-sommer-copyright-jazzfrank_FSI5526-scaled-1-1024x683.jpg\" class=\"attachment-large size-large wp-image-2123\" alt=\"Ein alter Mann mit wei\u00dfem Bart und ernstem Blick, der in die Kamera schaut, in Schwarz-Wei\u00df aufgenommen, mit einem Vintage-Objektiv im Vordergrund, vermittelt Tiefe und Charakter.\" srcset=\"https:\/\/franksiemers.com\/wp-content\/uploads\/2025\/05\/guenther-baby-sommer-copyright-jazzfrank_FSI5526-scaled-1-1024x683.jpg 1024w, https:\/\/franksiemers.com\/wp-content\/uploads\/2025\/05\/guenther-baby-sommer-copyright-jazzfrank_FSI5526-scaled-1-300x200.jpg 300w, https:\/\/franksiemers.com\/wp-content\/uploads\/2025\/05\/guenther-baby-sommer-copyright-jazzfrank_FSI5526-scaled-1-768x512.jpg 768w, https:\/\/franksiemers.com\/wp-content\/uploads\/2025\/05\/guenther-baby-sommer-copyright-jazzfrank_FSI5526-scaled-1-1536x1024.jpg 1536w, https:\/\/franksiemers.com\/wp-content\/uploads\/2025\/05\/guenther-baby-sommer-copyright-jazzfrank_FSI5526-scaled-1-2048x1366.jpg 2048w\" sizes=\"(max-width: 800px) 100vw, 800px\" \/>\t\t<\/div>\n\t\t\t\t<div class=\"elementor-portfolio-item__overlay\">\n\t\t\t\t<\/div>\n\t\t\t\t<\/a>\n\t\t<\/article>\n\t\t\t\t<article class=\"elementor-portfolio-item elementor-post elementor-filter-119 post-3168 post type-post status-publish format-standard has-post-thumbnail hentry category-musicians\" role=\"listitem\">\n\t\t\t<a class=\"elementor-post__thumbnail__link\" href=\"https:\/\/franksiemers.com\/?p=3168&lang=en\">\n\t\t\t\t<div class=\"elementor-portfolio-item__img elementor-post__thumbnail\">\n\t\t\t<img loading=\"lazy\" decoding=\"async\" width=\"800\" height=\"534\" src=\"https:\/\/franksiemers.com\/wp-content\/uploads\/2025\/05\/guenther-baby-sommer-copyright-jazzfrank_FSI5526-scaled-1-1024x683.jpg\" class=\"attachment-large size-large wp-image-2123\" alt=\"Ein alter Mann mit wei\u00dfem Bart und ernstem Blick, der in die Kamera schaut, in Schwarz-Wei\u00df aufgenommen, mit einem Vintage-Objektiv im Vordergrund, vermittelt Tiefe und Charakter.\" srcset=\"https:\/\/franksiemers.com\/wp-content\/uploads\/2025\/05\/guenther-baby-sommer-copyright-jazzfrank_FSI5526-scaled-1-1024x683.jpg 1024w, https:\/\/franksiemers.com\/wp-content\/uploads\/2025\/05\/guenther-baby-sommer-copyright-jazzfrank_FSI5526-scaled-1-300x200.jpg 300w, https:\/\/franksiemers.com\/wp-content\/uploads\/2025\/05\/guenther-baby-sommer-copyright-jazzfrank_FSI5526-scaled-1-768x512.jpg 768w, https:\/\/franksiemers.com\/wp-content\/uploads\/2025\/05\/guenther-baby-sommer-copyright-jazzfrank_FSI5526-scaled-1-1536x1024.jpg 1536w, https:\/\/franksiemers.com\/wp-content\/uploads\/2025\/05\/guenther-baby-sommer-copyright-jazzfrank_FSI5526-scaled-1-2048x1366.jpg 2048w\" sizes=\"(max-width: 800px) 100vw, 800px\" \/>\t\t<\/div>\n\t\t\t\t<div class=\"elementor-portfolio-item__overlay\">\n\t\t\t\t<\/div>\n\t\t\t\t<\/a>\n\t\t<\/article>\n\t\t\t\t<article class=\"elementor-portfolio-item elementor-post elementor-filter-8 post-2119 post type-post status-publish format-standard has-post-thumbnail hentry category-musikerinnen\" role=\"listitem\">\n\t\t\t<a class=\"elementor-post__thumbnail__link\" href=\"https:\/\/franksiemers.com\/?p=2119\">\n\t\t\t\t<div class=\"elementor-portfolio-item__img elementor-post__thumbnail\">\n\t\t\t<img loading=\"lazy\" decoding=\"async\" width=\"800\" height=\"640\" src=\"https:\/\/franksiemers.com\/wp-content\/uploads\/2025\/05\/hans-glawischnig-copyright-frank-siemers_FSI3012-1024x819.jpg\" class=\"attachment-large size-large wp-image-2120\" alt=\"Bitte in deutscher Sprache schreiben..\" srcset=\"https:\/\/franksiemers.com\/wp-content\/uploads\/2025\/05\/hans-glawischnig-copyright-frank-siemers_FSI3012-1024x819.jpg 1024w, https:\/\/franksiemers.com\/wp-content\/uploads\/2025\/05\/hans-glawischnig-copyright-frank-siemers_FSI3012-300x240.jpg 300w, https:\/\/franksiemers.com\/wp-content\/uploads\/2025\/05\/hans-glawischnig-copyright-frank-siemers_FSI3012-768x614.jpg 768w, https:\/\/franksiemers.com\/wp-content\/uploads\/2025\/05\/hans-glawischnig-copyright-frank-siemers_FSI3012-1536x1229.jpg 1536w, https:\/\/franksiemers.com\/wp-content\/uploads\/2025\/05\/hans-glawischnig-copyright-frank-siemers_FSI3012-2048x1638.jpg 2048w\" sizes=\"(max-width: 800px) 100vw, 800px\" \/>\t\t<\/div>\n\t\t\t\t<div class=\"elementor-portfolio-item__overlay\">\n\t\t\t\t<\/div>\n\t\t\t\t<\/a>\n\t\t<\/article>\n\t\t\t\t<article class=\"elementor-portfolio-item elementor-post elementor-filter-119 post-3170 post type-post status-publish format-standard has-post-thumbnail hentry category-musicians\" role=\"listitem\">\n\t\t\t<a class=\"elementor-post__thumbnail__link\" href=\"https:\/\/franksiemers.com\/?p=3170&lang=en\">\n\t\t\t\t<div class=\"elementor-portfolio-item__img elementor-post__thumbnail\">\n\t\t\t<img loading=\"lazy\" decoding=\"async\" width=\"800\" height=\"640\" src=\"https:\/\/franksiemers.com\/wp-content\/uploads\/2025\/05\/hans-glawischnig-copyright-frank-siemers_FSI3012-1024x819.jpg\" class=\"attachment-large size-large wp-image-2120\" alt=\"Bitte in deutscher Sprache schreiben..\" srcset=\"https:\/\/franksiemers.com\/wp-content\/uploads\/2025\/05\/hans-glawischnig-copyright-frank-siemers_FSI3012-1024x819.jpg 1024w, https:\/\/franksiemers.com\/wp-content\/uploads\/2025\/05\/hans-glawischnig-copyright-frank-siemers_FSI3012-300x240.jpg 300w, https:\/\/franksiemers.com\/wp-content\/uploads\/2025\/05\/hans-glawischnig-copyright-frank-siemers_FSI3012-768x614.jpg 768w, https:\/\/franksiemers.com\/wp-content\/uploads\/2025\/05\/hans-glawischnig-copyright-frank-siemers_FSI3012-1536x1229.jpg 1536w, https:\/\/franksiemers.com\/wp-content\/uploads\/2025\/05\/hans-glawischnig-copyright-frank-siemers_FSI3012-2048x1638.jpg 2048w\" sizes=\"(max-width: 800px) 100vw, 800px\" \/>\t\t<\/div>\n\t\t\t\t<div class=\"elementor-portfolio-item__overlay\">\n\t\t\t\t<\/div>\n\t\t\t\t<\/a>\n\t\t<\/article>\n\t\t\t\t<article class=\"elementor-portfolio-item elementor-post elementor-filter-117 post-3092 post type-post status-publish format-standard has-post-thumbnail hentry category-branding-en\" role=\"listitem\">\n\t\t\t<a class=\"elementor-post__thumbnail__link\" href=\"https:\/\/franksiemers.com\/?p=3092&lang=en\">\n\t\t\t\t<div class=\"elementor-portfolio-item__img elementor-post__thumbnail\">\n\t\t\t<img loading=\"lazy\" decoding=\"async\" width=\"800\" height=\"533\" src=\"https:\/\/franksiemers.com\/wp-content\/uploads\/2025\/05\/Hanselaw_FSI8730_2-1024x682.jpg\" class=\"attachment-large size-large wp-image-2429\" alt=\"- Portr\u00e4t einer l\u00e4chelnden Frau mit kurzen Haaren, Brille und schwarzem Blazer, in Schwarz-Wei\u00df aufgenommen.\" srcset=\"https:\/\/franksiemers.com\/wp-content\/uploads\/2025\/05\/Hanselaw_FSI8730_2-1024x682.jpg 1024w, https:\/\/franksiemers.com\/wp-content\/uploads\/2025\/05\/Hanselaw_FSI8730_2-300x200.jpg 300w, https:\/\/franksiemers.com\/wp-content\/uploads\/2025\/05\/Hanselaw_FSI8730_2-768x512.jpg 768w, https:\/\/franksiemers.com\/wp-content\/uploads\/2025\/05\/Hanselaw_FSI8730_2-1536x1024.jpg 1536w, https:\/\/franksiemers.com\/wp-content\/uploads\/2025\/05\/Hanselaw_FSI8730_2.jpg 2000w\" sizes=\"(max-width: 800px) 100vw, 800px\" \/>\t\t<\/div>\n\t\t\t\t<div class=\"elementor-portfolio-item__overlay\">\n\t\t\t\t<\/div>\n\t\t\t\t<\/a>\n\t\t<\/article>\n\t\t\t\t<article class=\"elementor-portfolio-item elementor-post elementor-filter-9 post-2427 post type-post status-publish format-standard has-post-thumbnail hentry category-branding\" role=\"listitem\">\n\t\t\t<a class=\"elementor-post__thumbnail__link\" href=\"https:\/\/franksiemers.com\/?p=2427\">\n\t\t\t\t<div class=\"elementor-portfolio-item__img elementor-post__thumbnail\">\n\t\t\t<img loading=\"lazy\" decoding=\"async\" width=\"800\" height=\"533\" src=\"https:\/\/franksiemers.com\/wp-content\/uploads\/2025\/05\/Hanselaw_FSI8730_2-1024x682.jpg\" class=\"attachment-large size-large wp-image-2429\" alt=\"- Portr\u00e4t einer l\u00e4chelnden Frau mit kurzen Haaren, Brille und schwarzem Blazer, in Schwarz-Wei\u00df aufgenommen.\" srcset=\"https:\/\/franksiemers.com\/wp-content\/uploads\/2025\/05\/Hanselaw_FSI8730_2-1024x682.jpg 1024w, https:\/\/franksiemers.com\/wp-content\/uploads\/2025\/05\/Hanselaw_FSI8730_2-300x200.jpg 300w, https:\/\/franksiemers.com\/wp-content\/uploads\/2025\/05\/Hanselaw_FSI8730_2-768x512.jpg 768w, https:\/\/franksiemers.com\/wp-content\/uploads\/2025\/05\/Hanselaw_FSI8730_2-1536x1024.jpg 1536w, https:\/\/franksiemers.com\/wp-content\/uploads\/2025\/05\/Hanselaw_FSI8730_2.jpg 2000w\" sizes=\"(max-width: 800px) 100vw, 800px\" \/>\t\t<\/div>\n\t\t\t\t<div class=\"elementor-portfolio-item__overlay\">\n\t\t\t\t<\/div>\n\t\t\t\t<\/a>\n\t\t<\/article>\n\t\t\t\t<article class=\"elementor-portfolio-item elementor-post elementor-filter-117 elementor-filter-115 post-3090 post type-post status-publish format-standard has-post-thumbnail hentry category-branding-en category-portfolio\" role=\"listitem\">\n\t\t\t<a class=\"elementor-post__thumbnail__link\" href=\"https:\/\/franksiemers.com\/?p=3090&lang=en\">\n\t\t\t\t<div class=\"elementor-portfolio-item__img elementor-post__thumbnail\">\n\t\t\t<img loading=\"lazy\" decoding=\"async\" width=\"800\" height=\"533\" src=\"https:\/\/franksiemers.com\/wp-content\/uploads\/2025\/05\/Hanselaw_FSI8805_2-1024x682.jpg\" class=\"attachment-large size-large wp-image-2436\" alt=\"Hochwertiges Portrait eines Mannes mit Brille, professionell aufgenommen in Schwarz-Wei\u00df, vor dunklem Hintergrund.\" srcset=\"https:\/\/franksiemers.com\/wp-content\/uploads\/2025\/05\/Hanselaw_FSI8805_2-1024x682.jpg 1024w, https:\/\/franksiemers.com\/wp-content\/uploads\/2025\/05\/Hanselaw_FSI8805_2-300x200.jpg 300w, https:\/\/franksiemers.com\/wp-content\/uploads\/2025\/05\/Hanselaw_FSI8805_2-768x512.jpg 768w, https:\/\/franksiemers.com\/wp-content\/uploads\/2025\/05\/Hanselaw_FSI8805_2-1536x1024.jpg 1536w, https:\/\/franksiemers.com\/wp-content\/uploads\/2025\/05\/Hanselaw_FSI8805_2.jpg 2000w\" sizes=\"(max-width: 800px) 100vw, 800px\" \/>\t\t<\/div>\n\t\t\t\t<div class=\"elementor-portfolio-item__overlay\">\n\t\t\t\t<\/div>\n\t\t\t\t<\/a>\n\t\t<\/article>\n\t\t\t\t<article class=\"elementor-portfolio-item elementor-post elementor-filter-7 elementor-filter-9 post-2435 post type-post status-publish format-standard has-post-thumbnail hentry category-1portfolio category-branding\" role=\"listitem\">\n\t\t\t<a class=\"elementor-post__thumbnail__link\" href=\"https:\/\/franksiemers.com\/?p=2435\">\n\t\t\t\t<div class=\"elementor-portfolio-item__img elementor-post__thumbnail\">\n\t\t\t<img loading=\"lazy\" decoding=\"async\" width=\"800\" height=\"533\" src=\"https:\/\/franksiemers.com\/wp-content\/uploads\/2025\/05\/Hanselaw_FSI8805_2-1024x682.jpg\" class=\"attachment-large size-large wp-image-2436\" alt=\"Hochwertiges Portrait eines Mannes mit Brille, professionell aufgenommen in Schwarz-Wei\u00df, vor dunklem Hintergrund.\" srcset=\"https:\/\/franksiemers.com\/wp-content\/uploads\/2025\/05\/Hanselaw_FSI8805_2-1024x682.jpg 1024w, https:\/\/franksiemers.com\/wp-content\/uploads\/2025\/05\/Hanselaw_FSI8805_2-300x200.jpg 300w, https:\/\/franksiemers.com\/wp-content\/uploads\/2025\/05\/Hanselaw_FSI8805_2-768x512.jpg 768w, https:\/\/franksiemers.com\/wp-content\/uploads\/2025\/05\/Hanselaw_FSI8805_2-1536x1024.jpg 1536w, https:\/\/franksiemers.com\/wp-content\/uploads\/2025\/05\/Hanselaw_FSI8805_2.jpg 2000w\" sizes=\"(max-width: 800px) 100vw, 800px\" \/>\t\t<\/div>\n\t\t\t\t<div class=\"elementor-portfolio-item__overlay\">\n\t\t\t\t<\/div>\n\t\t\t\t<\/a>\n\t\t<\/article>\n\t\t\t\t<article class=\"elementor-portfolio-item elementor-post elementor-filter-117 elementor-filter-119 post-3100 post type-post status-publish format-standard has-post-thumbnail hentry category-branding-en category-musicians\" role=\"listitem\">\n\t\t\t<a class=\"elementor-post__thumbnail__link\" href=\"https:\/\/franksiemers.com\/?p=3100&lang=en\">\n\t\t\t\t<div class=\"elementor-portfolio-item__img elementor-post__thumbnail\">\n\t\t\t<img loading=\"lazy\" decoding=\"async\" width=\"800\" height=\"640\" src=\"https:\/\/franksiemers.com\/wp-content\/uploads\/2025\/05\/harold-lopez-nussa-copyright-jazzfrank_FSI7342-2-1024x819.jpg\" class=\"attachment-large size-large wp-image-2239\" alt=\"Mann mit dunklem Hemd sitzt an einem Tisch, l\u00e4chelt in die Kamera, im Hintergrund eine rote Wand.\" srcset=\"https:\/\/franksiemers.com\/wp-content\/uploads\/2025\/05\/harold-lopez-nussa-copyright-jazzfrank_FSI7342-2-1024x819.jpg 1024w, https:\/\/franksiemers.com\/wp-content\/uploads\/2025\/05\/harold-lopez-nussa-copyright-jazzfrank_FSI7342-2-300x240.jpg 300w, https:\/\/franksiemers.com\/wp-content\/uploads\/2025\/05\/harold-lopez-nussa-copyright-jazzfrank_FSI7342-2-768x614.jpg 768w, https:\/\/franksiemers.com\/wp-content\/uploads\/2025\/05\/harold-lopez-nussa-copyright-jazzfrank_FSI7342-2-1536x1229.jpg 1536w, https:\/\/franksiemers.com\/wp-content\/uploads\/2025\/05\/harold-lopez-nussa-copyright-jazzfrank_FSI7342-2.jpg 2000w\" sizes=\"(max-width: 800px) 100vw, 800px\" \/>\t\t<\/div>\n\t\t\t\t<div class=\"elementor-portfolio-item__overlay\">\n\t\t\t\t<\/div>\n\t\t\t\t<\/a>\n\t\t<\/article>\n\t\t\t\t<article class=\"elementor-portfolio-item elementor-post elementor-filter-9 elementor-filter-8 post-2238 post type-post status-publish format-standard has-post-thumbnail hentry category-branding category-musikerinnen\" role=\"listitem\">\n\t\t\t<a class=\"elementor-post__thumbnail__link\" href=\"https:\/\/franksiemers.com\/?p=2238\">\n\t\t\t\t<div class=\"elementor-portfolio-item__img elementor-post__thumbnail\">\n\t\t\t<img loading=\"lazy\" decoding=\"async\" width=\"800\" height=\"640\" src=\"https:\/\/franksiemers.com\/wp-content\/uploads\/2025\/05\/harold-lopez-nussa-copyright-jazzfrank_FSI7342-2-1024x819.jpg\" class=\"attachment-large size-large wp-image-2239\" alt=\"Mann mit dunklem Hemd sitzt an einem Tisch, l\u00e4chelt in die Kamera, im Hintergrund eine rote Wand.\" srcset=\"https:\/\/franksiemers.com\/wp-content\/uploads\/2025\/05\/harold-lopez-nussa-copyright-jazzfrank_FSI7342-2-1024x819.jpg 1024w, https:\/\/franksiemers.com\/wp-content\/uploads\/2025\/05\/harold-lopez-nussa-copyright-jazzfrank_FSI7342-2-300x240.jpg 300w, https:\/\/franksiemers.com\/wp-content\/uploads\/2025\/05\/harold-lopez-nussa-copyright-jazzfrank_FSI7342-2-768x614.jpg 768w, https:\/\/franksiemers.com\/wp-content\/uploads\/2025\/05\/harold-lopez-nussa-copyright-jazzfrank_FSI7342-2-1536x1229.jpg 1536w, https:\/\/franksiemers.com\/wp-content\/uploads\/2025\/05\/harold-lopez-nussa-copyright-jazzfrank_FSI7342-2.jpg 2000w\" sizes=\"(max-width: 800px) 100vw, 800px\" \/>\t\t<\/div>\n\t\t\t\t<div class=\"elementor-portfolio-item__overlay\">\n\t\t\t\t<\/div>\n\t\t\t\t<\/a>\n\t\t<\/article>\n\t\t\t\t<article class=\"elementor-portfolio-item elementor-post elementor-filter-6 post-2054 post type-post status-publish format-standard has-post-thumbnail hentry category-personalities\" role=\"listitem\">\n\t\t\t<a class=\"elementor-post__thumbnail__link\" href=\"https:\/\/franksiemers.com\/?p=2054\">\n\t\t\t\t<div class=\"elementor-portfolio-item__img elementor-post__thumbnail\">\n\t\t\t<img loading=\"lazy\" decoding=\"async\" width=\"800\" height=\"571\" src=\"https:\/\/franksiemers.com\/wp-content\/uploads\/2025\/05\/Henning_Baum_131121_FRS5731-2-scaled-1-1024x731.jpg\" class=\"attachment-large size-large wp-image-2055\" alt=\"Bitte in deutscher Sprache schreiben..\" srcset=\"https:\/\/franksiemers.com\/wp-content\/uploads\/2025\/05\/Henning_Baum_131121_FRS5731-2-scaled-1-1024x731.jpg 1024w, https:\/\/franksiemers.com\/wp-content\/uploads\/2025\/05\/Henning_Baum_131121_FRS5731-2-scaled-1-300x214.jpg 300w, https:\/\/franksiemers.com\/wp-content\/uploads\/2025\/05\/Henning_Baum_131121_FRS5731-2-scaled-1-768x548.jpg 768w, https:\/\/franksiemers.com\/wp-content\/uploads\/2025\/05\/Henning_Baum_131121_FRS5731-2-scaled-1-1536x1097.jpg 1536w, https:\/\/franksiemers.com\/wp-content\/uploads\/2025\/05\/Henning_Baum_131121_FRS5731-2-scaled-1-2048x1462.jpg 2048w\" sizes=\"(max-width: 800px) 100vw, 800px\" \/>\t\t<\/div>\n\t\t\t\t<div class=\"elementor-portfolio-item__overlay\">\n\t\t\t\t<\/div>\n\t\t\t\t<\/a>\n\t\t<\/article>\n\t\t\t\t<article class=\"elementor-portfolio-item elementor-post elementor-filter-121 post-3211 post type-post status-publish format-standard has-post-thumbnail hentry category-personalities-en\" role=\"listitem\">\n\t\t\t<a class=\"elementor-post__thumbnail__link\" href=\"https:\/\/franksiemers.com\/?p=3211&lang=en\">\n\t\t\t\t<div class=\"elementor-portfolio-item__img elementor-post__thumbnail\">\n\t\t\t<img loading=\"lazy\" decoding=\"async\" width=\"800\" height=\"571\" src=\"https:\/\/franksiemers.com\/wp-content\/uploads\/2025\/05\/Henning_Baum_131121_FRS5731-2-scaled-1-1024x731.jpg\" class=\"attachment-large size-large wp-image-2055\" alt=\"Bitte in deutscher Sprache schreiben..\" srcset=\"https:\/\/franksiemers.com\/wp-content\/uploads\/2025\/05\/Henning_Baum_131121_FRS5731-2-scaled-1-1024x731.jpg 1024w, https:\/\/franksiemers.com\/wp-content\/uploads\/2025\/05\/Henning_Baum_131121_FRS5731-2-scaled-1-300x214.jpg 300w, https:\/\/franksiemers.com\/wp-content\/uploads\/2025\/05\/Henning_Baum_131121_FRS5731-2-scaled-1-768x548.jpg 768w, https:\/\/franksiemers.com\/wp-content\/uploads\/2025\/05\/Henning_Baum_131121_FRS5731-2-scaled-1-1536x1097.jpg 1536w, https:\/\/franksiemers.com\/wp-content\/uploads\/2025\/05\/Henning_Baum_131121_FRS5731-2-scaled-1-2048x1462.jpg 2048w\" sizes=\"(max-width: 800px) 100vw, 800px\" \/>\t\t<\/div>\n\t\t\t\t<div class=\"elementor-portfolio-item__overlay\">\n\t\t\t\t<\/div>\n\t\t\t\t<\/a>\n\t\t<\/article>\n\t\t\t\t<article class=\"elementor-portfolio-item elementor-post elementor-filter-117 post-3088 post type-post status-publish format-standard has-post-thumbnail hentry category-branding-en\" role=\"listitem\">\n\t\t\t<a class=\"elementor-post__thumbnail__link\" href=\"https:\/\/franksiemers.com\/?p=3088&lang=en\">\n\t\t\t\t<div class=\"elementor-portfolio-item__img elementor-post__thumbnail\">\n\t\t\t<img loading=\"lazy\" decoding=\"async\" width=\"800\" height=\"640\" src=\"https:\/\/franksiemers.com\/wp-content\/uploads\/2025\/05\/impulse_findeling_SI8802-1024x819.jpg\" class=\"attachment-large size-large wp-image-2440\" alt=\"Hochwertiges Studiofoto einer jungen Frau in schwarz, sitzend auf einem modernen, braunen Drehstuhl vor grauem Hintergrund, professionell fotografiert von Frank Siemers aus Hamburg.\" srcset=\"https:\/\/franksiemers.com\/wp-content\/uploads\/2025\/05\/impulse_findeling_SI8802-1024x819.jpg 1024w, https:\/\/franksiemers.com\/wp-content\/uploads\/2025\/05\/impulse_findeling_SI8802-300x240.jpg 300w, https:\/\/franksiemers.com\/wp-content\/uploads\/2025\/05\/impulse_findeling_SI8802-768x614.jpg 768w, https:\/\/franksiemers.com\/wp-content\/uploads\/2025\/05\/impulse_findeling_SI8802-1536x1229.jpg 1536w, https:\/\/franksiemers.com\/wp-content\/uploads\/2025\/05\/impulse_findeling_SI8802.jpg 2000w\" sizes=\"(max-width: 800px) 100vw, 800px\" \/>\t\t<\/div>\n\t\t\t\t<div class=\"elementor-portfolio-item__overlay\">\n\t\t\t\t<\/div>\n\t\t\t\t<\/a>\n\t\t<\/article>\n\t\t\t\t<article class=\"elementor-portfolio-item elementor-post elementor-filter-9 post-2439 post type-post status-publish format-standard has-post-thumbnail hentry category-branding\" role=\"listitem\">\n\t\t\t<a class=\"elementor-post__thumbnail__link\" href=\"https:\/\/franksiemers.com\/?p=2439\">\n\t\t\t\t<div class=\"elementor-portfolio-item__img elementor-post__thumbnail\">\n\t\t\t<img loading=\"lazy\" decoding=\"async\" width=\"800\" height=\"640\" src=\"https:\/\/franksiemers.com\/wp-content\/uploads\/2025\/05\/impulse_findeling_SI8802-1024x819.jpg\" class=\"attachment-large size-large wp-image-2440\" alt=\"Hochwertiges Studiofoto einer jungen Frau in schwarz, sitzend auf einem modernen, braunen Drehstuhl vor grauem Hintergrund, professionell fotografiert von Frank Siemers aus Hamburg.\" srcset=\"https:\/\/franksiemers.com\/wp-content\/uploads\/2025\/05\/impulse_findeling_SI8802-1024x819.jpg 1024w, https:\/\/franksiemers.com\/wp-content\/uploads\/2025\/05\/impulse_findeling_SI8802-300x240.jpg 300w, https:\/\/franksiemers.com\/wp-content\/uploads\/2025\/05\/impulse_findeling_SI8802-768x614.jpg 768w, https:\/\/franksiemers.com\/wp-content\/uploads\/2025\/05\/impulse_findeling_SI8802-1536x1229.jpg 1536w, https:\/\/franksiemers.com\/wp-content\/uploads\/2025\/05\/impulse_findeling_SI8802.jpg 2000w\" sizes=\"(max-width: 800px) 100vw, 800px\" \/>\t\t<\/div>\n\t\t\t\t<div class=\"elementor-portfolio-item__overlay\">\n\t\t\t\t<\/div>\n\t\t\t\t<\/a>\n\t\t<\/article>\n\t\t\t\t<article class=\"elementor-portfolio-item elementor-post elementor-filter-8 post-2078 post type-post status-publish format-standard has-post-thumbnail hentry category-musikerinnen\" role=\"listitem\">\n\t\t\t<a class=\"elementor-post__thumbnail__link\" href=\"https:\/\/franksiemers.com\/?p=2078\">\n\t\t\t\t<div class=\"elementor-portfolio-item__img elementor-post__thumbnail\">\n\t\t\t<img loading=\"lazy\" decoding=\"async\" width=\"800\" height=\"640\" src=\"https:\/\/franksiemers.com\/wp-content\/uploads\/2025\/05\/jakob-bro-copyright-jazzfrank_FSI6691-1024x819.jpg\" class=\"attachment-large size-large wp-image-2079\" alt=\"Der Mann tr\u00e4gt eine schwarze M\u00fctze und Brille, spielt Gitarre und zeigt eine konzentrierte Mimik, w\u00e4hrend er auf die Saiten schaut. Die Aufnahme vermittelt eine intime Atmosph\u00e4re eines Musikers in ein.\" srcset=\"https:\/\/franksiemers.com\/wp-content\/uploads\/2025\/05\/jakob-bro-copyright-jazzfrank_FSI6691-1024x819.jpg 1024w, https:\/\/franksiemers.com\/wp-content\/uploads\/2025\/05\/jakob-bro-copyright-jazzfrank_FSI6691-300x240.jpg 300w, https:\/\/franksiemers.com\/wp-content\/uploads\/2025\/05\/jakob-bro-copyright-jazzfrank_FSI6691-768x614.jpg 768w, https:\/\/franksiemers.com\/wp-content\/uploads\/2025\/05\/jakob-bro-copyright-jazzfrank_FSI6691-1536x1229.jpg 1536w, https:\/\/franksiemers.com\/wp-content\/uploads\/2025\/05\/jakob-bro-copyright-jazzfrank_FSI6691.jpg 1984w\" sizes=\"(max-width: 800px) 100vw, 800px\" \/>\t\t<\/div>\n\t\t\t\t<div class=\"elementor-portfolio-item__overlay\">\n\t\t\t\t<\/div>\n\t\t\t\t<\/a>\n\t\t<\/article>\n\t\t\t\t<article class=\"elementor-portfolio-item elementor-post elementor-filter-119 post-3195 post type-post status-publish format-standard has-post-thumbnail hentry category-musicians\" role=\"listitem\">\n\t\t\t<a class=\"elementor-post__thumbnail__link\" href=\"https:\/\/franksiemers.com\/?p=3195&lang=en\">\n\t\t\t\t<div class=\"elementor-portfolio-item__img elementor-post__thumbnail\">\n\t\t\t<img loading=\"lazy\" decoding=\"async\" width=\"800\" height=\"640\" src=\"https:\/\/franksiemers.com\/wp-content\/uploads\/2025\/05\/jakob-bro-copyright-jazzfrank_FSI6691-1024x819.jpg\" class=\"attachment-large size-large wp-image-2079\" alt=\"Der Mann tr\u00e4gt eine schwarze M\u00fctze und Brille, spielt Gitarre und zeigt eine konzentrierte Mimik, w\u00e4hrend er auf die Saiten schaut. Die Aufnahme vermittelt eine intime Atmosph\u00e4re eines Musikers in ein.\" srcset=\"https:\/\/franksiemers.com\/wp-content\/uploads\/2025\/05\/jakob-bro-copyright-jazzfrank_FSI6691-1024x819.jpg 1024w, https:\/\/franksiemers.com\/wp-content\/uploads\/2025\/05\/jakob-bro-copyright-jazzfrank_FSI6691-300x240.jpg 300w, https:\/\/franksiemers.com\/wp-content\/uploads\/2025\/05\/jakob-bro-copyright-jazzfrank_FSI6691-768x614.jpg 768w, https:\/\/franksiemers.com\/wp-content\/uploads\/2025\/05\/jakob-bro-copyright-jazzfrank_FSI6691-1536x1229.jpg 1536w, https:\/\/franksiemers.com\/wp-content\/uploads\/2025\/05\/jakob-bro-copyright-jazzfrank_FSI6691.jpg 1984w\" sizes=\"(max-width: 800px) 100vw, 800px\" \/>\t\t<\/div>\n\t\t\t\t<div class=\"elementor-portfolio-item__overlay\">\n\t\t\t\t<\/div>\n\t\t\t\t<\/a>\n\t\t<\/article>\n\t\t\t\t<article class=\"elementor-portfolio-item elementor-post elementor-filter-8 post-2075 post type-post status-publish format-standard has-post-thumbnail hentry category-musikerinnen\" role=\"listitem\">\n\t\t\t<a class=\"elementor-post__thumbnail__link\" href=\"https:\/\/franksiemers.com\/?p=2075\">\n\t\t\t\t<div class=\"elementor-portfolio-item__img elementor-post__thumbnail\">\n\t\t\t<img loading=\"lazy\" decoding=\"async\" width=\"800\" height=\"800\" src=\"https:\/\/franksiemers.com\/wp-content\/uploads\/2025\/05\/juergen-attig-copyright-jazzfrank_FSI2326-1024x1024.jpg\" class=\"attachment-large size-large wp-image-2076\" alt=\"Bitte in deutscher Sprache schreiben..\" srcset=\"https:\/\/franksiemers.com\/wp-content\/uploads\/2025\/05\/juergen-attig-copyright-jazzfrank_FSI2326-1024x1024.jpg 1024w, https:\/\/franksiemers.com\/wp-content\/uploads\/2025\/05\/juergen-attig-copyright-jazzfrank_FSI2326-300x300.jpg 300w, https:\/\/franksiemers.com\/wp-content\/uploads\/2025\/05\/juergen-attig-copyright-jazzfrank_FSI2326-150x150.jpg 150w, https:\/\/franksiemers.com\/wp-content\/uploads\/2025\/05\/juergen-attig-copyright-jazzfrank_FSI2326-768x768.jpg 768w, https:\/\/franksiemers.com\/wp-content\/uploads\/2025\/05\/juergen-attig-copyright-jazzfrank_FSI2326-1536x1536.jpg 1536w, https:\/\/franksiemers.com\/wp-content\/uploads\/2025\/05\/juergen-attig-copyright-jazzfrank_FSI2326.jpg 1984w\" sizes=\"(max-width: 800px) 100vw, 800px\" \/>\t\t<\/div>\n\t\t\t\t<div class=\"elementor-portfolio-item__overlay\">\n\t\t\t\t<\/div>\n\t\t\t\t<\/a>\n\t\t<\/article>\n\t\t\t\t<article class=\"elementor-portfolio-item elementor-post elementor-filter-119 post-3197 post type-post status-publish format-standard has-post-thumbnail hentry category-musicians\" role=\"listitem\">\n\t\t\t<a class=\"elementor-post__thumbnail__link\" href=\"https:\/\/franksiemers.com\/?p=3197&lang=en\">\n\t\t\t\t<div class=\"elementor-portfolio-item__img elementor-post__thumbnail\">\n\t\t\t<img loading=\"lazy\" decoding=\"async\" width=\"800\" height=\"800\" src=\"https:\/\/franksiemers.com\/wp-content\/uploads\/2025\/05\/juergen-attig-copyright-jazzfrank_FSI2326-1024x1024.jpg\" class=\"attachment-large size-large wp-image-2076\" alt=\"Bitte in deutscher Sprache schreiben..\" srcset=\"https:\/\/franksiemers.com\/wp-content\/uploads\/2025\/05\/juergen-attig-copyright-jazzfrank_FSI2326-1024x1024.jpg 1024w, https:\/\/franksiemers.com\/wp-content\/uploads\/2025\/05\/juergen-attig-copyright-jazzfrank_FSI2326-300x300.jpg 300w, https:\/\/franksiemers.com\/wp-content\/uploads\/2025\/05\/juergen-attig-copyright-jazzfrank_FSI2326-150x150.jpg 150w, https:\/\/franksiemers.com\/wp-content\/uploads\/2025\/05\/juergen-attig-copyright-jazzfrank_FSI2326-768x768.jpg 768w, https:\/\/franksiemers.com\/wp-content\/uploads\/2025\/05\/juergen-attig-copyright-jazzfrank_FSI2326-1536x1536.jpg 1536w, https:\/\/franksiemers.com\/wp-content\/uploads\/2025\/05\/juergen-attig-copyright-jazzfrank_FSI2326.jpg 1984w\" sizes=\"(max-width: 800px) 100vw, 800px\" \/>\t\t<\/div>\n\t\t\t\t<div class=\"elementor-portfolio-item__overlay\">\n\t\t\t\t<\/div>\n\t\t\t\t<\/a>\n\t\t<\/article>\n\t\t\t\t<article class=\"elementor-portfolio-item elementor-post elementor-filter-117 elementor-filter-119 post-3112 post type-post status-publish format-standard has-post-thumbnail hentry category-branding-en category-musicians\" role=\"listitem\">\n\t\t\t<a class=\"elementor-post__thumbnail__link\" href=\"https:\/\/franksiemers.com\/?p=3112&lang=en\">\n\t\t\t\t<div class=\"elementor-portfolio-item__img elementor-post__thumbnail\">\n\t\t\t<img loading=\"lazy\" decoding=\"async\" width=\"800\" height=\"640\" src=\"https:\/\/franksiemers.com\/wp-content\/uploads\/2025\/05\/lorant-aktan-copyright-jazzfrank_FSI4283-scaled-1-1024x819.jpg\" class=\"attachment-large size-large wp-image-2218\" alt=\"Bitte in deutscher Sprache schreiben..\" srcset=\"https:\/\/franksiemers.com\/wp-content\/uploads\/2025\/05\/lorant-aktan-copyright-jazzfrank_FSI4283-scaled-1-1024x819.jpg 1024w, https:\/\/franksiemers.com\/wp-content\/uploads\/2025\/05\/lorant-aktan-copyright-jazzfrank_FSI4283-scaled-1-300x240.jpg 300w, https:\/\/franksiemers.com\/wp-content\/uploads\/2025\/05\/lorant-aktan-copyright-jazzfrank_FSI4283-scaled-1-768x614.jpg 768w, https:\/\/franksiemers.com\/wp-content\/uploads\/2025\/05\/lorant-aktan-copyright-jazzfrank_FSI4283-scaled-1-1536x1229.jpg 1536w, https:\/\/franksiemers.com\/wp-content\/uploads\/2025\/05\/lorant-aktan-copyright-jazzfrank_FSI4283-scaled-1-2048x1638.jpg 2048w\" sizes=\"(max-width: 800px) 100vw, 800px\" \/>\t\t<\/div>\n\t\t\t\t<div class=\"elementor-portfolio-item__overlay\">\n\t\t\t\t<\/div>\n\t\t\t\t<\/a>\n\t\t<\/article>\n\t\t\t\t<article class=\"elementor-portfolio-item elementor-post elementor-filter-9 elementor-filter-8 post-2217 post type-post status-publish format-standard has-post-thumbnail hentry category-branding category-musikerinnen\" role=\"listitem\">\n\t\t\t<a class=\"elementor-post__thumbnail__link\" href=\"https:\/\/franksiemers.com\/?p=2217\">\n\t\t\t\t<div class=\"elementor-portfolio-item__img elementor-post__thumbnail\">\n\t\t\t<img loading=\"lazy\" decoding=\"async\" width=\"800\" height=\"640\" src=\"https:\/\/franksiemers.com\/wp-content\/uploads\/2025\/05\/lorant-aktan-copyright-jazzfrank_FSI4283-scaled-1-1024x819.jpg\" class=\"attachment-large size-large wp-image-2218\" alt=\"Bitte in deutscher Sprache schreiben..\" srcset=\"https:\/\/franksiemers.com\/wp-content\/uploads\/2025\/05\/lorant-aktan-copyright-jazzfrank_FSI4283-scaled-1-1024x819.jpg 1024w, https:\/\/franksiemers.com\/wp-content\/uploads\/2025\/05\/lorant-aktan-copyright-jazzfrank_FSI4283-scaled-1-300x240.jpg 300w, https:\/\/franksiemers.com\/wp-content\/uploads\/2025\/05\/lorant-aktan-copyright-jazzfrank_FSI4283-scaled-1-768x614.jpg 768w, https:\/\/franksiemers.com\/wp-content\/uploads\/2025\/05\/lorant-aktan-copyright-jazzfrank_FSI4283-scaled-1-1536x1229.jpg 1536w, https:\/\/franksiemers.com\/wp-content\/uploads\/2025\/05\/lorant-aktan-copyright-jazzfrank_FSI4283-scaled-1-2048x1638.jpg 2048w\" sizes=\"(max-width: 800px) 100vw, 800px\" \/>\t\t<\/div>\n\t\t\t\t<div class=\"elementor-portfolio-item__overlay\">\n\t\t\t\t<\/div>\n\t\t\t\t<\/a>\n\t\t<\/article>\n\t\t\t\t<article class=\"elementor-portfolio-item elementor-post elementor-filter-117 elementor-filter-119 elementor-filter-115 post-3097 post type-post status-publish format-standard has-post-thumbnail hentry category-branding-en category-musicians category-portfolio\" role=\"listitem\">\n\t\t\t<a class=\"elementor-post__thumbnail__link\" href=\"https:\/\/franksiemers.com\/?p=3097&lang=en\">\n\t\t\t\t<div class=\"elementor-portfolio-item__img elementor-post__thumbnail\">\n\t\t\t<img loading=\"lazy\" decoding=\"async\" width=\"800\" height=\"533\" src=\"https:\/\/franksiemers.com\/wp-content\/uploads\/2025\/05\/lucas-etcheverria-copyright-jazzfrank-frank-siemers_FSI4814-1024x682.jpg\" class=\"attachment-large size-large wp-image-2242\" alt=\"Franz\u00f6sischer Musiker mit E-Gitarre in einem herbstlichen Wald.\" srcset=\"https:\/\/franksiemers.com\/wp-content\/uploads\/2025\/05\/lucas-etcheverria-copyright-jazzfrank-frank-siemers_FSI4814-1024x682.jpg 1024w, https:\/\/franksiemers.com\/wp-content\/uploads\/2025\/05\/lucas-etcheverria-copyright-jazzfrank-frank-siemers_FSI4814-300x200.jpg 300w, https:\/\/franksiemers.com\/wp-content\/uploads\/2025\/05\/lucas-etcheverria-copyright-jazzfrank-frank-siemers_FSI4814-768x512.jpg 768w, https:\/\/franksiemers.com\/wp-content\/uploads\/2025\/05\/lucas-etcheverria-copyright-jazzfrank-frank-siemers_FSI4814-1536x1024.jpg 1536w, https:\/\/franksiemers.com\/wp-content\/uploads\/2025\/05\/lucas-etcheverria-copyright-jazzfrank-frank-siemers_FSI4814.jpg 2000w\" sizes=\"(max-width: 800px) 100vw, 800px\" \/>\t\t<\/div>\n\t\t\t\t<div class=\"elementor-portfolio-item__overlay\">\n\t\t\t\t<\/div>\n\t\t\t\t<\/a>\n\t\t<\/article>\n\t\t\t\t<article class=\"elementor-portfolio-item elementor-post elementor-filter-7 elementor-filter-9 elementor-filter-8 post-2241 post type-post status-publish format-standard has-post-thumbnail hentry category-1portfolio category-branding category-musikerinnen\" role=\"listitem\">\n\t\t\t<a class=\"elementor-post__thumbnail__link\" href=\"https:\/\/franksiemers.com\/?p=2241\">\n\t\t\t\t<div class=\"elementor-portfolio-item__img elementor-post__thumbnail\">\n\t\t\t<img loading=\"lazy\" decoding=\"async\" width=\"800\" height=\"533\" src=\"https:\/\/franksiemers.com\/wp-content\/uploads\/2025\/05\/lucas-etcheverria-copyright-jazzfrank-frank-siemers_FSI4814-1024x682.jpg\" class=\"attachment-large size-large wp-image-2242\" alt=\"Franz\u00f6sischer Musiker mit E-Gitarre in einem herbstlichen Wald.\" srcset=\"https:\/\/franksiemers.com\/wp-content\/uploads\/2025\/05\/lucas-etcheverria-copyright-jazzfrank-frank-siemers_FSI4814-1024x682.jpg 1024w, https:\/\/franksiemers.com\/wp-content\/uploads\/2025\/05\/lucas-etcheverria-copyright-jazzfrank-frank-siemers_FSI4814-300x200.jpg 300w, https:\/\/franksiemers.com\/wp-content\/uploads\/2025\/05\/lucas-etcheverria-copyright-jazzfrank-frank-siemers_FSI4814-768x512.jpg 768w, https:\/\/franksiemers.com\/wp-content\/uploads\/2025\/05\/lucas-etcheverria-copyright-jazzfrank-frank-siemers_FSI4814-1536x1024.jpg 1536w, https:\/\/franksiemers.com\/wp-content\/uploads\/2025\/05\/lucas-etcheverria-copyright-jazzfrank-frank-siemers_FSI4814.jpg 2000w\" sizes=\"(max-width: 800px) 100vw, 800px\" \/>\t\t<\/div>\n\t\t\t\t<div class=\"elementor-portfolio-item__overlay\">\n\t\t\t\t<\/div>\n\t\t\t\t<\/a>\n\t\t<\/article>\n\t\t\t\t<article class=\"elementor-portfolio-item elementor-post elementor-filter-117 post-3086 post type-post status-publish format-standard has-post-thumbnail hentry category-branding-en\" role=\"listitem\">\n\t\t\t<a class=\"elementor-post__thumbnail__link\" href=\"https:\/\/franksiemers.com\/?p=3086&lang=en\">\n\t\t\t\t<div class=\"elementor-portfolio-item__img elementor-post__thumbnail\">\n\t\t\t<img loading=\"lazy\" decoding=\"async\" width=\"800\" height=\"792\" src=\"https:\/\/franksiemers.com\/wp-content\/uploads\/2025\/05\/Marion_Horn_FRS7484-1024x1014.jpg\" class=\"attachment-large size-large wp-image-2443\" alt=\"Moderne B\u00fcroaufnahme mit gro\u00dfer Fensterfront und Sicht \u00fcber die Stadt, Frau im Business-Outfit zeigt emotionale \u00dcberraschung oder Freude. Arbeitsbereich ist chaotisch mit Akten, B\u00fcromaterialien und Technik.\" srcset=\"https:\/\/franksiemers.com\/wp-content\/uploads\/2025\/05\/Marion_Horn_FRS7484-1024x1014.jpg 1024w, https:\/\/franksiemers.com\/wp-content\/uploads\/2025\/05\/Marion_Horn_FRS7484-300x297.jpg 300w, https:\/\/franksiemers.com\/wp-content\/uploads\/2025\/05\/Marion_Horn_FRS7484-150x150.jpg 150w, https:\/\/franksiemers.com\/wp-content\/uploads\/2025\/05\/Marion_Horn_FRS7484-768x761.jpg 768w, https:\/\/franksiemers.com\/wp-content\/uploads\/2025\/05\/Marion_Horn_FRS7484-1536x1521.jpg 1536w, https:\/\/franksiemers.com\/wp-content\/uploads\/2025\/05\/Marion_Horn_FRS7484.jpg 2000w\" sizes=\"(max-width: 800px) 100vw, 800px\" \/>\t\t<\/div>\n\t\t\t\t<div class=\"elementor-portfolio-item__overlay\">\n\t\t\t\t<\/div>\n\t\t\t\t<\/a>\n\t\t<\/article>\n\t\t\t\t<article class=\"elementor-portfolio-item elementor-post elementor-filter-9 post-2442 post type-post status-publish format-standard has-post-thumbnail hentry category-branding\" role=\"listitem\">\n\t\t\t<a class=\"elementor-post__thumbnail__link\" href=\"https:\/\/franksiemers.com\/?p=2442\">\n\t\t\t\t<div class=\"elementor-portfolio-item__img elementor-post__thumbnail\">\n\t\t\t<img loading=\"lazy\" decoding=\"async\" width=\"800\" height=\"792\" src=\"https:\/\/franksiemers.com\/wp-content\/uploads\/2025\/05\/Marion_Horn_FRS7484-1024x1014.jpg\" class=\"attachment-large size-large wp-image-2443\" alt=\"Moderne B\u00fcroaufnahme mit gro\u00dfer Fensterfront und Sicht \u00fcber die Stadt, Frau im Business-Outfit zeigt emotionale \u00dcberraschung oder Freude. Arbeitsbereich ist chaotisch mit Akten, B\u00fcromaterialien und Technik.\" srcset=\"https:\/\/franksiemers.com\/wp-content\/uploads\/2025\/05\/Marion_Horn_FRS7484-1024x1014.jpg 1024w, https:\/\/franksiemers.com\/wp-content\/uploads\/2025\/05\/Marion_Horn_FRS7484-300x297.jpg 300w, https:\/\/franksiemers.com\/wp-content\/uploads\/2025\/05\/Marion_Horn_FRS7484-150x150.jpg 150w, https:\/\/franksiemers.com\/wp-content\/uploads\/2025\/05\/Marion_Horn_FRS7484-768x761.jpg 768w, https:\/\/franksiemers.com\/wp-content\/uploads\/2025\/05\/Marion_Horn_FRS7484-1536x1521.jpg 1536w, https:\/\/franksiemers.com\/wp-content\/uploads\/2025\/05\/Marion_Horn_FRS7484.jpg 2000w\" sizes=\"(max-width: 800px) 100vw, 800px\" \/>\t\t<\/div>\n\t\t\t\t<div class=\"elementor-portfolio-item__overlay\">\n\t\t\t\t<\/div>\n\t\t\t\t<\/a>\n\t\t<\/article>\n\t\t\t\t<article class=\"elementor-portfolio-item elementor-post elementor-filter-119 post-3134 post type-post status-publish format-standard has-post-thumbnail hentry category-musicians\" role=\"listitem\">\n\t\t\t<a class=\"elementor-post__thumbnail__link\" href=\"https:\/\/franksiemers.com\/?p=3134&lang=en\">\n\t\t\t\t<div class=\"elementor-portfolio-item__img elementor-post__thumbnail\">\n\t\t\t<img loading=\"lazy\" decoding=\"async\" width=\"800\" height=\"800\" src=\"https:\/\/franksiemers.com\/wp-content\/uploads\/2025\/05\/adam-holzman-brave-new-world_FSI1747-1024x1024.jpg\" class=\"attachment-large size-large wp-image-2488\" alt=\"M\u00e4nnlicher Portraitfotografie von Frank Siemers, professioneller Fotograf aus Hamburg, mit dunklem Hintergrund.\" srcset=\"https:\/\/franksiemers.com\/wp-content\/uploads\/2025\/05\/adam-holzman-brave-new-world_FSI1747-1024x1024.jpg 1024w, https:\/\/franksiemers.com\/wp-content\/uploads\/2025\/05\/adam-holzman-brave-new-world_FSI1747-300x300.jpg 300w, https:\/\/franksiemers.com\/wp-content\/uploads\/2025\/05\/adam-holzman-brave-new-world_FSI1747-150x150.jpg 150w, https:\/\/franksiemers.com\/wp-content\/uploads\/2025\/05\/adam-holzman-brave-new-world_FSI1747-768x768.jpg 768w, https:\/\/franksiemers.com\/wp-content\/uploads\/2025\/05\/adam-holzman-brave-new-world_FSI1747-1536x1536.jpg 1536w, https:\/\/franksiemers.com\/wp-content\/uploads\/2025\/05\/adam-holzman-brave-new-world_FSI1747.jpg 2000w\" sizes=\"(max-width: 800px) 100vw, 800px\" \/>\t\t<\/div>\n\t\t\t\t<div class=\"elementor-portfolio-item__overlay\">\n\t\t\t\t<\/div>\n\t\t\t\t<\/a>\n\t\t<\/article>\n\t\t\t\t<article class=\"elementor-portfolio-item elementor-post elementor-filter-8 post-2181 post type-post status-publish format-standard has-post-thumbnail hentry category-musikerinnen\" role=\"listitem\">\n\t\t\t<a class=\"elementor-post__thumbnail__link\" href=\"https:\/\/franksiemers.com\/?p=2181\">\n\t\t\t\t<div class=\"elementor-portfolio-item__img elementor-post__thumbnail\">\n\t\t\t<img loading=\"lazy\" decoding=\"async\" width=\"800\" height=\"800\" src=\"https:\/\/franksiemers.com\/wp-content\/uploads\/2025\/05\/adam-holzman-brave-new-world_FSI1747-1024x1024.jpg\" class=\"attachment-large size-large wp-image-2488\" alt=\"M\u00e4nnlicher Portraitfotografie von Frank Siemers, professioneller Fotograf aus Hamburg, mit dunklem Hintergrund.\" srcset=\"https:\/\/franksiemers.com\/wp-content\/uploads\/2025\/05\/adam-holzman-brave-new-world_FSI1747-1024x1024.jpg 1024w, https:\/\/franksiemers.com\/wp-content\/uploads\/2025\/05\/adam-holzman-brave-new-world_FSI1747-300x300.jpg 300w, https:\/\/franksiemers.com\/wp-content\/uploads\/2025\/05\/adam-holzman-brave-new-world_FSI1747-150x150.jpg 150w, https:\/\/franksiemers.com\/wp-content\/uploads\/2025\/05\/adam-holzman-brave-new-world_FSI1747-768x768.jpg 768w, https:\/\/franksiemers.com\/wp-content\/uploads\/2025\/05\/adam-holzman-brave-new-world_FSI1747-1536x1536.jpg 1536w, https:\/\/franksiemers.com\/wp-content\/uploads\/2025\/05\/adam-holzman-brave-new-world_FSI1747.jpg 2000w\" sizes=\"(max-width: 800px) 100vw, 800px\" \/>\t\t<\/div>\n\t\t\t\t<div class=\"elementor-portfolio-item__overlay\">\n\t\t\t\t<\/div>\n\t\t\t\t<\/a>\n\t\t<\/article>\n\t\t\t\t<article class=\"elementor-portfolio-item elementor-post elementor-filter-8 post-2099 post type-post status-publish format-standard has-post-thumbnail hentry category-musikerinnen\" role=\"listitem\">\n\t\t\t<a class=\"elementor-post__thumbnail__link\" href=\"https:\/\/franksiemers.com\/?p=2099\">\n\t\t\t\t<div class=\"elementor-portfolio-item__img elementor-post__thumbnail\">\n\t\t\t<img loading=\"lazy\" decoding=\"async\" width=\"800\" height=\"800\" src=\"https:\/\/franksiemers.com\/wp-content\/uploads\/2025\/05\/matt-penman-copyright-jazzfrank-frank-siemers_FSI5797_pp-1-1024x1024.jpg\" class=\"attachment-large size-large wp-image-2724\" alt=\"Starker Nahaufnahme von einem Mann mit dunklem Hut, der den Wirbelkasten seines Kontrabasses h\u00e4lt, vor gr\u00fcnem Hintergrund.\" srcset=\"https:\/\/franksiemers.com\/wp-content\/uploads\/2025\/05\/matt-penman-copyright-jazzfrank-frank-siemers_FSI5797_pp-1-1024x1024.jpg 1024w, https:\/\/franksiemers.com\/wp-content\/uploads\/2025\/05\/matt-penman-copyright-jazzfrank-frank-siemers_FSI5797_pp-1-300x300.jpg 300w, https:\/\/franksiemers.com\/wp-content\/uploads\/2025\/05\/matt-penman-copyright-jazzfrank-frank-siemers_FSI5797_pp-1-150x150.jpg 150w, https:\/\/franksiemers.com\/wp-content\/uploads\/2025\/05\/matt-penman-copyright-jazzfrank-frank-siemers_FSI5797_pp-1-768x768.jpg 768w, https:\/\/franksiemers.com\/wp-content\/uploads\/2025\/05\/matt-penman-copyright-jazzfrank-frank-siemers_FSI5797_pp-1-1536x1536.jpg 1536w, https:\/\/franksiemers.com\/wp-content\/uploads\/2025\/05\/matt-penman-copyright-jazzfrank-frank-siemers_FSI5797_pp-1.jpg 1984w\" sizes=\"(max-width: 800px) 100vw, 800px\" \/>\t\t<\/div>\n\t\t\t\t<div class=\"elementor-portfolio-item__overlay\">\n\t\t\t\t<\/div>\n\t\t\t\t<\/a>\n\t\t<\/article>\n\t\t\t\t<article class=\"elementor-portfolio-item elementor-post elementor-filter-119 post-3182 post type-post status-publish format-standard has-post-thumbnail hentry category-musicians\" role=\"listitem\">\n\t\t\t<a class=\"elementor-post__thumbnail__link\" href=\"https:\/\/franksiemers.com\/?p=3182&lang=en\">\n\t\t\t\t<div class=\"elementor-portfolio-item__img elementor-post__thumbnail\">\n\t\t\t<img loading=\"lazy\" decoding=\"async\" width=\"800\" height=\"800\" src=\"https:\/\/franksiemers.com\/wp-content\/uploads\/2025\/05\/matt-penman-copyright-jazzfrank-frank-siemers_FSI5797_pp-1-1024x1024.jpg\" class=\"attachment-large size-large wp-image-2724\" alt=\"Starker Nahaufnahme von einem Mann mit dunklem Hut, der den Wirbelkasten seines Kontrabasses h\u00e4lt, vor gr\u00fcnem Hintergrund.\" srcset=\"https:\/\/franksiemers.com\/wp-content\/uploads\/2025\/05\/matt-penman-copyright-jazzfrank-frank-siemers_FSI5797_pp-1-1024x1024.jpg 1024w, https:\/\/franksiemers.com\/wp-content\/uploads\/2025\/05\/matt-penman-copyright-jazzfrank-frank-siemers_FSI5797_pp-1-300x300.jpg 300w, https:\/\/franksiemers.com\/wp-content\/uploads\/2025\/05\/matt-penman-copyright-jazzfrank-frank-siemers_FSI5797_pp-1-150x150.jpg 150w, https:\/\/franksiemers.com\/wp-content\/uploads\/2025\/05\/matt-penman-copyright-jazzfrank-frank-siemers_FSI5797_pp-1-768x768.jpg 768w, https:\/\/franksiemers.com\/wp-content\/uploads\/2025\/05\/matt-penman-copyright-jazzfrank-frank-siemers_FSI5797_pp-1-1536x1536.jpg 1536w, https:\/\/franksiemers.com\/wp-content\/uploads\/2025\/05\/matt-penman-copyright-jazzfrank-frank-siemers_FSI5797_pp-1.jpg 1984w\" sizes=\"(max-width: 800px) 100vw, 800px\" \/>\t\t<\/div>\n\t\t\t\t<div class=\"elementor-portfolio-item__overlay\">\n\t\t\t\t<\/div>\n\t\t\t\t<\/a>\n\t\t<\/article>\n\t\t\t\t<article class=\"elementor-portfolio-item elementor-post elementor-filter-119 post-3132 post type-post status-publish format-standard has-post-thumbnail hentry category-musicians\" role=\"listitem\">\n\t\t\t<a class=\"elementor-post__thumbnail__link\" href=\"https:\/\/franksiemers.com\/?p=3132&lang=en\">\n\t\t\t\t<div class=\"elementor-portfolio-item__img elementor-post__thumbnail\">\n\t\t\t<img loading=\"lazy\" decoding=\"async\" width=\"800\" height=\"800\" src=\"https:\/\/franksiemers.com\/wp-content\/uploads\/2025\/05\/matt-wilson-copyright-jazzfrank_FSI2386.jpg_FSI2427-1024x1024.jpg\" class=\"attachment-large size-large wp-image-2185\" alt=\"\" srcset=\"https:\/\/franksiemers.com\/wp-content\/uploads\/2025\/05\/matt-wilson-copyright-jazzfrank_FSI2386.jpg_FSI2427-1024x1024.jpg 1024w, https:\/\/franksiemers.com\/wp-content\/uploads\/2025\/05\/matt-wilson-copyright-jazzfrank_FSI2386.jpg_FSI2427-300x300.jpg 300w, https:\/\/franksiemers.com\/wp-content\/uploads\/2025\/05\/matt-wilson-copyright-jazzfrank_FSI2386.jpg_FSI2427-150x150.jpg 150w, https:\/\/franksiemers.com\/wp-content\/uploads\/2025\/05\/matt-wilson-copyright-jazzfrank_FSI2386.jpg_FSI2427-768x768.jpg 768w, https:\/\/franksiemers.com\/wp-content\/uploads\/2025\/05\/matt-wilson-copyright-jazzfrank_FSI2386.jpg_FSI2427-1536x1536.jpg 1536w, https:\/\/franksiemers.com\/wp-content\/uploads\/2025\/05\/matt-wilson-copyright-jazzfrank_FSI2386.jpg_FSI2427.jpg 2000w\" sizes=\"(max-width: 800px) 100vw, 800px\" \/>\t\t<\/div>\n\t\t\t\t<div class=\"elementor-portfolio-item__overlay\">\n\t\t\t\t<\/div>\n\t\t\t\t<\/a>\n\t\t<\/article>\n\t\t\t\t<article class=\"elementor-portfolio-item elementor-post elementor-filter-8 post-2184 post type-post status-publish format-standard has-post-thumbnail hentry category-musikerinnen\" role=\"listitem\">\n\t\t\t<a class=\"elementor-post__thumbnail__link\" href=\"https:\/\/franksiemers.com\/?p=2184\">\n\t\t\t\t<div class=\"elementor-portfolio-item__img elementor-post__thumbnail\">\n\t\t\t<img loading=\"lazy\" decoding=\"async\" width=\"800\" height=\"800\" src=\"https:\/\/franksiemers.com\/wp-content\/uploads\/2025\/05\/matt-wilson-copyright-jazzfrank_FSI2386.jpg_FSI2427-1024x1024.jpg\" class=\"attachment-large size-large wp-image-2185\" alt=\"\" srcset=\"https:\/\/franksiemers.com\/wp-content\/uploads\/2025\/05\/matt-wilson-copyright-jazzfrank_FSI2386.jpg_FSI2427-1024x1024.jpg 1024w, https:\/\/franksiemers.com\/wp-content\/uploads\/2025\/05\/matt-wilson-copyright-jazzfrank_FSI2386.jpg_FSI2427-300x300.jpg 300w, https:\/\/franksiemers.com\/wp-content\/uploads\/2025\/05\/matt-wilson-copyright-jazzfrank_FSI2386.jpg_FSI2427-150x150.jpg 150w, https:\/\/franksiemers.com\/wp-content\/uploads\/2025\/05\/matt-wilson-copyright-jazzfrank_FSI2386.jpg_FSI2427-768x768.jpg 768w, https:\/\/franksiemers.com\/wp-content\/uploads\/2025\/05\/matt-wilson-copyright-jazzfrank_FSI2386.jpg_FSI2427-1536x1536.jpg 1536w, https:\/\/franksiemers.com\/wp-content\/uploads\/2025\/05\/matt-wilson-copyright-jazzfrank_FSI2386.jpg_FSI2427.jpg 2000w\" sizes=\"(max-width: 800px) 100vw, 800px\" \/>\t\t<\/div>\n\t\t\t\t<div class=\"elementor-portfolio-item__overlay\">\n\t\t\t\t<\/div>\n\t\t\t\t<\/a>\n\t\t<\/article>\n\t\t\t\t<article class=\"elementor-portfolio-item elementor-post elementor-filter-117 post-3128 post type-post status-publish format-standard has-post-thumbnail hentry category-branding-en\" role=\"listitem\">\n\t\t\t<a class=\"elementor-post__thumbnail__link\" href=\"https:\/\/franksiemers.com\/?p=3128&lang=en\">\n\t\t\t\t<div class=\"elementor-portfolio-item__img elementor-post__thumbnail\">\n\t\t\t<img loading=\"lazy\" decoding=\"async\" width=\"683\" height=\"1024\" src=\"https:\/\/franksiemers.com\/wp-content\/uploads\/2025\/05\/mckinsey_FSI3888-683x1024.jpg\" class=\"attachment-large size-large wp-image-2191\" alt=\"\" srcset=\"https:\/\/franksiemers.com\/wp-content\/uploads\/2025\/05\/mckinsey_FSI3888-683x1024.jpg 683w, https:\/\/franksiemers.com\/wp-content\/uploads\/2025\/05\/mckinsey_FSI3888-200x300.jpg 200w, https:\/\/franksiemers.com\/wp-content\/uploads\/2025\/05\/mckinsey_FSI3888-768x1151.jpg 768w, https:\/\/franksiemers.com\/wp-content\/uploads\/2025\/05\/mckinsey_FSI3888-1024x1536.jpg 1024w, https:\/\/franksiemers.com\/wp-content\/uploads\/2025\/05\/mckinsey_FSI3888-1366x2048.jpg 1366w, https:\/\/franksiemers.com\/wp-content\/uploads\/2025\/05\/mckinsey_FSI3888.jpg 1460w\" sizes=\"(max-width: 683px) 100vw, 683px\" \/>\t\t<\/div>\n\t\t\t\t<div class=\"elementor-portfolio-item__overlay\">\n\t\t\t\t<\/div>\n\t\t\t\t<\/a>\n\t\t<\/article>\n\t\t\t\t<article class=\"elementor-portfolio-item elementor-post elementor-filter-9 post-2190 post type-post status-publish format-standard has-post-thumbnail hentry category-branding\" role=\"listitem\">\n\t\t\t<a class=\"elementor-post__thumbnail__link\" href=\"https:\/\/franksiemers.com\/?p=2190\">\n\t\t\t\t<div class=\"elementor-portfolio-item__img elementor-post__thumbnail\">\n\t\t\t<img loading=\"lazy\" decoding=\"async\" width=\"683\" height=\"1024\" src=\"https:\/\/franksiemers.com\/wp-content\/uploads\/2025\/05\/mckinsey_FSI3888-683x1024.jpg\" class=\"attachment-large size-large wp-image-2191\" alt=\"\" srcset=\"https:\/\/franksiemers.com\/wp-content\/uploads\/2025\/05\/mckinsey_FSI3888-683x1024.jpg 683w, https:\/\/franksiemers.com\/wp-content\/uploads\/2025\/05\/mckinsey_FSI3888-200x300.jpg 200w, https:\/\/franksiemers.com\/wp-content\/uploads\/2025\/05\/mckinsey_FSI3888-768x1151.jpg 768w, https:\/\/franksiemers.com\/wp-content\/uploads\/2025\/05\/mckinsey_FSI3888-1024x1536.jpg 1024w, https:\/\/franksiemers.com\/wp-content\/uploads\/2025\/05\/mckinsey_FSI3888-1366x2048.jpg 1366w, https:\/\/franksiemers.com\/wp-content\/uploads\/2025\/05\/mckinsey_FSI3888.jpg 1460w\" sizes=\"(max-width: 683px) 100vw, 683px\" \/>\t\t<\/div>\n\t\t\t\t<div class=\"elementor-portfolio-item__overlay\">\n\t\t\t\t<\/div>\n\t\t\t\t<\/a>\n\t\t<\/article>\n\t\t\t\t<article class=\"elementor-portfolio-item elementor-post elementor-filter-117 elementor-filter-115 post-3114 post type-post status-publish format-standard has-post-thumbnail hentry category-branding-en category-portfolio\" role=\"listitem\">\n\t\t\t<a class=\"elementor-post__thumbnail__link\" href=\"https:\/\/franksiemers.com\/?p=3114&lang=en\">\n\t\t\t\t<div class=\"elementor-portfolio-item__img elementor-post__thumbnail\">\n\t\t\t<img loading=\"lazy\" decoding=\"async\" width=\"683\" height=\"1024\" src=\"https:\/\/franksiemers.com\/wp-content\/uploads\/2025\/05\/Mira_FRS2064-683x1024.jpg\" class=\"attachment-large size-large wp-image-2214\" alt=\"Hochwertiges Portr\u00e4t einer Frau, professionell fotografiert im modernen Arbeitsumfeld von Frank Siemers, einem Fotograf aus Hamburg.\" srcset=\"https:\/\/franksiemers.com\/wp-content\/uploads\/2025\/05\/Mira_FRS2064-683x1024.jpg 683w, https:\/\/franksiemers.com\/wp-content\/uploads\/2025\/05\/Mira_FRS2064-200x300.jpg 200w, https:\/\/franksiemers.com\/wp-content\/uploads\/2025\/05\/Mira_FRS2064-768x1152.jpg 768w, https:\/\/franksiemers.com\/wp-content\/uploads\/2025\/05\/Mira_FRS2064-1024x1536.jpg 1024w, https:\/\/franksiemers.com\/wp-content\/uploads\/2025\/05\/Mira_FRS2064.jpg 1313w\" sizes=\"(max-width: 683px) 100vw, 683px\" \/>\t\t<\/div>\n\t\t\t\t<div class=\"elementor-portfolio-item__overlay\">\n\t\t\t\t<\/div>\n\t\t\t\t<\/a>\n\t\t<\/article>\n\t\t\t\t<article class=\"elementor-portfolio-item elementor-post elementor-filter-7 elementor-filter-9 post-2212 post type-post status-publish format-standard has-post-thumbnail hentry category-1portfolio category-branding\" role=\"listitem\">\n\t\t\t<a class=\"elementor-post__thumbnail__link\" href=\"https:\/\/franksiemers.com\/?p=2212\">\n\t\t\t\t<div class=\"elementor-portfolio-item__img elementor-post__thumbnail\">\n\t\t\t<img loading=\"lazy\" decoding=\"async\" width=\"683\" height=\"1024\" src=\"https:\/\/franksiemers.com\/wp-content\/uploads\/2025\/05\/Mira_FRS2064-683x1024.jpg\" class=\"attachment-large size-large wp-image-2214\" alt=\"Hochwertiges Portr\u00e4t einer Frau, professionell fotografiert im modernen Arbeitsumfeld von Frank Siemers, einem Fotograf aus Hamburg.\" srcset=\"https:\/\/franksiemers.com\/wp-content\/uploads\/2025\/05\/Mira_FRS2064-683x1024.jpg 683w, https:\/\/franksiemers.com\/wp-content\/uploads\/2025\/05\/Mira_FRS2064-200x300.jpg 200w, https:\/\/franksiemers.com\/wp-content\/uploads\/2025\/05\/Mira_FRS2064-768x1152.jpg 768w, https:\/\/franksiemers.com\/wp-content\/uploads\/2025\/05\/Mira_FRS2064-1024x1536.jpg 1024w, https:\/\/franksiemers.com\/wp-content\/uploads\/2025\/05\/Mira_FRS2064.jpg 1313w\" sizes=\"(max-width: 683px) 100vw, 683px\" \/>\t\t<\/div>\n\t\t\t\t<div class=\"elementor-portfolio-item__overlay\">\n\t\t\t\t<\/div>\n\t\t\t\t<\/a>\n\t\t<\/article>\n\t\t\t\t<\/div>\n\t\t\t\t\t\t<\/div>\n\t\t\t\t<\/div>\n\t\t\t\t<div class=\"elementor-element elementor-element-be5b7b3 elementor-widget elementor-widget-html\" data-id=\"be5b7b3\" data-element_type=\"widget\" data-widget_type=\"html.default\">\n\t\t\t\t\t<div id=\"custom-lightbox\">\n  <button class=\"lightbox-close\">&times;<\/button>\n  <div class=\"lightbox-nav lightbox-prev\">&#10094;<\/div> <!-- Linker Pfeil -->\n  <img decoding=\"async\" src=\"\" alt=\"Bildansicht\">\n  <div class=\"lightbox-nav lightbox-next\">&#10095;<\/div> <!-- Rechter Pfeil -->\n<\/div>\n\n<style>\n#custom-lightbox {\n  position: fixed;\n  inset: 0;\n  background: rgba(0, 0, 0, 0.9);\n  display: none;\n  justify-content: center;\n  align-items: center;\n  z-index: 9999;\n}\n\n#custom-lightbox img {\n  max-width: 90%;\n  max-height: 90%;\n  border-radius: 4px;\n  box-shadow: 0 0 20px rgba(0,0,0,0.5);\n}\n\n.lightbox-close {\n  position: absolute;\n  top: 20px;\n  right: 20px;\n  width: 40px;\n  height: 40px;\n  background: transparent;\n  border: none;\n  color: white;\n  font-size: 24px;\n  cursor: pointer;\n  border-radius: 50%;\n  transition: all 0.3s ease;\n  display: flex;\n  align-items: center;\n  justify-content: center;\n}\n\n.lightbox-close:hover {\n  background: transparent;\n  outline: 2px solid white;\n}\n\n\/* Pfeile (subtil) *\/\n.lightbox-nav {\n  position: absolute;\n  top: 50%;\n  transform: translateY(-50%);\n  font-size: 32px;\n  color: rgba(255, 255, 255, 0.7);\n  cursor: pointer;\n  padding: 10px;\n  border-radius: 50%;\n  transition: background 0.3s ease, color 0.3s ease;\n  user-select: none;\n}\n\n.lightbox-nav:hover {\n  background: rgba(255, 255, 255, 0.1);\n  color: #fff;\n}\n\n.lightbox-prev {\n  left: 20px;\n}\n\n.lightbox-next {\n  right: 20px;\n}\n\n\/* Mobile: Close-Button weiter unten *\/\n@media (max-width: 768px) {\n  .lightbox-close {\n    top: 80px; \/* vorher 20px, jetzt 30px tiefer *\/\n  }\n}\n<\/style>\n\n<script>\nwindow.addEventListener(\"DOMContentLoaded\", function () {\n  const portfolioItems = document.querySelectorAll(\"#portfolio1 .elementor-portfolio-item\");\n  const lightbox = document.getElementById(\"custom-lightbox\");\n  const lightboxImg = lightbox.querySelector(\"img\");\n  const closeBtn = lightbox.querySelector(\".lightbox-close\");\n  const prevBtn = lightbox.querySelector(\".lightbox-prev\");\n  const nextBtn = lightbox.querySelector(\".lightbox-next\");\n\n  let imageUrls = [];\n  let currentIndex = 0;\n\n  \/\/ \ud83d\uddbc\ufe0f Bild-URLs sammeln\n  portfolioItems.forEach((item) => {\n    const img = item.querySelector(\"img\");\n    if (img) {\n      imageUrls.push(img.src);\n    }\n  });\n\n  \/\/ \u00d6ffnen mit Index\n  portfolioItems.forEach((item, index) => {\n    const img = item.querySelector(\"img\");\n    if (img) {\n      item.addEventListener(\"click\", function (e) {\n        e.preventDefault();\n        currentIndex = index;\n        lightboxImg.src = img.src;\n        lightbox.style.display = \"flex\";\n        document.body.classList.add('lightbox-open');\n      });\n    }\n  });\n\n  \/\/ Schlie\u00dfen\n  const closeLightbox = () => {\n    lightbox.style.display = \"none\";\n    document.body.classList.remove('lightbox-open');\n  };\n\n  closeBtn.addEventListener(\"click\", closeLightbox);\n  lightbox.addEventListener(\"click\", (e) => {\n    if (e.target === lightbox) {\n      closeLightbox();\n    }\n  });\n\n  \/\/ Navigation: weiter\n  nextBtn.addEventListener(\"click\", (e) => {\n    e.stopPropagation();\n    currentIndex = (currentIndex + 1) % imageUrls.length;\n    lightboxImg.src = imageUrls[currentIndex];\n  });\n\n  \/\/ Navigation: zur\u00fcck\n  prevBtn.addEventListener(\"click\", (e) => {\n    e.stopPropagation();\n    currentIndex = (currentIndex - 1 + imageUrls.length) % imageUrls.length;\n    lightboxImg.src = imageUrls[currentIndex];\n  });\n});\n<\/script>\t\t\t\t<\/div>\n\t\t\t\t<div class=\"elementor-element elementor-element-930db03 elementor-widget elementor-widget-html\" data-id=\"930db03\" data-element_type=\"widget\" data-widget_type=\"html.default\">\n\t\t\t\t\t<script>\ndocument.addEventListener(\"DOMContentLoaded\", function () {\n  const filterButtons = document.querySelectorAll(\".elementor-portfolio__filter\");\n\n  filterButtons.forEach(button => {\n    button.addEventListener(\"click\", function () {\n      const target = document.getElementById(\"frank-portfolio\");\n      if (target) {\n        \/\/ Etwas Offset f\u00fcr Sticky Header (z.\u202fB. 100px)\n        const offset = 0;\n        const y = target.getBoundingClientRect().top + window.pageYOffset - offset;\n\n        window.scrollTo({ top: y, behavior: \"smooth\" });\n      }\n    });\n  });\n});\n<\/script>\t\t\t\t<\/div>\n\t\t\t\t<div class=\"elementor-element elementor-element-6c6a9bb8 elementor-widget elementor-widget-html\" data-id=\"6c6a9bb8\" data-element_type=\"widget\" data-widget_type=\"html.default\">\n\t\t\t\t\t<style>\n.elementor-portfolio__filter[data-filter=\"__all\"] {\n    display: none !important;\n}\n<\/style>\t\t\t\t<\/div>\n\t\t\t\t<div class=\"elementor-element elementor-element-5545e4d9 elementor-widget elementor-widget-menu-anchor\" data-id=\"5545e4d9\" data-element_type=\"widget\" data-widget_type=\"menu-anchor.default\">\n\t\t\t\t\t\t\t<div class=\"elementor-menu-anchor\" id=\"ueber-mich\"><\/div>\n\t\t\t\t\t\t<\/div>\n\t\t\t\t<\/div>\n\t\t<div class=\"elementor-element elementor-element-52f0f23f e-con-full e-flex e-con e-parent\" data-id=\"52f0f23f\" data-element_type=\"container\" id=\"ueber-mich\" data-settings=\"{&quot;background_background&quot;:&quot;classic&quot;}\">\n\t\t<div class=\"elementor-element elementor-element-488d7c08 e-con-full e-flex e-con e-child\" data-id=\"488d7c08\" data-element_type=\"container\" id=\"\u00fcber-mich\" data-settings=\"{&quot;sticky&quot;:&quot;top&quot;,&quot;sticky_parent&quot;:&quot;yes&quot;,&quot;sticky_on&quot;:[&quot;desktop&quot;],&quot;sticky_offset&quot;:0,&quot;sticky_effects_offset&quot;:0,&quot;sticky_anchor_link_offset&quot;:0}\">\n\t\t<div class=\"elementor-element elementor-element-233590cd e-con-full e-flex e-con e-child\" data-id=\"233590cd\" data-element_type=\"container\">\n\t\t\t\t<div class=\"elementor-element elementor-element-500efe0d elementor-widget elementor-widget-spacer\" data-id=\"500efe0d\" data-element_type=\"widget\" data-widget_type=\"spacer.default\">\n\t\t\t\t\t\t\t<div class=\"elementor-spacer\">\n\t\t\t<div class=\"elementor-spacer-inner\"><\/div>\n\t\t<\/div>\n\t\t\t\t\t\t<\/div>\n\t\t\t\t<div class=\"elementor-element elementor-element-4eb4ace elementor-widget elementor-widget-heading\" data-id=\"4eb4ace\" data-element_type=\"widget\" data-widget_type=\"heading.default\">\n\t\t\t\t\t<h2 class=\"elementor-heading-title elementor-size-default\">\u00dcBER MICH \/ CASES<\/h2>\t\t\t\t<\/div>\n\t\t\t\t<div class=\"elementor-element elementor-element-23fec05e elementor-widget elementor-widget-text-editor\" data-id=\"23fec05e\" data-element_type=\"widget\" data-widget_type=\"text-editor.default\">\n\t\t\t\t\t\t\t\t\t<p class=\"p1\">Mehr als ein Blick durch die Kamera \u2013 ich bin ganz da, wenn es drauf ankommt und f\u00fchre dich routiniert und neugierig durch unsere Foto-Session.<\/p>\t\t\t\t\t\t\t\t<\/div>\n\t\t\t\t<div class=\"elementor-element elementor-element-6a76da2b elementor-widget elementor-widget-text-editor\" data-id=\"6a76da2b\" data-element_type=\"widget\" data-widget_type=\"text-editor.default\">\n\t\t\t\t\t\t\t\t\t<p class=\"p1\">Ich mache Bilder, die Geschichten erz\u00e4hlen und Pers\u00f6nlichkeit sichtbar werden lassen. F\u00fcr mich steht dabei der Weg zum Bild im Mittelpunkt \u2013 nicht nur das Ergebnis. Ich begleite die Menschen vor meiner Kamera in einem vertrauensvollen Prozess.<\/p>\t\t\t\t\t\t\t\t<\/div>\n\t\t\t\t<div class=\"elementor-element elementor-element-5ee33fee elementor-widget elementor-widget-text-editor\" data-id=\"5ee33fee\" data-element_type=\"widget\" data-widget_type=\"text-editor.default\">\n\t\t\t\t\t\t\t\t\t<p class=\"p1\">Es geht mir in meinen Foto-Sessions darum, Raum zu schaffen, in dem Menschen sich zeigen k\u00f6nnen, wie sie wirklich sind \u2013 ohne Druck, ohne Vorgaben. Kein Vergleich mit anderen \u2013 du bist, wer du bist. Nat\u00fcrlich bleibt jede Session eine inszenierte Situation. Aber mein Ziel ist es, darin echte Momente sp\u00fcrbar zu machen. So entstehen Bilder, die nah dran sind an dem, was man authentische Fotos nennen k\u00f6nnte \u2013 ehrlich, nahbar und mit Spirit.<\/p>\t\t\t\t\t\t\t\t<\/div>\n\t\t\t\t<\/div>\n\t\t\t\t<\/div>\n\t\t<div class=\"elementor-element elementor-element-6eea4e58 e-con-full e-flex e-con e-child\" data-id=\"6eea4e58\" data-element_type=\"container\" data-settings=\"{&quot;background_background&quot;:&quot;classic&quot;}\">\n\t\t\t\t<div class=\"elementor-element elementor-element-64647d4 elementor-widget elementor-widget-spacer\" data-id=\"64647d4\" data-element_type=\"widget\" data-widget_type=\"spacer.default\">\n\t\t\t\t\t\t\t<div class=\"elementor-spacer\">\n\t\t\t<div class=\"elementor-spacer-inner\"><\/div>\n\t\t<\/div>\n\t\t\t\t\t\t<\/div>\n\t\t\t\t<div class=\"elementor-element elementor-element-59d119fb elementor-widget elementor-widget-video\" data-id=\"59d119fb\" data-element_type=\"widget\" data-settings=\"{&quot;video_type&quot;:&quot;hosted&quot;,&quot;autoplay&quot;:&quot;yes&quot;,&quot;mute&quot;:&quot;yes&quot;,&quot;loop&quot;:&quot;yes&quot;,&quot;play_on_mobile&quot;:&quot;yes&quot;}\" data-widget_type=\"video.default\">\n\t\t\t\t\t\t\t<div class=\"e-hosted-video elementor-wrapper elementor-open-inline\">\n\t\t\t\t\t<video class=\"elementor-video\" src=\"https:\/\/neue.franksiemers.de\/wp-content\/uploads\/2025\/07\/Frank-Logo-auf-und-zu-online-video-cutter.com-1-1.mp4\" autoplay=\"\" loop=\"\" muted=\"muted\" playsinline=\"\" controlsList=\"nodownload\"><\/video>\n\t\t\t\t<\/div>\n\t\t\t\t\t\t<\/div>\n\t\t\t\t<div class=\"elementor-element elementor-element-2ebc2f4d elementor-widget elementor-widget-spacer\" data-id=\"2ebc2f4d\" data-element_type=\"widget\" data-widget_type=\"spacer.default\">\n\t\t\t\t\t\t\t<div class=\"elementor-spacer\">\n\t\t\t<div class=\"elementor-spacer-inner\"><\/div>\n\t\t<\/div>\n\t\t\t\t\t\t<\/div>\n\t\t<div class=\"elementor-element elementor-element-560ca56 e-con-full e-flex e-con e-child\" data-id=\"560ca56\" data-element_type=\"container\">\n\t\t\t\t<div class=\"elementor-element elementor-element-56935320 elementor-widget elementor-widget-text-editor\" data-id=\"56935320\" data-element_type=\"widget\" data-widget_type=\"text-editor.default\">\n\t\t\t\t\t\t\t\t\t<p class=\"p1\">CASE: FOTO-SESSION<\/p>\t\t\t\t\t\t\t\t<\/div>\n\t\t\t\t<div class=\"elementor-element elementor-element-a54c11b elementor-widget elementor-widget-text-editor\" data-id=\"a54c11b\" data-element_type=\"widget\" data-widget_type=\"text-editor.default\">\n\t\t\t\t\t\t\t\t\t<p class=\"p1\"><strong>Sameka &amp; Strings.<\/strong> Das Shooting mit dieser wundervollen und gleichermassen ungew\u00f6hnlichen Band (sorry, welche Jazz Fusion Combo geht schon mit Streichquartett und arabischer Oud auf die B\u00fchne) war eigentlich f\u00fcr Draussen geplant. Ganz sch\u00f6n sportlich f\u00fcr Anfang M\u00e4rz. Und so kann es, dass wir im Foyer der HFMT Hamburg anlandeten und mal eben ein Fotostudio improvisierten. Herausforderung? Check!<\/p>\t\t\t\t\t\t\t\t<\/div>\n\t\t\t\t<div class=\"elementor-element elementor-element-37d7d4b0 animated-fast elementor-invisible elementor-widget elementor-widget-video\" data-id=\"37d7d4b0\" data-element_type=\"widget\" data-settings=\"{&quot;video_type&quot;:&quot;hosted&quot;,&quot;autoplay&quot;:&quot;yes&quot;,&quot;mute&quot;:&quot;yes&quot;,&quot;loop&quot;:&quot;yes&quot;,&quot;_animation&quot;:&quot;zoomIn&quot;,&quot;play_on_mobile&quot;:&quot;yes&quot;}\" data-widget_type=\"video.default\">\n\t\t\t\t\t\t\t<div class=\"e-hosted-video elementor-wrapper elementor-open-inline\">\n\t\t\t\t\t<video class=\"elementor-video\" src=\"https:\/\/neue.franksiemers.de\/wp-content\/uploads\/2025\/07\/SAMEKA-making-of.mp4\" autoplay=\"\" loop=\"\" muted=\"muted\" playsinline=\"\" controlsList=\"nodownload\"><\/video>\n\t\t\t\t<\/div>\n\t\t\t\t\t\t<\/div>\n\t\t\t\t<div class=\"elementor-element elementor-element-3c2f87f elementor-widget elementor-widget-image\" data-id=\"3c2f87f\" data-element_type=\"widget\" data-widget_type=\"image.default\">\n\t\t\t\t\t\t\t\t\t\t\t\t\t\t\t<img loading=\"lazy\" decoding=\"async\" width=\"2560\" height=\"1349\" src=\"https:\/\/franksiemers.com\/wp-content\/uploads\/2025\/07\/Sameka_Strings_FRS2839-os-scaled-1.jpg\" class=\"attachment-full size-full wp-image-30\" alt=\"Der professionelle Musiker- und S\u00e4ngerensemble mit neun Mitgliedern, darunter ein Gitarrist, ein Cellist und eine Geigerin, posiert gemeinsam vor einem grauen Hintergrund.\" srcset=\"https:\/\/franksiemers.com\/wp-content\/uploads\/2025\/07\/Sameka_Strings_FRS2839-os-scaled-1.jpg 2560w, https:\/\/franksiemers.com\/wp-content\/uploads\/2025\/07\/Sameka_Strings_FRS2839-os-scaled-1-300x158.jpg 300w, https:\/\/franksiemers.com\/wp-content\/uploads\/2025\/07\/Sameka_Strings_FRS2839-os-scaled-1-1024x540.jpg 1024w, https:\/\/franksiemers.com\/wp-content\/uploads\/2025\/07\/Sameka_Strings_FRS2839-os-scaled-1-768x405.jpg 768w, https:\/\/franksiemers.com\/wp-content\/uploads\/2025\/07\/Sameka_Strings_FRS2839-os-scaled-1-1536x809.jpg 1536w, https:\/\/franksiemers.com\/wp-content\/uploads\/2025\/07\/Sameka_Strings_FRS2839-os-scaled-1-2048x1079.jpg 2048w\" sizes=\"(max-width: 2560px) 100vw, 2560px\" \/>\t\t\t\t\t\t\t\t\t\t\t\t\t\t\t<\/div>\n\t\t\t\t<div class=\"elementor-element elementor-element-5a25b381 elementor-widget elementor-widget-spacer\" data-id=\"5a25b381\" data-element_type=\"widget\" data-widget_type=\"spacer.default\">\n\t\t\t\t\t\t\t<div class=\"elementor-spacer\">\n\t\t\t<div class=\"elementor-spacer-inner\"><\/div>\n\t\t<\/div>\n\t\t\t\t\t\t<\/div>\n\t\t\t\t<\/div>\n\t\t<div class=\"elementor-element elementor-element-87b9b6c e-con-full e-flex e-con e-child\" data-id=\"87b9b6c\" data-element_type=\"container\">\n\t\t\t\t<div class=\"elementor-element elementor-element-2852401a elementor-widget elementor-widget-text-editor\" data-id=\"2852401a\" data-element_type=\"widget\" data-widget_type=\"text-editor.default\">\n\t\t\t\t\t\t\t\t\t<p class=\"p1\">CASE: FOTO-SESSION<\/p>\t\t\t\t\t\t\t\t<\/div>\n\t\t\t\t<div class=\"elementor-element elementor-element-e67d2ed elementor-widget elementor-widget-text-editor\" data-id=\"e67d2ed\" data-element_type=\"widget\" data-widget_type=\"text-editor.default\">\n\t\t\t\t\t\t\t\t\t<p class=\"p1\">Ziemlich gefreut habe ich mich \u00fcber die Anfrage von <strong>Lorant Aktan, einem unglaublich begabten jungen Pianisten<\/strong>. Ich war echt verbl\u00fcfft, wie er mit seinen 14 Jahren sein eigenes Management in die H\u00e4nde genommen hat. Shooting, Ideen, Location, Timing, Bezahlung. Alles autark gekl\u00e4rt und wie ich mir vorsichtshalber schriftlich versichern lie\u00df, mit Wissen und Einverst\u00e4ndnis der Eltern \ud83d\ude09<\/p>\t\t\t\t\t\t\t\t<\/div>\n\t\t\t\t<div class=\"elementor-element elementor-element-13611881 animated-fast elementor-invisible elementor-widget elementor-widget-video\" data-id=\"13611881\" data-element_type=\"widget\" data-settings=\"{&quot;video_type&quot;:&quot;hosted&quot;,&quot;autoplay&quot;:&quot;yes&quot;,&quot;mute&quot;:&quot;yes&quot;,&quot;loop&quot;:&quot;yes&quot;,&quot;_animation&quot;:&quot;zoomIn&quot;,&quot;play_on_mobile&quot;:&quot;yes&quot;}\" data-widget_type=\"video.default\">\n\t\t\t\t\t\t\t<div class=\"e-hosted-video elementor-wrapper elementor-open-inline\">\n\t\t\t\t\t<video class=\"elementor-video\" src=\"https:\/\/neue.franksiemers.de\/wp-content\/uploads\/2025\/07\/IMG_4958-2.mov\" autoplay=\"\" loop=\"\" muted=\"muted\" playsinline=\"\" controlsList=\"nodownload\"><\/video>\n\t\t\t\t<\/div>\n\t\t\t\t\t\t<\/div>\n\t\t<div class=\"elementor-element elementor-element-2a1489f9 e-con-full e-flex e-con e-child\" data-id=\"2a1489f9\" data-element_type=\"container\">\n\t\t<div class=\"elementor-element elementor-element-71c74cc2 e-con-full e-flex e-con e-child\" data-id=\"71c74cc2\" data-element_type=\"container\">\n\t\t\t\t<div class=\"elementor-element elementor-element-2dcab89f elementor-invisible elementor-widget elementor-widget-image\" data-id=\"2dcab89f\" data-element_type=\"widget\" data-settings=\"{&quot;_animation&quot;:&quot;fadeIn&quot;}\" data-widget_type=\"image.default\">\n\t\t\t\t\t\t\t\t\t\t\t\t\t\t\t<img loading=\"lazy\" decoding=\"async\" width=\"800\" height=\"640\" src=\"https:\/\/franksiemers.com\/wp-content\/uploads\/2025\/07\/lorant-aktan-copyright-jazzfrank_FSI4283-scaled-1-1024x819.jpg\" class=\"attachment-large size-large wp-image-32\" alt=\"Bitte in deutscher Sprache schreiben..\" srcset=\"https:\/\/franksiemers.com\/wp-content\/uploads\/2025\/07\/lorant-aktan-copyright-jazzfrank_FSI4283-scaled-1-1024x819.jpg 1024w, https:\/\/franksiemers.com\/wp-content\/uploads\/2025\/07\/lorant-aktan-copyright-jazzfrank_FSI4283-scaled-1-300x240.jpg 300w, https:\/\/franksiemers.com\/wp-content\/uploads\/2025\/07\/lorant-aktan-copyright-jazzfrank_FSI4283-scaled-1-768x614.jpg 768w, https:\/\/franksiemers.com\/wp-content\/uploads\/2025\/07\/lorant-aktan-copyright-jazzfrank_FSI4283-scaled-1-1536x1229.jpg 1536w, https:\/\/franksiemers.com\/wp-content\/uploads\/2025\/07\/lorant-aktan-copyright-jazzfrank_FSI4283-scaled-1-2048x1638.jpg 2048w\" sizes=\"(max-width: 800px) 100vw, 800px\" \/>\t\t\t\t\t\t\t\t\t\t\t\t\t\t\t<\/div>\n\t\t\t\t<\/div>\n\t\t<div class=\"elementor-element elementor-element-703b22 e-con-full e-flex e-con e-child\" data-id=\"703b22\" data-element_type=\"container\">\n\t\t\t\t<div class=\"elementor-element elementor-element-1f82da50 elementor-invisible elementor-widget elementor-widget-image\" data-id=\"1f82da50\" data-element_type=\"widget\" data-settings=\"{&quot;_animation&quot;:&quot;fadeIn&quot;,&quot;_animation_delay&quot;:200}\" data-widget_type=\"image.default\">\n\t\t\t\t\t\t\t\t\t\t\t\t\t\t\t<img loading=\"lazy\" decoding=\"async\" width=\"800\" height=\"533\" src=\"https:\/\/franksiemers.com\/wp-content\/uploads\/2025\/07\/lorant-aktan-copyright-jazzfrank_FSI4162-scaled-1-1024x682.jpg\" class=\"attachment-large size-large wp-image-33\" alt=\"Ein Mann in formeller Kleidung mit Hut, der an einer rauen Betonwand lehnt und den Hut leicht anhebt.\" srcset=\"https:\/\/franksiemers.com\/wp-content\/uploads\/2025\/07\/lorant-aktan-copyright-jazzfrank_FSI4162-scaled-1-1024x682.jpg 1024w, https:\/\/franksiemers.com\/wp-content\/uploads\/2025\/07\/lorant-aktan-copyright-jazzfrank_FSI4162-scaled-1-300x200.jpg 300w, https:\/\/franksiemers.com\/wp-content\/uploads\/2025\/07\/lorant-aktan-copyright-jazzfrank_FSI4162-scaled-1-768x512.jpg 768w, https:\/\/franksiemers.com\/wp-content\/uploads\/2025\/07\/lorant-aktan-copyright-jazzfrank_FSI4162-scaled-1-1536x1024.jpg 1536w, https:\/\/franksiemers.com\/wp-content\/uploads\/2025\/07\/lorant-aktan-copyright-jazzfrank_FSI4162-scaled-1-2048x1365.jpg 2048w\" sizes=\"(max-width: 800px) 100vw, 800px\" \/>\t\t\t\t\t\t\t\t\t\t\t\t\t\t\t<\/div>\n\t\t\t\t<\/div>\n\t\t\t\t<\/div>\n\t\t\t\t<div class=\"elementor-element elementor-element-5a0e6b6d elementor-invisible elementor-widget elementor-widget-image\" data-id=\"5a0e6b6d\" data-element_type=\"widget\" data-settings=\"{&quot;_animation&quot;:&quot;fadeIn&quot;}\" data-widget_type=\"image.default\">\n\t\t\t\t\t\t\t\t\t\t\t\t\t\t\t<img loading=\"lazy\" decoding=\"async\" width=\"2048\" height=\"2560\" src=\"https:\/\/franksiemers.com\/wp-content\/uploads\/2025\/07\/lorant-aktan-copyright-jazzfrank_FSI3873-scaled-1.jpg\" class=\"attachment-full size-full wp-image-34\" alt=\"\" srcset=\"https:\/\/franksiemers.com\/wp-content\/uploads\/2025\/07\/lorant-aktan-copyright-jazzfrank_FSI3873-scaled-1.jpg 2048w, https:\/\/franksiemers.com\/wp-content\/uploads\/2025\/07\/lorant-aktan-copyright-jazzfrank_FSI3873-scaled-1-240x300.jpg 240w, https:\/\/franksiemers.com\/wp-content\/uploads\/2025\/07\/lorant-aktan-copyright-jazzfrank_FSI3873-scaled-1-819x1024.jpg 819w, https:\/\/franksiemers.com\/wp-content\/uploads\/2025\/07\/lorant-aktan-copyright-jazzfrank_FSI3873-scaled-1-768x960.jpg 768w, https:\/\/franksiemers.com\/wp-content\/uploads\/2025\/07\/lorant-aktan-copyright-jazzfrank_FSI3873-scaled-1-1229x1536.jpg 1229w, https:\/\/franksiemers.com\/wp-content\/uploads\/2025\/07\/lorant-aktan-copyright-jazzfrank_FSI3873-scaled-1-1638x2048.jpg 1638w\" sizes=\"(max-width: 2048px) 100vw, 2048px\" \/>\t\t\t\t\t\t\t\t\t\t\t\t\t\t\t<\/div>\n\t\t\t\t<div class=\"elementor-element elementor-element-6c6938fa elementor-widget elementor-widget-spacer\" data-id=\"6c6938fa\" data-element_type=\"widget\" data-widget_type=\"spacer.default\">\n\t\t\t\t\t\t\t<div class=\"elementor-spacer\">\n\t\t\t<div class=\"elementor-spacer-inner\"><\/div>\n\t\t<\/div>\n\t\t\t\t\t\t<\/div>\n\t\t\t\t<\/div>\n\t\t<div class=\"elementor-element elementor-element-41abc04 e-con-full e-flex e-con e-child\" data-id=\"41abc04\" data-element_type=\"container\">\n\t\t\t\t<div class=\"elementor-element elementor-element-12ee2bb elementor-widget elementor-widget-text-editor\" data-id=\"12ee2bb\" data-element_type=\"widget\" data-widget_type=\"text-editor.default\">\n\t\t\t\t\t\t\t\t\t<p class=\"p1\">CASE: AUFTRAGSARBEIT\u00a0<\/p>\t\t\t\t\t\t\t\t<\/div>\n\t\t\t\t<div class=\"elementor-element elementor-element-e1a6b42 elementor-widget elementor-widget-text-editor\" data-id=\"e1a6b42\" data-element_type=\"widget\" data-widget_type=\"text-editor.default\">\n\t\t\t\t\t\t\t\t\t<p class=\"p1\">F\u00fcr die Deutsche Gesetzliche Unfallversicherung und das <strong>Magazin Arbeit und Gesundheit<\/strong> war ich einen Tag bei <strong>STILL<\/strong> unterwegs und habe den Sicherheitsbeauftragten Holger Peters begleitet. Dass dort bei Bedarf an drei\u00dfig Meter hohen Regalen hinaufgeklettert wird, war f\u00fcr mich eine echte \u00dcberraschung. F\u00fcr das Titelmotiv ging es schlie\u00dflich auch f\u00fcr mich in luftige H\u00f6hen. Gute Bilder entstehen eben manchmal ein paar Meter \u00fcber dem Boden.<\/p>\t\t\t\t\t\t\t\t<\/div>\n\t\t<div class=\"elementor-element elementor-element-52dff38 e-con-full e-flex e-con e-child\" data-id=\"52dff38\" data-element_type=\"container\">\n\t\t<div class=\"elementor-element elementor-element-9d91724 e-con-full e-flex e-con e-child\" data-id=\"9d91724\" data-element_type=\"container\">\n\t\t\t\t<div class=\"elementor-element elementor-element-cd7b925 elementor-arrows-position-inside elementor-pagination-position-outside elementor-widget elementor-widget-image-carousel\" data-id=\"cd7b925\" data-element_type=\"widget\" data-settings=\"{&quot;slides_to_show&quot;:&quot;2&quot;,&quot;navigation&quot;:&quot;both&quot;,&quot;autoplay&quot;:&quot;yes&quot;,&quot;pause_on_hover&quot;:&quot;yes&quot;,&quot;pause_on_interaction&quot;:&quot;yes&quot;,&quot;autoplay_speed&quot;:5000,&quot;infinite&quot;:&quot;yes&quot;,&quot;speed&quot;:500,&quot;image_spacing_custom&quot;:{&quot;unit&quot;:&quot;px&quot;,&quot;size&quot;:20,&quot;sizes&quot;:[]},&quot;image_spacing_custom_tablet&quot;:{&quot;unit&quot;:&quot;px&quot;,&quot;size&quot;:&quot;&quot;,&quot;sizes&quot;:[]},&quot;image_spacing_custom_mobile&quot;:{&quot;unit&quot;:&quot;px&quot;,&quot;size&quot;:&quot;&quot;,&quot;sizes&quot;:[]}}\" data-widget_type=\"image-carousel.default\">\n\t\t\t\t\t\t\t<div class=\"elementor-image-carousel-wrapper swiper\" role=\"region\" aria-roledescription=\"carousel\" aria-label=\"Bild Karussell\" dir=\"ltr\">\n\t\t\t<div class=\"elementor-image-carousel swiper-wrapper\" aria-live=\"off\">\n\t\t\t\t\t\t\t\t<div class=\"swiper-slide\" role=\"group\" aria-roledescription=\"slide\" aria-label=\"1 von 4\"><figure class=\"swiper-slide-inner\"><img decoding=\"async\" class=\"swiper-slide-image\" src=\"https:\/\/franksiemers.com\/wp-content\/uploads\/2026\/02\/AG-01-scaled.jpeg\" alt=\"Sicherheitsarbeiter in Schutzkleidung mit Helm und Sicherheitsausr\u00fcstung bei H\u00f6henarbeiten in einem Industriegeb\u00e4ude.\" \/><\/figure><\/div><div class=\"swiper-slide\" role=\"group\" aria-roledescription=\"slide\" aria-label=\"2 von 4\"><figure class=\"swiper-slide-inner\"><img decoding=\"async\" class=\"swiper-slide-image\" src=\"https:\/\/franksiemers.com\/wp-content\/uploads\/2026\/02\/AG-02-scaled.jpeg\" alt=\"Bitte in deutscher Sprache schreiben..\" \/><\/figure><\/div><div class=\"swiper-slide\" role=\"group\" aria-roledescription=\"slide\" aria-label=\"3 von 4\"><figure class=\"swiper-slide-inner\"><img decoding=\"async\" class=\"swiper-slide-image\" src=\"https:\/\/franksiemers.com\/wp-content\/uploads\/2026\/02\/AG-03-scaled.jpeg\" alt=\"Bitte in deutscher Sprache schreiben..\" \/><\/figure><\/div><div class=\"swiper-slide\" role=\"group\" aria-roledescription=\"slide\" aria-label=\"4 von 4\"><figure class=\"swiper-slide-inner\"><img decoding=\"async\" class=\"swiper-slide-image\" src=\"https:\/\/franksiemers.com\/wp-content\/uploads\/2026\/02\/AG-04-scaled.jpeg\" alt=\"Zwei M\u00e4nner in Sicherheitskleidung und Helm stehen vor einem Lagerregal, im Hintergrund Flur mit Gabelstaplern und Lagertechnik, professionelles Fotografiefoto von Frank Siemers aus Hamburg.\" \/><\/figure><\/div>\t\t\t<\/div>\n\t\t\t\t\t\t\t\t\t\t\t\t<div class=\"elementor-swiper-button elementor-swiper-button-prev\" role=\"button\" tabindex=\"0\">\n\t\t\t\t\t\t<svg aria-hidden=\"true\" class=\"e-font-icon-svg e-eicon-chevron-left\" viewBox=\"0 0 1000 1000\" xmlns=\"http:\/\/www.w3.org\/2000\/svg\"><path d=\"M646 125C629 125 613 133 604 142L308 442C296 454 292 471 292 487 292 504 296 521 308 533L604 854C617 867 629 875 646 875 663 875 679 871 692 858 704 846 713 829 713 812 713 796 708 779 692 767L438 487 692 225C700 217 708 204 708 187 708 171 704 154 692 142 675 129 663 125 646 125Z\"><\/path><\/svg>\t\t\t\t\t<\/div>\n\t\t\t\t\t<div class=\"elementor-swiper-button elementor-swiper-button-next\" role=\"button\" tabindex=\"0\">\n\t\t\t\t\t\t<svg aria-hidden=\"true\" class=\"e-font-icon-svg e-eicon-chevron-right\" viewBox=\"0 0 1000 1000\" xmlns=\"http:\/\/www.w3.org\/2000\/svg\"><path d=\"M696 533C708 521 713 504 713 487 713 471 708 454 696 446L400 146C388 133 375 125 354 125 338 125 325 129 313 142 300 154 292 171 292 187 292 204 296 221 308 233L563 492 304 771C292 783 288 800 288 817 288 833 296 850 308 863 321 871 338 875 354 875 371 875 388 867 400 854L696 533Z\"><\/path><\/svg>\t\t\t\t\t<\/div>\n\t\t\t\t\n\t\t\t\t\t\t\t\t\t<div class=\"swiper-pagination\"><\/div>\n\t\t\t\t\t\t\t\t\t<\/div>\n\t\t\t\t\t\t<\/div>\n\t\t\t\t<\/div>\n\t\t\t\t<\/div>\n\t\t\t\t<div class=\"elementor-element elementor-element-ced4aeb elementor-widget elementor-widget-spacer\" data-id=\"ced4aeb\" data-element_type=\"widget\" data-widget_type=\"spacer.default\">\n\t\t\t\t\t\t\t<div class=\"elementor-spacer\">\n\t\t\t<div class=\"elementor-spacer-inner\"><\/div>\n\t\t<\/div>\n\t\t\t\t\t\t<\/div>\n\t\t\t\t<\/div>\n\t\t<div class=\"elementor-element elementor-element-59dc0fa e-con-full e-flex e-con e-child\" data-id=\"59dc0fa\" data-element_type=\"container\">\n\t\t\t\t<div class=\"elementor-element elementor-element-0aff5d4 elementor-widget elementor-widget-text-editor\" data-id=\"0aff5d4\" data-element_type=\"widget\" data-widget_type=\"text-editor.default\">\n\t\t\t\t\t\t\t\t\t<p class=\"p1\">CASE: AUFTRAGSARBEIT\u00a0<\/p>\t\t\t\t\t\t\t\t<\/div>\n\t\t\t\t<div class=\"elementor-element elementor-element-7899528 elementor-widget elementor-widget-text-editor\" data-id=\"7899528\" data-element_type=\"widget\" data-widget_type=\"text-editor.default\">\n\t\t\t\t\t\t\t\t\t<p class=\"p1\"><strong>Vincent Peirani.<\/strong> Vor einer Weile verabredeten wir uns f\u00fcr ein f\u00fcnf min\u00fctiges Portrait Fotoshooting kurz vor seinem Konzert. Es entwickelte sich eine so ungebremst kreative Dynamik zwischen uns, dass gleich eine ganze Serie starker Motive entstand. Eines davon wurde inzwischen Cover seines neuen Albums beim Jazz Label ACT. Auch die Album-Promotion l\u00e4uft derzeit weltweit mit unseren Bildern.<\/p>\t\t\t\t\t\t\t\t<\/div>\n\t\t\t\t<div class=\"elementor-element elementor-element-f311b3e elementor-widget__width-initial elementor-widget elementor-widget-gallery\" data-id=\"f311b3e\" data-element_type=\"widget\" data-settings=\"{&quot;gallery_layout&quot;:&quot;masonry&quot;,&quot;columns&quot;:3,&quot;gap&quot;:{&quot;unit&quot;:&quot;px&quot;,&quot;size&quot;:20,&quot;sizes&quot;:[]},&quot;lazyload&quot;:&quot;yes&quot;,&quot;columns_tablet&quot;:2,&quot;columns_mobile&quot;:1,&quot;gap_tablet&quot;:{&quot;unit&quot;:&quot;px&quot;,&quot;size&quot;:10,&quot;sizes&quot;:[]},&quot;gap_mobile&quot;:{&quot;unit&quot;:&quot;px&quot;,&quot;size&quot;:10,&quot;sizes&quot;:[]},&quot;content_hover_animation&quot;:&quot;fade-in&quot;}\" data-widget_type=\"gallery.default\">\n\t\t\t\t\t\t\t<div class=\"elementor-gallery__container\">\n\t\t\t\t\t\t\t<div class=\"e-gallery-item elementor-gallery-item elementor-animated-content\">\n\t\t\t\t\t<div class=\"e-gallery-image elementor-gallery-item__image\" data-thumbnail=\"https:\/\/franksiemers.com\/wp-content\/uploads\/2026\/02\/vincent-peirani-arles-23-768x965.jpg\" data-width=\"768\" data-height=\"965\" aria-label=\"Bitte in deutscher Sprache schreiben..\" role=\"img\" ><\/div>\n\t\t\t\t\t\t\t\t\t\t\t\t\t\t<\/div>\n\t\t\t\t\t\t\t<div class=\"e-gallery-item elementor-gallery-item elementor-animated-content\">\n\t\t\t\t\t<div class=\"e-gallery-image elementor-gallery-item__image\" data-thumbnail=\"https:\/\/franksiemers.com\/wp-content\/uploads\/2026\/02\/Vincent-Peirani-Living-Being-CD-768x711.png\" data-width=\"768\" data-height=\"711\" aria-label=\"Vincent Peirani Living Being IV Time Reflections CD, schwarz-wei\u00df Portr\u00e4tfoto des K\u00fcnstlers mit nachdenklichem Blick, kreative Gestaltung mit technischen Elementen im Hintergrund, auf CD-H\u00fclle.\" role=\"img\" ><\/div>\n\t\t\t\t\t\t\t\t\t\t\t\t\t\t<\/div>\n\t\t\t\t\t\t\t<div class=\"e-gallery-item elementor-gallery-item elementor-animated-content\">\n\t\t\t\t\t<div class=\"e-gallery-image elementor-gallery-item__image\" data-thumbnail=\"https:\/\/franksiemers.com\/wp-content\/uploads\/2026\/02\/Vincent-Spotify-768x1184.jpeg\" data-width=\"768\" data-height=\"1184\" aria-label=\"Bitte in deutscher Sprache schreiben..\" role=\"img\" ><\/div>\n\t\t\t\t\t\t\t\t\t\t\t\t\t\t<\/div>\n\t\t\t\t\t\t\t<div class=\"e-gallery-item elementor-gallery-item elementor-animated-content\">\n\t\t\t\t\t<div class=\"e-gallery-image elementor-gallery-item__image\" data-thumbnail=\"https:\/\/franksiemers.com\/wp-content\/uploads\/2026\/02\/Vincent-Jazz-News-Paris_k.jpg\" data-width=\"300\" data-height=\"401\" aria-label=\"Der Mann mit grauem Bart und dunklem Hintergrund, der eine Kamera h\u00e4lt, blickt ernst in die Kamera.\" role=\"img\" ><\/div>\n\t\t\t\t\t\t\t\t\t\t\t\t\t\t<\/div>\n\t\t\t\t\t\t\t<div class=\"e-gallery-item elementor-gallery-item elementor-animated-content\">\n\t\t\t\t\t<div class=\"e-gallery-image elementor-gallery-item__image\" data-thumbnail=\"https:\/\/franksiemers.com\/wp-content\/uploads\/2026\/02\/Bildschirmfoto-2026-01-21-um-16.28.05-768x555.png\" data-width=\"768\" data-height=\"555\" aria-label=\"Vincent Peirani, lebendiges Portr\u00e4t, mit digitaler Kunst im Hintergrund, zeigt den Musiker mit nachdenklichem Blick, Hand an Kopf, in Schwarz-Wei\u00df.\" role=\"img\" ><\/div>\n\t\t\t\t\t\t\t\t\t\t\t\t\t\t<\/div>\n\t\t\t\t\t<\/div>\n\t\t\t\t\t<\/div>\n\t\t\t\t<div class=\"elementor-element elementor-element-ff29f31 elementor-widget elementor-widget-spacer\" data-id=\"ff29f31\" data-element_type=\"widget\" data-widget_type=\"spacer.default\">\n\t\t\t\t\t\t\t<div class=\"elementor-spacer\">\n\t\t\t<div class=\"elementor-spacer-inner\"><\/div>\n\t\t<\/div>\n\t\t\t\t\t\t<\/div>\n\t\t\t\t<\/div>\n\t\t\t\t<\/div>\n\t\t\t\t<\/div>\n\t\t<div class=\"elementor-element elementor-element-e2a644b e-con-full e-flex e-con e-parent\" data-id=\"e2a644b\" data-element_type=\"container\" data-settings=\"{&quot;background_background&quot;:&quot;classic&quot;}\">\n\t\t<div class=\"elementor-element elementor-element-a4ca314 e-con-full e-flex e-con e-child\" data-id=\"a4ca314\" data-element_type=\"container\" data-settings=\"{&quot;sticky&quot;:&quot;top&quot;,&quot;sticky_parent&quot;:&quot;yes&quot;,&quot;sticky_on&quot;:[&quot;desktop&quot;],&quot;sticky_offset&quot;:0,&quot;sticky_effects_offset&quot;:0,&quot;sticky_anchor_link_offset&quot;:0}\">\n\t\t<div class=\"elementor-element elementor-element-6650fbf e-con-full e-flex e-con e-child\" data-id=\"6650fbf\" data-element_type=\"container\">\n\t\t\t\t<div class=\"elementor-element elementor-element-fbebbd3 elementor-widget elementor-widget-text-editor\" data-id=\"fbebbd3\" data-element_type=\"widget\" data-widget_type=\"text-editor.default\">\n\t\t\t\t\t\t\t\t\t<p>MEINE LEIDENSCHAFT<\/p>\t\t\t\t\t\t\t\t<\/div>\n\t\t\t\t<div class=\"elementor-element elementor-element-e4b48e3 elementor-widget elementor-widget-text-editor\" data-id=\"e4b48e3\" data-element_type=\"widget\" data-widget_type=\"text-editor.default\">\n\t\t\t\t\t\t\t\t\t<p class=\"p1\">jazzfrank ist meiner fotografischen Arbeit im Jazz gewidmet. Unter dem Label jazzfrank entstehen konzentrierte, reduzierte Portraits von Musiker:innen und Bands, oft in kurzer Zeit, ohne gro\u00dfes Setup. Die Arbeit ist eigenst\u00e4ndig und eng verbunden mit meiner fotografischen Haltung.<\/p>\t\t\t\t\t\t\t\t<\/div>\n\t\t\t\t<div class=\"elementor-element elementor-element-ab508a6 elementor-widget elementor-widget-image\" data-id=\"ab508a6\" data-element_type=\"widget\" data-widget_type=\"image.default\">\n\t\t\t\t\t\t\t\t\t\t\t\t\t\t\t\t<a href=\"https:\/\/www.jazzfrank.de\/\" target=\"_blank\">\n\t\t\t\t\t\t\t<img loading=\"lazy\" decoding=\"async\" width=\"198\" height=\"81\" src=\"https:\/\/franksiemers.com\/wp-content\/uploads\/2026\/02\/1909_JAZZFRANK_logo_signatur-1.jpg\" class=\"elementor-animation-shrink attachment-large size-large wp-image-3393\" alt=\"Portr\u00e4t eines Mannes, aufgenommen im Studio mit weichem Licht, betont die Gesichtsz\u00fcge und den Ausdruck, vermittelt eine zeitlose und professionelle Atmosph\u00e4re.\" \/>\t\t\t\t\t\t\t\t<\/a>\n\t\t\t\t\t\t\t\t\t\t\t\t\t\t\t<\/div>\n\t\t\t\t<div class=\"elementor-element elementor-element-ed03d38 elementor-widget elementor-widget-spacer\" data-id=\"ed03d38\" data-element_type=\"widget\" data-widget_type=\"spacer.default\">\n\t\t\t\t\t\t\t<div class=\"elementor-spacer\">\n\t\t\t<div class=\"elementor-spacer-inner\"><\/div>\n\t\t<\/div>\n\t\t\t\t\t\t<\/div>\n\t\t\t\t<\/div>\n\t\t\t\t<\/div>\n\t\t<div class=\"elementor-element elementor-element-0aa3a6b e-con-full e-flex e-con e-child\" data-id=\"0aa3a6b\" data-element_type=\"container\" data-settings=\"{&quot;background_background&quot;:&quot;classic&quot;}\">\n\t\t\t\t<\/div>\n\t\t\t\t<\/div>\n\t\t<div class=\"elementor-element elementor-element-23a6439a e-con-full e-flex e-con e-parent\" data-id=\"23a6439a\" data-element_type=\"container\" data-settings=\"{&quot;background_background&quot;:&quot;classic&quot;,&quot;sticky&quot;:&quot;top&quot;,&quot;sticky_on&quot;:[&quot;desktop&quot;,&quot;tablet&quot;,&quot;mobile&quot;],&quot;sticky_offset&quot;:0,&quot;sticky_effects_offset&quot;:0,&quot;sticky_anchor_link_offset&quot;:0}\">\n\t\t\t\t<\/div>\n\t\t<div class=\"elementor-element elementor-element-f122cf3 e-con-full e-flex e-con e-parent\" data-id=\"f122cf3\" data-element_type=\"container\" data-settings=\"{&quot;background_background&quot;:&quot;classic&quot;}\">\n\t\t<div class=\"elementor-element elementor-element-2a25ad39 e-con-full e-flex e-con e-child\" data-id=\"2a25ad39\" data-element_type=\"container\" data-settings=\"{&quot;sticky&quot;:&quot;top&quot;,&quot;sticky_parent&quot;:&quot;yes&quot;,&quot;sticky_on&quot;:[&quot;desktop&quot;],&quot;sticky_offset&quot;:0,&quot;sticky_effects_offset&quot;:0,&quot;sticky_anchor_link_offset&quot;:0}\">\n\t\t<div class=\"elementor-element elementor-element-5c3addcf e-con-full e-flex e-con e-child\" data-id=\"5c3addcf\" data-element_type=\"container\">\n\t\t\t\t<div class=\"elementor-element elementor-element-3b81ebe5 elementor-widget elementor-widget-spacer\" data-id=\"3b81ebe5\" data-element_type=\"widget\" data-widget_type=\"spacer.default\">\n\t\t\t\t\t\t\t<div class=\"elementor-spacer\">\n\t\t\t<div class=\"elementor-spacer-inner\"><\/div>\n\t\t<\/div>\n\t\t\t\t\t\t<\/div>\n\t\t\t\t<div class=\"elementor-element elementor-element-8906596 elementor-widget elementor-widget-heading\" data-id=\"8906596\" data-element_type=\"widget\" data-widget_type=\"heading.default\">\n\t\t\t\t\t<h2 class=\"elementor-heading-title elementor-size-default\">\u00dcBER MICH UND MEINE ARBEITSWEISE<\/h2>\t\t\t\t<\/div>\n\t\t\t\t<div class=\"elementor-element elementor-element-571e27cf elementor-widget elementor-widget-text-editor\" data-id=\"571e27cf\" data-element_type=\"widget\" data-widget_type=\"text-editor.default\">\n\t\t\t\t\t\t\t\t\t<p class=\"p1\">Ich bin Fotograf und Musiker \u2013 zwei Welten, die f\u00fcr mich untrennbar miteinander verbunden sind. Wie in der Musik entsteht auch in meiner Fotografie das Beste dann, wenn Struktur und Improvisation aufeinandertreffen.<\/p><p class=\"p1\">Seit \u00fcber zwanzig Jahren fotografiere ich Menschen \u2013 MusikerInnen, K\u00fcnstlerInnen, SchauspielerInnen, CEOs. Dabei habe ich gelernt, dass echte, ber\u00fchrende Bilder nicht durch Perfektion entstehen, sondern durch Atmosph\u00e4re. Meine Foto-Sessions folgen keinen inhaltlichen Standards, sondern sind lebendige Prozesse, in denen Pers\u00f6nlichkeit sichtbar werden darf. Schnell, intuitiv, pr\u00e4zise \u2013 immer mit dem richtigen Gesp\u00fcr f\u00fcr den entscheidenden Moment.<\/p><p class=\"p1\">Ob f\u00fcr eine Website, ein Magazin oder eine Personal Brand \u2013 f\u00fcr mich geht es immer um mehr als nur das fertige Foto. Es geht darum, jemanden wirklich sichtbar zu machen. So, wie die Person wirklich ist.<\/p>\t\t\t\t\t\t\t\t<\/div>\n\t\t\t\t<div class=\"elementor-element elementor-element-25cb71d1 elementor-widget elementor-widget-spacer\" data-id=\"25cb71d1\" data-element_type=\"widget\" data-widget_type=\"spacer.default\">\n\t\t\t\t\t\t\t<div class=\"elementor-spacer\">\n\t\t\t<div class=\"elementor-spacer-inner\"><\/div>\n\t\t<\/div>\n\t\t\t\t\t\t<\/div>\n\t\t\t\t<\/div>\n\t\t\t\t<\/div>\n\t\t<div class=\"elementor-element elementor-element-42d6401c e-con-full e-flex e-con e-child\" data-id=\"42d6401c\" data-element_type=\"container\" data-settings=\"{&quot;motion_fx_motion_fx_mouse&quot;:&quot;yes&quot;,&quot;motion_fx_mouseTrack_effect&quot;:&quot;yes&quot;,&quot;motion_fx_mouseTrack_direction&quot;:&quot;negative&quot;,&quot;motion_fx_mouseTrack_speed&quot;:{&quot;unit&quot;:&quot;px&quot;,&quot;size&quot;:0,&quot;sizes&quot;:[]}}\">\n\t\t\t\t<div class=\"elementor-element elementor-element-b01fdec elementor-widget elementor-widget-spacer\" data-id=\"b01fdec\" data-element_type=\"widget\" data-widget_type=\"spacer.default\">\n\t\t\t\t\t\t\t<div class=\"elementor-spacer\">\n\t\t\t<div class=\"elementor-spacer-inner\"><\/div>\n\t\t<\/div>\n\t\t\t\t\t\t<\/div>\n\t\t\t\t<div class=\"elementor-element elementor-element-7082e2a9 elementor-widget elementor-widget-image\" data-id=\"7082e2a9\" data-element_type=\"widget\" data-widget_type=\"image.default\">\n\t\t\t\t\t\t\t\t\t\t\t\t\t\t\t<img loading=\"lazy\" decoding=\"async\" width=\"1932\" height=\"1502\" src=\"https:\/\/franksiemers.com\/wp-content\/uploads\/2025\/07\/Bildschirmfoto-2025-03-26-um-13.41.46.png\" class=\"attachment-2048x2048 size-2048x2048 wp-image-40\" alt=\"Diagramm zeigt die \u00dcberschneidungen zwischen Erfahrung, Kreativit\u00e4t und Fotosession, wobei das Foto im Zentrum steht. Es illustriert die Verbindung dieser Elemente in der professionellen Fotografie.\" srcset=\"https:\/\/franksiemers.com\/wp-content\/uploads\/2025\/07\/Bildschirmfoto-2025-03-26-um-13.41.46.png 1932w, https:\/\/franksiemers.com\/wp-content\/uploads\/2025\/07\/Bildschirmfoto-2025-03-26-um-13.41.46-300x233.png 300w, https:\/\/franksiemers.com\/wp-content\/uploads\/2025\/07\/Bildschirmfoto-2025-03-26-um-13.41.46-1024x796.png 1024w, https:\/\/franksiemers.com\/wp-content\/uploads\/2025\/07\/Bildschirmfoto-2025-03-26-um-13.41.46-768x597.png 768w, https:\/\/franksiemers.com\/wp-content\/uploads\/2025\/07\/Bildschirmfoto-2025-03-26-um-13.41.46-1536x1194.png 1536w\" sizes=\"(max-width: 1932px) 100vw, 1932px\" \/>\t\t\t\t\t\t\t\t\t\t\t\t\t\t\t<\/div>\n\t\t\t\t<div class=\"elementor-element elementor-element-19436cf6 elementor-invisible elementor-widget elementor-widget-image\" data-id=\"19436cf6\" data-element_type=\"widget\" data-settings=\"{&quot;_animation&quot;:&quot;fadeIn&quot;}\" data-widget_type=\"image.default\">\n\t\t\t\t\t\t\t\t\t\t\t\t\t\t\t<img loading=\"lazy\" decoding=\"async\" width=\"2560\" height=\"2560\" src=\"https:\/\/franksiemers.com\/wp-content\/uploads\/2025\/07\/Frank_Siemers_20150903_FRS8571-1-scaled-1.jpg\" class=\"attachment-full size-full wp-image-41\" alt=\"Bitte in deutscher Sprache schreiben..\" srcset=\"https:\/\/franksiemers.com\/wp-content\/uploads\/2025\/07\/Frank_Siemers_20150903_FRS8571-1-scaled-1.jpg 2560w, https:\/\/franksiemers.com\/wp-content\/uploads\/2025\/07\/Frank_Siemers_20150903_FRS8571-1-scaled-1-300x300.jpg 300w, https:\/\/franksiemers.com\/wp-content\/uploads\/2025\/07\/Frank_Siemers_20150903_FRS8571-1-scaled-1-1024x1024.jpg 1024w, https:\/\/franksiemers.com\/wp-content\/uploads\/2025\/07\/Frank_Siemers_20150903_FRS8571-1-scaled-1-150x150.jpg 150w, https:\/\/franksiemers.com\/wp-content\/uploads\/2025\/07\/Frank_Siemers_20150903_FRS8571-1-scaled-1-768x768.jpg 768w, https:\/\/franksiemers.com\/wp-content\/uploads\/2025\/07\/Frank_Siemers_20150903_FRS8571-1-scaled-1-1536x1536.jpg 1536w, https:\/\/franksiemers.com\/wp-content\/uploads\/2025\/07\/Frank_Siemers_20150903_FRS8571-1-scaled-1-2048x2048.jpg 2048w\" sizes=\"(max-width: 2560px) 100vw, 2560px\" \/>\t\t\t\t\t\t\t\t\t\t\t\t\t\t\t<\/div>\n\t\t<div class=\"elementor-element elementor-element-2e9dd615 e-con-full e-flex e-con e-child\" data-id=\"2e9dd615\" data-element_type=\"container\">\n\t\t<div class=\"elementor-element elementor-element-7d7e7d3f e-con-full e-flex e-con e-child\" data-id=\"7d7e7d3f\" data-element_type=\"container\">\n\t\t\t\t<div class=\"elementor-element elementor-element-4d3a5bfc animated-fast elementor-invisible elementor-widget elementor-widget-image\" data-id=\"4d3a5bfc\" data-element_type=\"widget\" data-settings=\"{&quot;_animation&quot;:&quot;fadeIn&quot;}\" data-widget_type=\"image.default\">\n\t\t\t\t\t\t\t\t\t\t\t\t\t\t\t<img loading=\"lazy\" decoding=\"async\" width=\"1920\" height=\"2560\" src=\"https:\/\/franksiemers.com\/wp-content\/uploads\/2025\/07\/IMG_9238-scaled-1.jpg\" class=\"attachment-full size-full wp-image-42\" alt=\"Professioneller Fotograf zeigt einem Mann und einer Frau die Kameraeinstellungen, w\u00e4hrend sie gemeinsam an einem Fotoshooting arbeiten, in einem modernen Innenraum.\" srcset=\"https:\/\/franksiemers.com\/wp-content\/uploads\/2025\/07\/IMG_9238-scaled-1.jpg 1920w, https:\/\/franksiemers.com\/wp-content\/uploads\/2025\/07\/IMG_9238-scaled-1-225x300.jpg 225w, https:\/\/franksiemers.com\/wp-content\/uploads\/2025\/07\/IMG_9238-scaled-1-768x1024.jpg 768w, https:\/\/franksiemers.com\/wp-content\/uploads\/2025\/07\/IMG_9238-scaled-1-1152x1536.jpg 1152w, https:\/\/franksiemers.com\/wp-content\/uploads\/2025\/07\/IMG_9238-scaled-1-1536x2048.jpg 1536w\" sizes=\"(max-width: 1920px) 100vw, 1920px\" \/>\t\t\t\t\t\t\t\t\t\t\t\t\t\t\t<\/div>\n\t\t\t\t<\/div>\n\t\t<div class=\"elementor-element elementor-element-2af12a9a e-con-full e-flex e-con e-child\" data-id=\"2af12a9a\" data-element_type=\"container\">\n\t\t\t\t<div class=\"elementor-element elementor-element-762b0544 animated-fast elementor-invisible elementor-widget elementor-widget-image\" data-id=\"762b0544\" data-element_type=\"widget\" data-settings=\"{&quot;_animation&quot;:&quot;fadeIn&quot;,&quot;_animation_delay&quot;:200}\" data-widget_type=\"image.default\">\n\t\t\t\t\t\t\t\t\t\t\t\t\t\t\t<img loading=\"lazy\" decoding=\"async\" width=\"1446\" height=\"1912\" src=\"https:\/\/franksiemers.com\/wp-content\/uploads\/2025\/07\/Bildschirmfoto-2025-03-14-um-09.51.08.png\" class=\"attachment-full size-full wp-image-43\" alt=\"Der Mann blickt ernst in die Kamera, tr\u00e4gt dunkle Kleidung und hat kurze, dunkle Haare. Das Bild ist in Schwarz-Wei\u00df gehalten und vermittelt eine professionelle, nachdenkliche Atmosph\u00e4re.\" srcset=\"https:\/\/franksiemers.com\/wp-content\/uploads\/2025\/07\/Bildschirmfoto-2025-03-14-um-09.51.08.png 1446w, https:\/\/franksiemers.com\/wp-content\/uploads\/2025\/07\/Bildschirmfoto-2025-03-14-um-09.51.08-227x300.png 227w, https:\/\/franksiemers.com\/wp-content\/uploads\/2025\/07\/Bildschirmfoto-2025-03-14-um-09.51.08-774x1024.png 774w, https:\/\/franksiemers.com\/wp-content\/uploads\/2025\/07\/Bildschirmfoto-2025-03-14-um-09.51.08-768x1016.png 768w, https:\/\/franksiemers.com\/wp-content\/uploads\/2025\/07\/Bildschirmfoto-2025-03-14-um-09.51.08-1162x1536.png 1162w\" sizes=\"(max-width: 1446px) 100vw, 1446px\" \/>\t\t\t\t\t\t\t\t\t\t\t\t\t\t\t<\/div>\n\t\t\t\t<\/div>\n\t\t\t\t<\/div>\n\t\t\t\t<div class=\"elementor-element elementor-element-558edf1d elementor-widget elementor-widget-spacer\" data-id=\"558edf1d\" data-element_type=\"widget\" data-widget_type=\"spacer.default\">\n\t\t\t\t\t\t\t<div class=\"elementor-spacer\">\n\t\t\t<div class=\"elementor-spacer-inner\"><\/div>\n\t\t<\/div>\n\t\t\t\t\t\t<\/div>\n\t\t<div class=\"elementor-element elementor-element-1c8c4270 e-con-full e-flex e-con e-child\" data-id=\"1c8c4270\" data-element_type=\"container\" data-settings=\"{&quot;background_background&quot;:&quot;classic&quot;}\">\n\t\t<div class=\"elementor-element elementor-element-64346189 e-con-full e-flex e-con e-child\" data-id=\"64346189\" data-element_type=\"container\">\n\t\t\t\t<\/div>\n\t\t<div class=\"elementor-element elementor-element-3898c5af e-con-full e-flex e-con e-child\" data-id=\"3898c5af\" data-element_type=\"container\">\n\t\t\t\t<div class=\"elementor-element elementor-element-60be6c62 elementor-invisible elementor-widget elementor-widget-video\" data-id=\"60be6c62\" data-element_type=\"widget\" data-settings=\"{&quot;video_type&quot;:&quot;hosted&quot;,&quot;autoplay&quot;:&quot;yes&quot;,&quot;_animation&quot;:&quot;fadeIn&quot;,&quot;controls&quot;:&quot;yes&quot;}\" data-widget_type=\"video.default\">\n\t\t\t\t\t\t\t<div class=\"e-hosted-video elementor-wrapper elementor-open-inline\">\n\t\t\t\t\t<video class=\"elementor-video\" src=\"https:\/\/neue.franksiemers.de\/wp-content\/uploads\/2025\/07\/Bildschirmaufnahme-2025-03-26-um-16.48.12.mov\" autoplay=\"\" controls=\"\" controlsList=\"nodownload\"><\/video>\n\t\t\t\t<\/div>\n\t\t\t\t\t\t<\/div>\n\t\t\t\t<\/div>\n\t\t\t\t<\/div>\n\t\t\t\t<div class=\"elementor-element elementor-element-1490bb27 elementor-widget elementor-widget-spacer\" data-id=\"1490bb27\" data-element_type=\"widget\" data-widget_type=\"spacer.default\">\n\t\t\t\t\t\t\t<div class=\"elementor-spacer\">\n\t\t\t<div class=\"elementor-spacer-inner\"><\/div>\n\t\t<\/div>\n\t\t\t\t\t\t<\/div>\n\t\t\t\t<div class=\"elementor-element elementor-element-244aff28 animated-fast elementor-invisible elementor-widget elementor-widget-image\" data-id=\"244aff28\" data-element_type=\"widget\" data-settings=\"{&quot;_animation&quot;:&quot;fadeIn&quot;}\" data-widget_type=\"image.default\">\n\t\t\t\t\t\t\t\t\t\t\t\t\t\t\t<img loading=\"lazy\" decoding=\"async\" width=\"1088\" height=\"1023\" src=\"https:\/\/franksiemers.com\/wp-content\/uploads\/2025\/07\/Siemers_EV_3298.jpg\" class=\"attachment-full size-full wp-image-45\" alt=\"Bitte in deutscher Sprache schreiben..\" srcset=\"https:\/\/franksiemers.com\/wp-content\/uploads\/2025\/07\/Siemers_EV_3298.jpg 1088w, https:\/\/franksiemers.com\/wp-content\/uploads\/2025\/07\/Siemers_EV_3298-300x282.jpg 300w, https:\/\/franksiemers.com\/wp-content\/uploads\/2025\/07\/Siemers_EV_3298-1024x963.jpg 1024w, https:\/\/franksiemers.com\/wp-content\/uploads\/2025\/07\/Siemers_EV_3298-768x722.jpg 768w\" sizes=\"(max-width: 1088px) 100vw, 1088px\" \/>\t\t\t\t\t\t\t\t\t\t\t\t\t\t\t<\/div>\n\t\t\t\t<div class=\"elementor-element elementor-element-1786ab17 animated-fast elementor-invisible elementor-widget elementor-widget-image\" data-id=\"1786ab17\" data-element_type=\"widget\" data-settings=\"{&quot;_animation&quot;:&quot;fadeIn&quot;}\" data-widget_type=\"image.default\">\n\t\t\t\t\t\t\t\t\t\t\t\t\t\t\t<img loading=\"lazy\" decoding=\"async\" width=\"1576\" height=\"2080\" src=\"https:\/\/franksiemers.com\/wp-content\/uploads\/2025\/07\/ms-copyright-frank-siemers-180918_FSI6811-1.jpg\" class=\"attachment-full size-full wp-image-46\" alt=\"Entspannter Fotograf sitzt barfu\u00df auf den Stufen vor einem alten Geb\u00e4ude, h\u00e4lt eine Kamera in der Hand und tr\u00e4gt eine schwarze Fototasche neben sich.\" srcset=\"https:\/\/franksiemers.com\/wp-content\/uploads\/2025\/07\/ms-copyright-frank-siemers-180918_FSI6811-1.jpg 1576w, https:\/\/franksiemers.com\/wp-content\/uploads\/2025\/07\/ms-copyright-frank-siemers-180918_FSI6811-1-227x300.jpg 227w, https:\/\/franksiemers.com\/wp-content\/uploads\/2025\/07\/ms-copyright-frank-siemers-180918_FSI6811-1-776x1024.jpg 776w, https:\/\/franksiemers.com\/wp-content\/uploads\/2025\/07\/ms-copyright-frank-siemers-180918_FSI6811-1-768x1014.jpg 768w, https:\/\/franksiemers.com\/wp-content\/uploads\/2025\/07\/ms-copyright-frank-siemers-180918_FSI6811-1-1164x1536.jpg 1164w, https:\/\/franksiemers.com\/wp-content\/uploads\/2025\/07\/ms-copyright-frank-siemers-180918_FSI6811-1-1552x2048.jpg 1552w\" sizes=\"(max-width: 1576px) 100vw, 1576px\" \/>\t\t\t\t\t\t\t\t\t\t\t\t\t\t\t<\/div>\n\t\t\t\t<div class=\"elementor-element elementor-element-3ca349f9 animated-fast elementor-invisible elementor-widget elementor-widget-image\" data-id=\"3ca349f9\" data-element_type=\"widget\" data-settings=\"{&quot;_animation&quot;:&quot;fadeIn&quot;}\" data-widget_type=\"image.default\">\n\t\t\t\t\t\t\t\t\t\t\t\t\t\t\t<img loading=\"lazy\" decoding=\"async\" width=\"2128\" height=\"1772\" src=\"https:\/\/franksiemers.com\/wp-content\/uploads\/2025\/07\/Frank_Siemers_FSI4284.jpg\" class=\"attachment-full size-full wp-image-47\" alt=\"Bitte in deutscher Sprache schreiben..\" srcset=\"https:\/\/franksiemers.com\/wp-content\/uploads\/2025\/07\/Frank_Siemers_FSI4284.jpg 2128w, https:\/\/franksiemers.com\/wp-content\/uploads\/2025\/07\/Frank_Siemers_FSI4284-300x250.jpg 300w, https:\/\/franksiemers.com\/wp-content\/uploads\/2025\/07\/Frank_Siemers_FSI4284-1024x853.jpg 1024w, https:\/\/franksiemers.com\/wp-content\/uploads\/2025\/07\/Frank_Siemers_FSI4284-768x640.jpg 768w, https:\/\/franksiemers.com\/wp-content\/uploads\/2025\/07\/Frank_Siemers_FSI4284-1536x1279.jpg 1536w, https:\/\/franksiemers.com\/wp-content\/uploads\/2025\/07\/Frank_Siemers_FSI4284-2048x1705.jpg 2048w\" sizes=\"(max-width: 2128px) 100vw, 2128px\" \/>\t\t\t\t\t\t\t\t\t\t\t\t\t\t\t<\/div>\n\t\t\t\t<div class=\"elementor-element elementor-element-5718de0f elementor-widget elementor-widget-spacer\" data-id=\"5718de0f\" data-element_type=\"widget\" data-widget_type=\"spacer.default\">\n\t\t\t\t\t\t\t<div class=\"elementor-spacer\">\n\t\t\t<div class=\"elementor-spacer-inner\"><\/div>\n\t\t<\/div>\n\t\t\t\t\t\t<\/div>\n\t\t\t\t<\/div>\n\t\t\t\t<\/div>\n\t\t<div class=\"elementor-element elementor-element-677a94a9 e-con-full e-flex e-con e-parent\" data-id=\"677a94a9\" data-element_type=\"container\" id=\"angebote\" data-settings=\"{&quot;background_background&quot;:&quot;classic&quot;}\">\n\t\t<div class=\"elementor-element elementor-element-312ff551 e-con-full e-flex e-con e-child\" data-id=\"312ff551\" data-element_type=\"container\" data-settings=\"{&quot;sticky&quot;:&quot;top&quot;,&quot;sticky_parent&quot;:&quot;yes&quot;,&quot;sticky_on&quot;:[&quot;desktop&quot;],&quot;sticky_offset&quot;:0,&quot;sticky_effects_offset&quot;:0,&quot;sticky_anchor_link_offset&quot;:0}\">\n\t\t<div class=\"elementor-element elementor-element-7349da70 e-con-full e-flex e-con e-child\" data-id=\"7349da70\" data-element_type=\"container\">\n\t\t\t\t<div class=\"elementor-element elementor-element-30fb68b2 elementor-widget elementor-widget-spacer\" data-id=\"30fb68b2\" data-element_type=\"widget\" data-widget_type=\"spacer.default\">\n\t\t\t\t\t\t\t<div class=\"elementor-spacer\">\n\t\t\t<div class=\"elementor-spacer-inner\"><\/div>\n\t\t<\/div>\n\t\t\t\t\t\t<\/div>\n\t\t\t\t<div class=\"elementor-element elementor-element-6d310ba elementor-widget elementor-widget-heading\" data-id=\"6d310ba\" data-element_type=\"widget\" data-widget_type=\"heading.default\">\n\t\t\t\t\t<h2 class=\"elementor-heading-title elementor-size-default\">\u00dcBER MICH UND MEIN ANGEBOT<\/h2>\t\t\t\t<\/div>\n\t\t\t\t<div class=\"elementor-element elementor-element-3426aae1 elementor-widget elementor-widget-text-editor\" data-id=\"3426aae1\" data-element_type=\"widget\" data-widget_type=\"text-editor.default\">\n\t\t\t\t\t\t\t\t\t<p class=\"p1\">Ob du ein schnelles Shooting brauchst, mehr Zeit f\u00fcr intensive Auseinandersetzung m\u00f6chtest oder ein komplexes Imageset f\u00fcr unterschiedlichste Nutzungen suchst \u2013 hier findest du das passende Format. Klar strukturiert, transparent im Preis und mit Raum f\u00fcr das, was dich ausmacht.\u00a0<br \/><br \/><\/p><p class=\"p1\">Alle Angebote enthalten eine pers\u00f6nliche Vorab-Beratung sowie Nutzungsrechte f\u00fcr deine Online-Pr\u00e4senz.<\/p><p class=\"p1\">Weitere Formate, zus\u00e4tzliche Bilder oder individuelle W\u00fcnsche sind jederzeit erg\u00e4nzbar.<\/p>\t\t\t\t\t\t\t\t<\/div>\n\t\t\t\t<div class=\"elementor-element elementor-element-1d16b43c elementor-widget elementor-widget-spacer\" data-id=\"1d16b43c\" data-element_type=\"widget\" data-widget_type=\"spacer.default\">\n\t\t\t\t\t\t\t<div class=\"elementor-spacer\">\n\t\t\t<div class=\"elementor-spacer-inner\"><\/div>\n\t\t<\/div>\n\t\t\t\t\t\t<\/div>\n\t\t\t\t<\/div>\n\t\t\t\t<\/div>\n\t\t<div class=\"elementor-element elementor-element-67415075 e-con-full e-flex e-con e-child\" data-id=\"67415075\" data-element_type=\"container\" data-settings=\"{&quot;motion_fx_motion_fx_mouse&quot;:&quot;yes&quot;,&quot;motion_fx_mouseTrack_effect&quot;:&quot;yes&quot;,&quot;motion_fx_mouseTrack_direction&quot;:&quot;negative&quot;,&quot;motion_fx_mouseTrack_speed&quot;:{&quot;unit&quot;:&quot;px&quot;,&quot;size&quot;:0,&quot;sizes&quot;:[]}}\">\n\t\t\t\t<div class=\"elementor-element elementor-element-23fab3b7 elementor-widget elementor-widget-spacer\" data-id=\"23fab3b7\" data-element_type=\"widget\" data-widget_type=\"spacer.default\">\n\t\t\t\t\t\t\t<div class=\"elementor-spacer\">\n\t\t\t<div class=\"elementor-spacer-inner\"><\/div>\n\t\t<\/div>\n\t\t\t\t\t\t<\/div>\n\t\t\t\t<div class=\"elementor-element elementor-element-23ae877 elementor-widget elementor-widget-heading\" data-id=\"23ae877\" data-element_type=\"widget\" data-widget_type=\"heading.default\">\n\t\t\t\t\t<h3 class=\"elementor-heading-title elementor-size-default\">ANGEBOTE F\u00dcR PERSONAL BRANDS<\/h3>\t\t\t\t<\/div>\n\t\t<div class=\"elementor-element elementor-element-15b17757 e-con-full e-flex e-con e-child\" data-id=\"15b17757\" data-element_type=\"container\">\n\t\t<div class=\"elementor-element elementor-element-59ab3954 e-con-full e-flex e-con e-child\" data-id=\"59ab3954\" data-element_type=\"container\">\n\t\t<div class=\"elementor-element elementor-element-910d398 e-con-full e-flex e-con e-child\" data-id=\"910d398\" data-element_type=\"container\">\n\t\t\t\t<div class=\"elementor-element elementor-element-47670ee6 elementor-widget elementor-widget-heading\" data-id=\"47670ee6\" data-element_type=\"widget\" data-widget_type=\"heading.default\">\n\t\t\t\t\t<h2 class=\"elementor-heading-title elementor-size-default\">PAKET 1 :  <br>STARTKLAR<\/h2>\t\t\t\t<\/div>\n\t\t\t\t<div class=\"elementor-element elementor-element-6a98766c elementor-widget elementor-widget-heading\" data-id=\"6a98766c\" data-element_type=\"widget\" data-widget_type=\"heading.default\">\n\t\t\t\t\t<h2 class=\"elementor-heading-title elementor-size-default\">390 \u20ac<\/h2>\t\t\t\t<\/div>\n\t\t\t\t<div class=\"elementor-element elementor-element-10cabb3e elementor-align-left elementor-icon-list--layout-traditional elementor-list-item-link-full_width elementor-widget elementor-widget-icon-list\" data-id=\"10cabb3e\" data-element_type=\"widget\" data-widget_type=\"icon-list.default\">\n\t\t\t\t\t\t\t<ul class=\"elementor-icon-list-items\">\n\t\t\t\t\t\t\t<li class=\"elementor-icon-list-item\">\n\t\t\t\t\t\t\t\t\t\t\t<span class=\"elementor-icon-list-icon\">\n\t\t\t\t\t\t\t<svg aria-hidden=\"true\" class=\"e-font-icon-svg e-fas-check-square\" viewBox=\"0 0 448 512\" xmlns=\"http:\/\/www.w3.org\/2000\/svg\"><path d=\"M400 480H48c-26.51 0-48-21.49-48-48V80c0-26.51 21.49-48 48-48h352c26.51 0 48 21.49 48 48v352c0 26.51-21.49 48-48 48zm-204.686-98.059l184-184c6.248-6.248 6.248-16.379 0-22.627l-22.627-22.627c-6.248-6.248-16.379-6.249-22.628 0L184 302.745l-70.059-70.059c-6.248-6.248-16.379-6.248-22.628 0l-22.627 22.627c-6.248 6.248-6.248 16.379 0 22.627l104 104c6.249 6.25 16.379 6.25 22.628.001z\"><\/path><\/svg>\t\t\t\t\t\t<\/span>\n\t\t\t\t\t\t\t\t\t\t<span class=\"elementor-icon-list-text\">60 Min. Shooting <\/span>\n\t\t\t\t\t\t\t\t\t<\/li>\n\t\t\t\t\t\t\t\t<li class=\"elementor-icon-list-item\">\n\t\t\t\t\t\t\t\t\t\t\t<span class=\"elementor-icon-list-icon\">\n\t\t\t\t\t\t\t<svg aria-hidden=\"true\" class=\"e-font-icon-svg e-fas-check-square\" viewBox=\"0 0 448 512\" xmlns=\"http:\/\/www.w3.org\/2000\/svg\"><path d=\"M400 480H48c-26.51 0-48-21.49-48-48V80c0-26.51 21.49-48 48-48h352c26.51 0 48 21.49 48 48v352c0 26.51-21.49 48-48 48zm-204.686-98.059l184-184c6.248-6.248 6.248-16.379 0-22.627l-22.627-22.627c-6.248-6.248-16.379-6.249-22.628 0L184 302.745l-70.059-70.059c-6.248-6.248-16.379-6.248-22.628 0l-22.627 22.627c-6.248 6.248-6.248 16.379 0 22.627l104 104c6.249 6.25 16.379 6.25 22.628.001z\"><\/path><\/svg>\t\t\t\t\t\t<\/span>\n\t\t\t\t\t\t\t\t\t\t<span class=\"elementor-icon-list-text\">1 Location<\/span>\n\t\t\t\t\t\t\t\t\t<\/li>\n\t\t\t\t\t\t\t\t<li class=\"elementor-icon-list-item\">\n\t\t\t\t\t\t\t\t\t\t\t<span class=\"elementor-icon-list-icon\">\n\t\t\t\t\t\t\t<svg aria-hidden=\"true\" class=\"e-font-icon-svg e-fas-check-square\" viewBox=\"0 0 448 512\" xmlns=\"http:\/\/www.w3.org\/2000\/svg\"><path d=\"M400 480H48c-26.51 0-48-21.49-48-48V80c0-26.51 21.49-48 48-48h352c26.51 0 48 21.49 48 48v352c0 26.51-21.49 48-48 48zm-204.686-98.059l184-184c6.248-6.248 6.248-16.379 0-22.627l-22.627-22.627c-6.248-6.248-16.379-6.249-22.628 0L184 302.745l-70.059-70.059c-6.248-6.248-16.379-6.248-22.628 0l-22.627 22.627c-6.248 6.248-6.248 16.379 0 22.627l104 104c6.249 6.25 16.379 6.25 22.628.001z\"><\/path><\/svg>\t\t\t\t\t\t<\/span>\n\t\t\t\t\t\t\t\t\t\t<span class=\"elementor-icon-list-text\">2 bearbeitete Bilder<\/span>\n\t\t\t\t\t\t\t\t\t<\/li>\n\t\t\t\t\t\t<\/ul>\n\t\t\t\t\t\t<\/div>\n\t\t\t\t<div class=\"elementor-element elementor-element-42bb7bde elementor-align-left elementor-icon-list--layout-traditional elementor-list-item-link-full_width elementor-widget elementor-widget-icon-list\" data-id=\"42bb7bde\" data-element_type=\"widget\" data-widget_type=\"icon-list.default\">\n\t\t\t\t\t\t\t<ul class=\"elementor-icon-list-items\">\n\t\t\t\t\t\t\t<li class=\"elementor-icon-list-item\">\n\t\t\t\t\t\t\t\t\t\t\t<span class=\"elementor-icon-list-icon\">\n\t\t\t\t\t\t\t<svg aria-hidden=\"true\" class=\"e-font-icon-svg e-far-star\" viewBox=\"0 0 576 512\" xmlns=\"http:\/\/www.w3.org\/2000\/svg\"><path d=\"M528.1 171.5L382 150.2 316.7 17.8c-11.7-23.6-45.6-23.9-57.4 0L194 150.2 47.9 171.5c-26.2 3.8-36.7 36.1-17.7 54.6l105.7 103-25 145.5c-4.5 26.3 23.2 46 46.4 33.7L288 439.6l130.7 68.7c23.2 12.2 50.9-7.4 46.4-33.7l-25-145.5 105.7-103c19-18.5 8.5-50.8-17.7-54.6zM388.6 312.3l23.7 138.4L288 385.4l-124.3 65.3 23.7-138.4-100.6-98 139-20.2 62.2-126 62.2 126 139 20.2-100.6 98z\"><\/path><\/svg>\t\t\t\t\t\t<\/span>\n\t\t\t\t\t\t\t\t\t\t<span class=\"elementor-icon-list-text\">Zus\u00e4tzliche Bilder je 120\u202f\u20ac<\/span>\n\t\t\t\t\t\t\t\t\t<\/li>\n\t\t\t\t\t\t<\/ul>\n\t\t\t\t\t\t<\/div>\n\t\t\t\t<div class=\"elementor-element elementor-element-170528fc elementor-widget elementor-widget-text-editor\" data-id=\"170528fc\" data-element_type=\"widget\" data-widget_type=\"text-editor.default\">\n\t\t\t\t\t\t\t\t\t<p class=\"p1\">Authentisch, professionell und entspannt \u2013 ideal f\u00fcr deinen ersten Auftritt auf Website &amp; Social Media.<\/p>\t\t\t\t\t\t\t\t<\/div>\n\t\t\t\t<\/div>\n\t\t\t\t<\/div>\n\t\t<div class=\"elementor-element elementor-element-6b58da3b e-con-full e-flex e-con e-child\" data-id=\"6b58da3b\" data-element_type=\"container\">\n\t\t<div class=\"elementor-element elementor-element-51f8ae7c e-con-full e-flex e-con e-child\" data-id=\"51f8ae7c\" data-element_type=\"container\">\n\t\t\t\t<div class=\"elementor-element elementor-element-22b2a1ce elementor-widget elementor-widget-heading\" data-id=\"22b2a1ce\" data-element_type=\"widget\" data-widget_type=\"heading.default\">\n\t\t\t\t\t<h2 class=\"elementor-heading-title elementor-size-default\">PAKET 2 : <br>SICHTBARKEIT<\/h2>\t\t\t\t<\/div>\n\t\t\t\t<div class=\"elementor-element elementor-element-12dd9b elementor-widget elementor-widget-heading\" data-id=\"12dd9b\" data-element_type=\"widget\" data-widget_type=\"heading.default\">\n\t\t\t\t\t<h2 class=\"elementor-heading-title elementor-size-default\">750 \u20ac<\/h2>\t\t\t\t<\/div>\n\t\t\t\t<div class=\"elementor-element elementor-element-263a5f7d elementor-align-left elementor-icon-list--layout-traditional elementor-list-item-link-full_width elementor-widget elementor-widget-icon-list\" data-id=\"263a5f7d\" data-element_type=\"widget\" data-widget_type=\"icon-list.default\">\n\t\t\t\t\t\t\t<ul class=\"elementor-icon-list-items\">\n\t\t\t\t\t\t\t<li class=\"elementor-icon-list-item\">\n\t\t\t\t\t\t\t\t\t\t\t<span class=\"elementor-icon-list-icon\">\n\t\t\t\t\t\t\t<svg aria-hidden=\"true\" class=\"e-font-icon-svg e-fas-check-square\" viewBox=\"0 0 448 512\" xmlns=\"http:\/\/www.w3.org\/2000\/svg\"><path d=\"M400 480H48c-26.51 0-48-21.49-48-48V80c0-26.51 21.49-48 48-48h352c26.51 0 48 21.49 48 48v352c0 26.51-21.49 48-48 48zm-204.686-98.059l184-184c6.248-6.248 6.248-16.379 0-22.627l-22.627-22.627c-6.248-6.248-16.379-6.249-22.628 0L184 302.745l-70.059-70.059c-6.248-6.248-16.379-6.248-22.628 0l-22.627 22.627c-6.248 6.248-6.248 16.379 0 22.627l104 104c6.249 6.25 16.379 6.25 22.628.001z\"><\/path><\/svg>\t\t\t\t\t\t<\/span>\n\t\t\t\t\t\t\t\t\t\t<span class=\"elementor-icon-list-text\">2 Stunden Shooting<\/span>\n\t\t\t\t\t\t\t\t\t<\/li>\n\t\t\t\t\t\t\t\t<li class=\"elementor-icon-list-item\">\n\t\t\t\t\t\t\t\t\t\t\t<span class=\"elementor-icon-list-icon\">\n\t\t\t\t\t\t\t<svg aria-hidden=\"true\" class=\"e-font-icon-svg e-fas-check-square\" viewBox=\"0 0 448 512\" xmlns=\"http:\/\/www.w3.org\/2000\/svg\"><path d=\"M400 480H48c-26.51 0-48-21.49-48-48V80c0-26.51 21.49-48 48-48h352c26.51 0 48 21.49 48 48v352c0 26.51-21.49 48-48 48zm-204.686-98.059l184-184c6.248-6.248 6.248-16.379 0-22.627l-22.627-22.627c-6.248-6.248-16.379-6.249-22.628 0L184 302.745l-70.059-70.059c-6.248-6.248-16.379-6.248-22.628 0l-22.627 22.627c-6.248 6.248-6.248 16.379 0 22.627l104 104c6.249 6.25 16.379 6.25 22.628.001z\"><\/path><\/svg>\t\t\t\t\t\t<\/span>\n\t\t\t\t\t\t\t\t\t\t<span class=\"elementor-icon-list-text\">2 Locations<\/span>\n\t\t\t\t\t\t\t\t\t<\/li>\n\t\t\t\t\t\t\t\t<li class=\"elementor-icon-list-item\">\n\t\t\t\t\t\t\t\t\t\t\t<span class=\"elementor-icon-list-icon\">\n\t\t\t\t\t\t\t<svg aria-hidden=\"true\" class=\"e-font-icon-svg e-fas-check-square\" viewBox=\"0 0 448 512\" xmlns=\"http:\/\/www.w3.org\/2000\/svg\"><path d=\"M400 480H48c-26.51 0-48-21.49-48-48V80c0-26.51 21.49-48 48-48h352c26.51 0 48 21.49 48 48v352c0 26.51-21.49 48-48 48zm-204.686-98.059l184-184c6.248-6.248 6.248-16.379 0-22.627l-22.627-22.627c-6.248-6.248-16.379-6.249-22.628 0L184 302.745l-70.059-70.059c-6.248-6.248-16.379-6.248-22.628 0l-22.627 22.627c-6.248 6.248-6.248 16.379 0 22.627l104 104c6.249 6.25 16.379 6.25 22.628.001z\"><\/path><\/svg>\t\t\t\t\t\t<\/span>\n\t\t\t\t\t\t\t\t\t\t<span class=\"elementor-icon-list-text\">5 bearbeitete Bilder<\/span>\n\t\t\t\t\t\t\t\t\t<\/li>\n\t\t\t\t\t\t<\/ul>\n\t\t\t\t\t\t<\/div>\n\t\t\t\t<div class=\"elementor-element elementor-element-53419866 elementor-align-left elementor-icon-list--layout-traditional elementor-list-item-link-full_width elementor-widget elementor-widget-icon-list\" data-id=\"53419866\" data-element_type=\"widget\" data-widget_type=\"icon-list.default\">\n\t\t\t\t\t\t\t<ul class=\"elementor-icon-list-items\">\n\t\t\t\t\t\t\t<li class=\"elementor-icon-list-item\">\n\t\t\t\t\t\t\t\t\t\t\t<span class=\"elementor-icon-list-icon\">\n\t\t\t\t\t\t\t<svg aria-hidden=\"true\" class=\"e-font-icon-svg e-far-star\" viewBox=\"0 0 576 512\" xmlns=\"http:\/\/www.w3.org\/2000\/svg\"><path d=\"M528.1 171.5L382 150.2 316.7 17.8c-11.7-23.6-45.6-23.9-57.4 0L194 150.2 47.9 171.5c-26.2 3.8-36.7 36.1-17.7 54.6l105.7 103-25 145.5c-4.5 26.3 23.2 46 46.4 33.7L288 439.6l130.7 68.7c23.2 12.2 50.9-7.4 46.4-33.7l-25-145.5 105.7-103c19-18.5 8.5-50.8-17.7-54.6zM388.6 312.3l23.7 138.4L288 385.4l-124.3 65.3 23.7-138.4-100.6-98 139-20.2 62.2-126 62.2 126 139 20.2-100.6 98z\"><\/path><\/svg>\t\t\t\t\t\t<\/span>\n\t\t\t\t\t\t\t\t\t\t<span class=\"elementor-icon-list-text\">Zus\u00e4tzliche Bilder je 120\u202f\u20ac<\/span>\n\t\t\t\t\t\t\t\t\t<\/li>\n\t\t\t\t\t\t<\/ul>\n\t\t\t\t\t\t<\/div>\n\t\t\t\t<div class=\"elementor-element elementor-element-6650ba elementor-widget elementor-widget-text-editor\" data-id=\"6650ba\" data-element_type=\"widget\" data-widget_type=\"text-editor.default\">\n\t\t\t\t\t\t\t\t\t<p class=\"p1\">Mehr Raum f\u00fcr Stil, Haltung und Bildwirkung. Perfekt f\u00fcr Markenkommunikation und Social-Media-Kampagnen.<\/p>\t\t\t\t\t\t\t\t<\/div>\n\t\t\t\t<\/div>\n\t\t\t\t<\/div>\n\t\t<div class=\"elementor-element elementor-element-5067de3c e-con-full e-flex e-con e-child\" data-id=\"5067de3c\" data-element_type=\"container\">\n\t\t<div class=\"elementor-element elementor-element-58e78bc e-con-full e-flex e-con e-child\" data-id=\"58e78bc\" data-element_type=\"container\">\n\t\t\t\t<div class=\"elementor-element elementor-element-1cca1a63 elementor-widget elementor-widget-heading\" data-id=\"1cca1a63\" data-element_type=\"widget\" data-widget_type=\"heading.default\">\n\t\t\t\t\t<h2 class=\"elementor-heading-title elementor-size-default\">PAKET 3 : <br> STRAHLKRAFT<\/h2>\t\t\t\t<\/div>\n\t\t\t\t<div class=\"elementor-element elementor-element-2564808f elementor-widget elementor-widget-heading\" data-id=\"2564808f\" data-element_type=\"widget\" data-widget_type=\"heading.default\">\n\t\t\t\t\t<h2 class=\"elementor-heading-title elementor-size-default\">1.390 \u20ac<\/h2>\t\t\t\t<\/div>\n\t\t\t\t<div class=\"elementor-element elementor-element-30a9fe16 elementor-align-left elementor-icon-list--layout-traditional elementor-list-item-link-full_width elementor-widget elementor-widget-icon-list\" data-id=\"30a9fe16\" data-element_type=\"widget\" data-widget_type=\"icon-list.default\">\n\t\t\t\t\t\t\t<ul class=\"elementor-icon-list-items\">\n\t\t\t\t\t\t\t<li class=\"elementor-icon-list-item\">\n\t\t\t\t\t\t\t\t\t\t\t<span class=\"elementor-icon-list-icon\">\n\t\t\t\t\t\t\t<svg aria-hidden=\"true\" class=\"e-font-icon-svg e-fas-check-square\" viewBox=\"0 0 448 512\" xmlns=\"http:\/\/www.w3.org\/2000\/svg\"><path d=\"M400 480H48c-26.51 0-48-21.49-48-48V80c0-26.51 21.49-48 48-48h352c26.51 0 48 21.49 48 48v352c0 26.51-21.49 48-48 48zm-204.686-98.059l184-184c6.248-6.248 6.248-16.379 0-22.627l-22.627-22.627c-6.248-6.248-16.379-6.249-22.628 0L184 302.745l-70.059-70.059c-6.248-6.248-16.379-6.248-22.628 0l-22.627 22.627c-6.248 6.248-6.248 16.379 0 22.627l104 104c6.249 6.25 16.379 6.25 22.628.001z\"><\/path><\/svg>\t\t\t\t\t\t<\/span>\n\t\t\t\t\t\t\t\t\t\t<span class=\"elementor-icon-list-text\">3 Stunden Shooting<\/span>\n\t\t\t\t\t\t\t\t\t<\/li>\n\t\t\t\t\t\t\t\t<li class=\"elementor-icon-list-item\">\n\t\t\t\t\t\t\t\t\t\t\t<span class=\"elementor-icon-list-icon\">\n\t\t\t\t\t\t\t<svg aria-hidden=\"true\" class=\"e-font-icon-svg e-fas-check-square\" viewBox=\"0 0 448 512\" xmlns=\"http:\/\/www.w3.org\/2000\/svg\"><path d=\"M400 480H48c-26.51 0-48-21.49-48-48V80c0-26.51 21.49-48 48-48h352c26.51 0 48 21.49 48 48v352c0 26.51-21.49 48-48 48zm-204.686-98.059l184-184c6.248-6.248 6.248-16.379 0-22.627l-22.627-22.627c-6.248-6.248-16.379-6.249-22.628 0L184 302.745l-70.059-70.059c-6.248-6.248-16.379-6.248-22.628 0l-22.627 22.627c-6.248 6.248-6.248 16.379 0 22.627l104 104c6.249 6.25 16.379 6.25 22.628.001z\"><\/path><\/svg>\t\t\t\t\t\t<\/span>\n\t\t\t\t\t\t\t\t\t\t<span class=\"elementor-icon-list-text\">3 Locations<\/span>\n\t\t\t\t\t\t\t\t\t<\/li>\n\t\t\t\t\t\t\t\t<li class=\"elementor-icon-list-item\">\n\t\t\t\t\t\t\t\t\t\t\t<span class=\"elementor-icon-list-icon\">\n\t\t\t\t\t\t\t<svg aria-hidden=\"true\" class=\"e-font-icon-svg e-fas-check-square\" viewBox=\"0 0 448 512\" xmlns=\"http:\/\/www.w3.org\/2000\/svg\"><path d=\"M400 480H48c-26.51 0-48-21.49-48-48V80c0-26.51 21.49-48 48-48h352c26.51 0 48 21.49 48 48v352c0 26.51-21.49 48-48 48zm-204.686-98.059l184-184c6.248-6.248 6.248-16.379 0-22.627l-22.627-22.627c-6.248-6.248-16.379-6.249-22.628 0L184 302.745l-70.059-70.059c-6.248-6.248-16.379-6.248-22.628 0l-22.627 22.627c-6.248 6.248-6.248 16.379 0 22.627l104 104c6.249 6.25 16.379 6.25 22.628.001z\"><\/path><\/svg>\t\t\t\t\t\t<\/span>\n\t\t\t\t\t\t\t\t\t\t<span class=\"elementor-icon-list-text\">10 bearbeitete Bilder<\/span>\n\t\t\t\t\t\t\t\t\t<\/li>\n\t\t\t\t\t\t<\/ul>\n\t\t\t\t\t\t<\/div>\n\t\t\t\t<div class=\"elementor-element elementor-element-34f9ac69 elementor-align-left elementor-icon-list--layout-traditional elementor-list-item-link-full_width elementor-widget elementor-widget-icon-list\" data-id=\"34f9ac69\" data-element_type=\"widget\" data-widget_type=\"icon-list.default\">\n\t\t\t\t\t\t\t<ul class=\"elementor-icon-list-items\">\n\t\t\t\t\t\t\t<li class=\"elementor-icon-list-item\">\n\t\t\t\t\t\t\t\t\t\t\t<span class=\"elementor-icon-list-icon\">\n\t\t\t\t\t\t\t<svg aria-hidden=\"true\" class=\"e-font-icon-svg e-far-star\" viewBox=\"0 0 576 512\" xmlns=\"http:\/\/www.w3.org\/2000\/svg\"><path d=\"M528.1 171.5L382 150.2 316.7 17.8c-11.7-23.6-45.6-23.9-57.4 0L194 150.2 47.9 171.5c-26.2 3.8-36.7 36.1-17.7 54.6l105.7 103-25 145.5c-4.5 26.3 23.2 46 46.4 33.7L288 439.6l130.7 68.7c23.2 12.2 50.9-7.4 46.4-33.7l-25-145.5 105.7-103c19-18.5 8.5-50.8-17.7-54.6zM388.6 312.3l23.7 138.4L288 385.4l-124.3 65.3 23.7-138.4-100.6-98 139-20.2 62.2-126 62.2 126 139 20.2-100.6 98z\"><\/path><\/svg>\t\t\t\t\t\t<\/span>\n\t\t\t\t\t\t\t\t\t\t<span class=\"elementor-icon-list-text\">Zus\u00e4tzliche Bilder je 120\u202f\u20ac<\/span>\n\t\t\t\t\t\t\t\t\t<\/li>\n\t\t\t\t\t\t<\/ul>\n\t\t\t\t\t\t<\/div>\n\t\t\t\t<div class=\"elementor-element elementor-element-64abe521 elementor-widget elementor-widget-text-editor\" data-id=\"64abe521\" data-element_type=\"widget\" data-widget_type=\"text-editor.default\">\n\t\t\t\t\t\t\t\t\t<p class=\"p1\">Ideal f\u00fcr Webauftritt, Pressearbeit und stimmige Markenpr\u00e4senz \u00fcber alle Kan\u00e4le hinweg.<\/p>\t\t\t\t\t\t\t\t<\/div>\n\t\t\t\t<\/div>\n\t\t\t\t<\/div>\n\t\t\t\t<\/div>\n\t\t\t\t<div class=\"elementor-element elementor-element-360d43e1 elementor-widget elementor-widget-spacer\" data-id=\"360d43e1\" data-element_type=\"widget\" data-widget_type=\"spacer.default\">\n\t\t\t\t\t\t\t<div class=\"elementor-spacer\">\n\t\t\t<div class=\"elementor-spacer-inner\"><\/div>\n\t\t<\/div>\n\t\t\t\t\t\t<\/div>\n\t\t\t\t<div class=\"elementor-element elementor-element-511e6b5 elementor-widget elementor-widget-heading\" data-id=\"511e6b5\" data-element_type=\"widget\" data-widget_type=\"heading.default\">\n\t\t\t\t\t<h3 class=\"elementor-heading-title elementor-size-default\">ANGEBOTE F\u00dcR MUSIKER:INNEN<\/h3>\t\t\t\t<\/div>\n\t\t<div class=\"elementor-element elementor-element-2faa96fe e-con-full e-flex e-con e-child\" data-id=\"2faa96fe\" data-element_type=\"container\">\n\t\t<div class=\"elementor-element elementor-element-5606b3b7 e-con-full e-flex e-con e-child\" data-id=\"5606b3b7\" data-element_type=\"container\">\n\t\t<div class=\"elementor-element elementor-element-26ce5283 e-con-full e-flex e-con e-child\" data-id=\"26ce5283\" data-element_type=\"container\">\n\t\t\t\t<div class=\"elementor-element elementor-element-4cbab0e8 elementor-widget elementor-widget-heading\" data-id=\"4cbab0e8\" data-element_type=\"widget\" data-widget_type=\"heading.default\">\n\t\t\t\t\t<h2 class=\"elementor-heading-title elementor-size-default\">PAKET 1 :  <br>BILLIE<\/h2>\t\t\t\t<\/div>\n\t\t\t\t<div class=\"elementor-element elementor-element-3aba6bb6 elementor-widget elementor-widget-heading\" data-id=\"3aba6bb6\" data-element_type=\"widget\" data-widget_type=\"heading.default\">\n\t\t\t\t\t<h2 class=\"elementor-heading-title elementor-size-default\">335 \u20ac<\/h2>\t\t\t\t<\/div>\n\t\t\t\t<div class=\"elementor-element elementor-element-70f75b37 elementor-align-left elementor-icon-list--layout-traditional elementor-list-item-link-full_width elementor-widget elementor-widget-icon-list\" data-id=\"70f75b37\" data-element_type=\"widget\" data-widget_type=\"icon-list.default\">\n\t\t\t\t\t\t\t<ul class=\"elementor-icon-list-items\">\n\t\t\t\t\t\t\t<li class=\"elementor-icon-list-item\">\n\t\t\t\t\t\t\t\t\t\t\t<span class=\"elementor-icon-list-icon\">\n\t\t\t\t\t\t\t<svg aria-hidden=\"true\" class=\"e-font-icon-svg e-fas-check-square\" viewBox=\"0 0 448 512\" xmlns=\"http:\/\/www.w3.org\/2000\/svg\"><path d=\"M400 480H48c-26.51 0-48-21.49-48-48V80c0-26.51 21.49-48 48-48h352c26.51 0 48 21.49 48 48v352c0 26.51-21.49 48-48 48zm-204.686-98.059l184-184c6.248-6.248 6.248-16.379 0-22.627l-22.627-22.627c-6.248-6.248-16.379-6.249-22.628 0L184 302.745l-70.059-70.059c-6.248-6.248-16.379-6.248-22.628 0l-22.627 22.627c-6.248 6.248-6.248 16.379 0 22.627l104 104c6.249 6.25 16.379 6.25 22.628.001z\"><\/path><\/svg>\t\t\t\t\t\t<\/span>\n\t\t\t\t\t\t\t\t\t\t<span class=\"elementor-icon-list-text\">2 bearbeitete Bilder<\/span>\n\t\t\t\t\t\t\t\t\t<\/li>\n\t\t\t\t\t\t\t\t<li class=\"elementor-icon-list-item\">\n\t\t\t\t\t\t\t\t\t\t\t<span class=\"elementor-icon-list-icon\">\n\t\t\t\t\t\t\t<svg aria-hidden=\"true\" class=\"e-font-icon-svg e-fas-check-square\" viewBox=\"0 0 448 512\" xmlns=\"http:\/\/www.w3.org\/2000\/svg\"><path d=\"M400 480H48c-26.51 0-48-21.49-48-48V80c0-26.51 21.49-48 48-48h352c26.51 0 48 21.49 48 48v352c0 26.51-21.49 48-48 48zm-204.686-98.059l184-184c6.248-6.248 6.248-16.379 0-22.627l-22.627-22.627c-6.248-6.248-16.379-6.249-22.628 0L184 302.745l-70.059-70.059c-6.248-6.248-16.379-6.248-22.628 0l-22.627 22.627c-6.248 6.248-6.248 16.379 0 22.627l104 104c6.249 6.25 16.379 6.25 22.628.001z\"><\/path><\/svg>\t\t\t\t\t\t<\/span>\n\t\t\t\t\t\t\t\t\t\t<span class=\"elementor-icon-list-text\">Nutzungsrechte f\u00fcr 3 Jahre<\/span>\n\t\t\t\t\t\t\t\t\t<\/li>\n\t\t\t\t\t\t<\/ul>\n\t\t\t\t\t\t<\/div>\n\t\t\t\t<div class=\"elementor-element elementor-element-305952f elementor-widget elementor-widget-text-editor\" data-id=\"305952f\" data-element_type=\"widget\" data-widget_type=\"text-editor.default\">\n\t\t\t\t\t\t\t\t\t<p class=\"p1\">F\u00fcr junge Musiker *innen, die ein starkes Bild f\u00fcr Bewerbungen, Website oder Social Media brauchen. Entspannt, echt und auf den Punkt.<\/p>\t\t\t\t\t\t\t\t<\/div>\n\t\t\t\t<div class=\"elementor-element elementor-element-313e52ee elementor-align-left elementor-icon-list--layout-traditional elementor-list-item-link-full_width elementor-widget elementor-widget-icon-list\" data-id=\"313e52ee\" data-element_type=\"widget\" data-widget_type=\"icon-list.default\">\n\t\t\t\t\t\t\t<ul class=\"elementor-icon-list-items\">\n\t\t\t\t\t\t\t<li class=\"elementor-icon-list-item\">\n\t\t\t\t\t\t\t\t\t\t\t<span class=\"elementor-icon-list-icon\">\n\t\t\t\t\t\t\t<svg aria-hidden=\"true\" class=\"e-font-icon-svg e-far-star\" viewBox=\"0 0 576 512\" xmlns=\"http:\/\/www.w3.org\/2000\/svg\"><path d=\"M528.1 171.5L382 150.2 316.7 17.8c-11.7-23.6-45.6-23.9-57.4 0L194 150.2 47.9 171.5c-26.2 3.8-36.7 36.1-17.7 54.6l105.7 103-25 145.5c-4.5 26.3 23.2 46 46.4 33.7L288 439.6l130.7 68.7c23.2 12.2 50.9-7.4 46.4-33.7l-25-145.5 105.7-103c19-18.5 8.5-50.8-17.7-54.6zM388.6 312.3l23.7 138.4L288 385.4l-124.3 65.3 23.7-138.4-100.6-98 139-20.2 62.2-126 62.2 126 139 20.2-100.6 98z\"><\/path><\/svg>\t\t\t\t\t\t<\/span>\n\t\t\t\t\t\t\t\t\t\t<span class=\"elementor-icon-list-text\">Young Talents Support m\u00f6glich <\/span>\n\t\t\t\t\t\t\t\t\t<\/li>\n\t\t\t\t\t\t<\/ul>\n\t\t\t\t\t\t<\/div>\n\t\t\t\t<\/div>\n\t\t\t\t<\/div>\n\t\t<div class=\"elementor-element elementor-element-7b869f26 e-con-full e-flex e-con e-child\" data-id=\"7b869f26\" data-element_type=\"container\">\n\t\t<div class=\"elementor-element elementor-element-2a4a4865 e-con-full e-flex e-con e-child\" data-id=\"2a4a4865\" data-element_type=\"container\">\n\t\t\t\t<div class=\"elementor-element elementor-element-1a0d72c1 elementor-widget elementor-widget-heading\" data-id=\"1a0d72c1\" data-element_type=\"widget\" data-widget_type=\"heading.default\">\n\t\t\t\t\t<h2 class=\"elementor-heading-title elementor-size-default\">PAKET 2 : <br>ELLA<\/h2>\t\t\t\t<\/div>\n\t\t\t\t<div class=\"elementor-element elementor-element-78b00e5c elementor-widget elementor-widget-heading\" data-id=\"78b00e5c\" data-element_type=\"widget\" data-widget_type=\"heading.default\">\n\t\t\t\t\t<h2 class=\"elementor-heading-title elementor-size-default\">775 \u20ac<\/h2>\t\t\t\t<\/div>\n\t\t\t\t<div class=\"elementor-element elementor-element-6e308bd1 elementor-align-left elementor-icon-list--layout-traditional elementor-list-item-link-full_width elementor-widget elementor-widget-icon-list\" data-id=\"6e308bd1\" data-element_type=\"widget\" data-widget_type=\"icon-list.default\">\n\t\t\t\t\t\t\t<ul class=\"elementor-icon-list-items\">\n\t\t\t\t\t\t\t<li class=\"elementor-icon-list-item\">\n\t\t\t\t\t\t\t\t\t\t\t<span class=\"elementor-icon-list-icon\">\n\t\t\t\t\t\t\t<svg aria-hidden=\"true\" class=\"e-font-icon-svg e-fas-check-square\" viewBox=\"0 0 448 512\" xmlns=\"http:\/\/www.w3.org\/2000\/svg\"><path d=\"M400 480H48c-26.51 0-48-21.49-48-48V80c0-26.51 21.49-48 48-48h352c26.51 0 48 21.49 48 48v352c0 26.51-21.49 48-48 48zm-204.686-98.059l184-184c6.248-6.248 6.248-16.379 0-22.627l-22.627-22.627c-6.248-6.248-16.379-6.249-22.628 0L184 302.745l-70.059-70.059c-6.248-6.248-16.379-6.248-22.628 0l-22.627 22.627c-6.248 6.248-6.248 16.379 0 22.627l104 104c6.249 6.25 16.379 6.25 22.628.001z\"><\/path><\/svg>\t\t\t\t\t\t<\/span>\n\t\t\t\t\t\t\t\t\t\t<span class=\"elementor-icon-list-text\">5-6  bearbeitete Bilder<\/span>\n\t\t\t\t\t\t\t\t\t<\/li>\n\t\t\t\t\t\t\t\t<li class=\"elementor-icon-list-item\">\n\t\t\t\t\t\t\t\t\t\t\t<span class=\"elementor-icon-list-icon\">\n\t\t\t\t\t\t\t<svg aria-hidden=\"true\" class=\"e-font-icon-svg e-fas-check-square\" viewBox=\"0 0 448 512\" xmlns=\"http:\/\/www.w3.org\/2000\/svg\"><path d=\"M400 480H48c-26.51 0-48-21.49-48-48V80c0-26.51 21.49-48 48-48h352c26.51 0 48 21.49 48 48v352c0 26.51-21.49 48-48 48zm-204.686-98.059l184-184c6.248-6.248 6.248-16.379 0-22.627l-22.627-22.627c-6.248-6.248-16.379-6.249-22.628 0L184 302.745l-70.059-70.059c-6.248-6.248-16.379-6.248-22.628 0l-22.627 22.627c-6.248 6.248-6.248 16.379 0 22.627l104 104c6.249 6.25 16.379 6.25 22.628.001z\"><\/path><\/svg>\t\t\t\t\t\t<\/span>\n\t\t\t\t\t\t\t\t\t\t<span class=\"elementor-icon-list-text\">Nutzungsrechte f\u00fcr 5 Jahre<\/span>\n\t\t\t\t\t\t\t\t\t<\/li>\n\t\t\t\t\t\t<\/ul>\n\t\t\t\t\t\t<\/div>\n\t\t\t\t<div class=\"elementor-element elementor-element-670cd42c elementor-widget elementor-widget-text-editor\" data-id=\"670cd42c\" data-element_type=\"widget\" data-widget_type=\"text-editor.default\">\n\t\t\t\t\t\t\t\t\t<p class=\"p1\">F\u00fcr Musiker*innen mit Erfahrung, die ihre visuelle Pr\u00e4senz ausbauen wollen. Kreativ, individuell und mit dem richtigen Gesp\u00fcr f\u00fcr Pers\u00f6nlichkeit und Wirkung.<\/p>\t\t\t\t\t\t\t\t<\/div>\n\t\t\t\t<\/div>\n\t\t\t\t<\/div>\n\t\t<div class=\"elementor-element elementor-element-7af03019 e-con-full e-flex e-con e-child\" data-id=\"7af03019\" data-element_type=\"container\">\n\t\t<div class=\"elementor-element elementor-element-659db94 e-con-full e-flex e-con e-child\" data-id=\"659db94\" data-element_type=\"container\">\n\t\t\t\t<div class=\"elementor-element elementor-element-42b473aa elementor-widget elementor-widget-heading\" data-id=\"42b473aa\" data-element_type=\"widget\" data-widget_type=\"heading.default\">\n\t\t\t\t\t<h2 class=\"elementor-heading-title elementor-size-default\">PAKET 3 : <br>MILES<\/h2>\t\t\t\t<\/div>\n\t\t\t\t<div class=\"elementor-element elementor-element-324b4afb elementor-widget elementor-widget-heading\" data-id=\"324b4afb\" data-element_type=\"widget\" data-widget_type=\"heading.default\">\n\t\t\t\t\t<h2 class=\"elementor-heading-title elementor-size-default\">1.650 \u20ac<\/h2>\t\t\t\t<\/div>\n\t\t\t\t<div class=\"elementor-element elementor-element-557318cb elementor-align-left elementor-icon-list--layout-traditional elementor-list-item-link-full_width elementor-widget elementor-widget-icon-list\" data-id=\"557318cb\" data-element_type=\"widget\" data-widget_type=\"icon-list.default\">\n\t\t\t\t\t\t\t<ul class=\"elementor-icon-list-items\">\n\t\t\t\t\t\t\t<li class=\"elementor-icon-list-item\">\n\t\t\t\t\t\t\t\t\t\t\t<span class=\"elementor-icon-list-icon\">\n\t\t\t\t\t\t\t<svg aria-hidden=\"true\" class=\"e-font-icon-svg e-fas-check-square\" viewBox=\"0 0 448 512\" xmlns=\"http:\/\/www.w3.org\/2000\/svg\"><path d=\"M400 480H48c-26.51 0-48-21.49-48-48V80c0-26.51 21.49-48 48-48h352c26.51 0 48 21.49 48 48v352c0 26.51-21.49 48-48 48zm-204.686-98.059l184-184c6.248-6.248 6.248-16.379 0-22.627l-22.627-22.627c-6.248-6.248-16.379-6.249-22.628 0L184 302.745l-70.059-70.059c-6.248-6.248-16.379-6.248-22.628 0l-22.627 22.627c-6.248 6.248-6.248 16.379 0 22.627l104 104c6.249 6.25 16.379 6.25 22.628.001z\"><\/path><\/svg>\t\t\t\t\t\t<\/span>\n\t\t\t\t\t\t\t\t\t\t<span class=\"elementor-icon-list-text\">10-12 bearbeitete Bilder<\/span>\n\t\t\t\t\t\t\t\t\t<\/li>\n\t\t\t\t\t\t\t\t<li class=\"elementor-icon-list-item\">\n\t\t\t\t\t\t\t\t\t\t\t<span class=\"elementor-icon-list-icon\">\n\t\t\t\t\t\t\t<svg aria-hidden=\"true\" class=\"e-font-icon-svg e-fas-check-square\" viewBox=\"0 0 448 512\" xmlns=\"http:\/\/www.w3.org\/2000\/svg\"><path d=\"M400 480H48c-26.51 0-48-21.49-48-48V80c0-26.51 21.49-48 48-48h352c26.51 0 48 21.49 48 48v352c0 26.51-21.49 48-48 48zm-204.686-98.059l184-184c6.248-6.248 6.248-16.379 0-22.627l-22.627-22.627c-6.248-6.248-16.379-6.249-22.628 0L184 302.745l-70.059-70.059c-6.248-6.248-16.379-6.248-22.628 0l-22.627 22.627c-6.248 6.248-6.248 16.379 0 22.627l104 104c6.249 6.25 16.379 6.25 22.628.001z\"><\/path><\/svg>\t\t\t\t\t\t<\/span>\n\t\t\t\t\t\t\t\t\t\t<span class=\"elementor-icon-list-text\">2 Locations<\/span>\n\t\t\t\t\t\t\t\t\t<\/li>\n\t\t\t\t\t\t\t\t<li class=\"elementor-icon-list-item\">\n\t\t\t\t\t\t\t\t\t\t\t<span class=\"elementor-icon-list-icon\">\n\t\t\t\t\t\t\t<svg aria-hidden=\"true\" class=\"e-font-icon-svg e-fas-check-square\" viewBox=\"0 0 448 512\" xmlns=\"http:\/\/www.w3.org\/2000\/svg\"><path d=\"M400 480H48c-26.51 0-48-21.49-48-48V80c0-26.51 21.49-48 48-48h352c26.51 0 48 21.49 48 48v352c0 26.51-21.49 48-48 48zm-204.686-98.059l184-184c6.248-6.248 6.248-16.379 0-22.627l-22.627-22.627c-6.248-6.248-16.379-6.249-22.628 0L184 302.745l-70.059-70.059c-6.248-6.248-16.379-6.248-22.628 0l-22.627 22.627c-6.248 6.248-6.248 16.379 0 22.627l104 104c6.249 6.25 16.379 6.25 22.628.001z\"><\/path><\/svg>\t\t\t\t\t\t<\/span>\n\t\t\t\t\t\t\t\t\t\t<span class=\"elementor-icon-list-text\">Nutzungsrechte f\u00fcr 10 Jahre<\/span>\n\t\t\t\t\t\t\t\t\t<\/li>\n\t\t\t\t\t\t<\/ul>\n\t\t\t\t\t\t<\/div>\n\t\t\t\t<div class=\"elementor-element elementor-element-5ecfa39b elementor-widget elementor-widget-text-editor\" data-id=\"5ecfa39b\" data-element_type=\"widget\" data-widget_type=\"text-editor.default\">\n\t\t\t\t\t\t\t\t\t<p class=\"p1\">Ideal f\u00fcr Presse, Album-Artwork, Tour-Promo und internationale Sichtbarkeit. Wir entwickeln gemeinsam eine starke visuelle Identit\u00e4t, die wirkt.<\/p>\t\t\t\t\t\t\t\t<\/div>\n\t\t\t\t<div class=\"elementor-element elementor-element-604ff3ff elementor-align-left elementor-icon-list--layout-traditional elementor-list-item-link-full_width elementor-widget elementor-widget-icon-list\" data-id=\"604ff3ff\" data-element_type=\"widget\" data-widget_type=\"icon-list.default\">\n\t\t\t\t\t\t\t<ul class=\"elementor-icon-list-items\">\n\t\t\t\t\t\t\t<li class=\"elementor-icon-list-item\">\n\t\t\t\t\t\t\t\t\t\t\t<span class=\"elementor-icon-list-icon\">\n\t\t\t\t\t\t\t<svg aria-hidden=\"true\" class=\"e-font-icon-svg e-far-star\" viewBox=\"0 0 576 512\" xmlns=\"http:\/\/www.w3.org\/2000\/svg\"><path d=\"M528.1 171.5L382 150.2 316.7 17.8c-11.7-23.6-45.6-23.9-57.4 0L194 150.2 47.9 171.5c-26.2 3.8-36.7 36.1-17.7 54.6l105.7 103-25 145.5c-4.5 26.3 23.2 46 46.4 33.7L288 439.6l130.7 68.7c23.2 12.2 50.9-7.4 46.4-33.7l-25-145.5 105.7-103c19-18.5 8.5-50.8-17.7-54.6zM388.6 312.3l23.7 138.4L288 385.4l-124.3 65.3 23.7-138.4-100.6-98 139-20.2 62.2-126 62.2 126 139 20.2-100.6 98z\"><\/path><\/svg>\t\t\t\t\t\t<\/span>\n\t\t\t\t\t\t\t\t\t\t<span class=\"elementor-icon-list-text\">Inkl. Young Talents Seat: Du unterst\u00fctzt damit ein Nachwuchs-Shooting.<\/span>\n\t\t\t\t\t\t\t\t\t<\/li>\n\t\t\t\t\t\t<\/ul>\n\t\t\t\t\t\t<\/div>\n\t\t\t\t<\/div>\n\t\t\t\t<\/div>\n\t\t\t\t<\/div>\n\t\t\t\t<div class=\"elementor-element elementor-element-7f727ba1 elementor-widget elementor-widget-spacer\" data-id=\"7f727ba1\" data-element_type=\"widget\" data-widget_type=\"spacer.default\">\n\t\t\t\t\t\t\t<div class=\"elementor-spacer\">\n\t\t\t<div class=\"elementor-spacer-inner\"><\/div>\n\t\t<\/div>\n\t\t\t\t\t\t<\/div>\n\t\t\t\t<div class=\"elementor-element elementor-element-c51e6bc elementor-widget elementor-widget-heading\" data-id=\"c51e6bc\" data-element_type=\"widget\" data-widget_type=\"heading.default\">\n\t\t\t\t\t<h3 class=\"elementor-heading-title elementor-size-default\">ANGEBOTE F\u00dcR CORPORATES<\/h3>\t\t\t\t<\/div>\n\t\t<div class=\"elementor-element elementor-element-47da0e31 e-con-full e-flex e-con e-child\" data-id=\"47da0e31\" data-element_type=\"container\">\n\t\t<div class=\"elementor-element elementor-element-431e81fb e-con-full e-flex e-con e-child\" data-id=\"431e81fb\" data-element_type=\"container\">\n\t\t<div class=\"elementor-element elementor-element-4572fa3d e-con-full e-flex e-con e-child\" data-id=\"4572fa3d\" data-element_type=\"container\">\n\t\t\t\t<div class=\"elementor-element elementor-element-782c6765 elementor-widget elementor-widget-heading\" data-id=\"782c6765\" data-element_type=\"widget\" data-widget_type=\"heading.default\">\n\t\t\t\t\t<h2 class=\"elementor-heading-title elementor-size-default\">Professionelle Fotos unterst\u00fctzen Unternehmen dabei, Vertrauen aufzubauen, Pr\u00e4senz zu zeigen und Inhalte klar zu vermitteln. <br><br>\nLeistungen im \u00dcberblick:<\/h2>\t\t\t\t<\/div>\n\t\t\t\t<div class=\"elementor-element elementor-element-40aa3d9b elementor-align-left elementor-icon-list--layout-traditional elementor-list-item-link-full_width elementor-widget elementor-widget-icon-list\" data-id=\"40aa3d9b\" data-element_type=\"widget\" data-widget_type=\"icon-list.default\">\n\t\t\t\t\t\t\t<ul class=\"elementor-icon-list-items\">\n\t\t\t\t\t\t\t<li class=\"elementor-icon-list-item\">\n\t\t\t\t\t\t\t\t\t\t\t<span class=\"elementor-icon-list-icon\">\n\t\t\t\t\t\t\t<svg aria-hidden=\"true\" class=\"e-font-icon-svg e-fas-check-square\" viewBox=\"0 0 448 512\" xmlns=\"http:\/\/www.w3.org\/2000\/svg\"><path d=\"M400 480H48c-26.51 0-48-21.49-48-48V80c0-26.51 21.49-48 48-48h352c26.51 0 48 21.49 48 48v352c0 26.51-21.49 48-48 48zm-204.686-98.059l184-184c6.248-6.248 6.248-16.379 0-22.627l-22.627-22.627c-6.248-6.248-16.379-6.249-22.628 0L184 302.745l-70.059-70.059c-6.248-6.248-16.379-6.248-22.628 0l-22.627 22.627c-6.248 6.248-6.248 16.379 0 22.627l104 104c6.249 6.25 16.379 6.25 22.628.001z\"><\/path><\/svg>\t\t\t\t\t\t<\/span>\n\t\t\t\t\t\t\t\t\t\t<span class=\"elementor-icon-list-text\">Portraits von Einzelpersonen, Teams und F\u00fchrungskr\u00e4fte<\/span>\n\t\t\t\t\t\t\t\t\t<\/li>\n\t\t\t\t\t\t\t\t<li class=\"elementor-icon-list-item\">\n\t\t\t\t\t\t\t\t\t\t\t<span class=\"elementor-icon-list-icon\">\n\t\t\t\t\t\t\t<svg aria-hidden=\"true\" class=\"e-font-icon-svg e-fas-check-square\" viewBox=\"0 0 448 512\" xmlns=\"http:\/\/www.w3.org\/2000\/svg\"><path d=\"M400 480H48c-26.51 0-48-21.49-48-48V80c0-26.51 21.49-48 48-48h352c26.51 0 48 21.49 48 48v352c0 26.51-21.49 48-48 48zm-204.686-98.059l184-184c6.248-6.248 6.248-16.379 0-22.627l-22.627-22.627c-6.248-6.248-16.379-6.249-22.628 0L184 302.745l-70.059-70.059c-6.248-6.248-16.379-6.248-22.628 0l-22.627 22.627c-6.248 6.248-6.248 16.379 0 22.627l104 104c6.249 6.25 16.379 6.25 22.628.001z\"><\/path><\/svg>\t\t\t\t\t\t<\/span>\n\t\t\t\t\t\t\t\t\t\t<span class=\"elementor-icon-list-text\">Reportagen aus dem Arbeitsalltag<\/span>\n\t\t\t\t\t\t\t\t\t<\/li>\n\t\t\t\t\t\t\t\t<li class=\"elementor-icon-list-item\">\n\t\t\t\t\t\t\t\t\t\t\t<span class=\"elementor-icon-list-icon\">\n\t\t\t\t\t\t\t<svg aria-hidden=\"true\" class=\"e-font-icon-svg e-fas-check-square\" viewBox=\"0 0 448 512\" xmlns=\"http:\/\/www.w3.org\/2000\/svg\"><path d=\"M400 480H48c-26.51 0-48-21.49-48-48V80c0-26.51 21.49-48 48-48h352c26.51 0 48 21.49 48 48v352c0 26.51-21.49 48-48 48zm-204.686-98.059l184-184c6.248-6.248 6.248-16.379 0-22.627l-22.627-22.627c-6.248-6.248-16.379-6.249-22.628 0L184 302.745l-70.059-70.059c-6.248-6.248-16.379-6.248-22.628 0l-22.627 22.627c-6.248 6.248-6.248 16.379 0 22.627l104 104c6.249 6.25 16.379 6.25 22.628.001z\"><\/path><\/svg>\t\t\t\t\t\t<\/span>\n\t\t\t\t\t\t\t\t\t\t<span class=\"elementor-icon-list-text\">Bildwelten f\u00fcr Website, PR, Recruiting und interne Kan\u00e4le<\/span>\n\t\t\t\t\t\t\t\t\t<\/li>\n\t\t\t\t\t\t\t\t<li class=\"elementor-icon-list-item\">\n\t\t\t\t\t\t\t\t\t\t\t<span class=\"elementor-icon-list-icon\">\n\t\t\t\t\t\t\t<svg aria-hidden=\"true\" class=\"e-font-icon-svg e-fas-check-square\" viewBox=\"0 0 448 512\" xmlns=\"http:\/\/www.w3.org\/2000\/svg\"><path d=\"M400 480H48c-26.51 0-48-21.49-48-48V80c0-26.51 21.49-48 48-48h352c26.51 0 48 21.49 48 48v352c0 26.51-21.49 48-48 48zm-204.686-98.059l184-184c6.248-6.248 6.248-16.379 0-22.627l-22.627-22.627c-6.248-6.248-16.379-6.249-22.628 0L184 302.745l-70.059-70.059c-6.248-6.248-16.379-6.248-22.628 0l-22.627 22.627c-6.248 6.248-6.248 16.379 0 22.627l104 104c6.249 6.25 16.379 6.25 22.628.001z\"><\/path><\/svg>\t\t\t\t\t\t<\/span>\n\t\t\t\t\t\t\t\t\t\t<span class=\"elementor-icon-list-text\">Optional mit Location-Scouting, Hair &amp; Make-up und Postproduktion<\/span>\n\t\t\t\t\t\t\t\t\t<\/li>\n\t\t\t\t\t\t\t\t<li class=\"elementor-icon-list-item\">\n\t\t\t\t\t\t\t\t\t\t\t<span class=\"elementor-icon-list-icon\">\n\t\t\t\t\t\t\t<svg aria-hidden=\"true\" class=\"e-font-icon-svg e-far-star\" viewBox=\"0 0 576 512\" xmlns=\"http:\/\/www.w3.org\/2000\/svg\"><path d=\"M528.1 171.5L382 150.2 316.7 17.8c-11.7-23.6-45.6-23.9-57.4 0L194 150.2 47.9 171.5c-26.2 3.8-36.7 36.1-17.7 54.6l105.7 103-25 145.5c-4.5 26.3 23.2 46 46.4 33.7L288 439.6l130.7 68.7c23.2 12.2 50.9-7.4 46.4-33.7l-25-145.5 105.7-103c19-18.5 8.5-50.8-17.7-54.6zM388.6 312.3l23.7 138.4L288 385.4l-124.3 65.3 23.7-138.4-100.6-98 139-20.2 62.2-126 62.2 126 139 20.2-100.6 98z\"><\/path><\/svg>\t\t\t\t\t\t<\/span>\n\t\t\t\t\t\t\t\t\t\t<span class=\"elementor-icon-list-text\">Flexibel buchbar: stundenweise, halbtags oder tageweise.<\/span>\n\t\t\t\t\t\t\t\t\t<\/li>\n\t\t\t\t\t\t<\/ul>\n\t\t\t\t\t\t<\/div>\n\t\t\t\t<div class=\"elementor-element elementor-element-79e8be5c elementor-widget elementor-widget-text-editor\" data-id=\"79e8be5c\" data-element_type=\"widget\" data-widget_type=\"text-editor.default\">\n\t\t\t\t\t\t\t\t\t<p class=\"p1\">Die Kosten richten sich nach dem konkreten Umfang, dem gew\u00fcnschten Nutzungsrahmen und dem organisatorischen sowie technischen Aufwand. Auf dieser Grundlage erstelle ich ein individuelles Angebot \u2013 transparent und passgenau. Gerne kl\u00e4re ich alle Details in einem pers\u00f6nlichen Gespr\u00e4ch.<\/p>\t\t\t\t\t\t\t\t<\/div>\n\t\t\t\t<\/div>\n\t\t\t\t<\/div>\n\t\t\t\t<\/div>\n\t\t\t\t<div class=\"elementor-element elementor-element-a452b46 elementor-widget elementor-widget-heading\" data-id=\"a452b46\" data-element_type=\"widget\" data-widget_type=\"heading.default\">\n\t\t\t\t\t<h3 class=\"elementor-heading-title elementor-size-default\">EIN AUSF\u00dcHRLICHER BLICK AUF MEINE ARBEITEN IM BEREICH CORPORATE:<\/h3>\t\t\t\t<\/div>\n\t\t\t\t<div class=\"elementor-element elementor-element-27efa8a elementor-widget elementor-widget-html\" data-id=\"27efa8a\" data-element_type=\"widget\" data-widget_type=\"html.default\">\n\t\t\t\t\t<style>\n.download-btn{\ndisplay:inline-block;\nbackground:#000000;\ncolor:#ffffff;\nfont-family:Futura, sans-serif;\nfont-size:15px;\nfont-weight:500;\ntext-transform:uppercase;\npadding:12px 22px;\ntext-decoration:none;\nletter-spacing:0.05em;\ntransition:opacity 0.2s ease;\n}\n\n.download-btn:hover{\nopacity:0.8;\n}\n<\/style>\n\n<a href=\"https:\/\/franksiemers.com\/wp-content\/uploads\/2026\/03\/Lookbook-Coorperate-DS.pdf\" \ndownload=\"lookbook-corporate-fotografie.pdf\"\nclass=\"download-btn\">\n\nLOOK BOOK CORPORATE-FOTOGRAFIE\n\n<\/a>\t\t\t\t<\/div>\n\t\t\t\t<div class=\"elementor-element elementor-element-499ddf4 elementor-widget elementor-widget-heading\" data-id=\"499ddf4\" data-element_type=\"widget\" data-widget_type=\"heading.default\">\n\t\t\t\t\t<h3 class=\"elementor-heading-title elementor-size-default\">EVENTS IM FOKUS. WEITERE ARBEITEN AUS BUSINESS- UND KULTUREVENTS:<\/h3>\t\t\t\t<\/div>\n\t\t\t\t<div class=\"elementor-element elementor-element-047ccfb elementor-widget elementor-widget-html\" data-id=\"047ccfb\" data-element_type=\"widget\" data-widget_type=\"html.default\">\n\t\t\t\t\t<style>\n.download-btn{\ndisplay:inline-block;\nbackground:#000;\ncolor:#fff;\nfont-family:Futura, sans-serif;\nfont-size:15px;\nfont-weight:500;\ntext-transform:uppercase;\npadding:12px 22px;\ntext-decoration:none;\nletter-spacing:0.05em;\nborder:1px solid #000;\ntransition:all 0.25s ease;\n}\n\n.download-btn:hover{\nbackground:transparent;\ncolor:#000;\nborder:1px solid #000;\n}\n<\/style>\n\n<a href=\"https:\/\/franksiemers.com\/wp-content\/uploads\/2026\/03\/Lookbook-Events-BusinessKultur-DS.pdf\"\ndownload=\"lookbook-event-fotografie-kids.pdf\"\nclass=\"download-btn\">\n\nLOOK BOOK EVENT-FOTOGRAFIE \n\n<\/a>\t\t\t\t<\/div>\n\t\t\t\t<div class=\"elementor-element elementor-element-6f703e6 elementor-widget elementor-widget-html\" data-id=\"6f703e6\" data-element_type=\"widget\" data-widget_type=\"html.default\">\n\t\t\t\t\t<style>\n.download-btn{\ndisplay:inline-block;\nbackground:#000000;\ncolor:#ffffff;\nfont-family:Futura, sans-serif;\nfont-size:15px;\nfont-weight:500;\ntext-transform:uppercase;\npadding:12px 22px;\ntext-decoration:none;\nletter-spacing:0.05em;\ntransition:opacity 0.2s ease;\n}\n\n.download-btn:hover{\nopacity:0.8;\n}\n<\/style>\n\n<a href=\"https:\/\/franksiemers.com\/wp-content\/uploads\/2026\/03\/Lookbook-Event-Kids.pdf\" \ndownload=\"lookbook-corporate-fotografie.pdf\"\nclass=\"download-btn\">\n\nLOOK BOOK EVENT-FOTOGRAFIE KIDS\n\n<\/a>\t\t\t\t<\/div>\n\t\t\t\t<div class=\"elementor-element elementor-element-6085de93 elementor-widget elementor-widget-spacer\" data-id=\"6085de93\" data-element_type=\"widget\" data-widget_type=\"spacer.default\">\n\t\t\t\t\t\t\t<div class=\"elementor-spacer\">\n\t\t\t<div class=\"elementor-spacer-inner\"><\/div>\n\t\t<\/div>\n\t\t\t\t\t\t<\/div>\n\t\t\t\t<div class=\"elementor-element elementor-element-2472b0cf elementor-widget elementor-widget-html\" data-id=\"2472b0cf\" data-element_type=\"widget\" data-widget_type=\"html.default\">\n\t\t\t\t\t<style>\n\/* Tabs initial neutral darstellen *\/\n.tab-neutral .elementor-tab-content {\n  display: none !important;\n}\n\n.tab-neutral .elementor-tab-title.elementor-active {\n  background: none !important;\n  color: inherit !important;\n}\n<\/style>\n\n<script>\ndocument.addEventListener(\"DOMContentLoaded\", function () {\n  const tabWrapper = document.querySelector(\".tab-neutral\");\n\n  if (!tabWrapper) return;\n\n  \/\/ Entferne initial aktive Tabs\n  const activeTitle = tabWrapper.querySelector(\".elementor-tab-title.elementor-active\");\n  const activeContent = tabWrapper.querySelector(\".elementor-tab-content.elementor-active\");\n\n  if (activeTitle) activeTitle.classList.remove(\"elementor-active\");\n  if (activeContent) activeContent.classList.remove(\"elementor-active\");\n\n  \/\/ Inhalt ausblenden\n  tabWrapper.querySelectorAll(\".elementor-tab-content\").forEach(content => {\n    content.style.display = \"none\";\n  });\n\n  \/\/ Klickverhalten neu definieren\n  const tabTitles = tabWrapper.querySelectorAll(\".elementor-tab-title\");\n  const tabContents = tabWrapper.querySelectorAll(\".elementor-tab-content\");\n\n  tabTitles.forEach((tab, index) => {\n    tab.addEventListener(\"click\", function () {\n      \/\/ Alle zur\u00fccksetzen\n      tabTitles.forEach(t => t.classList.remove(\"elementor-active\"));\n      tabContents.forEach(c => {\n        c.classList.remove(\"elementor-active\");\n        c.style.display = \"none\";\n      });\n\n      \/\/ Aktuell ausgew\u00e4hlten aktivieren\n      tab.classList.add(\"elementor-active\");\n      tabContents[index].classList.add(\"elementor-active\");\n      tabContents[index].style.display = \"block\";\n    });\n  });\n});\n<\/script>\t\t\t\t<\/div>\n\t\t\t\t<\/div>\n\t\t\t\t<\/div>\n\t\t<div class=\"elementor-element elementor-element-45d9542f e-con-full e-flex e-con e-parent\" data-id=\"45d9542f\" data-element_type=\"container\" data-settings=\"{&quot;background_background&quot;:&quot;classic&quot;}\">\n\t\t<div class=\"elementor-element elementor-element-71754390 e-con-full e-flex e-con e-child\" data-id=\"71754390\" data-element_type=\"container\">\n\t\t<div class=\"elementor-element elementor-element-19896000 e-con-full e-flex e-con e-child\" data-id=\"19896000\" data-element_type=\"container\" data-settings=\"{&quot;sticky&quot;:&quot;top&quot;,&quot;sticky_on&quot;:[&quot;desktop&quot;,&quot;tablet&quot;,&quot;mobile&quot;],&quot;sticky_offset&quot;:0,&quot;sticky_effects_offset&quot;:0,&quot;sticky_anchor_link_offset&quot;:0}\">\n\t\t\t\t<div class=\"elementor-element elementor-element-70c0d858 elementor-widget elementor-widget-spacer\" data-id=\"70c0d858\" data-element_type=\"widget\" data-widget_type=\"spacer.default\">\n\t\t\t\t\t\t\t<div class=\"elementor-spacer\">\n\t\t\t<div class=\"elementor-spacer-inner\"><\/div>\n\t\t<\/div>\n\t\t\t\t\t\t<\/div>\n\t\t\t\t<div class=\"elementor-element elementor-element-8e44c53 elementor-widget elementor-widget-heading\" data-id=\"8e44c53\" data-element_type=\"widget\" data-widget_type=\"heading.default\">\n\t\t\t\t\t<h2 class=\"elementor-heading-title elementor-size-default\">VER\u00d6FFENTLICHUNGEN<\/h2>\t\t\t\t<\/div>\n\t\t\t\t<div class=\"elementor-element elementor-element-44dbb367 elementor-widget elementor-widget-text-editor\" data-id=\"44dbb367\" data-element_type=\"widget\" data-widget_type=\"text-editor.default\">\n\t\t\t\t\t\t\t\t\t<p class=\"p1\">Im Laufe der Jahre sind meine Arbeiten in zahlreichen Magazinen und Publikationen erschienen \u2013 darunter Der Spiegel, Die Zeit, Brigitte, Stern und Geo Saison. Besonders in Erinnerung bleibt eine fr\u00fche Arbeit: die erste farbige Doppelseite im Spiegel, die 1996 ver\u00f6ffentlicht wurde. Neben redaktionellen Beitr\u00e4gen entstanden im Laufe der Zeit auch zahlreiche Auftr\u00e4ge f\u00fcr namhafte Unternehmen wie Lufthansa, Daimler Chrystler, Deutsche Bahn oder American Express. Viele dieser Bilder fanden ihren Weg in redaktionelle und unternehmerische Kontexte \u2013 mal leise, mal pr\u00e4sent, aber immer mit Haltung.<\/p>\t\t\t\t\t\t\t\t<\/div>\n\t\t\t\t<div class=\"elementor-element elementor-element-3dc98fd elementor-widget elementor-widget-spacer\" data-id=\"3dc98fd\" data-element_type=\"widget\" data-widget_type=\"spacer.default\">\n\t\t\t\t\t\t\t<div class=\"elementor-spacer\">\n\t\t\t<div class=\"elementor-spacer-inner\"><\/div>\n\t\t<\/div>\n\t\t\t\t\t\t<\/div>\n\t\t\t\t<div class=\"elementor-element elementor-element-d48a500 elementor-widget elementor-widget-spacer\" data-id=\"d48a500\" data-element_type=\"widget\" data-widget_type=\"spacer.default\">\n\t\t\t\t\t\t\t<div class=\"elementor-spacer\">\n\t\t\t<div class=\"elementor-spacer-inner\"><\/div>\n\t\t<\/div>\n\t\t\t\t\t\t<\/div>\n\t\t\t\t<\/div>\n\t\t<div class=\"elementor-element elementor-element-77b1a6ac e-con-full e-flex e-con e-child\" data-id=\"77b1a6ac\" data-element_type=\"container\">\n\t\t\t\t<div class=\"elementor-element elementor-element-c67e12f elementor-widget elementor-widget-spacer\" data-id=\"c67e12f\" data-element_type=\"widget\" data-widget_type=\"spacer.default\">\n\t\t\t\t\t\t\t<div class=\"elementor-spacer\">\n\t\t\t<div class=\"elementor-spacer-inner\"><\/div>\n\t\t<\/div>\n\t\t\t\t\t\t<\/div>\n\t\t\t\t<div class=\"elementor-element elementor-element-37eac30 elementor-widget elementor-widget-heading\" data-id=\"37eac30\" data-element_type=\"widget\" data-widget_type=\"heading.default\">\n\t\t\t\t\t<h3 class=\"elementor-heading-title elementor-size-default\">PRESSE<\/h3>\t\t\t\t<\/div>\n\t\t\t\t<div class=\"elementor-element elementor-element-e580e73 elementor-widget elementor-widget-ame-marquee-image\" data-id=\"e580e73\" data-element_type=\"widget\" data-widget_type=\"ame-marquee-image.default\">\n\t\t\t\t<div class=\"elementor-widget-container\">\n\t\t\t\t\t\n    <div class=\"ame-marquee__wrapper ame-image-marquee\"\n        aria-label=\"Image marquee carousel\"\n        data-marquee-speed=\"3000\"\n        data-marquee-direction=\"horizontal\"\n        data-marquee-reverse=\"false\"\n        data-marquee-image-space=\"16\"\n        data-marquee-pause-on-hover=\"false\">\n\n        <div class=\"swiper-wrapper ame-marquee__items horizontal ame-align-v-center ame-align-h-stretch\">\n            \n                <div class=\"swiper-slide ame-marquee__item ame-aliment-top\" role=\"listitem\">\n                    <div class=\"ame-marquee__item_inner ame-align-center\">\n                        <div class=\"ame-marquee__image\">\n                            \n                            <img decoding=\"async\" src=\"https:\/\/franksiemers.com\/wp-content\/uploads\/2025\/07\/helge-fuhst-copyright-franksiemers-scaled-1.jpg\"\n                                alt=\"Hochwertiger redaktioneller Bildausschnitt eines Mannes in einem Interview, aufgenommen von Frank Siemers, einem professionellen Fotografen aus Hamburg.\"\n                                 \/>\n\n                                                    <\/div>\n\n                                            <\/div>\n                <\/div>\n            \n                <div class=\"swiper-slide ame-marquee__item ame-aliment-top\" role=\"listitem\">\n                    <div class=\"ame-marquee__item_inner ame-align-center\">\n                        <div class=\"ame-marquee__image\">\n                            \n                            <img decoding=\"async\" src=\"https:\/\/franksiemers.com\/wp-content\/uploads\/2025\/07\/Frank-SIemers_AuG_0324_UK-BG-Kopie-scaled-1.jpg\"\n                                alt=\"Hintergrund eines Magazins mit Menschen in Schutzkleidung, professioneller Fotografie von Frank Siemers aus Hamburg.\"\n                                 \/>\n\n                                                    <\/div>\n\n                                            <\/div>\n                <\/div>\n            \n                <div class=\"swiper-slide ame-marquee__item ame-aliment-top\" role=\"listitem\">\n                    <div class=\"ame-marquee__item_inner ame-align-center\">\n                        <div class=\"ame-marquee__image\">\n                            \n                            <img decoding=\"async\" src=\"https:\/\/franksiemers.com\/wp-content\/uploads\/2025\/07\/R-20-Brigitte.jpg\"\n                                alt=\"Portr\u00e4t Gerhard Schr\u00f6der vor einem hellen Hintergrund, professionell aufgenommen, erg\u00e4nzt durch eine dekorative Gestaltung.\"\n                                 \/>\n\n                                                    <\/div>\n\n                                            <\/div>\n                <\/div>\n            \n                <div class=\"swiper-slide ame-marquee__item ame-aliment-top\" role=\"listitem\">\n                    <div class=\"ame-marquee__item_inner ame-align-center\">\n                        <div class=\"ame-marquee__image\">\n                            \n                            <img decoding=\"async\" src=\"https:\/\/franksiemers.com\/wp-content\/uploads\/2025\/07\/R-29-Stern.jpg\"\n                                alt=\"Detailliertes Portr\u00e4t eines Mannes in einem dunklen Jackett, der entspannt an einem Fenster im Innenraum eines Geb\u00e4udes lehnt.\"\n                                 \/>\n\n                                                    <\/div>\n\n                                            <\/div>\n                <\/div>\n            \n                <div class=\"swiper-slide ame-marquee__item ame-aliment-top\" role=\"listitem\">\n                    <div class=\"ame-marquee__item_inner ame-align-center\">\n                        <div class=\"ame-marquee__image\">\n                            \n                            <img decoding=\"async\" src=\"https:\/\/franksiemers.com\/wp-content\/uploads\/2025\/07\/R-30-Geo-Saison.jpg\"\n                                alt=\"Tomi Ungerer, lachender \u00e4lterer Mann mit Brille, h\u00e4lt Golfstock, im Hintergrund Kunstwerke und ein Museum.\"\n                                 \/>\n\n                                                    <\/div>\n\n                                            <\/div>\n                <\/div>\n            \n                <div class=\"swiper-slide ame-marquee__item ame-aliment-top\" role=\"listitem\">\n                    <div class=\"ame-marquee__item_inner ame-align-center\">\n                        <div class=\"ame-marquee__image\">\n                            \n                            <img decoding=\"async\" src=\"https:\/\/franksiemers.com\/wp-content\/uploads\/2025\/07\/R-08-Brigitte.jpg\"\n                                alt=\"Die Website zeigt professionelle Fotografien von Frank Siemers aus Hamburg.\"\n                                 \/>\n\n                                                    <\/div>\n\n                                            <\/div>\n                <\/div>\n            \n                <div class=\"swiper-slide ame-marquee__item ame-aliment-top\" role=\"listitem\">\n                    <div class=\"ame-marquee__item_inner ame-align-center\">\n                        <div class=\"ame-marquee__image\">\n                            \n                            <img decoding=\"async\" src=\"https:\/\/franksiemers.com\/wp-content\/uploads\/2025\/07\/R-13-Mercedes-Benz-Route.jpg\"\n                                alt=\"Mercedes-Benz Actros auf Felsen mit Fahrer vor einer Klippe, professionelles Fahrzeugfoto von Frank Siemers.\"\n                                 \/>\n\n                                                    <\/div>\n\n                                            <\/div>\n                <\/div>\n            \n                <div class=\"swiper-slide ame-marquee__item ame-aliment-top\" role=\"listitem\">\n                    <div class=\"ame-marquee__item_inner ame-align-center\">\n                        <div class=\"ame-marquee__image\">\n                            \n                            <img decoding=\"async\" src=\"https:\/\/franksiemers.com\/wp-content\/uploads\/2025\/07\/091218Tukur-ARTE-Mag-01_10_Seite_1-1.jpg\"\n                                alt=\"Fotografisches Werk von Frank Siemers: Portrait eines Mannes in formellem Anzug mit blauer Jacke und Fliege, Fokus auf das Gesicht, detailreich und professionell aufgenommen.\"\n                                 \/>\n\n                                                    <\/div>\n\n                                            <\/div>\n                <\/div>\n            \n                <div class=\"swiper-slide ame-marquee__item ame-aliment-top\" role=\"listitem\">\n                    <div class=\"ame-marquee__item_inner ame-align-center\">\n                        <div class=\"ame-marquee__image\">\n                            \n                            <img decoding=\"async\" src=\"https:\/\/franksiemers.com\/wp-content\/uploads\/2025\/07\/blog_Siemers_Sylvie_van_der_Vaart_k_FRS6108-1.jpg\"\n                                alt=\"Ich bin keine Puppe, ich bin ein Mensch \u2013 Portr\u00e4t einer selbstbewussten Frau in einem modischen Outfit vor braunem Hintergrund.\"\n                                 \/>\n\n                                                    <\/div>\n\n                                            <\/div>\n                <\/div>\n            \n                <div class=\"swiper-slide ame-marquee__item ame-aliment-top\" role=\"listitem\">\n                    <div class=\"ame-marquee__item_inner ame-align-center\">\n                        <div class=\"ame-marquee__image\">\n                            \n                            <img decoding=\"async\" src=\"https:\/\/franksiemers.com\/wp-content\/uploads\/2025\/07\/copyright_Frank_Siemers_IAS_HKK_FSI3238.jpg\"\n                                alt=\"Gabor-0148.jpg.\"\n                                 \/>\n\n                                                    <\/div>\n\n                                            <\/div>\n                <\/div>\n            \n                <div class=\"swiper-slide ame-marquee__item ame-aliment-top\" role=\"listitem\">\n                    <div class=\"ame-marquee__item_inner ame-align-center\">\n                        <div class=\"ame-marquee__image\">\n                            \n                            <img decoding=\"async\" src=\"https:\/\/franksiemers.com\/wp-content\/uploads\/2025\/07\/Bildschirmfoto-2023-08-30-um-10.40.37.png\"\n                                alt=\"Portr\u00e4t eines l\u00e4chelnden Mannes mit dunklem Haar, sitzend in einem stilvollen Lounge-Bub, hinter einem dunklen Graffiti-Hintergrund.\"\n                                 \/>\n\n                                                    <\/div>\n\n                                            <\/div>\n                <\/div>\n            \n                <div class=\"swiper-slide ame-marquee__item ame-aliment-top\" role=\"listitem\">\n                    <div class=\"ame-marquee__item_inner ame-align-center\">\n                        <div class=\"ame-marquee__image\">\n                            \n                            <img decoding=\"async\" src=\"https:\/\/franksiemers.com\/wp-content\/uploads\/2025\/07\/0911170911-news.jpg\"\n                                alt=\"Gourmet-Truthahn auf einem festlich gedeckten Tisch, gegrillte und glasierte Oberfl\u00e4che, dekorative Beeren und frische Kr\u00e4uter, festliche Atmosph\u00e4re, perfekt f\u00fcr Feiertagsessen.\"\n                                 \/>\n\n                                                    <\/div>\n\n                                            <\/div>\n                <\/div>\n            \n                <div class=\"swiper-slide ame-marquee__item ame-aliment-top\" role=\"listitem\">\n                    <div class=\"ame-marquee__item_inner ame-align-center\">\n                        <div class=\"ame-marquee__image\">\n                            \n                            <img decoding=\"async\" src=\"https:\/\/franksiemers.com\/wp-content\/uploads\/2025\/07\/R-34-Hoerzu.jpg\"\n                                alt=\"Armin Rohde auf einem Portr\u00e4tfoto in einem Interview, tr\u00e4gt ein schwarzes Jackett und ein wei\u00dfes Hemd, blickt direkt in die Kamera, tr\u00e4gt eine Armbanduhr.\"\n                                 \/>\n\n                                                    <\/div>\n\n                                            <\/div>\n                <\/div>\n            \n                <div class=\"swiper-slide ame-marquee__item ame-aliment-top\" role=\"listitem\">\n                    <div class=\"ame-marquee__item_inner ame-align-center\">\n                        <div class=\"ame-marquee__image\">\n                            \n                            <img decoding=\"async\" src=\"https:\/\/franksiemers.com\/wp-content\/uploads\/2025\/07\/090311RA-04-Lufthansa-Magazin.jpg\"\n                                alt=\"Gh1LABF.jpg.\"\n                                 \/>\n\n                                                    <\/div>\n\n                                            <\/div>\n                <\/div>\n            \n                <div class=\"swiper-slide ame-marquee__item ame-aliment-top\" role=\"listitem\">\n                    <div class=\"ame-marquee__item_inner ame-align-center\">\n                        <div class=\"ame-marquee__image\">\n                            \n                            <img decoding=\"async\" src=\"https:\/\/franksiemers.com\/wp-content\/uploads\/2025\/07\/R-14-Brigitte-1.jpg\"\n                                alt=\"Dossier-brigitte-portrait-aufnahme-von-frank-siemers.\"\n                                 \/>\n\n                                                    <\/div>\n\n                                            <\/div>\n                <\/div>\n            \n                <div class=\"swiper-slide ame-marquee__item ame-aliment-top\" role=\"listitem\">\n                    <div class=\"ame-marquee__item_inner ame-align-center\">\n                        <div class=\"ame-marquee__image\">\n                            \n                            <img decoding=\"async\" src=\"https:\/\/franksiemers.com\/wp-content\/uploads\/2025\/07\/R-01-Schoener-Wohnen.jpg\"\n                                alt=\"Berlin, schwarz-wei\u00dfe Nahaufnahme von Roger Cicero mit fokussierten Blick, tr\u00e4gt einen karierten Hut, im Hintergrund unscharf.\"\n                                 \/>\n\n                                                    <\/div>\n\n                                            <\/div>\n                <\/div>\n            \n                <div class=\"swiper-slide ame-marquee__item ame-aliment-top\" role=\"listitem\">\n                    <div class=\"ame-marquee__item_inner ame-align-center\">\n                        <div class=\"ame-marquee__image\">\n                            \n                            <img decoding=\"async\" src=\"https:\/\/franksiemers.com\/wp-content\/uploads\/2025\/07\/Ias-Impulse-2017-04.jpg\"\n                                alt=\"Hohe Sichtbarkeit eines Bauprojekts mit zwei M\u00e4nnern in Sicherheitskleidung, die \u00fcber Baupl\u00e4nen stehen.\"\n                                 \/>\n\n                                                    <\/div>\n\n                                            <\/div>\n                <\/div>\n            \n                <div class=\"swiper-slide ame-marquee__item ame-aliment-top\" role=\"listitem\">\n                    <div class=\"ame-marquee__item_inner ame-align-center\">\n                        <div class=\"ame-marquee__image\">\n                            \n                            <img decoding=\"async\" src=\"https:\/\/franksiemers.com\/wp-content\/uploads\/2025\/07\/090427Mankell-Stern-tv.jpg\"\n                                alt=\"Alter Mann mit Brille, Nahaufnahme, auf der Titelseite eines Magazins gezeigt.\"\n                                 \/>\n\n                                                    <\/div>\n\n                                            <\/div>\n                <\/div>\n                    <\/div>\n    <\/div>\n\n    \t\t\t\t<\/div>\n\t\t\t\t<\/div>\n\t\t\t\t<div class=\"elementor-element elementor-element-4d3fc53 elementor-widget elementor-widget-heading\" data-id=\"4d3fc53\" data-element_type=\"widget\" data-widget_type=\"heading.default\">\n\t\t\t\t\t<h3 class=\"elementor-heading-title elementor-size-default\">AUSGEW\u00c4HLTE FIRMENKUNDEN AUS DEN LETZEN JAHREN<\/h3>\t\t\t\t<\/div>\n\t\t\t\t<div class=\"elementor-element elementor-element-512a200 elementor-widget__width-initial elementor-widget elementor-widget-gallery\" data-id=\"512a200\" data-element_type=\"widget\" data-settings=\"{&quot;gallery_layout&quot;:&quot;masonry&quot;,&quot;columns&quot;:5,&quot;gap&quot;:{&quot;unit&quot;:&quot;px&quot;,&quot;size&quot;:32,&quot;sizes&quot;:[]},&quot;lazyload&quot;:&quot;yes&quot;,&quot;columns_tablet&quot;:2,&quot;columns_mobile&quot;:1,&quot;gap_tablet&quot;:{&quot;unit&quot;:&quot;px&quot;,&quot;size&quot;:10,&quot;sizes&quot;:[]},&quot;gap_mobile&quot;:{&quot;unit&quot;:&quot;px&quot;,&quot;size&quot;:10,&quot;sizes&quot;:[]},&quot;content_hover_animation&quot;:&quot;fade-in&quot;}\" data-widget_type=\"gallery.default\">\n\t\t\t\t\t\t\t<div class=\"elementor-gallery__container\">\n\t\t\t\t\t\t\t<div class=\"e-gallery-item elementor-gallery-item elementor-animated-content\">\n\t\t\t\t\t<div class=\"e-gallery-image elementor-gallery-item__image\" data-thumbnail=\"https:\/\/franksiemers.com\/wp-content\/uploads\/2025\/07\/Carl-Hanser-520x520-1-300x300.webp\" data-width=\"300\" data-height=\"300\" aria-label=\"HANSER Buchverlag Logo.\" role=\"img\" ><\/div>\n\t\t\t\t\t\t\t\t\t\t\t\t\t\t<\/div>\n\t\t\t\t\t\t\t<div class=\"e-gallery-item elementor-gallery-item elementor-animated-content\">\n\t\t\t\t\t<div class=\"e-gallery-image elementor-gallery-item__image\" data-thumbnail=\"https:\/\/franksiemers.com\/wp-content\/uploads\/2025\/07\/Hubert_Burda_Media_2009_logo.svg\" data-width=\"300\" data-height=\"300\" aria-label=\"Hubert Burda Media Firmenlogo weisse Schrift auf blauem Untergrund.\" role=\"img\" ><\/div>\n\t\t\t\t\t\t\t\t\t\t\t\t\t\t<\/div>\n\t\t\t\t\t\t\t<div class=\"e-gallery-item elementor-gallery-item elementor-animated-content\">\n\t\t\t\t\t<div class=\"e-gallery-image elementor-gallery-item__image\" data-thumbnail=\"https:\/\/franksiemers.com\/wp-content\/uploads\/2025\/07\/lufthansa-4.svg\" data-width=\"300\" data-height=\"51\" aria-label=\"Logo der Fluglinie Lufthansa, Gelber Kranich in gelbem Kreis.\" role=\"img\" ><\/div>\n\t\t\t\t\t\t\t\t\t\t\t\t\t\t<\/div>\n\t\t\t\t\t\t\t<div class=\"e-gallery-item elementor-gallery-item elementor-animated-content\">\n\t\t\t\t\t<div class=\"e-gallery-image elementor-gallery-item__image\" data-thumbnail=\"https:\/\/franksiemers.com\/wp-content\/uploads\/2025\/07\/Signal_Iduna_logo.svg-300x56.png\" data-width=\"300\" data-height=\"56\" aria-label=\"Signal Iduna Firmenlogo, blaue Grossbuchstabven auf Weiss.\" role=\"img\" ><\/div>\n\t\t\t\t\t\t\t\t\t\t\t\t\t\t<\/div>\n\t\t\t\t\t\t\t<div class=\"e-gallery-item elementor-gallery-item elementor-animated-content\">\n\t\t\t\t\t<div class=\"e-gallery-image elementor-gallery-item__image\" data-thumbnail=\"https:\/\/franksiemers.com\/wp-content\/uploads\/2025\/07\/tchibo-logo-png_seeklogo-499760-300x300.png\" data-width=\"300\" data-height=\"300\" aria-label=\"Tchibo Firmenlogo golden Schrift mit goldener Kaffeebohne\" role=\"img\" ><\/div>\n\t\t\t\t\t\t\t\t\t\t\t\t\t\t<\/div>\n\t\t\t\t\t\t\t<div class=\"e-gallery-item elementor-gallery-item elementor-animated-content\">\n\t\t\t\t\t<div class=\"e-gallery-image elementor-gallery-item__image\" data-thumbnail=\"https:\/\/franksiemers.com\/wp-content\/uploads\/2025\/07\/american-express.svg\" data-width=\"300\" data-height=\"275\" aria-label=\"Firmenloge American Express in ausgeschriebenen Grossbuchstaben.\" role=\"img\" ><\/div>\n\t\t\t\t\t\t\t\t\t\t\t\t\t\t<\/div>\n\t\t\t\t\t\t\t<div class=\"e-gallery-item elementor-gallery-item elementor-animated-content\">\n\t\t\t\t\t<div class=\"e-gallery-image elementor-gallery-item__image\" data-thumbnail=\"https:\/\/franksiemers.com\/wp-content\/uploads\/2025\/07\/deutsche-bahn-ag-3.svg\" data-width=\"300\" data-height=\"300\" aria-label=\"\" role=\"img\" ><\/div>\n\t\t\t\t\t\t\t\t\t\t\t\t\t\t<\/div>\n\t\t\t\t\t\t\t<div class=\"e-gallery-item elementor-gallery-item elementor-animated-content\">\n\t\t\t\t\t<div class=\"e-gallery-image elementor-gallery-item__image\" data-thumbnail=\"https:\/\/franksiemers.com\/wp-content\/uploads\/2025\/07\/GrunerJahr-Logo.svg\" data-width=\"300\" data-height=\"180\" aria-label=\"Firmenlogo des ehemaligen Verlages Gruner &amp; Jahr.\" role=\"img\" ><\/div>\n\t\t\t\t\t\t\t\t\t\t\t\t\t\t<\/div>\n\t\t\t\t\t\t\t<div class=\"e-gallery-item elementor-gallery-item elementor-animated-content\">\n\t\t\t\t\t<div class=\"e-gallery-image elementor-gallery-item__image\" data-thumbnail=\"https:\/\/franksiemers.com\/wp-content\/uploads\/2025\/07\/Siemens_AG_logo.svg-300x48.png\" data-width=\"300\" data-height=\"48\" aria-label=\"Siemens Firmenlogo T\u00fcrkise Buchstaben.\" role=\"img\" ><\/div>\n\t\t\t\t\t\t\t\t\t\t\t\t\t\t<\/div>\n\t\t\t\t\t\t\t<div class=\"e-gallery-item elementor-gallery-item elementor-animated-content\">\n\t\t\t\t\t<div class=\"e-gallery-image elementor-gallery-item__image\" data-thumbnail=\"https:\/\/franksiemers.com\/wp-content\/uploads\/2025\/07\/NDR_Logo_mit_neuer_ARD-Dachmarke.svg-300x227.png\" data-width=\"300\" data-height=\"227\" aria-label=\"NDR Logo Rundfunk, blau auf weiss.\" role=\"img\" ><\/div>\n\t\t\t\t\t\t\t\t\t\t\t\t\t\t<\/div>\n\t\t\t\t\t\t\t<div class=\"e-gallery-item elementor-gallery-item elementor-animated-content\">\n\t\t\t\t\t<div class=\"e-gallery-image elementor-gallery-item__image\" data-thumbnail=\"https:\/\/franksiemers.com\/wp-content\/uploads\/2025\/07\/MPG_Logo_green_2023-300x109.png\" data-width=\"300\" data-height=\"109\" aria-label=\"Feinportr\u00e4t des Logos der Max-Planck-Gesellschaft, mit einer stilisierten Damenkopf-Skizze in antiker Anordnung und Schriftzug im modernen Design.\" role=\"img\" ><\/div>\n\t\t\t\t\t\t\t\t\t\t\t\t\t\t<\/div>\n\t\t\t\t\t\t\t<div class=\"e-gallery-item elementor-gallery-item elementor-animated-content\">\n\t\t\t\t\t<div class=\"e-gallery-image elementor-gallery-item__image\" data-thumbnail=\"https:\/\/franksiemers.com\/wp-content\/uploads\/2025\/07\/maison-de-la-france-logo-png_seeklogo-87505-300x300.png\" data-width=\"300\" data-height=\"300\" aria-label=\"Logo von Maison de la France, franz\u00f6sischer Tourismusverband, schwarze Schrift mit symbolisierter Landesflagge.\" role=\"img\" ><\/div>\n\t\t\t\t\t\t\t\t\t\t\t\t\t\t<\/div>\n\t\t\t\t\t\t\t<div class=\"e-gallery-item elementor-gallery-item elementor-animated-content\">\n\t\t\t\t\t<div class=\"e-gallery-image elementor-gallery-item__image\" data-thumbnail=\"https:\/\/franksiemers.com\/wp-content\/uploads\/2025\/07\/logo0x0-300x105.png\" data-width=\"300\" data-height=\"105\" aria-label=\"Firmenlogo Swiss Marketing, schwarze Schrift mit blauem Punkt.\" role=\"img\" ><\/div>\n\t\t\t\t\t\t\t\t\t\t\t\t\t\t<\/div>\n\t\t\t\t\t\t\t<div class=\"e-gallery-item elementor-gallery-item elementor-animated-content\">\n\t\t\t\t\t<div class=\"e-gallery-image elementor-gallery-item__image\" data-thumbnail=\"https:\/\/franksiemers.com\/wp-content\/uploads\/2025\/07\/Lloyd_fonds_logo.svg-300x69.png\" data-width=\"300\" data-height=\"69\" aria-label=\"Lloyd Fonds AG Logo, Verm\u00f6gen next Generation.\" role=\"img\" ><\/div>\n\t\t\t\t\t\t\t\t\t\t\t\t\t\t<\/div>\n\t\t\t\t\t\t\t<div class=\"e-gallery-item elementor-gallery-item elementor-animated-content\">\n\t\t\t\t\t<div class=\"e-gallery-image elementor-gallery-item__image\" data-thumbnail=\"https:\/\/franksiemers.com\/wp-content\/uploads\/2025\/07\/Jahreszeiten_Verlag_Logo.svg-300x218.png\" data-width=\"300\" data-height=\"218\" aria-label=\"Kreatives Portr\u00e4tfoto von Frank Siemers, professioneller Fotograf aus Hamburg, mit Fokus auf Licht und Atmosph\u00e4re.\" role=\"img\" ><\/div>\n\t\t\t\t\t\t\t\t\t\t\t\t\t\t<\/div>\n\t\t\t\t\t\t\t<div class=\"e-gallery-item elementor-gallery-item elementor-animated-content\">\n\t\t\t\t\t<div class=\"e-gallery-image elementor-gallery-item__image\" data-thumbnail=\"https:\/\/franksiemers.com\/wp-content\/uploads\/2025\/07\/aareal-bank-300x157.png\" data-width=\"300\" data-height=\"157\" aria-label=\"Aareal Bank Firmenlogo, weisse Schrift auf blauem Untergrund.\" role=\"img\" ><\/div>\n\t\t\t\t\t\t\t\t\t\t\t\t\t\t<\/div>\n\t\t\t\t\t\t\t<div class=\"e-gallery-item elementor-gallery-item elementor-animated-content\">\n\t\t\t\t\t<div class=\"e-gallery-image elementor-gallery-item__image\" data-thumbnail=\"https:\/\/franksiemers.com\/wp-content\/uploads\/2025\/07\/aramea-logo-hp-300x85.png\" data-width=\"300\" data-height=\"85\" aria-label=\"aramea Firmenlogo in orange und schwarzer Schrift.\" role=\"img\" ><\/div>\n\t\t\t\t\t\t\t\t\t\t\t\t\t\t<\/div>\n\t\t\t\t\t\t\t<div class=\"e-gallery-item elementor-gallery-item elementor-animated-content\">\n\t\t\t\t\t<div class=\"e-gallery-image elementor-gallery-item__image\" data-thumbnail=\"https:\/\/franksiemers.com\/wp-content\/uploads\/2025\/07\/cau-norm-en-blacklila-rgb-0720-300x100.png\" data-width=\"300\" data-height=\"100\" aria-label=\"CAU Buchstaben, K\u00fcrzel und Logo der Christian-Albrecht-Universit\u00e4t zu Kiel.\" role=\"img\" ><\/div>\n\t\t\t\t\t\t\t\t\t\t\t\t\t\t<\/div>\n\t\t\t\t\t\t\t<div class=\"e-gallery-item elementor-gallery-item elementor-animated-content\">\n\t\t\t\t\t<div class=\"e-gallery-image elementor-gallery-item__image\" data-thumbnail=\"https:\/\/franksiemers.com\/wp-content\/uploads\/2025\/07\/csm_dz_verlagsgruppe_logo_6d4adb0d89-300x75.png\" data-width=\"300\" data-height=\"75\" aria-label=\"Firmenlogo der Verlagsgruppe DIE ZEIT.\" role=\"img\" ><\/div>\n\t\t\t\t\t\t\t\t\t\t\t\t\t\t<\/div>\n\t\t\t\t\t\t\t<div class=\"e-gallery-item elementor-gallery-item elementor-animated-content\">\n\t\t\t\t\t<div class=\"e-gallery-image elementor-gallery-item__image\" data-thumbnail=\"https:\/\/franksiemers.com\/wp-content\/uploads\/2025\/07\/DaimlerChryslerLogo-300x28.png\" data-width=\"300\" data-height=\"28\" aria-label=\"DAs Logo des Automobilherstellers Daimler Chrysler, schwarze Grossbuchstaben.\" role=\"img\" ><\/div>\n\t\t\t\t\t\t\t\t\t\t\t\t\t\t<\/div>\n\t\t\t\t\t\t\t<div class=\"e-gallery-item elementor-gallery-item elementor-animated-content\">\n\t\t\t\t\t<div class=\"e-gallery-image elementor-gallery-item__image\" data-thumbnail=\"https:\/\/franksiemers.com\/wp-content\/uploads\/2025\/07\/Deutsche_Bank_logo.svg-300x62.png\" data-width=\"300\" data-height=\"62\" aria-label=\"Das Logo Deutsche Bank, blaue Schrift.\" role=\"img\" ><\/div>\n\t\t\t\t\t\t\t\t\t\t\t\t\t\t<\/div>\n\t\t\t\t\t\t\t<div class=\"e-gallery-item elementor-gallery-item elementor-animated-content\">\n\t\t\t\t\t<div class=\"e-gallery-image elementor-gallery-item__image\" data-thumbnail=\"https:\/\/franksiemers.com\/wp-content\/uploads\/2025\/07\/Scholz__Friends_Logo-300x173.jpg\" data-width=\"300\" data-height=\"173\" aria-label=\"Farbfoto mit dem Schriftzug \u201eScholz &amp; Friends\u201c auf gelbem Hintergrund. Es handelt sich um das Logo einer bekannten Hamburger Werbeagentur, gestaltet in schwarz. Das Bild zeigt die klare, moderne Markenpr\u00e4sentation von Scholz &amp; Friends.\" role=\"img\" ><\/div>\n\t\t\t\t\t\t\t\t\t\t\t\t\t\t<\/div>\n\t\t\t\t\t\t\t<div class=\"e-gallery-item elementor-gallery-item elementor-animated-content\">\n\t\t\t\t\t<div class=\"e-gallery-image elementor-gallery-item__image\" data-thumbnail=\"https:\/\/franksiemers.com\/wp-content\/uploads\/2025\/07\/st-pauli-theater-hamburg-2-600x450-1-300x225.jpg\" data-width=\"300\" data-height=\"225\" aria-label=\"St. Pauli Theater Logo mit Schw\u00e4ne, schwarzer Hintergrund, seit 1841, professionelles Theater in Hamburg.\" role=\"img\" ><\/div>\n\t\t\t\t\t\t\t\t\t\t\t\t\t\t<\/div>\n\t\t\t\t\t\t\t<div class=\"e-gallery-item elementor-gallery-item elementor-animated-content\">\n\t\t\t\t\t<div class=\"e-gallery-image elementor-gallery-item__image\" data-thumbnail=\"https:\/\/franksiemers.com\/wp-content\/uploads\/2025\/07\/image-asset-300x300.jpeg\" data-width=\"300\" data-height=\"300\" aria-label=\"Abstraktes schwarzes Logo eines Kaffeebohnen-Designs mit dem Schriftzug &quot;ROBINSON&quot; darunter, auf wei\u00dfem Hintergrund.\" role=\"img\" ><\/div>\n\t\t\t\t\t\t\t\t\t\t\t\t\t\t<\/div>\n\t\t\t\t\t\t\t<div class=\"e-gallery-item elementor-gallery-item elementor-animated-content\">\n\t\t\t\t\t<div class=\"e-gallery-image elementor-gallery-item__image\" data-thumbnail=\"https:\/\/franksiemers.com\/wp-content\/uploads\/2025\/07\/csm_HHLA_Holding_Firmierung_Fond_rgb_5a3230bc6f-300x114.jpg\" data-width=\"300\" data-height=\"114\" aria-label=\"HHLA, Logo der Hamburger Hafen und Logistik AG.\" role=\"img\" ><\/div>\n\t\t\t\t\t\t\t\t\t\t\t\t\t\t<\/div>\n\t\t\t\t\t\t\t<div class=\"e-gallery-item elementor-gallery-item elementor-animated-content\">\n\t\t\t\t\t<div class=\"e-gallery-image elementor-gallery-item__image\" data-thumbnail=\"https:\/\/franksiemers.com\/wp-content\/uploads\/2025\/07\/Continental-AG-Logo-300x100.jpg\" data-width=\"300\" data-height=\"100\" aria-label=\"Continental FIRMENLOGO in einem lebendigen orange.\" role=\"img\" ><\/div>\n\t\t\t\t\t\t\t\t\t\t\t\t\t\t<\/div>\n\t\t\t\t\t<\/div>\n\t\t\t\t\t<\/div>\n\t\t\t\t<div class=\"elementor-element elementor-element-ee15a11 elementor-widget elementor-widget-spacer\" data-id=\"ee15a11\" data-element_type=\"widget\" data-widget_type=\"spacer.default\">\n\t\t\t\t\t\t\t<div class=\"elementor-spacer\">\n\t\t\t<div class=\"elementor-spacer-inner\"><\/div>\n\t\t<\/div>\n\t\t\t\t\t\t<\/div>\n\t\t\t\t<\/div>\n\t\t\t\t<\/div>\n\t\t\t\t<div class=\"elementor-element elementor-element-14f8a33 elementor-widget elementor-widget-spacer\" data-id=\"14f8a33\" data-element_type=\"widget\" data-widget_type=\"spacer.default\">\n\t\t\t\t\t\t\t<div class=\"elementor-spacer\">\n\t\t\t<div class=\"elementor-spacer-inner\"><\/div>\n\t\t<\/div>\n\t\t\t\t\t\t<\/div>\n\t\t\t\t<div class=\"elementor-element elementor-element-376955d9 elementor-widget elementor-widget-spacer\" data-id=\"376955d9\" data-element_type=\"widget\" data-widget_type=\"spacer.default\">\n\t\t\t\t\t\t\t<div class=\"elementor-spacer\">\n\t\t\t<div class=\"elementor-spacer-inner\"><\/div>\n\t\t<\/div>\n\t\t\t\t\t\t<\/div>\n\t\t\t\t<\/div>\n\t\t<div class=\"elementor-element elementor-element-fd6dc74 e-con-full e-flex e-con e-parent\" data-id=\"fd6dc74\" data-element_type=\"container\" data-settings=\"{&quot;background_background&quot;:&quot;classic&quot;,&quot;sticky_parent&quot;:&quot;yes&quot;,&quot;sticky&quot;:&quot;top&quot;,&quot;sticky_on&quot;:[&quot;desktop&quot;,&quot;tablet&quot;,&quot;mobile&quot;],&quot;sticky_offset&quot;:0,&quot;sticky_effects_offset&quot;:0,&quot;sticky_anchor_link_offset&quot;:0}\">\n\t\t<div class=\"elementor-element elementor-element-0a2bb13 e-con-full e-flex e-con e-child\" data-id=\"0a2bb13\" data-element_type=\"container\">\n\t\t<div class=\"elementor-element elementor-element-6e56390 e-con-full e-flex e-con e-child\" data-id=\"6e56390\" data-element_type=\"container\">\n\t\t\t\t<div class=\"elementor-element elementor-element-0479a50 elementor-widget elementor-widget-spacer\" data-id=\"0479a50\" data-element_type=\"widget\" data-widget_type=\"spacer.default\">\n\t\t\t\t\t\t\t<div class=\"elementor-spacer\">\n\t\t\t<div class=\"elementor-spacer-inner\"><\/div>\n\t\t<\/div>\n\t\t\t\t\t\t<\/div>\n\t\t<div class=\"elementor-element elementor-element-0a66c66 e-con-full e-flex e-con e-child\" data-id=\"0a66c66\" data-element_type=\"container\">\n\t\t\t\t<div class=\"elementor-element elementor-element-e19c11f elementor-widget elementor-widget-heading\" data-id=\"e19c11f\" data-element_type=\"widget\" data-widget_type=\"heading.default\">\n\t\t\t\t\t<h2 class=\"elementor-heading-title elementor-size-default\">FAQ<\/h2>\t\t\t\t<\/div>\n\t\t\t\t<div class=\"elementor-element elementor-element-b3950e2 elementor-widget elementor-widget-text-editor\" data-id=\"b3950e2\" data-element_type=\"widget\" data-widget_type=\"text-editor.default\">\n\t\t\t\t\t\t\t\t\t<p class=\"p1\">Hier findest du Antworten auf die h\u00e4ufigsten Fragen die in den Jahren immer wieder gestellt wurden.<\/p>\t\t\t\t\t\t\t\t<\/div>\n\t\t\t\t<\/div>\n\t\t\t\t<\/div>\n\t\t<div class=\"elementor-element elementor-element-9a5992f e-con-full e-flex e-con e-child\" data-id=\"9a5992f\" data-element_type=\"container\" data-settings=\"{&quot;background_background&quot;:&quot;classic&quot;}\">\n\t\t\t\t<div class=\"elementor-element elementor-element-dc8f43c elementor-widget elementor-widget-spacer\" data-id=\"dc8f43c\" data-element_type=\"widget\" data-widget_type=\"spacer.default\">\n\t\t\t\t\t\t\t<div class=\"elementor-spacer\">\n\t\t\t<div class=\"elementor-spacer-inner\"><\/div>\n\t\t<\/div>\n\t\t\t\t\t\t<\/div>\n\t\t\t\t<div class=\"elementor-element elementor-element-533f587 elementor-widget elementor-widget-text-editor\" data-id=\"533f587\" data-element_type=\"widget\" data-widget_type=\"text-editor.default\">\n\t\t\t\t\t\t\t\t\t<p class=\"p1\">F\u00dcR MUSIKER:INNEN<\/p>\t\t\t\t\t\t\t\t<\/div>\n\t\t\t\t<div class=\"elementor-element elementor-element-f017049 elementor-widget elementor-widget-n-accordion\" data-id=\"f017049\" data-element_type=\"widget\" data-settings=\"{&quot;default_state&quot;:&quot;all_collapsed&quot;,&quot;max_items_expended&quot;:&quot;one&quot;,&quot;n_accordion_animation_duration&quot;:{&quot;unit&quot;:&quot;ms&quot;,&quot;size&quot;:400,&quot;sizes&quot;:[]}}\" data-widget_type=\"nested-accordion.default\">\n\t\t\t\t\t\t\t<div class=\"e-n-accordion\" aria-label=\"Accordion. Open links with Enter or Space, close with Escape, and navigate with Arrow Keys\">\n\t\t\t\t\t\t<details id=\"e-n-accordion-item-2510\" class=\"e-n-accordion-item\" >\n\t\t\t\t<summary class=\"e-n-accordion-item-title\" data-accordion-index=\"1\" tabindex=\"0\" aria-expanded=\"false\" aria-controls=\"e-n-accordion-item-2510\" >\n\t\t\t\t\t<span class='e-n-accordion-item-title-header'><div class=\"e-n-accordion-item-title-text\"> Kann ich mein Instrument mitbringen? <\/div><\/span>\n\t\t\t\t\t\t\t<span class='e-n-accordion-item-title-icon'>\n\t\t\t<span class='e-opened' ><svg aria-hidden=\"true\" class=\"e-font-icon-svg e-fas-minus\" viewBox=\"0 0 448 512\" xmlns=\"http:\/\/www.w3.org\/2000\/svg\"><path d=\"M416 208H32c-17.67 0-32 14.33-32 32v32c0 17.67 14.33 32 32 32h384c17.67 0 32-14.33 32-32v-32c0-17.67-14.33-32-32-32z\"><\/path><\/svg><\/span>\n\t\t\t<span class='e-closed'><svg aria-hidden=\"true\" class=\"e-font-icon-svg e-far-square\" viewBox=\"0 0 448 512\" xmlns=\"http:\/\/www.w3.org\/2000\/svg\"><path d=\"M400 32H48C21.5 32 0 53.5 0 80v352c0 26.5 21.5 48 48 48h352c26.5 0 48-21.5 48-48V80c0-26.5-21.5-48-48-48zm-6 400H54c-3.3 0-6-2.7-6-6V86c0-3.3 2.7-6 6-6h340c3.3 0 6 2.7 6 6v340c0 3.3-2.7 6-6 6z\"><\/path><\/svg><\/span>\n\t\t<\/span>\n\n\t\t\t\t\t\t<\/summary>\n\t\t\t\t<div role=\"region\" aria-labelledby=\"e-n-accordion-item-2510\" class=\"elementor-element elementor-element-cd7dc4e e-con-full e-flex e-con e-child\" data-id=\"cd7dc4e\" data-element_type=\"container\">\n\t\t\t\t<div class=\"elementor-element elementor-element-1f471de elementor-widget elementor-widget-text-editor\" data-id=\"1f471de\" data-element_type=\"widget\" data-widget_type=\"text-editor.default\">\n\t\t\t\t\t\t\t\t\t<p class=\"p1\">Unbedingt! Auch andere pers\u00f6nliche Gegenst\u00e4nde k\u00f6nnen Teil des Shootings sein und f\u00fcr authentische Bilder sorgen.<\/p>\t\t\t\t\t\t\t\t<\/div>\n\t\t\t\t<\/div>\n\t\t\t\t\t<\/details>\n\t\t\t\t\t\t<details id=\"e-n-accordion-item-2511\" class=\"e-n-accordion-item\" >\n\t\t\t\t<summary class=\"e-n-accordion-item-title\" data-accordion-index=\"2\" tabindex=\"-1\" aria-expanded=\"false\" aria-controls=\"e-n-accordion-item-2511\" >\n\t\t\t\t\t<span class='e-n-accordion-item-title-header'><div class=\"e-n-accordion-item-title-text\"> Gibt es spezielle Angebote f\u00fcr MusikstudentInnen? <\/div><\/span>\n\t\t\t\t\t\t\t<span class='e-n-accordion-item-title-icon'>\n\t\t\t<span class='e-opened' ><svg aria-hidden=\"true\" class=\"e-font-icon-svg e-fas-minus\" viewBox=\"0 0 448 512\" xmlns=\"http:\/\/www.w3.org\/2000\/svg\"><path d=\"M416 208H32c-17.67 0-32 14.33-32 32v32c0 17.67 14.33 32 32 32h384c17.67 0 32-14.33 32-32v-32c0-17.67-14.33-32-32-32z\"><\/path><\/svg><\/span>\n\t\t\t<span class='e-closed'><svg aria-hidden=\"true\" class=\"e-font-icon-svg e-far-square\" viewBox=\"0 0 448 512\" xmlns=\"http:\/\/www.w3.org\/2000\/svg\"><path d=\"M400 32H48C21.5 32 0 53.5 0 80v352c0 26.5 21.5 48 48 48h352c26.5 0 48-21.5 48-48V80c0-26.5-21.5-48-48-48zm-6 400H54c-3.3 0-6-2.7-6-6V86c0-3.3 2.7-6 6-6h340c3.3 0 6 2.7 6 6v340c0 3.3-2.7 6-6 6z\"><\/path><\/svg><\/span>\n\t\t<\/span>\n\n\t\t\t\t\t\t<\/summary>\n\t\t\t\t<div role=\"region\" aria-labelledby=\"e-n-accordion-item-2511\" class=\"elementor-element elementor-element-d71d3d0 e-con-full e-flex e-con e-child\" data-id=\"d71d3d0\" data-element_type=\"container\">\n\t\t\t\t<div class=\"elementor-element elementor-element-b23e2f7 elementor-widget elementor-widget-text-editor\" data-id=\"b23e2f7\" data-element_type=\"widget\" data-widget_type=\"text-editor.default\">\n\t\t\t\t\t\t\t\t\t<p class=\"p1\">Ja! Ich biete verg\u00fcnstigte Sessions f\u00fcr Studierende und Newcomer an. F\u00fcr dich d\u00fcrfte mein Shooting Deal Billie in Frage kommen.<\/p>\t\t\t\t\t\t\t\t<\/div>\n\t\t\t\t<\/div>\n\t\t\t\t\t<\/details>\n\t\t\t\t\t\t<details id=\"e-n-accordion-item-2512\" class=\"e-n-accordion-item\" >\n\t\t\t\t<summary class=\"e-n-accordion-item-title\" data-accordion-index=\"3\" tabindex=\"-1\" aria-expanded=\"false\" aria-controls=\"e-n-accordion-item-2512\" >\n\t\t\t\t\t<span class='e-n-accordion-item-title-header'><div class=\"e-n-accordion-item-title-text\"> Mir gefallen deine Konzertfotos, kommst du auch zu meinem Gig? <\/div><\/span>\n\t\t\t\t\t\t\t<span class='e-n-accordion-item-title-icon'>\n\t\t\t<span class='e-opened' ><svg aria-hidden=\"true\" class=\"e-font-icon-svg e-fas-minus\" viewBox=\"0 0 448 512\" xmlns=\"http:\/\/www.w3.org\/2000\/svg\"><path d=\"M416 208H32c-17.67 0-32 14.33-32 32v32c0 17.67 14.33 32 32 32h384c17.67 0 32-14.33 32-32v-32c0-17.67-14.33-32-32-32z\"><\/path><\/svg><\/span>\n\t\t\t<span class='e-closed'><svg aria-hidden=\"true\" class=\"e-font-icon-svg e-far-square\" viewBox=\"0 0 448 512\" xmlns=\"http:\/\/www.w3.org\/2000\/svg\"><path d=\"M400 32H48C21.5 32 0 53.5 0 80v352c0 26.5 21.5 48 48 48h352c26.5 0 48-21.5 48-48V80c0-26.5-21.5-48-48-48zm-6 400H54c-3.3 0-6-2.7-6-6V86c0-3.3 2.7-6 6-6h340c3.3 0 6 2.7 6 6v340c0 3.3-2.7 6-6 6z\"><\/path><\/svg><\/span>\n\t\t<\/span>\n\n\t\t\t\t\t\t<\/summary>\n\t\t\t\t<div role=\"region\" aria-labelledby=\"e-n-accordion-item-2512\" class=\"elementor-element elementor-element-b3c2c66 e-con-full e-flex e-con e-child\" data-id=\"b3c2c66\" data-element_type=\"container\">\n\t\t\t\t<div class=\"elementor-element elementor-element-cd1ea83 elementor-widget elementor-widget-text-editor\" data-id=\"cd1ea83\" data-element_type=\"widget\" data-widget_type=\"text-editor.default\">\n\t\t\t\t\t\t\t\t\t<p class=\"p1\">Gerne, mich interessiert immer sehr, was ihr auf der B\u00fchne macht, wie eure Musik klingt. Deswegen sieht man mich oft in den Jazzclubs und dann fotografiere ich da auch. Vielleicht hast du Gl\u00fcck und ich bin gerade da, wo du bist. Du kannst mich aber auch konkret f\u00fcr deinen Gig buchen. Dann komme ich garantiert l\u00e4ngs. F\u00fcr ein Set, den ganzen Abend oder auch auch schon zum Soundcheck. Mit coolen Live-Fotos im Portfolio bist du nat\u00fcrlich top aufgestellt. Falls du das mit deinem Jazz Portrait Deal kombinieren willst, k\u00f6nnen wir ein passendes Angebot schn\u00fcren. Preis hierf\u00fcr zwischen 150 \u20ac und 300 \u20ac, Newcomer Bonus nach Absprache m\u00f6glich!<\/p>\t\t\t\t\t\t\t\t<\/div>\n\t\t\t\t<\/div>\n\t\t\t\t\t<\/details>\n\t\t\t\t\t\t<details id=\"e-n-accordion-item-2513\" class=\"e-n-accordion-item\" >\n\t\t\t\t<summary class=\"e-n-accordion-item-title\" data-accordion-index=\"4\" tabindex=\"-1\" aria-expanded=\"false\" aria-controls=\"e-n-accordion-item-2513\" >\n\t\t\t\t\t<span class='e-n-accordion-item-title-header'><div class=\"e-n-accordion-item-title-text\"> B\u00fchne ist ok, aber vor der Kamera bin ich oft unsicher. Kannst du mir helfen, mich wohler zu f\u00fchlen? <\/div><\/span>\n\t\t\t\t\t\t\t<span class='e-n-accordion-item-title-icon'>\n\t\t\t<span class='e-opened' ><svg aria-hidden=\"true\" class=\"e-font-icon-svg e-fas-minus\" viewBox=\"0 0 448 512\" xmlns=\"http:\/\/www.w3.org\/2000\/svg\"><path d=\"M416 208H32c-17.67 0-32 14.33-32 32v32c0 17.67 14.33 32 32 32h384c17.67 0 32-14.33 32-32v-32c0-17.67-14.33-32-32-32z\"><\/path><\/svg><\/span>\n\t\t\t<span class='e-closed'><svg aria-hidden=\"true\" class=\"e-font-icon-svg e-far-square\" viewBox=\"0 0 448 512\" xmlns=\"http:\/\/www.w3.org\/2000\/svg\"><path d=\"M400 32H48C21.5 32 0 53.5 0 80v352c0 26.5 21.5 48 48 48h352c26.5 0 48-21.5 48-48V80c0-26.5-21.5-48-48-48zm-6 400H54c-3.3 0-6-2.7-6-6V86c0-3.3 2.7-6 6-6h340c3.3 0 6 2.7 6 6v340c0 3.3-2.7 6-6 6z\"><\/path><\/svg><\/span>\n\t\t<\/span>\n\n\t\t\t\t\t\t<\/summary>\n\t\t\t\t<div role=\"region\" aria-labelledby=\"e-n-accordion-item-2513\" class=\"elementor-element elementor-element-5f11015 e-con-full e-flex e-con e-child\" data-id=\"5f11015\" data-element_type=\"container\">\n\t\t\t\t<div class=\"elementor-element elementor-element-dba63c6 elementor-widget elementor-widget-text-editor\" data-id=\"dba63c6\" data-element_type=\"widget\" data-widget_type=\"text-editor.default\">\n\t\t\t\t\t\t\t\t\t<p class=\"p1\">Ja, auf jeden Fall! Wir nehmen uns Zeit, damit du dich an die Kamera gew\u00f6hnen kannst. Unser Foto Shooting entwickelt sich ein bisschen wie eine Jam Session im Jazz. Wir legen entspannt los, kommen dabei in einen Flow, es er\u00f6ffnen sich R\u00e4ume in denen deine Pers\u00f6nlichkeit sichtbar wird. Vielleicht starten wir mit ein paar Probetakes. Au\u00dferdem kannst du gerne dein Instrument mitbringen. Und vor allem deine Lieblingsmusik, der perfekte Soundtrack zu unserem Shooting!<\/p>\t\t\t\t\t\t\t\t<\/div>\n\t\t\t\t<\/div>\n\t\t\t\t\t<\/details>\n\t\t\t\t\t<\/div>\n\t\t\t\t\t\t<\/div>\n\t\t\t\t<div class=\"elementor-element elementor-element-c68cc69 elementor-widget elementor-widget-text-editor\" data-id=\"c68cc69\" data-element_type=\"widget\" data-widget_type=\"text-editor.default\">\n\t\t\t\t\t\t\t\t\t<p>ALLGEMEINE FRAGEN<\/p>\t\t\t\t\t\t\t\t<\/div>\n\t\t\t\t<div class=\"elementor-element elementor-element-d5c0dfc elementor-widget elementor-widget-n-accordion\" data-id=\"d5c0dfc\" data-element_type=\"widget\" data-settings=\"{&quot;default_state&quot;:&quot;all_collapsed&quot;,&quot;max_items_expended&quot;:&quot;one&quot;,&quot;n_accordion_animation_duration&quot;:{&quot;unit&quot;:&quot;ms&quot;,&quot;size&quot;:400,&quot;sizes&quot;:[]}}\" data-widget_type=\"nested-accordion.default\">\n\t\t\t\t\t\t\t<div class=\"e-n-accordion\" aria-label=\"Accordion. Open links with Enter or Space, close with Escape, and navigate with Arrow Keys\">\n\t\t\t\t\t\t<details id=\"e-n-accordion-item-2240\" class=\"e-n-accordion-item\" >\n\t\t\t\t<summary class=\"e-n-accordion-item-title\" data-accordion-index=\"1\" tabindex=\"0\" aria-expanded=\"false\" aria-controls=\"e-n-accordion-item-2240\" >\n\t\t\t\t\t<span class='e-n-accordion-item-title-header'><div class=\"e-n-accordion-item-title-text\"> Wo findet das Shooting statt? <\/div><\/span>\n\t\t\t\t\t\t\t<span class='e-n-accordion-item-title-icon'>\n\t\t\t<span class='e-opened' ><svg aria-hidden=\"true\" class=\"e-font-icon-svg e-fas-minus\" viewBox=\"0 0 448 512\" xmlns=\"http:\/\/www.w3.org\/2000\/svg\"><path d=\"M416 208H32c-17.67 0-32 14.33-32 32v32c0 17.67 14.33 32 32 32h384c17.67 0 32-14.33 32-32v-32c0-17.67-14.33-32-32-32z\"><\/path><\/svg><\/span>\n\t\t\t<span class='e-closed'><svg aria-hidden=\"true\" class=\"e-font-icon-svg e-far-square\" viewBox=\"0 0 448 512\" xmlns=\"http:\/\/www.w3.org\/2000\/svg\"><path d=\"M400 32H48C21.5 32 0 53.5 0 80v352c0 26.5 21.5 48 48 48h352c26.5 0 48-21.5 48-48V80c0-26.5-21.5-48-48-48zm-6 400H54c-3.3 0-6-2.7-6-6V86c0-3.3 2.7-6 6-6h340c3.3 0 6 2.7 6 6v340c0 3.3-2.7 6-6 6z\"><\/path><\/svg><\/span>\n\t\t<\/span>\n\n\t\t\t\t\t\t<\/summary>\n\t\t\t\t<div role=\"region\" aria-labelledby=\"e-n-accordion-item-2240\" class=\"elementor-element elementor-element-c3c9cec e-con-full e-flex e-con e-child\" data-id=\"c3c9cec\" data-element_type=\"container\">\n\t\t\t\t<div class=\"elementor-element elementor-element-9262631 elementor-widget elementor-widget-text-editor\" data-id=\"9262631\" data-element_type=\"widget\" data-widget_type=\"text-editor.default\">\n\t\t\t\t\t\t\t\t\t<p class=\"p1\">Wo du m\u00f6chtest, am liebsten an deinem Wohlf\u00fchlort. Das kann dein Zuhause sein, dein Lieblingscaf\u00e9, Proberaum, also gern an deinem Lieblingsspot. Ich kann dich aber auch unter Studioatmosph\u00e4re in meiner Atelierumgebung fotografieren.<\/p>\t\t\t\t\t\t\t\t<\/div>\n\t\t\t\t<\/div>\n\t\t\t\t\t<\/details>\n\t\t\t\t\t\t<details id=\"e-n-accordion-item-2241\" class=\"e-n-accordion-item\" >\n\t\t\t\t<summary class=\"e-n-accordion-item-title\" data-accordion-index=\"2\" tabindex=\"-1\" aria-expanded=\"false\" aria-controls=\"e-n-accordion-item-2241\" >\n\t\t\t\t\t<span class='e-n-accordion-item-title-header'><div class=\"e-n-accordion-item-title-text\"> Was soll ich anziehen? <\/div><\/span>\n\t\t\t\t\t\t\t<span class='e-n-accordion-item-title-icon'>\n\t\t\t<span class='e-opened' ><svg aria-hidden=\"true\" class=\"e-font-icon-svg e-fas-minus\" viewBox=\"0 0 448 512\" xmlns=\"http:\/\/www.w3.org\/2000\/svg\"><path d=\"M416 208H32c-17.67 0-32 14.33-32 32v32c0 17.67 14.33 32 32 32h384c17.67 0 32-14.33 32-32v-32c0-17.67-14.33-32-32-32z\"><\/path><\/svg><\/span>\n\t\t\t<span class='e-closed'><svg aria-hidden=\"true\" class=\"e-font-icon-svg e-far-square\" viewBox=\"0 0 448 512\" xmlns=\"http:\/\/www.w3.org\/2000\/svg\"><path d=\"M400 32H48C21.5 32 0 53.5 0 80v352c0 26.5 21.5 48 48 48h352c26.5 0 48-21.5 48-48V80c0-26.5-21.5-48-48-48zm-6 400H54c-3.3 0-6-2.7-6-6V86c0-3.3 2.7-6 6-6h340c3.3 0 6 2.7 6 6v340c0 3.3-2.7 6-6 6z\"><\/path><\/svg><\/span>\n\t\t<\/span>\n\n\t\t\t\t\t\t<\/summary>\n\t\t\t\t<div role=\"region\" aria-labelledby=\"e-n-accordion-item-2241\" class=\"elementor-element elementor-element-49e927b e-con-full e-flex e-con e-child\" data-id=\"49e927b\" data-element_type=\"container\">\n\t\t\t\t<div class=\"elementor-element elementor-element-a9bd48f elementor-widget elementor-widget-text-editor\" data-id=\"a9bd48f\" data-element_type=\"widget\" data-widget_type=\"text-editor.default\">\n\t\t\t\t\t\t\t\t\t<p class=\"p1\">Outfit in dem du dich richtig gut f\u00fchlst, das zu deinem Stil als MusikerIn passt. Gedeckte Farben funktionieren oft gut, du kannst aber auch in deinem 70th Psychedelic Look kommen &#8211; du sollst du sein! Wir stimmen uns vorher kurz ab, vielleicht bringst du analog zu deinem Shooting Paket ein paar Optionen mit.<\/p>\t\t\t\t\t\t\t\t<\/div>\n\t\t\t\t<\/div>\n\t\t\t\t\t<\/details>\n\t\t\t\t\t\t<details id=\"e-n-accordion-item-2242\" class=\"e-n-accordion-item\" >\n\t\t\t\t<summary class=\"e-n-accordion-item-title\" data-accordion-index=\"3\" tabindex=\"-1\" aria-expanded=\"false\" aria-controls=\"e-n-accordion-item-2242\" >\n\t\t\t\t\t<span class='e-n-accordion-item-title-header'><div class=\"e-n-accordion-item-title-text\"> Wie lange dauert ein Shooting? <\/div><\/span>\n\t\t\t\t\t\t\t<span class='e-n-accordion-item-title-icon'>\n\t\t\t<span class='e-opened' ><svg aria-hidden=\"true\" class=\"e-font-icon-svg e-fas-minus\" viewBox=\"0 0 448 512\" xmlns=\"http:\/\/www.w3.org\/2000\/svg\"><path d=\"M416 208H32c-17.67 0-32 14.33-32 32v32c0 17.67 14.33 32 32 32h384c17.67 0 32-14.33 32-32v-32c0-17.67-14.33-32-32-32z\"><\/path><\/svg><\/span>\n\t\t\t<span class='e-closed'><svg aria-hidden=\"true\" class=\"e-font-icon-svg e-far-square\" viewBox=\"0 0 448 512\" xmlns=\"http:\/\/www.w3.org\/2000\/svg\"><path d=\"M400 32H48C21.5 32 0 53.5 0 80v352c0 26.5 21.5 48 48 48h352c26.5 0 48-21.5 48-48V80c0-26.5-21.5-48-48-48zm-6 400H54c-3.3 0-6-2.7-6-6V86c0-3.3 2.7-6 6-6h340c3.3 0 6 2.7 6 6v340c0 3.3-2.7 6-6 6z\"><\/path><\/svg><\/span>\n\t\t<\/span>\n\n\t\t\t\t\t\t<\/summary>\n\t\t\t\t<div role=\"region\" aria-labelledby=\"e-n-accordion-item-2242\" class=\"elementor-element elementor-element-566552d e-con-full e-flex e-con e-child\" data-id=\"566552d\" data-element_type=\"container\">\n\t\t\t\t<div class=\"elementor-element elementor-element-25e115e elementor-widget elementor-widget-text-editor\" data-id=\"25e115e\" data-element_type=\"widget\" data-widget_type=\"text-editor.default\">\n\t\t\t\t\t\t\t\t\t<p class=\"p1\">Das h\u00e4ngt vom gew\u00e4hlten Angebot ab. Eine Fotosession dauert in der Regel zwischen 60 und 120 Minuten. Falls du vorher eine kurze Probesession machen m\u00f6chtest, ist das auch m\u00f6glich, wir k\u00f6nnen \u00fcber alles sprechen.<\/p>\t\t\t\t\t\t\t\t<\/div>\n\t\t\t\t<\/div>\n\t\t\t\t\t<\/details>\n\t\t\t\t\t\t<details id=\"e-n-accordion-item-2243\" class=\"e-n-accordion-item\" >\n\t\t\t\t<summary class=\"e-n-accordion-item-title\" data-accordion-index=\"4\" tabindex=\"-1\" aria-expanded=\"false\" aria-controls=\"e-n-accordion-item-2243\" >\n\t\t\t\t\t<span class='e-n-accordion-item-title-header'><div class=\"e-n-accordion-item-title-text\"> Was ist wenn mir die Fotos nicht gefallen? <\/div><\/span>\n\t\t\t\t\t\t\t<span class='e-n-accordion-item-title-icon'>\n\t\t\t<span class='e-opened' ><svg aria-hidden=\"true\" class=\"e-font-icon-svg e-fas-minus\" viewBox=\"0 0 448 512\" xmlns=\"http:\/\/www.w3.org\/2000\/svg\"><path d=\"M416 208H32c-17.67 0-32 14.33-32 32v32c0 17.67 14.33 32 32 32h384c17.67 0 32-14.33 32-32v-32c0-17.67-14.33-32-32-32z\"><\/path><\/svg><\/span>\n\t\t\t<span class='e-closed'><svg aria-hidden=\"true\" class=\"e-font-icon-svg e-far-square\" viewBox=\"0 0 448 512\" xmlns=\"http:\/\/www.w3.org\/2000\/svg\"><path d=\"M400 32H48C21.5 32 0 53.5 0 80v352c0 26.5 21.5 48 48 48h352c26.5 0 48-21.5 48-48V80c0-26.5-21.5-48-48-48zm-6 400H54c-3.3 0-6-2.7-6-6V86c0-3.3 2.7-6 6-6h340c3.3 0 6 2.7 6 6v340c0 3.3-2.7 6-6 6z\"><\/path><\/svg><\/span>\n\t\t<\/span>\n\n\t\t\t\t\t\t<\/summary>\n\t\t\t\t<div role=\"region\" aria-labelledby=\"e-n-accordion-item-2243\" class=\"elementor-element elementor-element-607208f e-con-full e-flex e-con e-child\" data-id=\"607208f\" data-element_type=\"container\">\n\t\t\t\t<div class=\"elementor-element elementor-element-42f6e56 elementor-widget elementor-widget-text-editor\" data-id=\"42f6e56\" data-element_type=\"widget\" data-widget_type=\"text-editor.default\">\n\t\t\t\t\t\t\t\t\t<p class=\"p1\"><span class=\"s1\">Keine Sorge, bei mir gibts kein Shooting ohne Zufriedenheitsgarantie. Und das meine ich auch genau so. Wir stimmen uns w\u00e4hrend unserer Fotosession in Echtzeit ab. Sofern du das m\u00f6chtest, schaust du mir \u00fcber die Schulter und kannst dadurch gut einsch\u00e4tzen, auf welchem Weg du mit mir bist. <\/span>Du erh\u00e4ltst eine Vorauswahl der Bilder und entscheidest, welche bearbeitet werden. So bekommst du genau die Aufnahmen, die dir gefallen. Bist du mit meiner Auswahl nicht gl\u00fccklich, bekommst du eine erweiterte Auswahl. Wenn du klar sagen kannst, was dir generell an den Bildern nicht gef\u00e4llt, biete ich dir f\u00fcr 75 \u20ac ein kurzes Nachshooting an.<\/p>\t\t\t\t\t\t\t\t<\/div>\n\t\t\t\t<\/div>\n\t\t\t\t\t<\/details>\n\t\t\t\t\t\t<details id=\"e-n-accordion-item-2244\" class=\"e-n-accordion-item\" >\n\t\t\t\t<summary class=\"e-n-accordion-item-title\" data-accordion-index=\"5\" tabindex=\"-1\" aria-expanded=\"false\" aria-controls=\"e-n-accordion-item-2244\" >\n\t\t\t\t\t<span class='e-n-accordion-item-title-header'><div class=\"e-n-accordion-item-title-text\"> Was kostet ein Fotoshooting? <\/div><\/span>\n\t\t\t\t\t\t\t<span class='e-n-accordion-item-title-icon'>\n\t\t\t<span class='e-opened' ><svg aria-hidden=\"true\" class=\"e-font-icon-svg e-fas-minus\" viewBox=\"0 0 448 512\" xmlns=\"http:\/\/www.w3.org\/2000\/svg\"><path d=\"M416 208H32c-17.67 0-32 14.33-32 32v32c0 17.67 14.33 32 32 32h384c17.67 0 32-14.33 32-32v-32c0-17.67-14.33-32-32-32z\"><\/path><\/svg><\/span>\n\t\t\t<span class='e-closed'><svg aria-hidden=\"true\" class=\"e-font-icon-svg e-far-square\" viewBox=\"0 0 448 512\" xmlns=\"http:\/\/www.w3.org\/2000\/svg\"><path d=\"M400 32H48C21.5 32 0 53.5 0 80v352c0 26.5 21.5 48 48 48h352c26.5 0 48-21.5 48-48V80c0-26.5-21.5-48-48-48zm-6 400H54c-3.3 0-6-2.7-6-6V86c0-3.3 2.7-6 6-6h340c3.3 0 6 2.7 6 6v340c0 3.3-2.7 6-6 6z\"><\/path><\/svg><\/span>\n\t\t<\/span>\n\n\t\t\t\t\t\t<\/summary>\n\t\t\t\t<div role=\"region\" aria-labelledby=\"e-n-accordion-item-2244\" class=\"elementor-element elementor-element-658ea1d e-con-full e-flex e-con e-child\" data-id=\"658ea1d\" data-element_type=\"container\">\n\t\t\t\t<div class=\"elementor-element elementor-element-ebd1d0d elementor-widget elementor-widget-text-editor\" data-id=\"ebd1d0d\" data-element_type=\"widget\" data-widget_type=\"text-editor.default\">\n\t\t\t\t\t\t\t\t\t<p class=\"p1\">Die Preise h\u00e4ngen vom gew\u00e4hlten Angebot ab. Schau dir einfach meine Angebots\u00fcbersicht an. Sollte nichts f\u00fcr dich dabei sein, schreib mir gerne f\u00fcr ein individuelles Angebot.<\/p>\t\t\t\t\t\t\t\t<\/div>\n\t\t\t\t<\/div>\n\t\t\t\t\t<\/details>\n\t\t\t\t\t\t<details id=\"e-n-accordion-item-2245\" class=\"e-n-accordion-item\" >\n\t\t\t\t<summary class=\"e-n-accordion-item-title\" data-accordion-index=\"6\" tabindex=\"-1\" aria-expanded=\"false\" aria-controls=\"e-n-accordion-item-2245\" >\n\t\t\t\t\t<span class='e-n-accordion-item-title-header'><div class=\"e-n-accordion-item-title-text\"> Wie kann ich bezahlen? <\/div><\/span>\n\t\t\t\t\t\t\t<span class='e-n-accordion-item-title-icon'>\n\t\t\t<span class='e-opened' ><svg aria-hidden=\"true\" class=\"e-font-icon-svg e-fas-minus\" viewBox=\"0 0 448 512\" xmlns=\"http:\/\/www.w3.org\/2000\/svg\"><path d=\"M416 208H32c-17.67 0-32 14.33-32 32v32c0 17.67 14.33 32 32 32h384c17.67 0 32-14.33 32-32v-32c0-17.67-14.33-32-32-32z\"><\/path><\/svg><\/span>\n\t\t\t<span class='e-closed'><svg aria-hidden=\"true\" class=\"e-font-icon-svg e-far-square\" viewBox=\"0 0 448 512\" xmlns=\"http:\/\/www.w3.org\/2000\/svg\"><path d=\"M400 32H48C21.5 32 0 53.5 0 80v352c0 26.5 21.5 48 48 48h352c26.5 0 48-21.5 48-48V80c0-26.5-21.5-48-48-48zm-6 400H54c-3.3 0-6-2.7-6-6V86c0-3.3 2.7-6 6-6h340c3.3 0 6 2.7 6 6v340c0 3.3-2.7 6-6 6z\"><\/path><\/svg><\/span>\n\t\t<\/span>\n\n\t\t\t\t\t\t<\/summary>\n\t\t\t\t<div role=\"region\" aria-labelledby=\"e-n-accordion-item-2245\" class=\"elementor-element elementor-element-77fc49b e-con-full e-flex e-con e-child\" data-id=\"77fc49b\" data-element_type=\"container\">\n\t\t\t\t<div class=\"elementor-element elementor-element-21af52d elementor-widget elementor-widget-text-editor\" data-id=\"21af52d\" data-element_type=\"widget\" data-widget_type=\"text-editor.default\">\n\t\t\t\t\t\t\t\t\t<p class=\"p1\">Du kannst per \u00dcberweisung oder per PayPal oder in bar vor Ort bezahlen. Eine Anzahlung kann bei gr\u00f6\u00dferen Shootings erforderlich sein.<\/p>\t\t\t\t\t\t\t\t<\/div>\n\t\t\t\t<\/div>\n\t\t\t\t\t<\/details>\n\t\t\t\t\t\t<details id=\"e-n-accordion-item-2246\" class=\"e-n-accordion-item\" >\n\t\t\t\t<summary class=\"e-n-accordion-item-title\" data-accordion-index=\"7\" tabindex=\"-1\" aria-expanded=\"false\" aria-controls=\"e-n-accordion-item-2246\" >\n\t\t\t\t\t<span class='e-n-accordion-item-title-header'><div class=\"e-n-accordion-item-title-text\"> Wann und wie bekomme ich meine Bilder? <\/div><\/span>\n\t\t\t\t\t\t\t<span class='e-n-accordion-item-title-icon'>\n\t\t\t<span class='e-opened' ><svg aria-hidden=\"true\" class=\"e-font-icon-svg e-fas-minus\" viewBox=\"0 0 448 512\" xmlns=\"http:\/\/www.w3.org\/2000\/svg\"><path d=\"M416 208H32c-17.67 0-32 14.33-32 32v32c0 17.67 14.33 32 32 32h384c17.67 0 32-14.33 32-32v-32c0-17.67-14.33-32-32-32z\"><\/path><\/svg><\/span>\n\t\t\t<span class='e-closed'><svg aria-hidden=\"true\" class=\"e-font-icon-svg e-far-square\" viewBox=\"0 0 448 512\" xmlns=\"http:\/\/www.w3.org\/2000\/svg\"><path d=\"M400 32H48C21.5 32 0 53.5 0 80v352c0 26.5 21.5 48 48 48h352c26.5 0 48-21.5 48-48V80c0-26.5-21.5-48-48-48zm-6 400H54c-3.3 0-6-2.7-6-6V86c0-3.3 2.7-6 6-6h340c3.3 0 6 2.7 6 6v340c0 3.3-2.7 6-6 6z\"><\/path><\/svg><\/span>\n\t\t<\/span>\n\n\t\t\t\t\t\t<\/summary>\n\t\t\t\t<div role=\"region\" aria-labelledby=\"e-n-accordion-item-2246\" class=\"elementor-element elementor-element-8bf6244 e-con-full e-flex e-con e-child\" data-id=\"8bf6244\" data-element_type=\"container\">\n\t\t\t\t<div class=\"elementor-element elementor-element-f7e157c elementor-widget elementor-widget-text-editor\" data-id=\"f7e157c\" data-element_type=\"widget\" data-widget_type=\"text-editor.default\">\n\t\t\t\t\t\t\t\t\t<p class=\"p1\">Nach dem Shooting stelle ich dir Innerhalb von 48 Stunden eine Vorauswahl auf meinem Galerieserver zur Verf\u00fcgung, daraus w\u00e4hlst du du deine Favoriten aus. Die final bearbeiteten Bilder bekommst du dann innerhalb von 5 Tagen als digitale Datei in hoher Aufl\u00f6sung.<\/p>\t\t\t\t\t\t\t\t<\/div>\n\t\t\t\t<\/div>\n\t\t\t\t\t<\/details>\n\t\t\t\t\t\t<details id=\"e-n-accordion-item-2247\" class=\"e-n-accordion-item\" >\n\t\t\t\t<summary class=\"e-n-accordion-item-title\" data-accordion-index=\"8\" tabindex=\"-1\" aria-expanded=\"false\" aria-controls=\"e-n-accordion-item-2247\" >\n\t\t\t\t\t<span class='e-n-accordion-item-title-header'><div class=\"e-n-accordion-item-title-text\"> Kann ich die Bilder f\u00fcr Social Media, Website oder Presse nutzen? <\/div><\/span>\n\t\t\t\t\t\t\t<span class='e-n-accordion-item-title-icon'>\n\t\t\t<span class='e-opened' ><svg aria-hidden=\"true\" class=\"e-font-icon-svg e-fas-minus\" viewBox=\"0 0 448 512\" xmlns=\"http:\/\/www.w3.org\/2000\/svg\"><path d=\"M416 208H32c-17.67 0-32 14.33-32 32v32c0 17.67 14.33 32 32 32h384c17.67 0 32-14.33 32-32v-32c0-17.67-14.33-32-32-32z\"><\/path><\/svg><\/span>\n\t\t\t<span class='e-closed'><svg aria-hidden=\"true\" class=\"e-font-icon-svg e-far-square\" viewBox=\"0 0 448 512\" xmlns=\"http:\/\/www.w3.org\/2000\/svg\"><path d=\"M400 32H48C21.5 32 0 53.5 0 80v352c0 26.5 21.5 48 48 48h352c26.5 0 48-21.5 48-48V80c0-26.5-21.5-48-48-48zm-6 400H54c-3.3 0-6-2.7-6-6V86c0-3.3 2.7-6 6-6h340c3.3 0 6 2.7 6 6v340c0 3.3-2.7 6-6 6z\"><\/path><\/svg><\/span>\n\t\t<\/span>\n\n\t\t\t\t\t\t<\/summary>\n\t\t\t\t<div role=\"region\" aria-labelledby=\"e-n-accordion-item-2247\" class=\"elementor-element elementor-element-58306e3 e-con-full e-flex e-con e-child\" data-id=\"58306e3\" data-element_type=\"container\">\n\t\t\t\t<div class=\"elementor-element elementor-element-cb41552 elementor-widget elementor-widget-text-editor\" data-id=\"cb41552\" data-element_type=\"widget\" data-widget_type=\"text-editor.default\">\n\t\t\t\t\t\t\t\t\t<p class=\"p1\">Ja, du bekommst die Bilder zur freien Nutzung f\u00fcr deine Brand-Website und auf Social Media. Die konkreten Nutzungsrechte sind mit deinem Shooting Paket verbunden. F\u00fcr deinen individuellen Bedarf sprich mich einfach an.<\/p>\t\t\t\t\t\t\t\t<\/div>\n\t\t\t\t<\/div>\n\t\t\t\t\t<\/details>\n\t\t\t\t\t<\/div>\n\t\t\t\t\t\t<\/div>\n\t\t\t\t<\/div>\n\t\t\t\t<\/div>\n\t\t\t\t<div class=\"elementor-element elementor-element-e8cf613 elementor-widget elementor-widget-menu-anchor\" data-id=\"e8cf613\" data-element_type=\"widget\" data-widget_type=\"menu-anchor.default\">\n\t\t\t\t\t\t\t<div class=\"elementor-menu-anchor\" id=\"kontakt\"><\/div>\n\t\t\t\t\t\t<\/div>\n\t\t\t\t<div class=\"elementor-element elementor-element-b71c541 elementor-widget elementor-widget-html\" data-id=\"b71c541\" data-element_type=\"widget\" data-widget_type=\"html.default\">\n\t\t\t\t\t<!-- Deine Masken-Definition -->\n<svg width=\"0\" height=\"0\">\n  <mask id=\"cursor-mask\" maskUnits=\"userSpaceOnUse\">\n    <rect y=\"21.73\" width=\"2.29\" height=\"8.45\" fill=\"white\"\/>\n    <rect x=\"0\" y=\"27.89\" width=\"8.45\" height=\"2.29\" fill=\"white\"\/>\n    <rect x=\"20.41\" y=\"27.9\" width=\"8.45\" height=\"2.29\" fill=\"white\"\/>\n    <rect x=\"26.57\" y=\"21.73\" width=\"2.29\" height=\"8.45\" fill=\"white\"\/>\n    <rect x=\"26.58\" y=\"0\" width=\"2.29\" height=\"8.45\" fill=\"white\"\/>\n    <rect x=\"20.41\" y=\"0\" width=\"8.45\" height=\"2.29\" fill=\"white\"\/>\n    <rect x=\"0\" width=\"8.45\" height=\"2.29\" fill=\"white\"\/>\n    <rect x=\"0\" y=\"0\" width=\"2.29\" height=\"8.45\" fill=\"white\"\/>\n  <\/mask>\n<\/svg>\n\n<div id=\"custom-cursor\"><\/div>\n\n<style>\n  #custom-cursor {\n    position: fixed;\n    top: 0;\n    left: 0;\n    pointer-events: none;\n    z-index: 2147483647 !important;\n    transform: translate(-50%, -50%);\n    mix-blend-mode: difference;\n  }\n\n  body.custom-cursor-enabled {\n    cursor: none;\n  }\n\n  \/* Mobil: Systemcursor & Cursor-Element ausblenden *\/\n  @media (max-width: 768px) {\n    #custom-cursor {\n      display: none !important;\n    }\n    body {\n      cursor: auto;\n    }\n  }\n<\/style>\n\n<script>\n  document.addEventListener(\"DOMContentLoaded\", function () {\n    const cursor = document.getElementById(\"custom-cursor\");\n    document.body.appendChild(cursor);\n\n    const isFirefox = navigator.userAgent.toLowerCase().includes('firefox');\n    const isSafari = \/^((?!chrome|android).)*safari\/i.test(navigator.userAgent);\n\n    if (isFirefox || isSafari) {\n      \/\/ Originale Masken-Version \u2013 bleibt bei 50x50px\n      cursor.style.width = '50px';\n      cursor.style.height = '50px';\n      cursor.style.background = 'white';\n      cursor.style.mask = 'url(#cursor-mask)';\n      cursor.style.webkitMask = 'url(#cursor-mask)';\n    } else {\n      \/\/ Chrome-Fallback: kleinerer Kreis\n      cursor.style.width = '25px';\n      cursor.style.height = '25px';\n      cursor.style.background = 'white';\n      cursor.style.borderRadius = '50%';\n      cursor.style.mixBlendMode = 'difference';\n    }\n\n    document.body.classList.add('custom-cursor-enabled');\n\n    window.addEventListener(\"mousemove\", function (e) {\n      cursor.style.top = e.clientY + \"px\";\n      cursor.style.left = e.clientX + \"px\";\n    });\n  });\n<\/script>\t\t\t\t<\/div>\n\t\t\t\t<\/div>\n\t\t<div class=\"elementor-element elementor-element-747c13d3 e-con-full e-flex e-con e-parent\" data-id=\"747c13d3\" data-element_type=\"container\" data-settings=\"{&quot;background_background&quot;:&quot;classic&quot;}\">\n\t\t\t\t<\/div>\n\t\t<div class=\"elementor-element elementor-element-2cbfd347 e-con-full e-flex e-con e-parent\" data-id=\"2cbfd347\" data-element_type=\"container\" data-settings=\"{&quot;background_background&quot;:&quot;classic&quot;}\">\n\t\t\t\t<div class=\"elementor-element elementor-element-272dbcd4 elementor-widget elementor-widget-menu-anchor\" data-id=\"272dbcd4\" data-element_type=\"widget\" data-widget_type=\"menu-anchor.default\">\n\t\t\t\t\t\t\t<div class=\"elementor-menu-anchor\" id=\"kontakt\"><\/div>\n\t\t\t\t\t\t<\/div>\n\t\t<div class=\"elementor-element elementor-element-13c0108a e-con-full e-flex e-con e-child\" data-id=\"13c0108a\" data-element_type=\"container\" id=\"kontakt\">\n\t\t<div class=\"elementor-element elementor-element-7711aeca e-con-full e-flex e-con e-child\" data-id=\"7711aeca\" data-element_type=\"container\" data-settings=\"{&quot;sticky&quot;:&quot;top&quot;,&quot;sticky_parent&quot;:&quot;yes&quot;,&quot;sticky_on&quot;:[&quot;desktop&quot;],&quot;sticky_offset&quot;:0,&quot;sticky_effects_offset&quot;:0,&quot;sticky_anchor_link_offset&quot;:0}\">\n\t\t\t\t<div class=\"elementor-element elementor-element-12b11a7 elementor-widget elementor-widget-heading\" data-id=\"12b11a7\" data-element_type=\"widget\" data-widget_type=\"heading.default\">\n\t\t\t\t\t<h2 class=\"elementor-heading-title elementor-size-default\">KONTAKT<\/h2>\t\t\t\t<\/div>\n\t\t\t\t<div class=\"elementor-element elementor-element-64cfa32f elementor-widget elementor-widget-text-editor\" data-id=\"64cfa32f\" data-element_type=\"widget\" data-widget_type=\"text-editor.default\">\n\t\t\t\t\t\t\t\t\t<p class=\"p1\">Jede Session beginnt mit einem Gespr\u00e4ch. Ganz gleich, ob du dir schon sicher bist oder erst schauen willst, ob es passt. Hier findest du alle Wege, wie du mich erreichen kannst:<\/p>\t\t\t\t\t\t\t\t<\/div>\n\t\t<div class=\"elementor-element elementor-element-3c70ff0 e-con-full e-flex e-con e-child\" data-id=\"3c70ff0\" data-element_type=\"container\">\n\t\t\t\t<div class=\"elementor-element elementor-element-cd80a4 elementor-widget elementor-widget-text-editor\" data-id=\"cd80a4\" data-element_type=\"widget\" data-widget_type=\"text-editor.default\">\n\t\t\t\t\t\t\t\t\t<p class=\"p1\">mail(at)franksiemers.com<br \/>+49(0)1718384200<\/p>\t\t\t\t\t\t\t\t<\/div>\n\t\t\t\t<div class=\"elementor-element elementor-element-fefd964 elementor-widget elementor-widget-image\" data-id=\"fefd964\" data-element_type=\"widget\" data-widget_type=\"image.default\">\n\t\t\t\t\t\t\t\t\t\t\t\t\t\t\t\t<a href=\"https:\/\/www.jazzfrank.de\/\" target=\"_blank\">\n\t\t\t\t\t\t\t<img loading=\"lazy\" decoding=\"async\" width=\"198\" height=\"81\" src=\"https:\/\/franksiemers.com\/wp-content\/uploads\/2026\/02\/1909_JAZZFRANK_logo_signatur-1.jpg\" class=\"elementor-animation-shrink attachment-large size-large wp-image-3393\" alt=\"Portr\u00e4t eines Mannes, aufgenommen im Studio mit weichem Licht, betont die Gesichtsz\u00fcge und den Ausdruck, vermittelt eine zeitlose und professionelle Atmosph\u00e4re.\" \/>\t\t\t\t\t\t\t\t<\/a>\n\t\t\t\t\t\t\t\t\t\t\t\t\t\t\t<\/div>\n\t\t\t\t<div class=\"elementor-element elementor-element-75568a74 e-grid-align-right e-grid-align-mobile-left elementor-shape-rounded elementor-grid-0 elementor-widget elementor-widget-social-icons\" data-id=\"75568a74\" data-element_type=\"widget\" data-widget_type=\"social-icons.default\">\n\t\t\t\t\t\t\t<div class=\"elementor-social-icons-wrapper elementor-grid\">\n\t\t\t\t\t\t\t<span class=\"elementor-grid-item\">\n\t\t\t\t\t<a class=\"elementor-icon elementor-social-icon elementor-social-icon-instagram elementor-animation-shrink elementor-repeater-item-1877245\" href=\"https:\/\/www.instagram.com\/frank_siemers\/\" target=\"_blank\">\n\t\t\t\t\t\t<span class=\"elementor-screen-only\">Instagram<\/span>\n\t\t\t\t\t\t<svg aria-hidden=\"true\" class=\"e-font-icon-svg e-fab-instagram\" viewBox=\"0 0 448 512\" xmlns=\"http:\/\/www.w3.org\/2000\/svg\"><path d=\"M224.1 141c-63.6 0-114.9 51.3-114.9 114.9s51.3 114.9 114.9 114.9S339 319.5 339 255.9 287.7 141 224.1 141zm0 189.6c-41.1 0-74.7-33.5-74.7-74.7s33.5-74.7 74.7-74.7 74.7 33.5 74.7 74.7-33.6 74.7-74.7 74.7zm146.4-194.3c0 14.9-12 26.8-26.8 26.8-14.9 0-26.8-12-26.8-26.8s12-26.8 26.8-26.8 26.8 12 26.8 26.8zm76.1 27.2c-1.7-35.9-9.9-67.7-36.2-93.9-26.2-26.2-58-34.4-93.9-36.2-37-2.1-147.9-2.1-184.9 0-35.8 1.7-67.6 9.9-93.9 36.1s-34.4 58-36.2 93.9c-2.1 37-2.1 147.9 0 184.9 1.7 35.9 9.9 67.7 36.2 93.9s58 34.4 93.9 36.2c37 2.1 147.9 2.1 184.9 0 35.9-1.7 67.7-9.9 93.9-36.2 26.2-26.2 34.4-58 36.2-93.9 2.1-37 2.1-147.8 0-184.8zM398.8 388c-7.8 19.6-22.9 34.7-42.6 42.6-29.5 11.7-99.5 9-132.1 9s-102.7 2.6-132.1-9c-19.6-7.8-34.7-22.9-42.6-42.6-11.7-29.5-9-99.5-9-132.1s-2.6-102.7 9-132.1c7.8-19.6 22.9-34.7 42.6-42.6 29.5-11.7 99.5-9 132.1-9s102.7-2.6 132.1 9c19.6 7.8 34.7 22.9 42.6 42.6 11.7 29.5 9 99.5 9 132.1s2.7 102.7-9 132.1z\"><\/path><\/svg>\t\t\t\t\t<\/a>\n\t\t\t\t<\/span>\n\t\t\t\t\t<\/div>\n\t\t\t\t\t\t<\/div>\n\t\t\t\t<\/div>\n\t\t\t\t<\/div>\n\t\t<div class=\"elementor-element elementor-element-4670cee4 e-con-full e-flex e-con e-child\" data-id=\"4670cee4\" data-element_type=\"container\" data-settings=\"{&quot;background_background&quot;:&quot;classic&quot;}\">\n\t\t\t\t<div class=\"elementor-element elementor-element-5a3c44e4 elementor-testimonial--align-left elementor-testimonial--skin-default elementor-testimonial--layout-image_inline elementor-pagination-type-bullets elementor-widget elementor-widget-testimonial-carousel\" data-id=\"5a3c44e4\" data-element_type=\"widget\" data-settings=\"{&quot;slides_per_view&quot;:&quot;1&quot;,&quot;autoplay_speed&quot;:2000,&quot;space_between&quot;:{&quot;unit&quot;:&quot;px&quot;,&quot;size&quot;:9,&quot;sizes&quot;:[]},&quot;pagination&quot;:&quot;bullets&quot;,&quot;speed&quot;:500,&quot;autoplay&quot;:&quot;yes&quot;,&quot;loop&quot;:&quot;yes&quot;,&quot;pause_on_hover&quot;:&quot;yes&quot;,&quot;pause_on_interaction&quot;:&quot;yes&quot;,&quot;space_between_tablet&quot;:{&quot;unit&quot;:&quot;px&quot;,&quot;size&quot;:10,&quot;sizes&quot;:[]},&quot;space_between_mobile&quot;:{&quot;unit&quot;:&quot;px&quot;,&quot;size&quot;:10,&quot;sizes&quot;:[]}}\" data-widget_type=\"testimonial-carousel.default\">\n\t\t\t\t\t\t\t\t\t\t<div class=\"elementor-main-swiper swiper\" role=\"region\" aria-roledescription=\"carousel\" aria-label=\"Slider\">\n\t\t\t\t<div class=\"swiper-wrapper\">\n\t\t\t\t\t\t\t\t\t\t\t<div class=\"swiper-slide\" role=\"group\" aria-roledescription=\"slide\">\n\t\t\t\t\t\t\t\t\t<div class=\"elementor-testimonial\">\n\t\t\t\t\t\t\t<div class=\"elementor-testimonial__content\">\n\t\t\t\t\t<div class=\"elementor-testimonial__text\">\n\t\t\t\t\t\tDas Shooting war professionell vorbereitet und gut organisiert. Die Atmosph\u00e4re war sehr\nangenehm. Die offene und freundliche Art von Frank haben mich (erneut J) u\u0308berzeugt. Die Fotos\ngefallen mir insgesamt sehr gut, wirken modern und gleichzeitig zeitlos. Du bist sehr gut auf uns\neingegangen und warst dabei klar, deutlich und zeitoptimiert unterwegs.\t\t\t\t\t<\/div>\n\t\t\t\t\t\t\t\t\t<\/div>\n\t\t\t\t\t\t<div class=\"elementor-testimonial__footer\">\n\t\t\t\t\t\t\t\t<cite class=\"elementor-testimonial__cite\"><span class=\"elementor-testimonial__name\">Franziska Corswandt<\/span><span class=\"elementor-testimonial__title\">Securvita Krankenkasse<\/span><\/cite>\t\t\t<\/div>\n\t\t<\/div>\n\t\t\t\t\t\t\t\t<\/div>\n\t\t\t\t\t\t\t\t\t\t\t<div class=\"swiper-slide\" role=\"group\" aria-roledescription=\"slide\">\n\t\t\t\t\t\t\t\t\t<div class=\"elementor-testimonial\">\n\t\t\t\t\t\t\t<div class=\"elementor-testimonial__content\">\n\t\t\t\t\t<div class=\"elementor-testimonial__text\">\n\t\t\t\t\t\tDas sind supersch\u00f6ne Bilder! \u2026 Generell steckt da ganz viel Gef\u00fchl drin.\t\t\t\t\t<\/div>\n\t\t\t\t\t\t\t\t\t<\/div>\n\t\t\t\t\t\t<div class=\"elementor-testimonial__footer\">\n\t\t\t\t\t\t\t\t<cite class=\"elementor-testimonial__cite\"><span class=\"elementor-testimonial__name\">Claudia May<\/span><span class=\"elementor-testimonial__title\">Jazzhall Hamburg<\/span><\/cite>\t\t\t<\/div>\n\t\t<\/div>\n\t\t\t\t\t\t\t\t<\/div>\n\t\t\t\t\t\t\t\t\t\t\t<div class=\"swiper-slide\" role=\"group\" aria-roledescription=\"slide\">\n\t\t\t\t\t\t\t\t\t<div class=\"elementor-testimonial\">\n\t\t\t\t\t\t\t<div class=\"elementor-testimonial__content\">\n\t\t\t\t\t<div class=\"elementor-testimonial__text\">\n\t\t\t\t\t\tDas Shooting war professionell vorbereitet und gut organisiert. Die Atmosph\u00e4re war sehr\nangenehm. Die offene und freundliche Art von Frank haben mich (erneut J) u\u0308berzeugt. Die Fotos\ngefallen mir insgesamt sehr gut, wirken modern und gleichzeitig zeitlos. Du bist sehr gut auf uns\neingegangen und warst dabei klar, deutlich und zeitoptimiert unterwegs.\t\t\t\t\t<\/div>\n\t\t\t\t\t\t\t\t\t<\/div>\n\t\t\t\t\t\t<div class=\"elementor-testimonial__footer\">\n\t\t\t\t\t\t\t\t<cite class=\"elementor-testimonial__cite\"><span class=\"elementor-testimonial__name\">Franziska Corswandt<\/span><span class=\"elementor-testimonial__title\">Securvita Krankenkasse<\/span><\/cite>\t\t\t<\/div>\n\t\t<\/div>\n\t\t\t\t\t\t\t\t<\/div>\n\t\t\t\t\t\t\t\t\t\t\t<div class=\"swiper-slide\" role=\"group\" aria-roledescription=\"slide\">\n\t\t\t\t\t\t\t\t\t<div class=\"elementor-testimonial\">\n\t\t\t\t\t\t\t<div class=\"elementor-testimonial__content\">\n\t\t\t\t\t<div class=\"elementor-testimonial__text\">\n\t\t\t\t\t\tEin gro\u00dfartiger Fototermin: sehr konzentriert, ganz easy, gute Laune, tolle Fotos\t\t\t\t\t<\/div>\n\t\t\t\t\t\t\t\t\t<\/div>\n\t\t\t\t\t\t<div class=\"elementor-testimonial__footer\">\n\t\t\t\t\t\t\t\t<cite class=\"elementor-testimonial__cite\"><span class=\"elementor-testimonial__name\">Astrid Flohr<\/span><span class=\"elementor-testimonial__title\"> Pressesprecherin St. Pauli Theater<\/span><\/cite>\t\t\t<\/div>\n\t\t<\/div>\n\t\t\t\t\t\t\t\t<\/div>\n\t\t\t\t\t\t\t\t\t\t\t<div class=\"swiper-slide\" role=\"group\" aria-roledescription=\"slide\">\n\t\t\t\t\t\t\t\t\t<div class=\"elementor-testimonial\">\n\t\t\t\t\t\t\t<div class=\"elementor-testimonial__content\">\n\t\t\t\t\t<div class=\"elementor-testimonial__text\">\n\t\t\t\t\t\tWas du da aus den 12 Minuten mit Sylvie Meis gemacht hast, ist schon grosse Kunst. Das muss\nman erst mal hin bekommen.\t\t\t\t\t<\/div>\n\t\t\t\t\t\t\t\t\t<\/div>\n\t\t\t\t\t\t<div class=\"elementor-testimonial__footer\">\n\t\t\t\t\t\t\t\t<cite class=\"elementor-testimonial__cite\"><span class=\"elementor-testimonial__name\">Andreas Trampe<\/span><span class=\"elementor-testimonial__title\"> Photo Director Stern Magazin<\/span><\/cite>\t\t\t<\/div>\n\t\t<\/div>\n\t\t\t\t\t\t\t\t<\/div>\n\t\t\t\t\t\t\t\t\t\t\t<div class=\"swiper-slide\" role=\"group\" aria-roledescription=\"slide\">\n\t\t\t\t\t\t\t\t\t<div class=\"elementor-testimonial\">\n\t\t\t\t\t\t\t<div class=\"elementor-testimonial__content\">\n\t\t\t\t\t<div class=\"elementor-testimonial__text\">\n\t\t\t\t\t\tSehr entspannt und professionell. Hat alles wunderbar gepasst wie erwartet!\t\t\t\t\t<\/div>\n\t\t\t\t\t\t\t\t\t<\/div>\n\t\t\t\t\t\t<div class=\"elementor-testimonial__footer\">\n\t\t\t\t\t\t\t\t<cite class=\"elementor-testimonial__cite\"><span class=\"elementor-testimonial__name\">Simone Heinsius<\/span><span class=\"elementor-testimonial__title\"> Aramea Asset Management AG<\/span><\/cite>\t\t\t<\/div>\n\t\t<\/div>\n\t\t\t\t\t\t\t\t<\/div>\n\t\t\t\t\t\t\t\t\t<\/div>\n\t\t\t\t\t\t\t\t\t\t\t\t\t\t\t\t\t\t\t\t<div class=\"swiper-pagination\"><\/div>\n\t\t\t\t\t\t\t\t\t\t\t\t<\/div>\n\t\t\t\t\t\t\t\t<\/div>\n\t\t\t\t<div class=\"elementor-element elementor-element-14c33e86 elementor-widget elementor-widget-spacer\" data-id=\"14c33e86\" data-element_type=\"widget\" data-widget_type=\"spacer.default\">\n\t\t\t\t\t\t\t<div class=\"elementor-spacer\">\n\t\t\t<div class=\"elementor-spacer-inner\"><\/div>\n\t\t<\/div>\n\t\t\t\t\t\t<\/div>\n\t\t\t\t<\/div>\n\t\t\t\t<\/div>\n\t\t\t\t<div class=\"elementor-element elementor-element-6829fd5b elementor-widget elementor-widget-html\" data-id=\"6829fd5b\" data-element_type=\"widget\" data-widget_type=\"html.default\">\n\t\t\t\t\t<!-- Deine Masken-Definition -->\n<svg width=\"0\" height=\"0\">\n  <mask id=\"cursor-mask\" maskUnits=\"userSpaceOnUse\">\n    <rect y=\"21.73\" width=\"2.29\" height=\"8.45\" fill=\"white\"\/>\n    <rect x=\"0\" y=\"27.89\" width=\"8.45\" height=\"2.29\" fill=\"white\"\/>\n    <rect x=\"20.41\" y=\"27.9\" width=\"8.45\" height=\"2.29\" fill=\"white\"\/>\n    <rect x=\"26.57\" y=\"21.73\" width=\"2.29\" height=\"8.45\" fill=\"white\"\/>\n    <rect x=\"26.58\" y=\"0\" width=\"2.29\" height=\"8.45\" fill=\"white\"\/>\n    <rect x=\"20.41\" y=\"0\" width=\"8.45\" height=\"2.29\" fill=\"white\"\/>\n    <rect x=\"0\" width=\"8.45\" height=\"2.29\" fill=\"white\"\/>\n    <rect x=\"0\" y=\"0\" width=\"2.29\" height=\"8.45\" fill=\"white\"\/>\n  <\/mask>\n<\/svg>\n\n<div id=\"custom-cursor\"><\/div>\n\n<style>\n  #custom-cursor {\n    position: fixed;\n    top: 0;\n    left: 0;\n    pointer-events: none;\n    z-index: 2147483647 !important;\n    transform: translate(-50%, -50%);\n    mix-blend-mode: difference;\n  }\n\n  body.custom-cursor-enabled {\n    cursor: none;\n  }\n\n  \/* Mobil: Systemcursor & Cursor-Element ausblenden *\/\n  @media (max-width: 768px) {\n    #custom-cursor {\n      display: none !important;\n    }\n    body {\n      cursor: auto;\n    }\n  }\n<\/style>\n\n<script>\n  document.addEventListener(\"DOMContentLoaded\", function () {\n    const cursor = document.getElementById(\"custom-cursor\");\n    document.body.appendChild(cursor);\n\n    const isFirefox = navigator.userAgent.toLowerCase().includes('firefox');\n    const isSafari = \/^((?!chrome|android).)*safari\/i.test(navigator.userAgent);\n\n    if (isFirefox || isSafari) {\n      \/\/ Originale Masken-Version \u2013 bleibt bei 50x50px\n      cursor.style.width = '50px';\n      cursor.style.height = '50px';\n      cursor.style.background = 'white';\n      cursor.style.mask = 'url(#cursor-mask)';\n      cursor.style.webkitMask = 'url(#cursor-mask)';\n    } else {\n      \/\/ Chrome-Fallback: kleinerer Kreis\n      cursor.style.width = '25px';\n      cursor.style.height = '25px';\n      cursor.style.background = 'white';\n      cursor.style.borderRadius = '50%';\n      cursor.style.mixBlendMode = 'difference';\n    }\n\n    document.body.classList.add('custom-cursor-enabled');\n\n    window.addEventListener(\"mousemove\", function (e) {\n      cursor.style.top = e.clientY + \"px\";\n      cursor.style.left = e.clientX + \"px\";\n    });\n  });\n<\/script>\t\t\t\t<\/div>\n\t\t\t\t<\/div>\n\t\t<div class=\"elementor-element elementor-element-93b0ca1 e-con-full e-flex e-con e-parent\" data-id=\"93b0ca1\" data-element_type=\"container\" data-settings=\"{&quot;background_background&quot;:&quot;classic&quot;}\">\n\t\t\t\t<div class=\"elementor-element elementor-element-fad7bf0 elementor-widget elementor-widget-n-accordion\" data-id=\"fad7bf0\" data-element_type=\"widget\" data-settings=\"{&quot;default_state&quot;:&quot;all_collapsed&quot;,&quot;max_items_expended&quot;:&quot;one&quot;,&quot;n_accordion_animation_duration&quot;:{&quot;unit&quot;:&quot;ms&quot;,&quot;size&quot;:400,&quot;sizes&quot;:[]}}\" data-widget_type=\"nested-accordion.default\">\n\t\t\t\t\t\t\t<div class=\"e-n-accordion\" aria-label=\"Accordion. Open links with Enter or Space, close with Escape, and navigate with Arrow Keys\">\n\t\t\t\t\t\t<details id=\"e-n-accordion-item-2630\" class=\"e-n-accordion-item\" >\n\t\t\t\t<summary class=\"e-n-accordion-item-title\" data-accordion-index=\"1\" tabindex=\"0\" aria-expanded=\"false\" aria-controls=\"e-n-accordion-item-2630\" >\n\t\t\t\t\t<span class='e-n-accordion-item-title-header'><div class=\"e-n-accordion-item-title-text\"> IMPRESSUM &amp; DATENSCHUTZERKL\u00c4RUNG <\/div><\/span>\n\t\t\t\t\t\t\t<span class='e-n-accordion-item-title-icon'>\n\t\t\t<span class='e-opened' ><svg aria-hidden=\"true\" class=\"e-font-icon-svg e-fas-minus\" viewBox=\"0 0 448 512\" xmlns=\"http:\/\/www.w3.org\/2000\/svg\"><path d=\"M416 208H32c-17.67 0-32 14.33-32 32v32c0 17.67 14.33 32 32 32h384c17.67 0 32-14.33 32-32v-32c0-17.67-14.33-32-32-32z\"><\/path><\/svg><\/span>\n\t\t\t<span class='e-closed'><svg aria-hidden=\"true\" class=\"e-font-icon-svg e-fas-arrow-alt-circle-down\" viewBox=\"0 0 512 512\" xmlns=\"http:\/\/www.w3.org\/2000\/svg\"><path d=\"M504 256c0 137-111 248-248 248S8 393 8 256 119 8 256 8s248 111 248 248zM212 140v116h-70.9c-10.7 0-16.1 13-8.5 20.5l114.9 114.3c4.7 4.7 12.2 4.7 16.9 0l114.9-114.3c7.6-7.6 2.2-20.5-8.5-20.5H300V140c0-6.6-5.4-12-12-12h-64c-6.6 0-12 5.4-12 12z\"><\/path><\/svg><\/span>\n\t\t<\/span>\n\n\t\t\t\t\t\t<\/summary>\n\t\t\t\t<div role=\"region\" aria-labelledby=\"e-n-accordion-item-2630\" class=\"elementor-element elementor-element-6cea38a e-con-full e-flex e-con e-child\" data-id=\"6cea38a\" data-element_type=\"container\">\n\t\t<div role=\"region\" aria-labelledby=\"e-n-accordion-item-2630\" class=\"elementor-element elementor-element-6836452 e-flex e-con-boxed e-con e-child\" data-id=\"6836452\" data-element_type=\"container\">\n\t\t\t\t\t<div class=\"e-con-inner\">\n\t\t\t\t<div class=\"elementor-element elementor-element-9583c7f elementor-widget elementor-widget-text-editor\" data-id=\"9583c7f\" data-element_type=\"widget\" data-widget_type=\"text-editor.default\">\n\t\t\t\t\t\t\t\t\t<p>IMPRESSUM<\/p>\t\t\t\t\t\t\t\t<\/div>\n\t\t\t\t<div class=\"elementor-element elementor-element-466ec19 elementor-widget elementor-widget-text-editor\" data-id=\"466ec19\" data-element_type=\"widget\" data-widget_type=\"text-editor.default\">\n\t\t\t\t\t\t\t\t\t<p><strong>Angaben gem\u00e4\u00df \u00a7 5 TMG<\/strong><\/p><p>Frank Siemers\u2028<br \/>Lagerstrasse 11\u2028<br \/>Tor 2 Halle H\u2028<br \/>20357 Hamburg<\/p><p><strong>Kontakt<\/strong><\/p><p>Telefon 0171 8384200<br \/>Email\u00a0<a href=\"mailto:post@franksiemers.com\">post@franksiemers.com<\/a><\/p><p><strong>Umsatzsteuer-Identifikationsnummer gem\u00e4\u00df \u00a727 a Umsatzsteuergesetz\u2028<br \/><\/strong>DE 170915965<\/p><p><strong>Die Urheberrechte f\u00fcr alle Bilder liegen bei Frank Siemers. <\/strong><strong>Verwendung nur nach schriftlicher Genehmigung des Urhebers. <\/strong><strong>Copyright of all pictures by Frank Siemers. <\/strong><strong>Do not use without written permission.<\/strong><\/p>\t\t\t\t\t\t\t\t<\/div>\n\t\t\t\t\t<\/div>\n\t\t\t\t<\/div>\n\t\t<div role=\"region\" aria-labelledby=\"e-n-accordion-item-2630\" class=\"elementor-element elementor-element-b1ac5b7 e-flex e-con-boxed e-con e-child\" data-id=\"b1ac5b7\" data-element_type=\"container\">\n\t\t\t\t\t<div class=\"e-con-inner\">\n\t\t\t\t<div class=\"elementor-element elementor-element-5013b1a elementor-widget elementor-widget-text-editor\" data-id=\"5013b1a\" data-element_type=\"widget\" data-widget_type=\"text-editor.default\">\n\t\t\t\t\t\t\t\t\t<p>DATENSCHUTZERKL\u00c4RUNG<\/p>\t\t\t\t\t\t\t\t<\/div>\n\t\t\t\t<div class=\"elementor-element elementor-element-baa0351 elementor-widget elementor-widget-text-editor\" data-id=\"baa0351\" data-element_type=\"widget\" data-widget_type=\"text-editor.default\">\n\t\t\t\t\t\t\t\t\t<p>Kontakt<br \/>Frank Siemers &#8211; Fotojournalist, Lagerstrasse 11 Tor 2 Halle H,<br \/>20357 Hamburg<br \/>Datenschutzbeauftragter<br \/>Sie erreichen den Datenschutzbeauftragten Frank Siemers unter\u00a0post@franksiemers.com<br \/>\u00a0<br \/>Erhobene Daten<br \/>Ich erhebe und verarbeite die folgenden personenbezogenen Daten \u00fcber Sie:<br \/>\u2013 Kontaktinformationen<br \/>\u2013 Social-Media-Identifikatoren<br \/>\u2013 Online-Identifikatoren<br \/>\u2013 Kameradaten und Bildinformationen, die mit Bilddateien verbunden sind<br \/>Zweck<br \/>Ich verarbeite Ihre Daten zu den folgenden Zwecken:<br \/>\u2013 Auftrags &#8211; und Vertragsabwicklung<br \/>\u2013 Werbung<br \/>\u2013 Qualit\u00e4tssicherung<br \/>Rechtsgrundlage<br \/>Die Verarbeitung Ihrer Daten geschieht auf der folgenden Rechtsgrundlage:<br \/>\u2013 Ihre Einwilligung, Art. 6 Abs. 1 lit. a) DSGVO<br \/>\u2013 zur Durchf\u00fchrung eines Vertrags mit Ihnen und zur Erf\u00fcllung gesetzlicher Pflichten, Art. 6 Abs. 1 lit. b) DSGVO<br \/>\u2013 berechtigte Interessen, Art. 6 Abs. 1 lit. f) DSGVO (siehe unten)<br \/>Berechtigte Interessen<br \/>Bei der Verarbeitung Ihrer Daten verfolge ich die folgenden berechtigten Interessen:<br \/>\u2013 Verbesserung meines Angebots<br \/>\u2013 Schutz vor Missbrauch<br \/>\u2013 Statistik Datenempf\u00e4nger<br \/>Bei der Verarbeitung Ihrer Daten arbeite ich mit den folgenden Dienstleistern zusammen, die Zugriff auf Ihre Daten haben:<br \/>\u2013 salon.io<br \/>\u2013 facebook.com<br \/>\u2013 instagram.com<br \/>\u2013 linkedin.com<br \/>Datenquellen<br \/>Ich erhalte die Daten von Ihnen (einschlie\u00dflich \u00fcber die von Ihnen verwendeten Ger\u00e4te).<br \/>Daten\u00fcbertragung in Drittl\u00e4nder<br \/>Es findet eine Daten\u00fcbertragung in Drittl\u00e4nder au\u00dferhalb der Europ\u00e4ischen Union statt. Dies erfolgt auf der Grundlage gesetzlich vorgesehener vertraglicher Regelungen, die einen angemessenen Schutz Ihrer Daten sicherstellen sollen und die Sie auf Anfrage einsehen k\u00f6nnen.<br \/>Speicherdauer<br \/>Ich speichere Ihre Daten,<br \/>\u2013 wenn Sie in die Verarbeitung eingewilligt haben h\u00f6chstens solange, bis Sie Ihre Einwilligung widerrufen,<br \/>\u2013 wenn ich die Daten zur Durchf\u00fchrung eines Vertrags oder zur Erf\u00fcllung gesetzlicher Pflichten ben\u00f6tigen h\u00f6chstens solange, wie das Vertragsverh\u00e4ltnis mit Ihnen besteht oder gesetzliche Aufbewahrungsfristen laufen,<br \/>\u2013 wenn ich die Daten auf der Grundlage eines berechtigten Interesses verwenden h\u00f6chstens solange, wie Ihr Interesse an einer L\u00f6schung oder Anonymisierung nicht \u00fcberwiegt.<br \/>Rechte des Betroffenen<br \/>Sie haben \u2013 teilweise unter bestimmten Voraussetzungen\u2013 das Recht,<br \/>\u2013 Auskunft \u00fcber die Verarbeitung Ihrer Daten zu verlangen,<br \/>\u2013 Ihre Daten zu berichtigen,<br \/>\u2013 Ihre Daten l\u00f6schen oder sperren zu lassen,<br \/>\u2013 die Verarbeitung einschr\u00e4nken zu lassen,<br \/>\u2013 der Verarbeitung Ihrer Daten zu widersprechen,<br \/>\u2013 Ihre Daten in einem \u00fcbertragbaren Format zu erhalten und einem Dritten zu \u00fcbermitteln,<br \/>\u2013 Ihre Einwilligung zur Verarbeitung Ihrer Daten f\u00fcr die Zukunft zu widerrufen und<br \/>\u2013 sich bei der zust\u00e4ndigen Aufsichtsbeh\u00f6rde \u00fcber eine unzul\u00e4ssige Datenverarbeitung zu beschweren.<br \/>Erfordernis oder Verpflichtung zur Bereitstellung von Daten<br \/>Soweit dies bei der Erhebung nicht ausdr\u00fccklich angegeben ist, ist die Bereitstellung von Daten nicht erforderlich oder verpflichtend.<br \/>Stand dieser Datenschutzerkl\u00e4rung 15. Mai 2018<br \/>Ich behalte mir vor, diese Datenschutzerkl\u00e4rung jederzeit mit Wirkung f\u00fcr die Zukunft zu \u00e4ndern.<\/p>\t\t\t\t\t\t\t\t<\/div>\n\t\t\t\t\t<\/div>\n\t\t\t\t<\/div>\n\t\t\t\t<\/div>\n\t\t\t\t\t<\/details>\n\t\t\t\t\t<\/div>\n\t\t\t\t\t\t<\/div>\n\t\t\t\t<\/div>\n\t\t\t\t<\/div>\n\t\t","protected":false},"excerpt":{"rendered":"<p>Erfahrene Portr\u00e4tfotografie mit Gef\u00fchl, Struktur &#038; Takt: Frank Siemers begleitet dich durch eine Session, in der echte Bilder mit Tiefe entstehen.<\/p>\n","protected":false},"author":1,"featured_media":0,"parent":0,"menu_order":0,"comment_status":"closed","ping_status":"closed","template":"","meta":{"footnotes":""},"class_list":["post-57","page","type-page","status-publish","hentry"],"_links":{"self":[{"href":"https:\/\/franksiemers.com\/index.php?rest_route=\/wp\/v2\/pages\/57","targetHints":{"allow":["GET"]}}],"collection":[{"href":"https:\/\/franksiemers.com\/index.php?rest_route=\/wp\/v2\/pages"}],"about":[{"href":"https:\/\/franksiemers.com\/index.php?rest_route=\/wp\/v2\/types\/page"}],"author":[{"embeddable":true,"href":"https:\/\/franksiemers.com\/index.php?rest_route=\/wp\/v2\/users\/1"}],"replies":[{"embeddable":true,"href":"https:\/\/franksiemers.com\/index.php?rest_route=%2Fwp%2Fv2%2Fcomments&post=57"}],"version-history":[{"count":11,"href":"https:\/\/franksiemers.com\/index.php?rest_route=\/wp\/v2\/pages\/57\/revisions"}],"predecessor-version":[{"id":3534,"href":"https:\/\/franksiemers.com\/index.php?rest_route=\/wp\/v2\/pages\/57\/revisions\/3534"}],"wp:attachment":[{"href":"https:\/\/franksiemers.com\/index.php?rest_route=%2Fwp%2Fv2%2Fmedia&parent=57"}],"curies":[{"name":"wp","href":"https:\/\/api.w.org\/{rel}","templated":true}]}}